{"id":526,"date":"2015-05-28T06:45:45","date_gmt":"2015-05-28T06:45:45","guid":{"rendered":"http:\/\/www.szikorarendezoiroda.hu\/szikora\/?page_id=526"},"modified":"2018-08-03T05:36:45","modified_gmt":"2018-08-03T05:36:45","slug":"makrai-pal","status":"publish","type":"page","link":"http:\/\/www.szikorarendezoiroda.hu\/szikora\/podium-vers-szinmuveszek\/makrai-pal\/","title":{"rendered":"MAKRAI P\u00c1L"},"content":{"rendered":"<p>&nbsp;<\/p>\n<p><span style=\"font-family: Georgia,Palatino; font-size: 12pt;\"><em>\u201eAz \u00f6rd\u00f6g h\u00e1rf\u00e1i\u2026\u201d<\/em> zen\u00e9s hitvall\u00e1s Nagy L\u00e1szl\u00f3, Garai G\u00e1bor, Ady Endre, J\u00f3zsef Attila versei alapj\u00e1n Makay Zsolt zen\u00e9j\u00e9vel.<\/span><\/p>\n<p>&nbsp;<\/p>\n<p>&nbsp;<\/p>\n<p><span style=\"font-family: Georgia,Palatino;\">A legend\u00e1ss\u00e1 v\u00e1lt Rock Sz\u00ednh\u00e1z alap\u00edt\u00f3 tagja. M\u00e1ig eml\u00e9kezetes szerepe a \u201eJ\u00e9zus Krisztus Szuperszt\u00e1r\u201d-ban \u201eJud\u00e1s\u201d megform\u00e1l\u00e1sa. T\u00f6bb zenekarban is j\u00e1tszott: Apostol, Kor\u00e1l, Fav\u00e1g\u00f3k stb. P\u00f3dium estje az \u201e\u00d6rd\u00f6g h\u00e1rf\u00e1i\u201d Makrai P\u00e1l \u201ezen\u00e9s hitvall\u00e1sa\u201d magyar k\u00f6lt\u0151k legszebb verseinek Makay Zsolt \u00e1ltali megzen\u00e9s\u00edt\u00e9se.<\/span><\/p>\n<p>&nbsp;<\/p>\n<p><span style=\"font-size: 18pt;\"><strong>\u201eTal\u00e1lkozunk\u201d \u2013 zen\u00e9s hitvall\u00e1sok<\/strong><\/span><br \/>\n<span style=\"font-size: 12pt;\">Zen\u00e9s irodalmi est<\/span><\/p>\n<p><span style=\"font-size: 12pt;\">\u201eF\u0171ben, vir\u00e1gban, dalban, f\u00e1ban,<\/span><br \/>\n<span style=\"font-size: 12pt;\"> sz\u00fclet\u00e9sben \u00e9s elm\u00fal\u00e1sban,<\/span><br \/>\n<span style=\"font-size: 12pt;\"> mosolyban, k\u00f6nnyben, porban,<\/span><br \/>\n<span style=\"font-size: 12pt;\"> kincsben, ahol s\u00f6t\u00e9t van,<\/span><br \/>\n<span style=\"font-size: 12pt;\"> ahol f\u00e9ny \u00e9g,<\/span><br \/>\n<span style=\"font-size: 12pt;\"> nincs oly magass\u00e1g,<\/span><br \/>\n<span style=\"font-size: 12pt;\"> nincs oly m\u00e9lys\u00e9g,<\/span><br \/>\n<span style=\"font-size: 12pt;\"> amiben \u0150 benne nincsen.\u201d<\/span><br \/>\n<span style=\"font-size: 12pt;\"> (Wass Albert: L\u00e1that\u00f3 az Isten)<\/span><\/p>\n<p>&nbsp;<\/p>\n<p><a href=\"http:\/\/www.szikorarendezoiroda.hu\/szikora\/wp-content\/uploads\/2015\/06\/Hajd\u00fa-Zsuzsa-003.jpg\"><img loading=\"lazy\" decoding=\"async\" class=\" size-medium wp-image-2382 alignnone\" src=\"http:\/\/www.szikorarendezoiroda.hu\/szikora\/wp-content\/uploads\/2015\/06\/Hajd\u00fa-Zsuzsa-003-282x300.jpg\" alt=\"Hajd\u00fa Zsuzsa (003)\" width=\"282\" height=\"300\" srcset=\"http:\/\/www.szikorarendezoiroda.hu\/szikora\/wp-content\/uploads\/2015\/06\/Hajd\u00fa-Zsuzsa-003-282x300.jpg 282w, http:\/\/www.szikorarendezoiroda.hu\/szikora\/wp-content\/uploads\/2015\/06\/Hajd\u00fa-Zsuzsa-003.jpg 722w\" sizes=\"(max-width: 282px) 100vw, 282px\" \/><\/a><\/p>\n<p>Makrai P\u00e1l mellett az esten l\u00e1thatjuk &#8211; hallhatjuk a Veszpr\u00e9mi sz\u00ednh\u00e1z m\u0171v\u00e9szn\u0151j\u00e9t <strong>Hajdu Zsuzs\u00e1t<\/strong> is.<\/p>\n<p>M\u0171sorvezet\u0151 az est producere Cs\u00e1nyi S\u00e1ndor.<\/p>\n<p>&nbsp;<\/p>\n<p><span style=\"font-size: 12pt;\">A &#8222;TAL\u00c1LKOZUNK&#8221; zen\u00e9s hitvall\u00e1sok &#8211; c\u00edm\u0171 m\u0171sorunk nagy k\u00f6lt\u0151ink v\u00e1logatott verseinek megzen\u00e9s\u00edt\u00e9s\u00e9vel k\u00e9sz\u00fclt, amely egy f\u0151hajt\u00e1s e csod\u00e1s m\u0171vek el\u0151tt a modern zene kifejez\u0151 erej\u00e9vel. A zeneszerz\u0151 \u2013 <strong>Makay Zsolt<\/strong> &#8211; a<strong> Syrius<\/strong>, majd a legend\u00e1s<strong> Corvina<\/strong> egy\u00fcttes egykori billenty\u0171se, a hatvanas, hetvenes \u00e9vek sz\u00e1mos listavezet\u0151 sl\u00e1gere megkompon\u00e1l\u00e1sa ut\u00e1n n\u00e9h\u00e1ny \u00e9ve visszany\u00falt nagy klasszikusainkhoz \u00e9s mintegy zenei antol\u00f3giak\u00e9nt, t\u00f6bb lemeznyi anyagot k\u00e9sz\u00edtett a gy\u00f6ny\u00f6r\u0171 versekb\u0151l. Ezekb\u0151l \u00e9p\u00fclt fel a tizenhat sz\u00e1mb\u00f3l \u00e1ll\u00f3 jelenlegi v\u00e1logat\u00e1s, amely egyben a szerz\u0151 k\u00f6vetkez\u0151 lemez\u00e9nek anyag\u00e1t k\u00e9pezi \u201eAz \u00d6rd\u00f6g h\u00e1rf\u00e1ja\u201d c. lemez\u00e9t k\u00f6vet\u0151en.<\/span><br \/>\n<span style=\"font-size: 12pt;\"> A versek megzen\u00e9s\u00edtett form\u00e1ban k\u00f6vetik a modern kor zenei ir\u00e1nyzatait, felhaszn\u00e1lva az elektromos hangszerek \u00e9s nagyzenekari kis\u00e9ret kombin\u00e1ci\u00f3j\u00e1t. A m\u0171vek zenei megsz\u00f3lal\u00e1sa a romantikus l\u00e1gy dallamokt\u00f3l a mai musical sodr\u00f3 lend\u00fclet\u00e9ig sz\u00e9les sk\u00e1l\u00e1ban mozog. Az el\u0151ad\u00e1sban a zeneszerz\u0151 \u00e1ltal megzen\u00e9s\u00edtett Ady Endre, Babits Mih\u00e1ly, J\u00f3zsef Attila, Juh\u00e1sz Gyula, K\u00e1ny\u00e1di S\u00e1ndor,Kosztol\u00e1nyi Dezs\u0151, Pilinszky J\u00e1nos, Radn\u00f3ti Mikl\u00f3s, Rem\u00e9nyik S\u00e1ndor, Simonyi Imre, Szab\u00f3 L\u0151rinc, Sz\u00e9p Ern\u0151, T\u00f3th \u00c1rp\u00e1d, T\u00f3th \u00c9va, V\u00e1rnai Zseni, Wass Albert m\u0171vek kapnak helyet.<\/span><\/p>\n<p>&nbsp;<\/p>\n<p>&nbsp;<\/p>\n<p><iframe loading=\"lazy\" width=\"800\" height=\"600\" src=\"https:\/\/www.youtube.com\/embed\/SM-kBImyFCQ?feature=oembed\" frameborder=\"0\" allowfullscreen><\/iframe><\/p>\n","protected":false},"excerpt":{"rendered":"<p>&nbsp; \u201eAz \u00f6rd\u00f6g h\u00e1rf\u00e1i\u2026\u201d zen\u00e9s hitvall\u00e1s Nagy L\u00e1szl\u00f3, Garai G\u00e1bor, Ady Endre, J\u00f3zsef Attila versei alapj\u00e1n Makay Zsolt zen\u00e9j\u00e9vel. &nbsp; &nbsp; A legend\u00e1ss\u00e1 v\u00e1lt Rock Sz\u00ednh\u00e1z alap\u00edt\u00f3 tagja. M\u00e1ig eml\u00e9kezetes <a class=\"more-link\" href=\"http:\/\/www.szikorarendezoiroda.hu\/szikora\/podium-vers-szinmuveszek\/makrai-pal\/\">A folytat&aacute;s olvas&aacute;sa &rarr;<\/a><\/p>\n","protected":false},"author":1,"featured_media":527,"parent":2,"menu_order":0,"comment_status":"open","ping_status":"open","template":"","meta":{"footnotes":""},"aioseo_notices":[],"_links":{"self":[{"href":"http:\/\/www.szikorarendezoiroda.hu\/szikora\/wp-json\/wp\/v2\/pages\/526"}],"collection":[{"href":"http:\/\/www.szikorarendezoiroda.hu\/szikora\/wp-json\/wp\/v2\/pages"}],"about":[{"href":"http:\/\/www.szikorarendezoiroda.hu\/szikora\/wp-json\/wp\/v2\/types\/page"}],"author":[{"embeddable":true,"href":"http:\/\/www.szikorarendezoiroda.hu\/szikora\/wp-json\/wp\/v2\/users\/1"}],"replies":[{"embeddable":true,"href":"http:\/\/www.szikorarendezoiroda.hu\/szikora\/wp-json\/wp\/v2\/comments?post=526"}],"version-history":[{"count":5,"href":"http:\/\/www.szikorarendezoiroda.hu\/szikora\/wp-json\/wp\/v2\/pages\/526\/revisions"}],"predecessor-version":[{"id":2821,"href":"http:\/\/www.szikorarendezoiroda.hu\/szikora\/wp-json\/wp\/v2\/pages\/526\/revisions\/2821"}],"up":[{"embeddable":true,"href":"http:\/\/www.szikorarendezoiroda.hu\/szikora\/wp-json\/wp\/v2\/pages\/2"}],"wp:featuredmedia":[{"embeddable":true,"href":"http:\/\/www.szikorarendezoiroda.hu\/szikora\/wp-json\/wp\/v2\/media\/527"}],"wp:attachment":[{"href":"http:\/\/www.szikorarendezoiroda.hu\/szikora\/wp-json\/wp\/v2\/media?parent=526"}],"curies":[{"name":"wp","href":"https:\/\/api.w.org\/{rel}","templated":true}]}}