{"id":456,"date":"2015-05-28T06:15:26","date_gmt":"2015-05-28T06:15:26","guid":{"rendered":"http:\/\/www.szikorarendezoiroda.hu\/szikora\/?page_id=456"},"modified":"2018-08-03T05:29:34","modified_gmt":"2018-08-03T05:29:34","slug":"endrei-judit","status":"publish","type":"page","link":"http:\/\/www.szikorarendezoiroda.hu\/szikora\/podium-vers-szinmuveszek\/endrei-judit\/","title":{"rendered":"ENDREI JUDIT"},"content":{"rendered":"<p>&nbsp;<\/p>\n<p>TV-bemond\u00f3n\u0151 \u00e9letm\u00f3d \u00e9s k\u00f6nyvbemutat\u00f3ja, k\u00f6z\u00f6ns\u00e9gtal\u00e1lkoz\u00f3ja.<em> \u201eSzeretn\u00e9m\u2026., hogy \u00f6r\u00f6mmel v\u00e1llaljuk f\u00f6ldi k\u00fcldet\u00e9s\u00fcnket , tudv\u00e1n, hogy mi, n\u0151k mind\u00f6r\u00f6kk\u00e9 n\u0151k maradunk&#8221;<\/em> Ez az a gondolat ami TV-\u00e9sk\u00e9nt , \u00edr\u00f3k\u00e9nt \u00e9s \u00e9letm\u00f3d elemz\u0151k\u00e9nt is a legpontosabban jellemzi Endrei Juditot.<\/p>\n<p><iframe loading=\"lazy\" width=\"800\" height=\"450\" src=\"https:\/\/www.youtube.com\/embed\/Ibmi1P3dXms?feature=oembed\" frameborder=\"0\" allowfullscreen><\/iframe><\/p>\n","protected":false},"excerpt":{"rendered":"<p>&nbsp; TV-bemond\u00f3n\u0151 \u00e9letm\u00f3d \u00e9s k\u00f6nyvbemutat\u00f3ja, k\u00f6z\u00f6ns\u00e9gtal\u00e1lkoz\u00f3ja. \u201eSzeretn\u00e9m\u2026., hogy \u00f6r\u00f6mmel v\u00e1llaljuk f\u00f6ldi k\u00fcldet\u00e9s\u00fcnket , tudv\u00e1n, hogy mi, n\u0151k mind\u00f6r\u00f6kk\u00e9 n\u0151k maradunk&#8221; Ez az a gondolat ami TV-\u00e9sk\u00e9nt , \u00edr\u00f3k\u00e9nt \u00e9s \u00e9letm\u00f3d <a class=\"more-link\" href=\"http:\/\/www.szikorarendezoiroda.hu\/szikora\/podium-vers-szinmuveszek\/endrei-judit\/\">A folytat&aacute;s olvas&aacute;sa &rarr;<\/a><\/p>\n","protected":false},"author":1,"featured_media":457,"parent":2,"menu_order":0,"comment_status":"open","ping_status":"open","template":"","meta":{"footnotes":""},"aioseo_notices":[],"_links":{"self":[{"href":"http:\/\/www.szikorarendezoiroda.hu\/szikora\/wp-json\/wp\/v2\/pages\/456"}],"collection":[{"href":"http:\/\/www.szikorarendezoiroda.hu\/szikora\/wp-json\/wp\/v2\/pages"}],"about":[{"href":"http:\/\/www.szikorarendezoiroda.hu\/szikora\/wp-json\/wp\/v2\/types\/page"}],"author":[{"embeddable":true,"href":"http:\/\/www.szikorarendezoiroda.hu\/szikora\/wp-json\/wp\/v2\/users\/1"}],"replies":[{"embeddable":true,"href":"http:\/\/www.szikorarendezoiroda.hu\/szikora\/wp-json\/wp\/v2\/comments?post=456"}],"version-history":[{"count":3,"href":"http:\/\/www.szikorarendezoiroda.hu\/szikora\/wp-json\/wp\/v2\/pages\/456\/revisions"}],"predecessor-version":[{"id":2799,"href":"http:\/\/www.szikorarendezoiroda.hu\/szikora\/wp-json\/wp\/v2\/pages\/456\/revisions\/2799"}],"up":[{"embeddable":true,"href":"http:\/\/www.szikorarendezoiroda.hu\/szikora\/wp-json\/wp\/v2\/pages\/2"}],"wp:featuredmedia":[{"embeddable":true,"href":"http:\/\/www.szikorarendezoiroda.hu\/szikora\/wp-json\/wp\/v2\/media\/457"}],"wp:attachment":[{"href":"http:\/\/www.szikorarendezoiroda.hu\/szikora\/wp-json\/wp\/v2\/media?parent=456"}],"curies":[{"name":"wp","href":"https:\/\/api.w.org\/{rel}","templated":true}]}}