{"id":42,"date":"2015-05-25T09:33:17","date_gmt":"2015-05-25T09:33:17","guid":{"rendered":"http:\/\/www.szikorarendezoiroda.hu\/szikora\/?page_id=42"},"modified":"2021-05-28T07:48:08","modified_gmt":"2021-05-28T07:48:08","slug":"kulonlegessegek-es-rendezveny-kiegeszitok","status":"publish","type":"page","link":"http:\/\/www.szikorarendezoiroda.hu\/szikora\/kulonlegessegek-es-rendezveny-kiegeszitok\/","title":{"rendered":"K\u00fcl\u00f6nleges, egyedi aj\u00e1nlatok"},"content":{"rendered":"<p><strong><span style=\"font-family: Georgia,Palatino; font-size: 10pt;\">Fesztiv\u00e1lok min\u0151s\u00e9gi m\u0171sorokkal<\/span><\/strong><\/p>\n<p><span style=\"font-family: Georgia,Palatino; font-size: 10pt;\">A tavaszi-ny\u00e1ri szezon remek lehet\u0151s\u00e9get k\u00edn\u00e1l a szabadt\u00e9ri rendezv\u00e9nyek \u00e9s fesztiv\u00e1lok lebonyol\u00edt\u00e1s\u00e1hoz, hiszen a kellemes id\u0151nek k\u00f6sz\u00f6nhet\u0151en ezek az esem\u00e9nyek sz\u00e9les koroszt\u00e1lyban megannyi \u00e9rdekl\u0151d\u0151t vonzzanak. Napjainkban a kultur\u00e1lis \u00e9s sz\u00f3rakoztat\u00f3 esem\u00e9nyekre egyre nagyobb ig\u00e9ny mutatkozik, mivel az el\u0151ad\u00e1sok sz\u00e9les v\u00e1laszt\u00e9k\u00e1ban kort\u00f3l \u00e9s nemt\u0151l f\u00fcggetlen\u00fcl mindenki megtal\u00e1lhatja az \u00edzl\u00e9s\u00e9nek legink\u00e1bb megfelel\u0151 szabadid\u0151s sz\u00f3rakoz\u00e1si lehet\u0151s\u00e9get.<\/span><\/p>\n<p><span style=\"font-family: Georgia,Palatino; font-size: 10pt;\">A Szikora Rendez\u0151iroda t\u00f6bb \u00e9vtizedes m\u0171k\u00f6d\u00e9se alatt kiz\u00e1r\u00f3lag neves m\u0171v\u00e9szekkel dolgozott egy\u00fctt \u00e9s min\u0151s\u00e9gi produkci\u00f3kat k\u00edn\u00e1l fesztiv\u00e1lszervez\u0151k sz\u00e1m\u00e1ra megannyi m\u0171fajban:<\/span><\/p>\n<p><strong><em><span style=\"font-family: Georgia,Palatino; font-size: 10pt;\">Zen\u00e9s, t\u00e1ncos el\u0151ad\u00e1sok klasszikus \u00e9s popul\u00e1ris m\u0171fajokban, Klasszikus \u00e9s k\u00f6nny\u0171zenei zenekarok, Hangszeres m\u0171sorok \u00e9s el\u0151ad\u00f3k, Gyermek m\u0171sorok, N\u00e9pszer\u0171 el\u0151ad\u00f3k<\/span><\/em><\/strong><\/p>\n<p><span style=\"font-family: Georgia,Palatino; font-size: 10pt;\">A n\u00e9h\u00e1ny felsorolt p\u00e9ld\u00e1n k\u00edv\u00fcl, minden egy\u00e9ni k\u00e9r\u00e9st sz\u00edvesen fogadunk! Sz\u00e9les szolg\u00e1ltat\u00e1si k\u00f6rrel \u00e1llunk rendelkez\u00e9s\u00e9re, hogy egy sikeres fesztiv\u00e1l val\u00f3sulhasson meg \u00e9s kiv\u00e1l\u00f3 kikapcsol\u00f3d\u00e1si lehet\u0151s\u00e9get biztos\u00edthasson csal\u00e1dok, bar\u00e1tok \u00e9s egy\u00e9b t\u00e1rsas\u00e1gok sz\u00e1m\u00e1ra is mind a klasszikus, mind a modern popul\u00e1ris m\u0171fajok keret\u00e9ben.<\/span><\/p>\n<p><span style=\"font-family: Georgia,Palatino; font-size: 10pt;\">B\u0151vebb inform\u00e1ci\u00f3k\u00e9rt \u00e9s egy\u00e9ni t\u00e1j\u00e9koztat\u00e1s\u00e9rt keressen minket el\u00e9rhet\u0151s\u00e9geinken!<\/span><\/p>\n<div class=\"pt-cv-wrapper\"><div class=\"pt-cv-view pt-cv-grid pt-cv-colsys\" id=\"pt-cv-view-14b2ccb5x9\"><div data-id=\"pt-cv-page-1\" class=\"pt-cv-page\" data-cvc=\"3\"><div class=\"col-md-4 col-sm-6 col-xs-12 pt-cv-content-item pt-cv-1-col\" ><div class='pt-cv-ifield'><a href=\"http:\/\/www.szikorarendezoiroda.hu\/szikora\/kulonlegessegek-es-rendezveny-kiegeszitok\/doby-karikatura\/\" class=\"_self pt-cv-href-thumbnail pt-cv-thumb-default\" target=\"_self\" ><img loading=\"lazy\" decoding=\"async\" width=\"225\" height=\"300\" src=\"http:\/\/www.szikorarendezoiroda.hu\/szikora\/wp-content\/uploads\/2015\/06\/been_portre_2-225x300.jpg\" class=\"pt-cv-thumbnail\" alt=\"\" srcset=\"http:\/\/www.szikorarendezoiroda.hu\/szikora\/wp-content\/uploads\/2015\/06\/been_portre_2-225x300.jpg 225w, http:\/\/www.szikorarendezoiroda.hu\/szikora\/wp-content\/uploads\/2015\/06\/been_portre_2.jpg 330w\" sizes=\"(max-width: 225px) 100vw, 225px\" \/><\/a>\n<h4 class=\"pt-cv-title\"><a href=\"http:\/\/www.szikorarendezoiroda.hu\/szikora\/kulonlegessegek-es-rendezveny-kiegeszitok\/doby-karikatura\/\" class=\"_self\" target=\"_self\" >DOBY KARIKAT\u00daRA<\/a><\/h4>\n<div class=\"pt-cv-content\"> ...<br \/><div class=\"pt-cv-rmwrap\"><a href=\"http:\/\/www.szikorarendezoiroda.hu\/szikora\/kulonlegessegek-es-rendezveny-kiegeszitok\/doby-karikatura\/\" class=\"_self pt-cv-readmore btn btn-success\" target=\"_self\">R\u00e9szletek<\/a><\/div><\/div><\/div><\/div>\n<div class=\"col-md-4 col-sm-6 col-xs-12 pt-cv-content-item pt-cv-1-col\" ><div class='pt-cv-ifield'><a href=\"http:\/\/www.szikorarendezoiroda.hu\/szikora\/kulonlegessegek-es-rendezveny-kiegeszitok\/fekete-laszlo-eromuvesz-bemutato\/\" class=\"_self pt-cv-href-thumbnail pt-cv-thumb-default\" target=\"_self\" ><img loading=\"lazy\" decoding=\"async\" width=\"273\" height=\"300\" src=\"http:\/\/www.szikorarendezoiroda.hu\/szikora\/wp-content\/uploads\/2015\/06\/fekete-273x300.jpg\" class=\"pt-cv-thumbnail\" alt=\"\" srcset=\"http:\/\/www.szikorarendezoiroda.hu\/szikora\/wp-content\/uploads\/2015\/06\/fekete-273x300.jpg 273w, http:\/\/www.szikorarendezoiroda.hu\/szikora\/wp-content\/uploads\/2015\/06\/fekete.jpg 350w\" sizes=\"(max-width: 273px) 100vw, 273px\" \/><\/a>\n<h4 class=\"pt-cv-title\"><a href=\"http:\/\/www.szikorarendezoiroda.hu\/szikora\/kulonlegessegek-es-rendezveny-kiegeszitok\/fekete-laszlo-eromuvesz-bemutato\/\" class=\"_self\" target=\"_self\" >FEKETE L\u00c1SZL\u00d3 &#8211; er\u0151m\u0171v\u00e9sz bemutat\u00f3<\/a><\/h4>\n<div class=\"pt-cv-content\"> ...<br \/><div class=\"pt-cv-rmwrap\"><a href=\"http:\/\/www.szikorarendezoiroda.hu\/szikora\/kulonlegessegek-es-rendezveny-kiegeszitok\/fekete-laszlo-eromuvesz-bemutato\/\" class=\"_self pt-cv-readmore btn btn-success\" target=\"_self\">R\u00e9szletek<\/a><\/div><\/div><\/div><\/div>\n<div class=\"col-md-4 col-sm-6 col-xs-12 pt-cv-content-item pt-cv-1-col\" ><div class='pt-cv-ifield'><a href=\"http:\/\/www.szikorarendezoiroda.hu\/szikora\/kulonlegessegek-es-rendezveny-kiegeszitok\/holcz-gabor\/\" class=\"_self pt-cv-href-thumbnail pt-cv-thumb-default\" target=\"_self\" ><img loading=\"lazy\" decoding=\"async\" width=\"300\" height=\"127\" src=\"http:\/\/www.szikorarendezoiroda.hu\/szikora\/wp-content\/uploads\/2015\/06\/buvesz-holcz-gabor-buvesz03-300x127.png\" class=\"pt-cv-thumbnail\" alt=\"\" srcset=\"http:\/\/www.szikorarendezoiroda.hu\/szikora\/wp-content\/uploads\/2015\/06\/buvesz-holcz-gabor-buvesz03-300x127.png 300w, http:\/\/www.szikorarendezoiroda.hu\/szikora\/wp-content\/uploads\/2015\/06\/buvesz-holcz-gabor-buvesz03.png 900w\" sizes=\"(max-width: 300px) 100vw, 300px\" \/><\/a>\n<h4 class=\"pt-cv-title\"><a href=\"http:\/\/www.szikorarendezoiroda.hu\/szikora\/kulonlegessegek-es-rendezveny-kiegeszitok\/holcz-gabor\/\" class=\"_self\" target=\"_self\" >HOLCZ G\u00c1BOR<\/a><\/h4>\n<div class=\"pt-cv-content\">Sz\u00f3rakoztat\u00f3, megh\u00f6kkent\u0151, humoros, b\u0171v\u00e9sz-mentalista ...<br \/><div class=\"pt-cv-rmwrap\"><a href=\"http:\/\/www.szikorarendezoiroda.hu\/szikora\/kulonlegessegek-es-rendezveny-kiegeszitok\/holcz-gabor\/\" class=\"_self pt-cv-readmore btn btn-success\" target=\"_self\">R\u00e9szletek<\/a><\/div><\/div><\/div><\/div>\n<div class=\"col-md-4 col-sm-6 col-xs-12 pt-cv-content-item pt-cv-1-col\" ><div class='pt-cv-ifield'><a href=\"http:\/\/www.szikorarendezoiroda.hu\/szikora\/kulonlegessegek-es-rendezveny-kiegeszitok\/nagy-molnar-david\/\" class=\"_self pt-cv-href-thumbnail pt-cv-thumb-default\" target=\"_self\" ><img loading=\"lazy\" decoding=\"async\" width=\"200\" height=\"293\" src=\"http:\/\/www.szikorarendezoiroda.hu\/szikora\/wp-content\/uploads\/2015\/05\/nagymolnar1.jpg\" class=\"pt-cv-thumbnail\" alt=\"\" \/><\/a>\n<h4 class=\"pt-cv-title\"><a href=\"http:\/\/www.szikorarendezoiroda.hu\/szikora\/kulonlegessegek-es-rendezveny-kiegeszitok\/nagy-molnar-david\/\" class=\"_self\" target=\"_self\" >NAGY MOLN\u00c1R D\u00c1VID<\/a><\/h4>\n<div class=\"pt-cv-content\">B\u0171v\u00e9sz, aki vil\u00e1gsz\u00ednvonalon ejti \u00e1mulatba a k\u00f6z\u00f6ns\u00e9get ...<br \/><div class=\"pt-cv-rmwrap\"><a href=\"http:\/\/www.szikorarendezoiroda.hu\/szikora\/kulonlegessegek-es-rendezveny-kiegeszitok\/nagy-molnar-david\/\" class=\"_self pt-cv-readmore btn btn-success\" target=\"_self\">R\u00e9szletek<\/a><\/div><\/div><\/div><\/div>\n<div class=\"col-md-4 col-sm-6 col-xs-12 pt-cv-content-item pt-cv-1-col\" ><div class='pt-cv-ifield'><a href=\"http:\/\/www.szikorarendezoiroda.hu\/szikora\/kulonlegessegek-es-rendezveny-kiegeszitok\/ungar-aniko\/\" class=\"_self pt-cv-href-thumbnail pt-cv-thumb-default\" target=\"_self\" ><img loading=\"lazy\" decoding=\"async\" width=\"300\" height=\"300\" src=\"http:\/\/www.szikorarendezoiroda.hu\/szikora\/wp-content\/uploads\/2015\/06\/Ungar-Aniko-300x300.jpg\" class=\"pt-cv-thumbnail\" alt=\"\" srcset=\"http:\/\/www.szikorarendezoiroda.hu\/szikora\/wp-content\/uploads\/2015\/06\/Ungar-Aniko-300x300.jpg 300w, http:\/\/www.szikorarendezoiroda.hu\/szikora\/wp-content\/uploads\/2015\/06\/Ungar-Aniko-150x150.jpg 150w, http:\/\/www.szikorarendezoiroda.hu\/szikora\/wp-content\/uploads\/2015\/06\/Ungar-Aniko.jpg 600w\" sizes=\"(max-width: 300px) 100vw, 300px\" \/><\/a>\n<h4 class=\"pt-cv-title\"><a href=\"http:\/\/www.szikorarendezoiroda.hu\/szikora\/kulonlegessegek-es-rendezveny-kiegeszitok\/ungar-aniko\/\" class=\"_self\" target=\"_self\" >UNG\u00c1R ANIK\u00d3<\/a><\/h4>\n<div class=\"pt-cv-content\">Amellett, hogy kiv\u00e1l\u00f3 b\u0171v\u00e9sz, tan\u00e1rnak is \"var\u00e1zslatos\". B\u0171v\u00e9sziskol\u00e1j\u00e1ban ugyanolyan ig\u00e9nyesen tan\u00edt, mint amilyen maxaimalista a sz\u00ednpadon ...<br \/><div class=\"pt-cv-rmwrap\"><a href=\"http:\/\/www.szikorarendezoiroda.hu\/szikora\/kulonlegessegek-es-rendezveny-kiegeszitok\/ungar-aniko\/\" class=\"_self pt-cv-readmore btn btn-success\" target=\"_self\">R\u00e9szletek<\/a><\/div><\/div><\/div><\/div>\n<div class=\"col-md-4 col-sm-6 col-xs-12 pt-cv-content-item pt-cv-1-col\" ><div class='pt-cv-ifield'><a href=\"http:\/\/www.szikorarendezoiroda.hu\/szikora\/kulonlegessegek-es-rendezveny-kiegeszitok\/uvegfuvo-bemutato\/\" class=\"_self pt-cv-href-thumbnail pt-cv-thumb-default\" target=\"_self\" ><img loading=\"lazy\" decoding=\"async\" width=\"203\" height=\"136\" src=\"http:\/\/www.szikorarendezoiroda.hu\/szikora\/wp-content\/uploads\/2015\/06\/uuu.png\" class=\"pt-cv-thumbnail\" alt=\"\" \/><\/a>\n<h4 class=\"pt-cv-title\"><a href=\"http:\/\/www.szikorarendezoiroda.hu\/szikora\/kulonlegessegek-es-rendezveny-kiegeszitok\/uvegfuvo-bemutato\/\" class=\"_self\" target=\"_self\" >\u00dcVEGF\u00daV\u00d3 BEMUTAT\u00d3<\/a><\/h4>\n<div class=\"pt-cv-content\">\u00a0- a maga \u00e1ltal k\u00e9sz\u00edtett figur\u00e1kat ki-ki hazaviheti ...<br \/><div class=\"pt-cv-rmwrap\"><a href=\"http:\/\/www.szikorarendezoiroda.hu\/szikora\/kulonlegessegek-es-rendezveny-kiegeszitok\/uvegfuvo-bemutato\/\" class=\"_self pt-cv-readmore btn btn-success\" target=\"_self\">R\u00e9szletek<\/a><\/div><\/div><\/div><\/div><\/div><\/div><\/div>\n<p><span style=\"font-family: Georgia,Palatino; font-size: 12pt;\">KARAOKE SHOW <em>T\u00f6bb ezer dal, sz\u00e9les reperto\u00e1r, magas sz\u00ednvonal\u00fa technika.<\/em><\/span><\/p>\n<h2><\/h2>\n<h2>Programszervez\u0151 irod\u00e1nk megszervezi a t\u00f6k\u00e9letes c\u00e9ges napot!<\/h2>\n<p><strong><a href=\"http:\/\/www.szikorarendezoiroda.hu\/szikora\/wp-content\/uploads\/2021\/05\/programszervezo-iroda.jpg\"><img loading=\"lazy\" decoding=\"async\" class=\"size-medium wp-image-3382 alignright\" src=\"http:\/\/www.szikorarendezoiroda.hu\/szikora\/wp-content\/uploads\/2021\/05\/programszervezo-iroda-300x122.jpg\" alt=\"Programszervez\u0151 iroda\" width=\"300\" height=\"122\" srcset=\"http:\/\/www.szikorarendezoiroda.hu\/szikora\/wp-content\/uploads\/2021\/05\/programszervezo-iroda-300x122.jpg 300w, http:\/\/www.szikorarendezoiroda.hu\/szikora\/wp-content\/uploads\/2021\/05\/programszervezo-iroda-768x311.jpg 768w, http:\/\/www.szikorarendezoiroda.hu\/szikora\/wp-content\/uploads\/2021\/05\/programszervezo-iroda.jpg 800w\" sizes=\"(max-width: 300px) 100vw, 300px\" \/><\/a>Programszervez\u0151 irod\u00e1nk<\/strong>\u00a0k\u00fcl\u00f6nleges programokkal \u00e1ll \u00dcgyfelei rendelkez\u00e9s\u00e9re, akik sz\u00e1m\u00edthatnak r\u00e1nk a t\u00f6k\u00e9letes c\u00e9ges nap megszervez\u00e9s\u00e9ben.<\/p>\n<p>Lassan itt a ny\u00e1r, ami a legt\u00f6bb c\u00e9gn\u00e9l mindig egy kicsit laz\u00e1bb, felszabadultabb id\u0151szakot hoz. Azonban m\u00e9g miel\u0151tt megkezd\u0151dik a szabads\u00e1gok szezonja, \u00e9rdemes beiktatni egy olyan c\u00e9ges napot, ahol egy kicsit egy\u00fctt laz\u00edthatnak a koll\u00e9g\u00e1k, ahol mindenki felszabadult \u00e9s j\u00f3l \u00e9rzi mag\u00e1t.\u00a0<strong>Programszervez\u0151 irod\u00e1nk<\/strong>\u00a0ennek megszervez\u00e9s\u00e9ben seg\u00edt \u00d6nnek!<\/p>\n<p><strong>Programszervez\u0151 irod\u00e1nk<\/strong>\u00a0nagy tapasztalattal rendelkezik a c\u00e9ges napok ter\u00e9n. Neves zen\u00e9szekkel, sz\u00edn\u00e9szekkel \u00e9s humorist\u00e1kkal \u00e1llunk folyamatosan kapcsolatban, akik sz\u00ednvonalas el\u0151ad\u00e1sukkal var\u00e1zsolj\u00e1k felejthetetlenn\u00e9 a napot. Legyen sz\u00f3 ak\u00e1r egy csapat\u00e9p\u00edt\u0151 tr\u00e9ning ut\u00e1ni est\u00e9r\u0151l, ak\u00e1r egy teljes napr\u00f3l, ahol a dolgoz\u00f3k csal\u00e1dja is jelen van, mi megszervezz\u00fck, hogy senki se unatkozzon!<\/p>\n<p>B\u0151vebb t\u00e1j\u00e9koztat\u00e1s\u00e9rt forduljon bizalommal\u00a0<strong>programszervez\u0151 irod\u00e1nk<\/strong>\u00a0munkat\u00e1rsaihoz, akik sz\u00edvesen v\u00e1laszolnak a k\u00e9rd\u00e9sire!<\/p>\n<h2>M\u0171sorszervez\u0151 irod\u00e1nkra hossz\u00fa t\u00e1von sz\u00e1m\u00edthat!<\/h2>\n<p><strong><a href=\"http:\/\/www.szikorarendezoiroda.hu\/szikora\/wp-content\/uploads\/2021\/03\/musorszervezo-iroda.jpg\"><img loading=\"lazy\" decoding=\"async\" class=\"alignright wp-image-3374\" title=\"m\u0171sorszervez\u0151 iroda\" src=\"http:\/\/www.szikorarendezoiroda.hu\/szikora\/wp-content\/uploads\/2021\/03\/musorszervezo-iroda-300x206.jpg\" alt=\"m\u0171sorszervez\u0151 iroda\" width=\"200\" height=\"137\" srcset=\"http:\/\/www.szikorarendezoiroda.hu\/szikora\/wp-content\/uploads\/2021\/03\/musorszervezo-iroda-300x206.jpg 300w, http:\/\/www.szikorarendezoiroda.hu\/szikora\/wp-content\/uploads\/2021\/03\/musorszervezo-iroda.jpg 472w\" sizes=\"(max-width: 200px) 100vw, 200px\" \/><\/a>M\u0171soriroda,<\/strong>\u00a0sz\u00ednvonalas, \u00fcgyf\u00e9lk\u00f6zpont\u00fa szolg\u00e1ltat\u00e1sok, v\u00e1ltozatos, gazdag aj\u00e1nlatlista, legyen az \u00fcgyfel\u00fcnk hossz\u00fa t\u00e1von!<\/p>\n<p>Legyen sz\u00f3 c\u00e9ges tal\u00e1lkoz\u00f3r\u00f3l, fesztiv\u00e1lokr\u00f3l, egy\u00e9b rendezv\u00e9nyr\u0151l, ahhoz, hogy az esem\u00e9nyek eml\u00e9kezetesek maradjanak a r\u00e9sztvev\u0151k sz\u00e1m\u00e1ra, a programok kiv\u00e1laszt\u00e1s\u00e1t nem lehet a v\u00e9letlenre b\u00edzni. Min\u0151s\u00e9gi m\u0171sorral kiv\u00e1l\u00f3 hangulatot lehet var\u00e1zsolni a rendezv\u00e9nyekre, ez pedig m\u00e1r kiv\u00e1l\u00f3 alap ahhoz, hogy a vend\u00e9gek kellemes eml\u00e9keket szerezzenek. Amennyiben \u00d6n is szeretn\u00e9 a legjobbat ny\u00fajtani, menjen biztosra, \u00e9s forduljon bizalommal\u00a0<a href=\"http:\/\/www.szikorarendezoiroda.hu\/szikora\/\"><strong>m\u0171sorszervez\u0151 irod\u00e1nkhoz<\/strong><\/a>!<\/p>\n<p><strong>M\u0171sorirod\u00e1nkkal<\/strong>\u00a0k\u00f6z\u00f6sen sz\u00ednvonalas esem\u00e9nyekre invit\u00e1lhatja a megh\u00edvott vend\u00e9geit. K\u00edn\u00e1latunk rendk\u00edv\u00fcl v\u00e1ltozatos, gazdag, ahol b\u00e1rmilyen t\u00edpus\u00fa rendezv\u00e9nyre megtal\u00e1lhatja a megfelel\u0151 m\u0171sort. A j\u00f6v\u0151ben is sz\u00e1m\u00edthat r\u00e1nk, irod\u00e1nk hossz\u00fa t\u00e1von \u00e1ll az \u00fcgyfelek rendelkez\u00e9s\u00e9re.<\/p>\n<p>Ismerkedjen meg a m\u0171sork\u00edn\u00e1latunkkal weboldalunkon, \u00e9s, ha felkeltett\u00fck az \u00e9rdekl\u0151d\u00e9s\u00e9t, ig\u00e9nybe venn\u00e9 a szolg\u00e1ltat\u00e1sainkat, l\u00e9pjen vel\u00fcnk kapcsolatba a megadott el\u00e9rhet\u0151s\u00e9geinken!<\/p>\n<h2>A j\u00f3 rendezv\u00e9ny z\u00e1loga a profi m\u0171sorszervez\u0151 iroda!<\/h2>\n<p><a href=\"http:\/\/www.szikorarendezoiroda.hu\/szikora\/wp-content\/uploads\/2015\/05\/szikorarendezoiroda.hu_.19jun.jpg\"><img decoding=\"async\" class=\"alignright size-medium wp-image-3258\" title=\"m\u0171sorszervez\u0151 iroda\" src=\"http:\/\/www.szikorarendezoiroda.hu\/szikora\/wp-content\/uploads\/2015\/05\/szikorarendezoiroda.hu_.19jun-300x203.jpg\" alt=\"m\u0171sorszervez\u0151 iroda\" width=\"200\" srcset=\"http:\/\/www.szikorarendezoiroda.hu\/szikora\/wp-content\/uploads\/2015\/05\/szikorarendezoiroda.hu_.19jun-300x203.jpg 300w, http:\/\/www.szikorarendezoiroda.hu\/szikora\/wp-content\/uploads\/2015\/05\/szikorarendezoiroda.hu_.19jun.jpg 600w\" sizes=\"(max-width: 300px) 100vw, 300px\" \/><\/a>Minden rendezv\u00e9ny, legyen az ak\u00e1r c\u00e9ges tal\u00e1lkoz\u00f3, vagy fesztiv\u00e1l, elengedhetetlen k\u00f6zponti eleme a j\u00f3l \u00e1tgondolt \u00e9s megszervezett, a k\u00f6z\u00f6ns\u00e9g ig\u00e9nyeit teljes m\u00e9rt\u00e9kben kiel\u00e9g\u00edt\u0151 program, vagy programok sora. Ehhez egy n\u00edv\u00f3s szolg\u00e1ltat\u00e1sokat ny\u00fajt\u00f3 <strong>m\u0171sorszervez\u0151 irod\u00e1ra <\/strong>van sz\u00fcks\u00e9g, aminek reperto\u00e1rja sz\u00e9les sk\u00e1l\u00e1n mozog, \u00edgy biztosra vehet\u0151, hogy tal\u00e1l a rendezv\u00e9ny tematik\u00e1j\u00e1hoz megfelel\u0151t.<\/p>\n<p>\u00c1ltal\u00e1nos \u00e1rlista k\u00e9sz\u00edt\u00e9s\u00e9t nem tartjuk c\u00e9lszer\u0171nek, ez\u00e9rtegy-egy m\u0171v\u00e9szre, vagy produkci\u00f3ra sz\u00f3l\u00f3 aj\u00e1nlatk\u00e9r\u00e9s\u00fckkel keress\u00e9k bizalommal <strong>m\u0171sorszervez\u0151 irod\u00e1nkat<\/strong>. K\u00f6nny\u0171zenei reperto\u00e1runkban olyan neves hazai el\u0151ad\u00f3k kaptak helyet, akik egyar\u00e1nt nagy n\u00e9pszer\u0171s\u00e9gnek \u00f6rvendenek a fiatalabb, \u00e9s id\u0151sebb koroszt\u00e1ly k\u00f6r\u00e9ben is. Ha jobban kedveli a humort, a magyar stand up comedy \u00e9lvonal\u00e1b\u00f3l v\u00e1laszthat rendezv\u00e9ny\u00e9re, emellett gyermekm\u0171sorokat, eg\u00e9sz est\u00e9s musical \u00e9s operett programokat is szervez\u00fcnk az \u00d6n ig\u00e9nyeinek megfelel\u0151en.<\/p>\n<p>Tegye m\u00e9g eml\u00e9kezetesebb\u00e9 az esem\u00e9nyt, v\u00e1lassza <strong>m\u0171sorszervez\u0151 irod\u00e1nkat<\/strong>! K\u00e9rd\u00e9seivel forduljon hozz\u00e1nk bizalommal el\u00e9rhet\u0151s\u00e9geinken!<\/p>\n<h2>Profi programszervez\u00e9s? Szikora Rendez\u0151iroda!<\/h2>\n<p><a href=\"http:\/\/www.szikorarendezoiroda.hu\/szikora\/wp-content\/uploads\/2015\/05\/szikorarendezoiroda.hu_.17apr.jpg\"><img loading=\"lazy\" decoding=\"async\" class=\"alignright wp-image-2408\" src=\"http:\/\/www.szikorarendezoiroda.hu\/szikora\/wp-content\/uploads\/2015\/05\/szikorarendezoiroda.hu_.17apr-300x300.jpg\" alt=\"Profi programszervez\u00e9s? Szikora Rendez\u0151iroda!\" width=\"200\" height=\"200\" srcset=\"http:\/\/www.szikorarendezoiroda.hu\/szikora\/wp-content\/uploads\/2015\/05\/szikorarendezoiroda.hu_.17apr-300x300.jpg 300w, http:\/\/www.szikorarendezoiroda.hu\/szikora\/wp-content\/uploads\/2015\/05\/szikorarendezoiroda.hu_.17apr-150x150.jpg 150w, http:\/\/www.szikorarendezoiroda.hu\/szikora\/wp-content\/uploads\/2015\/05\/szikorarendezoiroda.hu_.17apr.jpg 500w\" sizes=\"(max-width: 200px) 100vw, 200px\" \/><\/a>Megb\u00edzhat\u00f3 <strong>programszervez\u0151 irod\u00e1t <\/strong>keres, de eddig nem tal\u00e1lta meg azt a csapatot, akikre sz\u00edvesen r\u00e1b\u00edzn\u00e1 rendezv\u00e9nyei sz\u00ednes\u00edt\u00e9s\u00e9t?<\/p>\n<p>N\u00e9zze v\u00e9gig aj\u00e1nlatainkat, ismerje meg el\u0151ad\u00f3inkat alaposan \u00e9s \u00d6nben is ki fog rajzol\u00f3dni, hogy mi is az, amit eddig keresett. Mit tudunk ny\u00fajtani \u00fcgyfeleinknek? Vil\u00e1gsz\u00ednvonal\u00fa, tehets\u00e9ges m\u0171v\u00e9szeket, el\u0151ad\u00f3kat, akik sz\u00e1mos m\u0171fajban k\u00e9pesek maradand\u00f3t alkotni, ak\u00e1rcsak egy este erej\u00e9ig is.<\/p>\n<p>Amennyiben sz\u00ednvonalas el\u0151ad\u00e1st, sz\u00f3rakoztat\u00f3 m\u0171sort, \u00e9lm\u00e9nyteli programot \u00e9s eml\u00e9kezetes el\u0151ad\u00f3kat keres, akkor mindenk\u00e9ppen j\u00f3 helyen j\u00e1r. <strong>Programszervez\u0151 irod\u00e1nk<\/strong> eg\u00e9sz \u00e9vben fogadja a hozz\u00e1nk fordul\u00f3 \u00fcgyfelek megrendel\u00e9seit \u00e9s \u00f6r\u00f6mmel teljes\u00edtj\u00fck is azokat. Mindenf\u00e9le esem\u00e9nyhez biztos\u00edtunk annak st\u00edlus\u00e1hoz ill\u0151 m\u0171sort, el\u0151ad\u00f3t, legyen sz\u00f3 kisebb vagy nagyobb l\u00e9tsz\u00e1mr\u00f3l, visszafogott vagy eg\u00e9szen nagyszab\u00e1s\u00fa rendezv\u00e9nyr\u0151l.<\/p>\n<p><strong>Programszervez\u0151 irod\u00e1nk <\/strong>hossz\u00fa \u00e9vek tapasztalat\u00e1val a h\u00e1ta m\u00f6g\u00f6tt \u00e9s t\u00f6retlen lelkesed\u00e9ssel seg\u00edt megtal\u00e1lni \u00d6nnek is a legjobb, legsz\u00ednvonalasabb programot!<\/p>\n<h2>A rendezv\u00e9nyszervez\u00e9sben is seg\u00edts\u00e9g\u00e9re lesz\u00fcnk!<\/h2>\n<p><a href=\"http:\/\/www.szikorarendezoiroda.hu\/szikora\/wp-content\/uploads\/2015\/05\/szikorarendezoiroda.hu_.17maj.jpg\"><img loading=\"lazy\" decoding=\"async\" class=\"alignright wp-image-2411\" src=\"http:\/\/www.szikorarendezoiroda.hu\/szikora\/wp-content\/uploads\/2015\/05\/szikorarendezoiroda.hu_.17maj-300x166.jpg\" alt=\"A rendezv\u00e9nyszervez\u00e9sben is seg\u00edts\u00e9g\u00e9re lesz\u00fcnk!\" width=\"200\" height=\"111\" srcset=\"http:\/\/www.szikorarendezoiroda.hu\/szikora\/wp-content\/uploads\/2015\/05\/szikorarendezoiroda.hu_.17maj-300x166.jpg 300w, http:\/\/www.szikorarendezoiroda.hu\/szikora\/wp-content\/uploads\/2015\/05\/szikorarendezoiroda.hu_.17maj.jpg 1000w\" sizes=\"(max-width: 200px) 100vw, 200px\" \/><\/a>Azon, hogy egy-egy rendezv\u00e9ny hogyan siker\u00fcl, mennyire lesz \u00e9lvezhet\u0151 \u00e9s n\u00e9pszer\u0171, rengeteg m\u00falhat \u2013 nem csak a fell\u00e9p\u0151k vagy a helysz\u00edn meg\u00edt\u00e9l\u00e9se, hanem az is, hogy vend\u00e9geink sz\u00edvesen t\u00e9rnek-e vissza a j\u00f6v\u0151ben is.<\/p>\n<p>\u00c9ppen ez\u00e9rt rendk\u00edv\u00fcl fontos, hogy a <strong>m\u0171sork\u00f6zvet\u00edt\u00e9st<\/strong>, <strong>rendezv\u00e9nyszervez\u00e9st<\/strong> olyanokra b\u00edzzuk, akik gyakorlottan \u00e9s profi m\u00f3don v\u00e9gzik feladatukat! Ha ilyen szakembereket keres, forduljon b\u00e1tran <strong>programszervez\u0151 irod\u00e1nkhoz<\/strong>!<\/p>\n<p>A <strong>rendezv\u00e9nyszervez\u00e9s<\/strong> sz\u00e1munkra nem csak egy feladat, hanem a szenved\u00e9ly\u00fcnk! Hossz\u00fa \u00e9vtizedek munk\u00e1j\u00e1val fejlesztett\u00fck t\u00f6k\u00e9lyre m\u00f3dszereinket, de mindemellett t\u00f6retlen\u00fcl haladunk a korral \u00e9s figyel\u00fcnk a modern ig\u00e9nyek kiel\u00e9g\u00edt\u00e9s\u00e9re is. Gondoskodunk arr\u00f3l, hogy mind a fell\u00e9p\u0151k, mind a vend\u00e9gek j\u00f3l \u00e9rezhess\u00e9k magukat, ez pedig egyenes utat k\u00f6vez ki a t\u00f6k\u00e9letes rendezv\u00e9ny fel\u00e9.<\/p>\n<p>A <strong>programszervez\u00e9s <\/strong>ter\u00e9n hat\u00e9kony seg\u00edts\u00e9get ny\u00fajtunk \u00d6nnek, legyen sz\u00f3 ak\u00e1r egy kisebb tal\u00e1lkoz\u00f3r\u00f3l, ak\u00e1r nagyszab\u00e1s\u00fa tervekr\u0151l! Koll\u00e9g\u00e1ink a legnagyobb odafigyel\u00e9ssel kezelik majd k\u00e9r\u00e9seit \u00e9s \u00f6tleteit!<\/p>\n","protected":false},"excerpt":{"rendered":"<p>Fesztiv\u00e1lok min\u0151s\u00e9gi m\u0171sorokkal A tavaszi-ny\u00e1ri szezon remek lehet\u0151s\u00e9get k\u00edn\u00e1l a szabadt\u00e9ri rendezv\u00e9nyek \u00e9s fesztiv\u00e1lok lebonyol\u00edt\u00e1s\u00e1hoz, hiszen a kellemes id\u0151nek k\u00f6sz\u00f6nhet\u0151en ezek az esem\u00e9nyek sz\u00e9les koroszt\u00e1lyban megannyi \u00e9rdekl\u0151d\u0151t vonzzanak. Napjainkban a <a class=\"more-link\" href=\"http:\/\/www.szikorarendezoiroda.hu\/szikora\/kulonlegessegek-es-rendezveny-kiegeszitok\/\">A folytat&aacute;s olvas&aacute;sa &rarr;<\/a><\/p>\n","protected":false},"author":1,"featured_media":0,"parent":0,"menu_order":0,"comment_status":"open","ping_status":"open","template":"","meta":{"footnotes":""},"aioseo_notices":[],"_links":{"self":[{"href":"http:\/\/www.szikorarendezoiroda.hu\/szikora\/wp-json\/wp\/v2\/pages\/42"}],"collection":[{"href":"http:\/\/www.szikorarendezoiroda.hu\/szikora\/wp-json\/wp\/v2\/pages"}],"about":[{"href":"http:\/\/www.szikorarendezoiroda.hu\/szikora\/wp-json\/wp\/v2\/types\/page"}],"author":[{"embeddable":true,"href":"http:\/\/www.szikorarendezoiroda.hu\/szikora\/wp-json\/wp\/v2\/users\/1"}],"replies":[{"embeddable":true,"href":"http:\/\/www.szikorarendezoiroda.hu\/szikora\/wp-json\/wp\/v2\/comments?post=42"}],"version-history":[{"count":16,"href":"http:\/\/www.szikorarendezoiroda.hu\/szikora\/wp-json\/wp\/v2\/pages\/42\/revisions"}],"predecessor-version":[{"id":3384,"href":"http:\/\/www.szikorarendezoiroda.hu\/szikora\/wp-json\/wp\/v2\/pages\/42\/revisions\/3384"}],"wp:attachment":[{"href":"http:\/\/www.szikorarendezoiroda.hu\/szikora\/wp-json\/wp\/v2\/media?parent=42"}],"curies":[{"name":"wp","href":"https:\/\/api.w.org\/{rel}","templated":true}]}}