{"id":385,"date":"2015-05-25T13:56:38","date_gmt":"2015-05-25T13:56:38","guid":{"rendered":"http:\/\/www.szikorarendezoiroda.hu\/szikora\/?page_id=385"},"modified":"2018-08-03T05:23:07","modified_gmt":"2018-08-03T05:23:07","slug":"bardoczy-attila-es-safar-monika","status":"publish","type":"page","link":"http:\/\/www.szikorarendezoiroda.hu\/szikora\/podium-vers-szinmuveszek\/bardoczy-attila-es-safar-monika\/","title":{"rendered":"BARD\u00d3CZY ATTILA \u00e9s S\u00c1F\u00c1R M\u00d3NIKA"},"content":{"rendered":"<p><a href=\"http:\/\/www.szikorarendezoiroda.hu\/szikora\/wp-content\/uploads\/2015\/05\/3image0031.jpg\"><img loading=\"lazy\" decoding=\"async\" class=\"alignnone size-full wp-image-86\" src=\"http:\/\/www.szikorarendezoiroda.hu\/szikora\/wp-content\/uploads\/2015\/05\/3image0031.jpg\" alt=\"3image003\" width=\"150\" height=\"151\" \/><\/a><\/p>\n<p>&nbsp;<\/p>\n<p><em><span style=\"font-family: Georgia,Palatino; font-size: 12pt;\">Egyperces novell\u00e1k &#8211; \u00d6rk\u00e9ny Istv\u00e1n kicsit m\u00e1sk\u00e9ppen.<\/span><\/em><\/p>\n<p><span style=\"font-family: Georgia,Palatino; font-size: 12pt;\">A 60-as 70-es 80-as \u00e9vek hangulat\u00e1t id\u00e9z\u0151 p\u00f3dium est,amikor m\u00e9g volt TV Maci,Tv Torna,legend\u00e1s \u201eegypercesek \u201e \u201esztorik\u201d \u00e9s \u201esl\u00e1gerek \u201e.Egy kis g\u00f6rbet\u00fck\u00f6r. Aki \u00e9lt benne az\u00e9rt \u00e9lvezi az el\u0151ad\u00e1st,aki pedig nem az az\u00e9rt , mert h\u0171 k\u00e9pet kap r\u00f3la.<\/span><\/p>\n<p><iframe loading=\"lazy\" width=\"800\" height=\"600\" src=\"https:\/\/www.youtube.com\/embed\/YTyN9-H6xDs?feature=oembed\" frameborder=\"0\" allowfullscreen><\/iframe><\/p>\n","protected":false},"excerpt":{"rendered":"<p>&nbsp; Egyperces novell\u00e1k &#8211; \u00d6rk\u00e9ny Istv\u00e1n kicsit m\u00e1sk\u00e9ppen. A 60-as 70-es 80-as \u00e9vek hangulat\u00e1t id\u00e9z\u0151 p\u00f3dium est,amikor m\u00e9g volt TV Maci,Tv Torna,legend\u00e1s \u201eegypercesek \u201e \u201esztorik\u201d \u00e9s \u201esl\u00e1gerek \u201e.Egy kis g\u00f6rbet\u00fck\u00f6r. <a class=\"more-link\" href=\"http:\/\/www.szikorarendezoiroda.hu\/szikora\/podium-vers-szinmuveszek\/bardoczy-attila-es-safar-monika\/\">A folytat&aacute;s olvas&aacute;sa &rarr;<\/a><\/p>\n","protected":false},"author":1,"featured_media":85,"parent":2,"menu_order":0,"comment_status":"open","ping_status":"open","template":"","meta":{"footnotes":""},"aioseo_notices":[],"_links":{"self":[{"href":"http:\/\/www.szikorarendezoiroda.hu\/szikora\/wp-json\/wp\/v2\/pages\/385"}],"collection":[{"href":"http:\/\/www.szikorarendezoiroda.hu\/szikora\/wp-json\/wp\/v2\/pages"}],"about":[{"href":"http:\/\/www.szikorarendezoiroda.hu\/szikora\/wp-json\/wp\/v2\/types\/page"}],"author":[{"embeddable":true,"href":"http:\/\/www.szikorarendezoiroda.hu\/szikora\/wp-json\/wp\/v2\/users\/1"}],"replies":[{"embeddable":true,"href":"http:\/\/www.szikorarendezoiroda.hu\/szikora\/wp-json\/wp\/v2\/comments?post=385"}],"version-history":[{"count":3,"href":"http:\/\/www.szikorarendezoiroda.hu\/szikora\/wp-json\/wp\/v2\/pages\/385\/revisions"}],"predecessor-version":[{"id":2787,"href":"http:\/\/www.szikorarendezoiroda.hu\/szikora\/wp-json\/wp\/v2\/pages\/385\/revisions\/2787"}],"up":[{"embeddable":true,"href":"http:\/\/www.szikorarendezoiroda.hu\/szikora\/wp-json\/wp\/v2\/pages\/2"}],"wp:featuredmedia":[{"embeddable":true,"href":"http:\/\/www.szikorarendezoiroda.hu\/szikora\/wp-json\/wp\/v2\/media\/85"}],"wp:attachment":[{"href":"http:\/\/www.szikorarendezoiroda.hu\/szikora\/wp-json\/wp\/v2\/media?parent=385"}],"curies":[{"name":"wp","href":"https:\/\/api.w.org\/{rel}","templated":true}]}}