{"id":2346,"date":"2017-02-20T16:52:10","date_gmt":"2017-02-20T16:52:10","guid":{"rendered":"http:\/\/www.szikorarendezoiroda.hu\/szikora\/?page_id=2346"},"modified":"2018-08-03T05:26:48","modified_gmt":"2018-08-03T05:26:48","slug":"csaszar-angela-2","status":"publish","type":"page","link":"http:\/\/www.szikorarendezoiroda.hu\/szikora\/podium-vers-szinmuveszek\/csaszar-angela-2\/","title":{"rendered":"Cs\u00e1sz\u00e1r Ang\u00e9la"},"content":{"rendered":"<p>&nbsp;<\/p>\n<p><strong>Cs\u00e1sz\u00e1r Ang\u00e9la<\/strong>:\u00a0 Nagy Arany \u2013 Nagy Ez\u00fcst.<\/p>\n<p>A p\u00f3diumest kor\u00e1bbi c\u00edme \u201eAsszonyok akik otthon maradtak&#8221; .<\/p>\n<p>Cs\u00e1sz\u00e1r Ang\u00e9la\u00a0 Kolozsv\u00e1ron sz\u00fcletett de amikor a v\u00e1rost Rom\u00e1ni\u00e1hoz csatolt\u00e1k\u00a0 sz\u00fclei nem kis kock\u00e1zatot v\u00e1llalva \u00e1tsz\u00f6ktek Magyarorsz\u00e1gra a m\u00e1r lez\u00e1rt hat\u00e1ron kereszt\u00fcl.\u00a0 A Sz\u00ednm\u0171v\u00e9szeti F\u0151iskol\u00e1n 1968 \u2013 ban v\u00e9gzett. Sz\u00e1mtalan sz\u00ednh\u00e1zi \u00e9s filmszerep \u00e1ll m\u00f6g\u00f6tte , p\u00f3diumestjeivel pedig megh\u00f3d\u00edtotta a vil\u00e1g k\u00fcl\u00f6nb\u00f6z\u0151 pontjain \u00e9l\u0151 magyarokat is. 2011 \u2013 ben megkapta a\u00a0 \u201e Magyar K\u00f6zt\u00e1rsas\u00e1g \u00c9rdemes\u00a0 M\u0171v\u00e9sze \u201e\u00a0\u00a0\u00a0\u00a0 kit\u00fcntet\u00e9st. H\u00e1l\u00e1s sz\u00edvvel \u0151rzi a \u201e Magyar\u00a0 \u00f6r\u00f6ks\u00e9g D\u00edjat \u201e\u00a0 mellyel a hivat\u00e1sukat a legmagasabb szinten\u00a0 m\u0171-\u00a0\u00a0\u00a0 vel\u0151k \u201e t\u00e1rsas\u00e1g\u00e1ba \u201e ker\u00fclhetett , hogy csak p\u00e9ldak\u00e9nt Ruttkai \u00c9v\u00e1t emlits\u00fck.<\/p>\n<p>A Nagy Arany \u00e9s Nagy ez\u00fcst kit\u00fcntet\u00e9sek az Els\u0151 Vil\u00e1gh\u00e1bor\u00fa kit\u00fcntet\u00e9sei voltak az Osztr\u00e1k \u2013 Magyar Monarchi\u00e1ban .\u00a0 Zerkovitz B\u00e9la zen\u00e9j\u00e9vel \u00e9s Harmath Imre sz\u00f6veg\u00e9vel egy nagyon sz\u00e9p dal is sz\u00fcletett r\u00f3-\u00a0\u00a0 luk.\u00a0 A magyar k\u00f6lt\u00e9szet verssoraival valamint els\u0151 vil\u00e1gh\u00e1bor\u00fas kupl\u00e9kkal , sanzonokkal felid\u00e9z\u0151nek\u00a0 a kor\u00a0\u00a0\u00a0\u00a0 k\u00fczdelmeinek , dr\u00e1m\u00e1inak , k\u00f6nnyes \u2013 b\u00fas \u201e humor\u00e1nak \u201e \u00e1llom\u00e1sai .\u00a0 \u00a0A verseket \u00e9s sz\u00f6vegeket\u00a0 Cs\u00e1sz\u00e1r Ang\u00e9la tolm\u00e1csolja a dalokat Nagyv\u00e1radi Erzs\u00e9bet adja el\u0151.\u00a0 Zongor\u00e1n k\u00f6zrem\u0171k\u00f6dik\u00a0 Fekete M\u00e1ria .<\/p>\n<p>A p\u00f3dium estet mindenkinek aj\u00e1nljuk akik a megteremtett \u00e9rt\u00e9keket &#8211; legal\u00e1bb ezzel az egy \u00f3r\u00e1val &#8211;\u00a0 de\u00a0 tov\u00e1bb k\u00edv\u00e1nj\u00e1k \u0151rizni.<\/p>\n<p>&nbsp;<\/p>\n<p><iframe loading=\"lazy\" width=\"800\" height=\"450\" src=\"https:\/\/www.youtube.com\/embed\/ISZ7FgDvm8s?feature=oembed\" frameborder=\"0\" allowfullscreen><\/iframe><\/p>\n","protected":false},"excerpt":{"rendered":"<p>&nbsp; Cs\u00e1sz\u00e1r Ang\u00e9la:\u00a0 Nagy Arany \u2013 Nagy Ez\u00fcst. A p\u00f3diumest kor\u00e1bbi c\u00edme \u201eAsszonyok akik otthon maradtak&#8221; . Cs\u00e1sz\u00e1r Ang\u00e9la\u00a0 Kolozsv\u00e1ron sz\u00fcletett de amikor a v\u00e1rost Rom\u00e1ni\u00e1hoz csatolt\u00e1k\u00a0 sz\u00fclei nem kis <a class=\"more-link\" href=\"http:\/\/www.szikorarendezoiroda.hu\/szikora\/podium-vers-szinmuveszek\/csaszar-angela-2\/\">A folytat&aacute;s olvas&aacute;sa &rarr;<\/a><\/p>\n","protected":false},"author":1,"featured_media":2347,"parent":2,"menu_order":0,"comment_status":"open","ping_status":"open","template":"","meta":{"footnotes":""},"aioseo_notices":[],"_links":{"self":[{"href":"http:\/\/www.szikorarendezoiroda.hu\/szikora\/wp-json\/wp\/v2\/pages\/2346"}],"collection":[{"href":"http:\/\/www.szikorarendezoiroda.hu\/szikora\/wp-json\/wp\/v2\/pages"}],"about":[{"href":"http:\/\/www.szikorarendezoiroda.hu\/szikora\/wp-json\/wp\/v2\/types\/page"}],"author":[{"embeddable":true,"href":"http:\/\/www.szikorarendezoiroda.hu\/szikora\/wp-json\/wp\/v2\/users\/1"}],"replies":[{"embeddable":true,"href":"http:\/\/www.szikorarendezoiroda.hu\/szikora\/wp-json\/wp\/v2\/comments?post=2346"}],"version-history":[{"count":2,"href":"http:\/\/www.szikorarendezoiroda.hu\/szikora\/wp-json\/wp\/v2\/pages\/2346\/revisions"}],"predecessor-version":[{"id":2792,"href":"http:\/\/www.szikorarendezoiroda.hu\/szikora\/wp-json\/wp\/v2\/pages\/2346\/revisions\/2792"}],"up":[{"embeddable":true,"href":"http:\/\/www.szikorarendezoiroda.hu\/szikora\/wp-json\/wp\/v2\/pages\/2"}],"wp:featuredmedia":[{"embeddable":true,"href":"http:\/\/www.szikorarendezoiroda.hu\/szikora\/wp-json\/wp\/v2\/media\/2347"}],"wp:attachment":[{"href":"http:\/\/www.szikorarendezoiroda.hu\/szikora\/wp-json\/wp\/v2\/media?parent=2346"}],"curies":[{"name":"wp","href":"https:\/\/api.w.org\/{rel}","templated":true}]}}