{"id":22,"date":"2015-05-25T09:31:40","date_gmt":"2015-05-25T09:31:40","guid":{"rendered":"http:\/\/www.szikorarendezoiroda.hu\/szikora\/?page_id=22"},"modified":"2021-04-28T11:20:37","modified_gmt":"2021-04-28T11:20:37","slug":"zenekarok","status":"publish","type":"page","link":"http:\/\/www.szikorarendezoiroda.hu\/szikora\/zenekarok\/","title":{"rendered":"Zenekarok"},"content":{"rendered":"<h2><span style=\"font-size: 18pt;\">A legjobb zenekarok rendezv\u00e9ny\u00e9hez<\/span><\/h2>\n<p><a href=\"http:\/\/www.szikorarendezoiroda.hu\/szikora\/wp-content\/uploads\/2015\/05\/szikorarendezoiroda.hunov18.jpg\"><img loading=\"lazy\" decoding=\"async\" class=\"alignright wp-image-3250\" src=\"http:\/\/www.szikorarendezoiroda.hu\/szikora\/wp-content\/uploads\/2015\/05\/szikorarendezoiroda.hunov18-300x122.jpg\" alt=\"A legjobb zenekarok rendezv\u00e9ny\u00e9hez\" width=\"300\" height=\"122\" srcset=\"http:\/\/www.szikorarendezoiroda.hu\/szikora\/wp-content\/uploads\/2015\/05\/szikorarendezoiroda.hunov18-300x122.jpg 300w, http:\/\/www.szikorarendezoiroda.hu\/szikora\/wp-content\/uploads\/2015\/05\/szikorarendezoiroda.hunov18.jpg 800w\" sizes=\"(max-width: 300px) 100vw, 300px\" \/><\/a>Szeretne egy kellemes est\u00e9t szerezni a k\u00f6z\u00f6ns\u00e9g\u00e9nek? A zene mindenki sz\u00e1m\u00e1ra kellemes program, ami lelki \u00e9s szellemi fel\u00fcd\u00fcl\u00e9st ny\u00fajt b\u00e1rmilyen alkalom kapcs\u00e1n. Ha egy vagy t\u00f6bb <strong>zenekart <\/strong>szeretne megh\u00edvni a k\u00f6vetkez\u0151 rendezv\u00e9ny\u00e9re, j\u00f3 helyen j\u00e1r.<\/p>\n<p>Forduljon hozz\u00e1nk bizalommal \u00e9s tekintse meg azoknak a <strong>zenekaroknak<\/strong> a portf\u00f3li\u00f3j\u00e1t, akik a <strong>Szikora Rendez\u0151irod\u00e1hoz<\/strong> tartoznak! B\u00fcszk\u00e9n jelenthetj\u00fck ki, hogy szinte minden m\u0171fajban tudunk <strong>zenekart<\/strong> aj\u00e1nlani. Ha \u00d6n egy falunapon szeretne a m\u0171sorba illeszteni n\u00e9pzenei dallamokat, mi vagyunk a megold\u00e1s! Ha k\u00f6nnyed jazz zen\u00e9vel lepn\u00e9 meg a k\u00f6z\u00f6ns\u00e9get egy g\u00e1lavacsor\u00e1n, minket keressen! Amennyiben a rock \u2019n roll nagy legend\u00e1inak neveit szeretn\u00e9 a plak\u00e1tokra nyomtatni egy ny\u00e1ri fesztiv\u00e1l alkalm\u00e1val, l\u00e9pjen vel\u00fcnk kapcsolatba! Legyen rendezv\u00e9ny\u00e9n a min\u0151s\u00e9gi sz\u00f3rakoztat\u00e1s\u00e9 \u00e9s a n\u00edv\u00f3s zen\u00e9\u00e9 a f\u0151szerep!<\/p>\n<p>A honlapunkon megadott el\u00e9rhet\u0151s\u00e9geink egyik\u00e9n r\u00e9szletes t\u00e1j\u00e9koztat\u00e1st k\u00e9rhet a <strong>Szikora Rendez\u0151iroda<\/strong> <strong>zenekarair\u00f3l<\/strong>, illetve a fell\u00e9p\u00e9s\u00fckkel kapcsolatos r\u00e9szletekr\u0151l!<\/p>\n<h2 style=\"text-align: justify;\"><span style=\"font-family: Georgia,Palatino; font-size: 12pt;\">Neves el\u0151ad\u00f3kkal, egy\u00fcttesekkel sz\u00ednes\u00edten\u00e9 rendezv\u00e9ny\u00e9t?<\/span><\/h2>\n<p style=\"text-align: justify;\"><span style=\"font-family: Georgia,Palatino; font-size: 10pt;\">Itt a kihagyhatatlan alkalom!<\/span><\/p>\n<p style=\"text-align: justify;\"><span style=\"font-family: Georgia,Palatino; font-size: 10pt;\">Egy n\u00edv\u00f3s rendezv\u00e9ny, fesztiv\u00e1l, c\u00e9ges tal\u00e1lkoz\u00f3, vagy b\u00e1rmilyen \u00fcnneps\u00e9g elmaradhatatlan kell\u00e9ke a zene. Azonban van valami, ami m\u00e9g t\u00f6bbet adhat a hangulathoz, ez pedig nem m\u00e1s, mint az \u00e9l\u0151zene. Ig\u00e9nyes magyar el\u0151ad\u00f3k koncertjei a j\u00f3 hangulat megteremt\u00e9s\u00e9vel feltehetik a koron\u00e1t az estre.<\/span><\/p>\n<p style=\"text-align: justify;\"><span style=\"font-family: Georgia,Palatino; font-size: 10pt;\">Palett\u00e1nkon sz\u00e1mos h\u00edres zenekar \u00e9s el\u0151ad\u00f3m\u0171v\u00e9sz megtal\u00e1lhat\u00f3, hogy \u00d6n minden alkalomra kiv\u00e1laszthassa a megfelel\u0151 zenekart. Az \u00f6r\u00f6kz\u00f6ldekt\u0151l kezdve a napjainkban k\u00f6zkedvelt sl\u00e1gerek egy\u00fcttesei is k\u00e9pviseltethetik magukat az esem\u00e9nyen.<\/span><\/p>\n<p style=\"text-align: justify;\"><span style=\"font-family: Georgia,Palatino; font-size: 10pt;\">A v\u00e1laszt\u00e1s az \u00d6n\u00e9!<br \/>\nN\u00e9h\u00e1ny m\u00e9lt\u00e1n h\u00edres zenekar, el\u0151ad\u00f3, a teljess\u00e9g ig\u00e9nye n\u00e9lk\u00fcl:<br \/>\n\u00d6r\u00f6kz\u00f6ldek: <em>Bergendy, Apostol, Bikini, De\u00e1k Bill Gyula \u00e9s a De\u00e1k Blues Band, Horv\u00e1th Charlie<\/em>, stb.<br \/>\nFiataloknak \u00e9s nem csak fiataloknak: <em>Magna Cum Laude, Zs\u00e9da, HOOLIGANS, Zanzibar<\/em>, stb.<\/span><\/p>\n<p style=\"text-align: justify;\"><span style=\"font-family: Georgia,Palatino; font-size: 10pt;\">Ha felkeltett\u00fck \u00e9rdekl\u0151d\u00e9s\u00e9t, tekintse meg zenekar k\u00edn\u00e1latunkat, v\u00e1lasszon \u00e9s vegye fel vel\u00fcnk a kapcsolatot.<br \/>\nNe habozzon, mert min\u00e9l el\u0151bb int\u00e9zkedik, ann\u00e1l biztosabb, hogy az adott id\u0151pontban szabad lesz kedvence!<\/span><\/p>\n<div class=\"pt-cv-wrapper\"><div class=\"pt-cv-view pt-cv-grid pt-cv-colsys\" id=\"pt-cv-view-8b386dfwhl\"><div data-id=\"pt-cv-page-1\" class=\"pt-cv-page\" data-cvc=\"3\"><div class=\"col-md-4 col-sm-6 col-xs-12 pt-cv-content-item pt-cv-1-col\" ><div class='pt-cv-ifield'><a href=\"http:\/\/www.szikorarendezoiroda.hu\/szikora\/zenekarok\/abrakazabra\/\" class=\"_self pt-cv-href-thumbnail pt-cv-thumb-default\" target=\"_self\" ><img loading=\"lazy\" decoding=\"async\" width=\"300\" height=\"201\" src=\"http:\/\/www.szikorarendezoiroda.hu\/szikora\/wp-content\/uploads\/2015\/06\/abrakazabra_02-copy-300x201.jpg\" class=\"pt-cv-thumbnail\" alt=\"\" srcset=\"http:\/\/www.szikorarendezoiroda.hu\/szikora\/wp-content\/uploads\/2015\/06\/abrakazabra_02-copy-300x201.jpg 300w, http:\/\/www.szikorarendezoiroda.hu\/szikora\/wp-content\/uploads\/2015\/06\/abrakazabra_02-copy-400x267.jpg 400w, http:\/\/www.szikorarendezoiroda.hu\/szikora\/wp-content\/uploads\/2015\/06\/abrakazabra_02-copy.jpg 723w\" sizes=\"(max-width: 300px) 100vw, 300px\" \/><\/a>\n<h4 class=\"pt-cv-title\"><a href=\"http:\/\/www.szikorarendezoiroda.hu\/szikora\/zenekarok\/abrakazabra\/\" class=\"_self\" target=\"_self\" >ABRAKAZABRA<\/a><\/h4>\n<div class=\"pt-cv-content\">A debreceni csapat 1999-ben alakult. Hogy mennyire a zene az \u00e9lt\u00fck, mi sem bizony\u00edtja jobban, mint hogy hazai szt\u00e1rjaink: T\u00f3th ...<br \/><div class=\"pt-cv-rmwrap\"><a href=\"http:\/\/www.szikorarendezoiroda.hu\/szikora\/zenekarok\/abrakazabra\/\" class=\"_self pt-cv-readmore btn btn-success\" target=\"_self\">R\u00e9szletek<\/a><\/div><\/div><\/div><\/div>\n<div class=\"col-md-4 col-sm-6 col-xs-12 pt-cv-content-item pt-cv-1-col\" ><div class='pt-cv-ifield'><a href=\"http:\/\/www.szikorarendezoiroda.hu\/szikora\/zenekarok\/apostol\/\" class=\"_self pt-cv-href-thumbnail pt-cv-thumb-default\" target=\"_self\" ><img loading=\"lazy\" decoding=\"async\" width=\"300\" height=\"223\" src=\"http:\/\/www.szikorarendezoiroda.hu\/szikora\/wp-content\/uploads\/2015\/06\/apostol.bmp\" class=\"pt-cv-thumbnail\" alt=\"\" \/><\/a>\n<h4 class=\"pt-cv-title\"><a href=\"http:\/\/www.szikorarendezoiroda.hu\/szikora\/zenekarok\/apostol\/\" class=\"_self\" target=\"_self\" >APOSTOL<\/a><\/h4>\n<div class=\"pt-cv-content\">1970 az Apostol Egy\u00fcttes t\u00f6rt\u00e9net\u00e9nek kezdete. T\u00f6bbsz\u00f6r\u00f6s tagcser\u00e9vel alakult ki a ma is igen sok fell\u00e9p\u00e9st teljes\u00edt\u0151 form\u00e1ci\u00f3. 1975 a ...<br \/><div class=\"pt-cv-rmwrap\"><a href=\"http:\/\/www.szikorarendezoiroda.hu\/szikora\/zenekarok\/apostol\/\" class=\"_self pt-cv-readmore btn btn-success\" target=\"_self\">R\u00e9szletek<\/a><\/div><\/div><\/div><\/div>\n<div class=\"col-md-4 col-sm-6 col-xs-12 pt-cv-content-item pt-cv-1-col\" ><div class='pt-cv-ifield'><a href=\"http:\/\/www.szikorarendezoiroda.hu\/szikora\/zenekarok\/asterix-live-music-band\/\" class=\"_self pt-cv-href-thumbnail pt-cv-thumb-default\" target=\"_self\" ><img loading=\"lazy\" decoding=\"async\" width=\"300\" height=\"134\" src=\"http:\/\/www.szikorarendezoiroda.hu\/szikora\/wp-content\/uploads\/2015\/06\/asterix-300x134.jpg\" class=\"pt-cv-thumbnail\" alt=\"\" srcset=\"http:\/\/www.szikorarendezoiroda.hu\/szikora\/wp-content\/uploads\/2015\/06\/asterix-300x134.jpg 300w, http:\/\/www.szikorarendezoiroda.hu\/szikora\/wp-content\/uploads\/2015\/06\/asterix-1024x457.jpg 1024w\" sizes=\"(max-width: 300px) 100vw, 300px\" \/><\/a>\n<h4 class=\"pt-cv-title\"><a href=\"http:\/\/www.szikorarendezoiroda.hu\/szikora\/zenekarok\/asterix-live-music-band\/\" class=\"_self\" target=\"_self\" >ASTERIX LIVE MUSIC BAND<\/a><\/h4>\n<div class=\"pt-cv-content\">Az egyik legig\u00e9nyesebb \u00e9s legsikeresebb parti zenekar. Alap\u00e1ll\u00e1sban 5 f\u0151, de b\u0151v\u00edthet\u0151 t\u00e1ncosokkal is, akik a k\u00f6z\u00f6ns\u00e9get is bevonj\u00e1k egy ...<br \/><div class=\"pt-cv-rmwrap\"><a href=\"http:\/\/www.szikorarendezoiroda.hu\/szikora\/zenekarok\/asterix-live-music-band\/\" class=\"_self pt-cv-readmore btn btn-success\" target=\"_self\">R\u00e9szletek<\/a><\/div><\/div><\/div><\/div>\n<div class=\"col-md-4 col-sm-6 col-xs-12 pt-cv-content-item pt-cv-1-col\" ><div class='pt-cv-ifield'><a href=\"http:\/\/www.szikorarendezoiroda.hu\/szikora\/zenekarok\/beatrice\/\" class=\"_self pt-cv-href-thumbnail pt-cv-thumb-default\" target=\"_self\" ><img loading=\"lazy\" decoding=\"async\" width=\"300\" height=\"200\" src=\"http:\/\/www.szikorarendezoiroda.hu\/szikora\/wp-content\/uploads\/2015\/06\/beatrice-300x200.jpg\" class=\"pt-cv-thumbnail\" alt=\"\" srcset=\"http:\/\/www.szikorarendezoiroda.hu\/szikora\/wp-content\/uploads\/2015\/06\/beatrice-300x200.jpg 300w, http:\/\/www.szikorarendezoiroda.hu\/szikora\/wp-content\/uploads\/2015\/06\/beatrice-400x267.jpg 400w, http:\/\/www.szikorarendezoiroda.hu\/szikora\/wp-content\/uploads\/2015\/06\/beatrice.jpg 450w\" sizes=\"(max-width: 300px) 100vw, 300px\" \/><\/a>\n<h4 class=\"pt-cv-title\"><a href=\"http:\/\/www.szikorarendezoiroda.hu\/szikora\/zenekarok\/beatrice\/\" class=\"_self\" target=\"_self\" >BEATRICE<\/a><\/h4>\n<div class=\"pt-cv-content\">A zenekar \u00e1ltal meg\u00e9nekelt \"8 \u00f3ra munka, 8 \u00f3ra pihen\u00e9s, 8 \u00f3ra sz\u00f3rakoz\u00e1s\" a mai napig nem val\u00f3sult meg, de ...<br \/><div class=\"pt-cv-rmwrap\"><a href=\"http:\/\/www.szikorarendezoiroda.hu\/szikora\/zenekarok\/beatrice\/\" class=\"_self pt-cv-readmore btn btn-success\" target=\"_self\">R\u00e9szletek<\/a><\/div><\/div><\/div><\/div>\n<div class=\"col-md-4 col-sm-6 col-xs-12 pt-cv-content-item pt-cv-1-col\" ><div class='pt-cv-ifield'><a href=\"http:\/\/www.szikorarendezoiroda.hu\/szikora\/zenekarok\/bikini\/\" class=\"_self pt-cv-href-thumbnail pt-cv-thumb-default\" target=\"_self\" ><img loading=\"lazy\" decoding=\"async\" width=\"300\" height=\"150\" src=\"http:\/\/www.szikorarendezoiroda.hu\/szikora\/wp-content\/uploads\/2015\/06\/bikinikep-620x310-copy-300x150.jpg\" class=\"pt-cv-thumbnail\" alt=\"\" srcset=\"http:\/\/www.szikorarendezoiroda.hu\/szikora\/wp-content\/uploads\/2015\/06\/bikinikep-620x310-copy-300x150.jpg 300w, http:\/\/www.szikorarendezoiroda.hu\/szikora\/wp-content\/uploads\/2015\/06\/bikinikep-620x310-copy.jpg 620w\" sizes=\"(max-width: 300px) 100vw, 300px\" \/><\/a>\n<h4 class=\"pt-cv-title\"><a href=\"http:\/\/www.szikorarendezoiroda.hu\/szikora\/zenekarok\/bikini\/\" class=\"_self\" target=\"_self\" >BIKINI<\/a><\/h4>\n<div class=\"pt-cv-content\">1982-ben sz\u00fcletett a zenekar N\u00e9meth Alajos \u00e9s Nagy Fer\u00f3 b\u00e1b\u00e1skod\u00e1s\u00e1val. D.Nagy Lajos \u00e9nekesk\u00e9nt csatlakozott a zenekarhoz \u00e9s ez igazi nagy ...<br \/><div class=\"pt-cv-rmwrap\"><a href=\"http:\/\/www.szikorarendezoiroda.hu\/szikora\/zenekarok\/bikini\/\" class=\"_self pt-cv-readmore btn btn-success\" target=\"_self\">R\u00e9szletek<\/a><\/div><\/div><\/div><\/div>\n<div class=\"col-md-4 col-sm-6 col-xs-12 pt-cv-content-item pt-cv-1-col\" ><div class='pt-cv-ifield'><a href=\"http:\/\/www.szikorarendezoiroda.hu\/szikora\/zenekarok\/bon-bon\/\" class=\"_self pt-cv-href-thumbnail pt-cv-thumb-default\" target=\"_self\" ><img loading=\"lazy\" decoding=\"async\" width=\"300\" height=\"200\" src=\"http:\/\/www.szikorarendezoiroda.hu\/szikora\/wp-content\/uploads\/2015\/06\/4008_zene_w800_h600-300x200.jpeg\" class=\"pt-cv-thumbnail\" alt=\"\" srcset=\"http:\/\/www.szikorarendezoiroda.hu\/szikora\/wp-content\/uploads\/2015\/06\/4008_zene_w800_h600-300x200.jpeg 300w, http:\/\/www.szikorarendezoiroda.hu\/szikora\/wp-content\/uploads\/2015\/06\/4008_zene_w800_h600-400x267.jpeg 400w, http:\/\/www.szikorarendezoiroda.hu\/szikora\/wp-content\/uploads\/2015\/06\/4008_zene_w800_h600.jpeg 800w\" sizes=\"(max-width: 300px) 100vw, 300px\" \/><\/a>\n<h4 class=\"pt-cv-title\"><a href=\"http:\/\/www.szikorarendezoiroda.hu\/szikora\/zenekarok\/bon-bon\/\" class=\"_self\" target=\"_self\" >BON BON<\/a><\/h4>\n<div class=\"pt-cv-content\">A rendk\u00edv\u0171l sikeres du\u00f3, T\u00f6r\u00f6k Tam\u00e1s \u00e9s Szolnoki P\u00e9ter szinte minden dala sl\u00e1ger lett, olyan, amit a \u201ecip\u00e9szinasok is f\u00fcty\u00fclnek\u201d ...<br \/><div class=\"pt-cv-rmwrap\"><a href=\"http:\/\/www.szikorarendezoiroda.hu\/szikora\/zenekarok\/bon-bon\/\" class=\"_self pt-cv-readmore btn btn-success\" target=\"_self\">R\u00e9szletek<\/a><\/div><\/div><\/div><\/div>\n<div class=\"col-md-4 col-sm-6 col-xs-12 pt-cv-content-item pt-cv-1-col\" ><div class='pt-cv-ifield'><a href=\"http:\/\/www.szikorarendezoiroda.hu\/szikora\/zenekarok\/borravalo-egyuttes\/\" class=\"_self pt-cv-href-thumbnail pt-cv-thumb-default\" target=\"_self\" ><img loading=\"lazy\" decoding=\"async\" width=\"300\" height=\"200\" src=\"http:\/\/www.szikorarendezoiroda.hu\/szikora\/wp-content\/uploads\/2015\/06\/borravalo_01-300x200.jpg\" class=\"pt-cv-thumbnail\" alt=\"\" srcset=\"http:\/\/www.szikorarendezoiroda.hu\/szikora\/wp-content\/uploads\/2015\/06\/borravalo_01-300x200.jpg 300w, http:\/\/www.szikorarendezoiroda.hu\/szikora\/wp-content\/uploads\/2015\/06\/borravalo_01-400x267.jpg 400w, http:\/\/www.szikorarendezoiroda.hu\/szikora\/wp-content\/uploads\/2015\/06\/borravalo_01.jpg 612w\" sizes=\"(max-width: 300px) 100vw, 300px\" \/><\/a>\n<h4 class=\"pt-cv-title\"><a href=\"http:\/\/www.szikorarendezoiroda.hu\/szikora\/zenekarok\/borravalo-egyuttes\/\" class=\"_self\" target=\"_self\" >BORRAVAL\u00d3 EGY\u00dcTTES<\/a><\/h4>\n<div class=\"pt-cv-content\">N\u00e9pies hangz\u00e1s\u00fa bordalok, borversek. Egyszerre hagyom\u00e1nyteremt\u0151 \u00e9s \u00fajdons\u00e1gkeres\u0151 ...<br \/><div class=\"pt-cv-rmwrap\"><a href=\"http:\/\/www.szikorarendezoiroda.hu\/szikora\/zenekarok\/borravalo-egyuttes\/\" class=\"_self pt-cv-readmore btn btn-success\" target=\"_self\">R\u00e9szletek<\/a><\/div><\/div><\/div><\/div>\n<div class=\"col-md-4 col-sm-6 col-xs-12 pt-cv-content-item pt-cv-1-col\" ><div class='pt-cv-ifield'><a href=\"http:\/\/www.szikorarendezoiroda.hu\/szikora\/zenekarok\/broadway-band-bali-zenekar\/\" class=\"_self pt-cv-href-thumbnail pt-cv-thumb-default\" target=\"_self\" ><img loading=\"lazy\" decoding=\"async\" width=\"300\" height=\"225\" src=\"http:\/\/www.szikorarendezoiroda.hu\/szikora\/wp-content\/uploads\/2015\/05\/broadway1-300x225.jpg\" class=\"pt-cv-thumbnail\" alt=\"\" srcset=\"http:\/\/www.szikorarendezoiroda.hu\/szikora\/wp-content\/uploads\/2015\/05\/broadway1-300x225.jpg 300w, http:\/\/www.szikorarendezoiroda.hu\/szikora\/wp-content\/uploads\/2015\/05\/broadway1.jpg 600w\" sizes=\"(max-width: 300px) 100vw, 300px\" \/><\/a>\n<h4 class=\"pt-cv-title\"><a href=\"http:\/\/www.szikorarendezoiroda.hu\/szikora\/zenekarok\/broadway-band-bali-zenekar\/\" class=\"_self\" target=\"_self\" >BROADWAY BAND &#8211; b\u00e1li zenekar<\/a><\/h4>\n<div class=\"pt-cv-content\">Ism\u00e9t egy b\u00e1li zenekar. Megjelen\u00e9s\u00fckkel \u00e9s \u00f3ri\u00e1si reperto\u00e1rjukkal csak aj\u00e1nlani lehet \u0150ket ...<br \/><div class=\"pt-cv-rmwrap\"><a href=\"http:\/\/www.szikorarendezoiroda.hu\/szikora\/zenekarok\/broadway-band-bali-zenekar\/\" class=\"_self pt-cv-readmore btn btn-success\" target=\"_self\">R\u00e9szletek<\/a><\/div><\/div><\/div><\/div>\n<div class=\"col-md-4 col-sm-6 col-xs-12 pt-cv-content-item pt-cv-1-col\" ><div class='pt-cv-ifield'><a href=\"http:\/\/www.szikorarendezoiroda.hu\/szikora\/zenekarok\/budapest-jazz-orchestra\/\" class=\"_self pt-cv-href-thumbnail pt-cv-thumb-default\" target=\"_self\" ><img loading=\"lazy\" decoding=\"async\" width=\"300\" height=\"166\" src=\"http:\/\/www.szikorarendezoiroda.hu\/szikora\/wp-content\/uploads\/2015\/06\/a-budapest-jazz-orchestra-es-maria-baptist-ger-koncertje-original-41324-300x166.jpg\" class=\"pt-cv-thumbnail\" alt=\"\" srcset=\"http:\/\/www.szikorarendezoiroda.hu\/szikora\/wp-content\/uploads\/2015\/06\/a-budapest-jazz-orchestra-es-maria-baptist-ger-koncertje-original-41324-300x166.jpg 300w, http:\/\/www.szikorarendezoiroda.hu\/szikora\/wp-content\/uploads\/2015\/06\/a-budapest-jazz-orchestra-es-maria-baptist-ger-koncertje-original-41324.jpg 1000w\" sizes=\"(max-width: 300px) 100vw, 300px\" \/><\/a>\n<h4 class=\"pt-cv-title\"><a href=\"http:\/\/www.szikorarendezoiroda.hu\/szikora\/zenekarok\/budapest-jazz-orchestra\/\" class=\"_self\" target=\"_self\" >BUDAPEST JAZZ ORCHESTRA<\/a><\/h4>\n<div class=\"pt-cv-content\">Budapest Jazz Orchestra :\u00a0 Magyarorsz\u00e1g egyik legn\u00e9pszer\u0171bb big band \u2013 je. Vezet\u0151je Kollman G\u00e1bor szaxofon m\u0171v\u00e9sz. Vil\u00e1gsz\u00ednvonalon mutatja be a ...<br \/><div class=\"pt-cv-rmwrap\"><a href=\"http:\/\/www.szikorarendezoiroda.hu\/szikora\/zenekarok\/budapest-jazz-orchestra\/\" class=\"_self pt-cv-readmore btn btn-success\" target=\"_self\">R\u00e9szletek<\/a><\/div><\/div><\/div><\/div>\n<div class=\"col-md-4 col-sm-6 col-xs-12 pt-cv-content-item pt-cv-1-col\" ><div class='pt-cv-ifield'><a href=\"http:\/\/www.szikorarendezoiroda.hu\/szikora\/zenekarok\/budapest-klezmer-band\/\" class=\"_self pt-cv-href-thumbnail pt-cv-thumb-default\" target=\"_self\" ><img loading=\"lazy\" decoding=\"async\" width=\"300\" height=\"199\" src=\"http:\/\/www.szikorarendezoiroda.hu\/szikora\/wp-content\/uploads\/2015\/06\/budapest-klezmer-band-sajto-2-300x199.jpg\" class=\"pt-cv-thumbnail\" alt=\"\" srcset=\"http:\/\/www.szikorarendezoiroda.hu\/szikora\/wp-content\/uploads\/2015\/06\/budapest-klezmer-band-sajto-2-300x199.jpg 300w, http:\/\/www.szikorarendezoiroda.hu\/szikora\/wp-content\/uploads\/2015\/06\/budapest-klezmer-band-sajto-2-1024x681.jpg 1024w, http:\/\/www.szikorarendezoiroda.hu\/szikora\/wp-content\/uploads\/2015\/06\/budapest-klezmer-band-sajto-2-400x267.jpg 400w\" sizes=\"(max-width: 300px) 100vw, 300px\" \/><\/a>\n<h4 class=\"pt-cv-title\"><a href=\"http:\/\/www.szikorarendezoiroda.hu\/szikora\/zenekarok\/budapest-klezmer-band\/\" class=\"_self\" target=\"_self\" >BUDAPEST KLEZMER BAND<\/a><\/h4>\n<div class=\"pt-cv-content\">A trad\u00edcion\u00e1lis zsid\u00f3 zen\u00e9t j\u00e1tsz\u00f3 zenekar Amerik\u00e1ban \u00e9s Eur\u00f3pa sz\u00e1mos orsz\u00e1g\u00e1ban elismert \u00e9s nagyon kedvelt. Alap\u00edt\u00f3ja J\u00e1vori Ferenc \"Fegya\". Az ...<br \/><div class=\"pt-cv-rmwrap\"><a href=\"http:\/\/www.szikorarendezoiroda.hu\/szikora\/zenekarok\/budapest-klezmer-band\/\" class=\"_self pt-cv-readmore btn btn-success\" target=\"_self\">R\u00e9szletek<\/a><\/div><\/div><\/div><\/div>\n<div class=\"col-md-4 col-sm-6 col-xs-12 pt-cv-content-item pt-cv-1-col\" ><div class='pt-cv-ifield'><a href=\"http:\/\/www.szikorarendezoiroda.hu\/szikora\/zenekarok\/budapest-ragtime-band\/\" class=\"_self pt-cv-href-thumbnail pt-cv-thumb-default\" target=\"_self\" ><img loading=\"lazy\" decoding=\"async\" width=\"300\" height=\"200\" src=\"http:\/\/www.szikorarendezoiroda.hu\/szikora\/wp-content\/uploads\/2015\/06\/budapest-ragtime-band-vendeg-szoke-nikoletta-es-kovacs-ferenc-original-40141-300x200.jpg\" class=\"pt-cv-thumbnail\" alt=\"\" srcset=\"http:\/\/www.szikorarendezoiroda.hu\/szikora\/wp-content\/uploads\/2015\/06\/budapest-ragtime-band-vendeg-szoke-nikoletta-es-kovacs-ferenc-original-40141-300x200.jpg 300w, http:\/\/www.szikorarendezoiroda.hu\/szikora\/wp-content\/uploads\/2015\/06\/budapest-ragtime-band-vendeg-szoke-nikoletta-es-kovacs-ferenc-original-40141-400x267.jpg 400w, http:\/\/www.szikorarendezoiroda.hu\/szikora\/wp-content\/uploads\/2015\/06\/budapest-ragtime-band-vendeg-szoke-nikoletta-es-kovacs-ferenc-original-40141.jpg 520w\" sizes=\"(max-width: 300px) 100vw, 300px\" \/><\/a>\n<h4 class=\"pt-cv-title\"><a href=\"http:\/\/www.szikorarendezoiroda.hu\/szikora\/zenekarok\/budapest-ragtime-band\/\" class=\"_self\" target=\"_self\" >BUDAPEST RAGTIME BAND<\/a><\/h4>\n<div class=\"pt-cv-content\">A zenekar f\u0151 produkci\u00f3ja a tradicion\u00e1lis jazz \u00e9s ragtime-ok \u00e1ltal keretbe z\u00e1rt\u00a0 sz\u00ednes, v\u00e1ltozatos sz\u00f3rakoztat\u00f3 program.\u00a0 A fent eml\u00edtettek mellett ...<br \/><div class=\"pt-cv-rmwrap\"><a href=\"http:\/\/www.szikorarendezoiroda.hu\/szikora\/zenekarok\/budapest-ragtime-band\/\" class=\"_self pt-cv-readmore btn btn-success\" target=\"_self\">R\u00e9szletek<\/a><\/div><\/div><\/div><\/div>\n<div class=\"col-md-4 col-sm-6 col-xs-12 pt-cv-content-item pt-cv-1-col\" ><div class='pt-cv-ifield'><a href=\"http:\/\/www.szikorarendezoiroda.hu\/szikora\/zenekarok\/charlie-elo-koncert\/\" class=\"_self pt-cv-href-thumbnail pt-cv-thumb-default\" target=\"_self\" ><img loading=\"lazy\" decoding=\"async\" width=\"199\" height=\"300\" src=\"http:\/\/www.szikorarendezoiroda.hu\/szikora\/wp-content\/uploads\/2015\/06\/charlie-koncert-elo-original-45976-199x300.jpg\" class=\"pt-cv-thumbnail\" alt=\"\" srcset=\"http:\/\/www.szikorarendezoiroda.hu\/szikora\/wp-content\/uploads\/2015\/06\/charlie-koncert-elo-original-45976-199x300.jpg 199w, http:\/\/www.szikorarendezoiroda.hu\/szikora\/wp-content\/uploads\/2015\/06\/charlie-koncert-elo-original-45976.jpg 400w\" sizes=\"(max-width: 199px) 100vw, 199px\" \/><\/a>\n<h4 class=\"pt-cv-title\"><a href=\"http:\/\/www.szikorarendezoiroda.hu\/szikora\/zenekarok\/charlie-elo-koncert\/\" class=\"_self\" target=\"_self\" >CHARLIE \u00c9L\u0150 KONCERT<\/a><\/h4>\n<div class=\"pt-cv-content\">A szinte m\u00e1r legend\u00e1s \u00e9nekes \u00e9l\u0151 koncertje osztatlan siker, b\u00e1rhol is l\u00e9pjenek fel. El\u0151ad\u00e1sukat ugyan\u00fagy tombolja v\u00e9gig a koncerttermek k\u00f6z\u00f6ns\u00e9ge, ...<br \/><div class=\"pt-cv-rmwrap\"><a href=\"http:\/\/www.szikorarendezoiroda.hu\/szikora\/zenekarok\/charlie-elo-koncert\/\" class=\"_self pt-cv-readmore btn btn-success\" target=\"_self\">R\u00e9szletek<\/a><\/div><\/div><\/div><\/div>\n<div class=\"col-md-4 col-sm-6 col-xs-12 pt-cv-content-item pt-cv-1-col\" ><div class='pt-cv-ifield'><a href=\"http:\/\/www.szikorarendezoiroda.hu\/szikora\/zenekarok\/charme\/\" class=\"_self pt-cv-href-thumbnail pt-cv-thumb-default\" target=\"_self\" ><img loading=\"lazy\" decoding=\"async\" width=\"300\" height=\"139\" src=\"http:\/\/www.szikorarendezoiroda.hu\/szikora\/wp-content\/uploads\/2018\/07\/vv-300x139.jpg\" class=\"pt-cv-thumbnail\" alt=\"\" srcset=\"http:\/\/www.szikorarendezoiroda.hu\/szikora\/wp-content\/uploads\/2018\/07\/vv-300x139.jpg 300w, http:\/\/www.szikorarendezoiroda.hu\/szikora\/wp-content\/uploads\/2018\/07\/vv-1024x475.jpg 1024w, http:\/\/www.szikorarendezoiroda.hu\/szikora\/wp-content\/uploads\/2018\/07\/vv.jpg 1200w\" sizes=\"(max-width: 300px) 100vw, 300px\" \/><\/a>\n<h4 class=\"pt-cv-title\"><a href=\"http:\/\/www.szikorarendezoiroda.hu\/szikora\/zenekarok\/charme\/\" class=\"_self\" target=\"_self\" >Charme<\/a><\/h4>\n<div class=\"pt-cv-content\">Egy vadonat\u00faj form\u00e1ci\u00f3 a hazai pop piacon: CHARME egy\u00fcttes \u00a0 K\u00e9t rendk\u00edv\u00fcl tehets\u00e9ges fiatal el\u0151ad\u00f3 J\u00e1ger Gyula \u00e9s Feh\u00e9r Attila\u00a0 ...<br \/><div class=\"pt-cv-rmwrap\"><a href=\"http:\/\/www.szikorarendezoiroda.hu\/szikora\/zenekarok\/charme\/\" class=\"_self pt-cv-readmore btn btn-success\" target=\"_self\">R\u00e9szletek<\/a><\/div><\/div><\/div><\/div>\n<div class=\"col-md-4 col-sm-6 col-xs-12 pt-cv-content-item pt-cv-1-col\" ><div class='pt-cv-ifield'><a href=\"http:\/\/www.szikorarendezoiroda.hu\/szikora\/zenekarok\/children-of-distance\/\" class=\"_self pt-cv-href-thumbnail pt-cv-thumb-default\" target=\"_self\" ><img loading=\"lazy\" decoding=\"async\" width=\"300\" height=\"157\" src=\"http:\/\/www.szikorarendezoiroda.hu\/szikora\/wp-content\/uploads\/2018\/08\/Children-of-Distance-fot\u00f32018-300x157.jpg\" class=\"pt-cv-thumbnail\" alt=\"\" srcset=\"http:\/\/www.szikorarendezoiroda.hu\/szikora\/wp-content\/uploads\/2018\/08\/Children-of-Distance-fot\u00f32018-300x157.jpg 300w, http:\/\/www.szikorarendezoiroda.hu\/szikora\/wp-content\/uploads\/2018\/08\/Children-of-Distance-fot\u00f32018.jpg 1024w\" sizes=\"(max-width: 300px) 100vw, 300px\" \/><\/a>\n<h4 class=\"pt-cv-title\"><a href=\"http:\/\/www.szikorarendezoiroda.hu\/szikora\/zenekarok\/children-of-distance\/\" class=\"_self\" target=\"_self\" >Children of Distance<\/a><\/h4>\n<div class=\"pt-cv-content\">A leghallgatottabb hip-hop pop egy\u00fcttes. Az \u201e \u00c9v legjobb egy\u00fcttese\u00a0 \u201e c\u00edmet a k\u00f6z\u00f6ns\u00e9g h\u00e1rom egym\u00e1st k\u00f6vet\u0151 \u00e9vben nekik szavazta ...<br \/><div class=\"pt-cv-rmwrap\"><a href=\"http:\/\/www.szikorarendezoiroda.hu\/szikora\/zenekarok\/children-of-distance\/\" class=\"_self pt-cv-readmore btn btn-success\" target=\"_self\">R\u00e9szletek<\/a><\/div><\/div><\/div><\/div>\n<div class=\"col-md-4 col-sm-6 col-xs-12 pt-cv-content-item pt-cv-1-col\" ><div class='pt-cv-ifield'><a href=\"http:\/\/www.szikorarendezoiroda.hu\/szikora\/zenekarok\/club-54-mamma-mia-zenekar\/\" class=\"_self pt-cv-href-thumbnail pt-cv-thumb-default\" target=\"_self\" ><img loading=\"lazy\" decoding=\"async\" width=\"300\" height=\"188\" src=\"http:\/\/www.szikorarendezoiroda.hu\/szikora\/wp-content\/uploads\/2018\/07\/mm-300x188.jpg\" class=\"pt-cv-thumbnail\" alt=\"\" srcset=\"http:\/\/www.szikorarendezoiroda.hu\/szikora\/wp-content\/uploads\/2018\/07\/mm-300x188.jpg 300w, http:\/\/www.szikorarendezoiroda.hu\/szikora\/wp-content\/uploads\/2018\/07\/mm.jpg 750w\" sizes=\"(max-width: 300px) 100vw, 300px\" \/><\/a>\n<h4 class=\"pt-cv-title\"><a href=\"http:\/\/www.szikorarendezoiroda.hu\/szikora\/zenekarok\/club-54-mamma-mia-zenekar\/\" class=\"_self\" target=\"_self\" >Club 54 &#038; Mamma Mia zenekar<\/a><\/h4>\n<div class=\"pt-cv-content\">A zenekar v\u00e1ltozatlan, eredeti fel\u00e1ll\u00e1sban dolgozik tov\u00e1bb, Gallusz Nikolett a Mad\u00e1ch sz\u00ednh\u00e1z m\u0171v\u00e9szn\u0151je \u00e9s a Mamma Mia c. musical f\u0151szerepl\u0151je, ...<br \/><div class=\"pt-cv-rmwrap\"><a href=\"http:\/\/www.szikorarendezoiroda.hu\/szikora\/zenekarok\/club-54-mamma-mia-zenekar\/\" class=\"_self pt-cv-readmore btn btn-success\" target=\"_self\">R\u00e9szletek<\/a><\/div><\/div><\/div><\/div>\n<div class=\"col-md-4 col-sm-6 col-xs-12 pt-cv-content-item pt-cv-1-col\" ><div class='pt-cv-ifield'><a href=\"http:\/\/www.szikorarendezoiroda.hu\/szikora\/zenekarok\/csik-zenekar\/\" class=\"_self pt-cv-href-thumbnail pt-cv-thumb-default\" target=\"_self\" ><img loading=\"lazy\" decoding=\"async\" width=\"300\" height=\"245\" src=\"http:\/\/www.szikorarendezoiroda.hu\/szikora\/wp-content\/uploads\/2015\/05\/zenekar1-300x245.jpg\" class=\"pt-cv-thumbnail\" alt=\"\" srcset=\"http:\/\/www.szikorarendezoiroda.hu\/szikora\/wp-content\/uploads\/2015\/05\/zenekar1-300x245.jpg 300w, http:\/\/www.szikorarendezoiroda.hu\/szikora\/wp-content\/uploads\/2015\/05\/zenekar1.jpg 878w\" sizes=\"(max-width: 300px) 100vw, 300px\" \/><\/a>\n<h4 class=\"pt-cv-title\"><a href=\"http:\/\/www.szikorarendezoiroda.hu\/szikora\/zenekarok\/csik-zenekar\/\" class=\"_self\" target=\"_self\" >CS\u00cdK ZENEKAR<\/a><\/h4>\n<div class=\"pt-cv-content\">Kossuth-d\u00edjas magyar n\u00e9pzenei egy\u00fcttes. Koncertjeik ma m\u00e1r hatalmas t\u00f6megeket vonzanak. Az alap\u00edt\u00f3 Cs\u00edk J\u00e1nos, aki zenekar\u00e1val egyar\u00e1nt j\u00e1tszik autentikus n\u00e9pzen\u00e9t ...<br \/><div class=\"pt-cv-rmwrap\"><a href=\"http:\/\/www.szikorarendezoiroda.hu\/szikora\/zenekarok\/csik-zenekar\/\" class=\"_self pt-cv-readmore btn btn-success\" target=\"_self\">R\u00e9szletek<\/a><\/div><\/div><\/div><\/div>\n<div class=\"col-md-4 col-sm-6 col-xs-12 pt-cv-content-item pt-cv-1-col\" ><div class='pt-cv-ifield'><a href=\"http:\/\/www.szikorarendezoiroda.hu\/szikora\/zenekarok\/deak-bill-gyula-es-a-deak-blues-band\/\" class=\"_self pt-cv-href-thumbnail pt-cv-thumb-default\" target=\"_self\" ><img loading=\"lazy\" decoding=\"async\" width=\"300\" height=\"300\" src=\"http:\/\/www.szikorarendezoiroda.hu\/szikora\/wp-content\/uploads\/2015\/06\/De\u00e1k-Bill-03-300x300.jpg\" class=\"pt-cv-thumbnail\" alt=\"\" srcset=\"http:\/\/www.szikorarendezoiroda.hu\/szikora\/wp-content\/uploads\/2015\/06\/De\u00e1k-Bill-03-300x300.jpg 300w, http:\/\/www.szikorarendezoiroda.hu\/szikora\/wp-content\/uploads\/2015\/06\/De\u00e1k-Bill-03-150x150.jpg 150w, http:\/\/www.szikorarendezoiroda.hu\/szikora\/wp-content\/uploads\/2015\/06\/De\u00e1k-Bill-03.jpg 399w\" sizes=\"(max-width: 300px) 100vw, 300px\" \/><\/a>\n<h4 class=\"pt-cv-title\"><a href=\"http:\/\/www.szikorarendezoiroda.hu\/szikora\/zenekarok\/deak-bill-gyula-es-a-deak-blues-band\/\" class=\"_self\" target=\"_self\" >DE\u00c1K BILL GYULA \u00e9s a De\u00e1k Blues Band<\/a><\/h4>\n<div class=\"pt-cv-content\">1986-ban jelent meg a \"Mindhal\u00e1lig blues\" c\u00edm\u0171 lemeze, ami egyben az \u201ears poetik\u00e1ja\u201d is. Utols\u00f3 megjelen\u00e9se a \u201eHatvan csap\u00e1s\u201e 2008-as ...<br \/><div class=\"pt-cv-rmwrap\"><a href=\"http:\/\/www.szikorarendezoiroda.hu\/szikora\/zenekarok\/deak-bill-gyula-es-a-deak-blues-band\/\" class=\"_self pt-cv-readmore btn btn-success\" target=\"_self\">R\u00e9szletek<\/a><\/div><\/div><\/div><\/div>\n<div class=\"col-md-4 col-sm-6 col-xs-12 pt-cv-content-item pt-cv-1-col\" ><div class='pt-cv-ifield'><a href=\"http:\/\/www.szikorarendezoiroda.hu\/szikora\/zenekarok\/demjen-ferenc\/\" class=\"_self pt-cv-href-thumbnail pt-cv-thumb-default\" target=\"_self\" ><img loading=\"lazy\" decoding=\"async\" width=\"300\" height=\"201\" src=\"http:\/\/www.szikorarendezoiroda.hu\/szikora\/wp-content\/uploads\/2015\/06\/72703-300x201.jpg\" class=\"pt-cv-thumbnail\" alt=\"\" srcset=\"http:\/\/www.szikorarendezoiroda.hu\/szikora\/wp-content\/uploads\/2015\/06\/72703-300x201.jpg 300w, http:\/\/www.szikorarendezoiroda.hu\/szikora\/wp-content\/uploads\/2015\/06\/72703-400x267.jpg 400w, http:\/\/www.szikorarendezoiroda.hu\/szikora\/wp-content\/uploads\/2015\/06\/72703.jpg 800w\" sizes=\"(max-width: 300px) 100vw, 300px\" \/><\/a>\n<h4 class=\"pt-cv-title\"><a href=\"http:\/\/www.szikorarendezoiroda.hu\/szikora\/zenekarok\/demjen-ferenc\/\" class=\"_self\" target=\"_self\" >DEMJ\u00c9N FERENC<\/a><\/h4>\n<div class=\"pt-cv-content\">Sl\u00e1gerei sz\u00e1m\u00e1t rem\u00e9nytelen felsorolni, mint ahogy d\u00edjait is. \"Lelk\u00fcnk most is v\u00e1gtat\" c\u00edmen megjelent albuma is bizony\u00edtja, hogy ugyanolyan elk\u00f6telezett ...<br \/><div class=\"pt-cv-rmwrap\"><a href=\"http:\/\/www.szikorarendezoiroda.hu\/szikora\/zenekarok\/demjen-ferenc\/\" class=\"_self pt-cv-readmore btn btn-success\" target=\"_self\">R\u00e9szletek<\/a><\/div><\/div><\/div><\/div>\n<div class=\"col-md-4 col-sm-6 col-xs-12 pt-cv-content-item pt-cv-1-col\" ><div class='pt-cv-ifield'><a href=\"http:\/\/www.szikorarendezoiroda.hu\/szikora\/zenekarok\/dinamit-egyuttes\/\" class=\"_self pt-cv-href-thumbnail pt-cv-thumb-default\" target=\"_self\" ><img loading=\"lazy\" decoding=\"async\" width=\"300\" height=\"200\" src=\"http:\/\/www.szikorarendezoiroda.hu\/szikora\/wp-content\/uploads\/2018\/07\/dinamit-300x200.jpg\" class=\"pt-cv-thumbnail\" alt=\"\" srcset=\"http:\/\/www.szikorarendezoiroda.hu\/szikora\/wp-content\/uploads\/2018\/07\/dinamit-300x200.jpg 300w, http:\/\/www.szikorarendezoiroda.hu\/szikora\/wp-content\/uploads\/2018\/07\/dinamit-1024x682.jpg 1024w, http:\/\/www.szikorarendezoiroda.hu\/szikora\/wp-content\/uploads\/2018\/07\/dinamit-400x267.jpg 400w, http:\/\/www.szikorarendezoiroda.hu\/szikora\/wp-content\/uploads\/2018\/07\/dinamit.jpg 1280w\" sizes=\"(max-width: 300px) 100vw, 300px\" \/><\/a>\n<h4 class=\"pt-cv-title\"><a href=\"http:\/\/www.szikorarendezoiroda.hu\/szikora\/zenekarok\/dinamit-egyuttes\/\" class=\"_self\" target=\"_self\" >Dinamit egy\u00fcttes<\/a><\/h4>\n<div class=\"pt-cv-content\">Az egy\u00fcttes 1979-ben alakult . 1982-ben feloszlott majd 2009-ben ism\u00e9t elkez -d\u0151dtek a k\u00f6z\u00f6s koncertek. Tagjai: N\u00e9meth G\u00e1bor, Sz\u0171cs Antal ...<br \/><div class=\"pt-cv-rmwrap\"><a href=\"http:\/\/www.szikorarendezoiroda.hu\/szikora\/zenekarok\/dinamit-egyuttes\/\" class=\"_self pt-cv-readmore btn btn-success\" target=\"_self\">R\u00e9szletek<\/a><\/div><\/div><\/div><\/div>\n<div class=\"col-md-4 col-sm-6 col-xs-12 pt-cv-content-item pt-cv-1-col\" ><div class='pt-cv-ifield'><a href=\"http:\/\/www.szikorarendezoiroda.hu\/szikora\/zenekarok\/fenyo-miklos-zenekarral\/\" class=\"_self pt-cv-href-thumbnail pt-cv-thumb-default\" target=\"_self\" ><img loading=\"lazy\" decoding=\"async\" width=\"300\" height=\"285\" src=\"http:\/\/www.szikorarendezoiroda.hu\/szikora\/wp-content\/uploads\/2015\/06\/fenyo_miki2-300x285.jpg\" class=\"pt-cv-thumbnail\" alt=\"\" srcset=\"http:\/\/www.szikorarendezoiroda.hu\/szikora\/wp-content\/uploads\/2015\/06\/fenyo_miki2-300x285.jpg 300w, http:\/\/www.szikorarendezoiroda.hu\/szikora\/wp-content\/uploads\/2015\/06\/fenyo_miki2.jpg 505w\" sizes=\"(max-width: 300px) 100vw, 300px\" \/><\/a>\n<h4 class=\"pt-cv-title\"><a href=\"http:\/\/www.szikorarendezoiroda.hu\/szikora\/zenekarok\/fenyo-miklos-zenekarral\/\" class=\"_self\" target=\"_self\" >Feny\u0151 Mikl\u00f3s (zenekarral)<\/a><\/h4>\n<div class=\"pt-cv-content\">Neve egybeforrt az \u0151s amerikai rock and roll legautentikusabb magyarorsz\u00e1gi megsz\u00f3laltat\u00f3j\u00e1val. Nem csak zenekar\u00e1val a Hung\u00e1ri\u00e1val, hanem felfedezettjeivel is -l\u00e1sd ...<br \/><div class=\"pt-cv-rmwrap\"><a href=\"http:\/\/www.szikorarendezoiroda.hu\/szikora\/zenekarok\/fenyo-miklos-zenekarral\/\" class=\"_self pt-cv-readmore btn btn-success\" target=\"_self\">R\u00e9szletek<\/a><\/div><\/div><\/div><\/div>\n<div class=\"col-md-4 col-sm-6 col-xs-12 pt-cv-content-item pt-cv-1-col\" ><div class='pt-cv-ifield'><a href=\"http:\/\/www.szikorarendezoiroda.hu\/szikora\/zenekarok\/ferenczi-gyorgy-es-a-rackajam\/\" class=\"_self pt-cv-href-thumbnail pt-cv-thumb-default\" target=\"_self\" ><img loading=\"lazy\" decoding=\"async\" width=\"300\" height=\"173\" src=\"http:\/\/www.szikorarendezoiroda.hu\/szikora\/wp-content\/uploads\/2015\/06\/ferenczigyorgy_es_a_rackajam1-300x173.jpg\" class=\"pt-cv-thumbnail\" alt=\"\" srcset=\"http:\/\/www.szikorarendezoiroda.hu\/szikora\/wp-content\/uploads\/2015\/06\/ferenczigyorgy_es_a_rackajam1-300x173.jpg 300w, http:\/\/www.szikorarendezoiroda.hu\/szikora\/wp-content\/uploads\/2015\/06\/ferenczigyorgy_es_a_rackajam1.jpg 640w\" sizes=\"(max-width: 300px) 100vw, 300px\" \/><\/a>\n<h4 class=\"pt-cv-title\"><a href=\"http:\/\/www.szikorarendezoiroda.hu\/szikora\/zenekarok\/ferenczi-gyorgy-es-a-rackajam\/\" class=\"_self\" target=\"_self\" >FERENCZI GY\u00d6RGY \u00c9S A RACKAJAM<\/a><\/h4>\n<div class=\"pt-cv-content\">Az egy\u00fcttes k\u00fcl\u00f6nlegess\u00e9ge abban rejlik, hogy akkusztikus hangszereken adj\u00e1k el\u0151 a blues muzsik\u00e1t, s\u0151t \u00fajabb m\u0171soraikban Arany J\u00e1nos, V\u00f6r\u00f6smarty Mih\u00e1ly, ...<br \/><div class=\"pt-cv-rmwrap\"><a href=\"http:\/\/www.szikorarendezoiroda.hu\/szikora\/zenekarok\/ferenczi-gyorgy-es-a-rackajam\/\" class=\"_self pt-cv-readmore btn btn-success\" target=\"_self\">R\u00e9szletek<\/a><\/div><\/div><\/div><\/div>\n<div class=\"col-md-4 col-sm-6 col-xs-12 pt-cv-content-item pt-cv-1-col\" ><div class='pt-cv-ifield'><a href=\"http:\/\/www.szikorarendezoiroda.hu\/szikora\/zenekarok\/firkin-ir-kocsmazene\/\" class=\"_self pt-cv-href-thumbnail pt-cv-thumb-default\" target=\"_self\" ><img loading=\"lazy\" decoding=\"async\" width=\"300\" height=\"166\" src=\"http:\/\/www.szikorarendezoiroda.hu\/szikora\/wp-content\/uploads\/2015\/06\/Firkin550-300x166.jpg\" class=\"pt-cv-thumbnail\" alt=\"\" srcset=\"http:\/\/www.szikorarendezoiroda.hu\/szikora\/wp-content\/uploads\/2015\/06\/Firkin550-300x166.jpg 300w, http:\/\/www.szikorarendezoiroda.hu\/szikora\/wp-content\/uploads\/2015\/06\/Firkin550.jpg 550w\" sizes=\"(max-width: 300px) 100vw, 300px\" \/><\/a>\n<h4 class=\"pt-cv-title\"><a href=\"http:\/\/www.szikorarendezoiroda.hu\/szikora\/zenekarok\/firkin-ir-kocsmazene\/\" class=\"_self\" target=\"_self\" >FIRKIN \u2013 \u00edr kocsmazene<\/a><\/h4>\n<div class=\"pt-cv-content\">2008-ban alakult zenekar P\u00e9ter J\u00e1nos fuvol\u00e1s \u00f6tlet\u00e9vel. A b\u0151v\u00e9r\u0171, igazi \u00edr kocsmazen\u00e9t oly m\u00f3don j\u00e1tsz\u00e1k, hogy \u201ejobb, mint az eredeti\u201d ...<br \/><div class=\"pt-cv-rmwrap\"><a href=\"http:\/\/www.szikorarendezoiroda.hu\/szikora\/zenekarok\/firkin-ir-kocsmazene\/\" class=\"_self pt-cv-readmore btn btn-success\" target=\"_self\">R\u00e9szletek<\/a><\/div><\/div><\/div><\/div>\n<div class=\"col-md-4 col-sm-6 col-xs-12 pt-cv-content-item pt-cv-1-col\" ><div class='pt-cv-ifield'><a href=\"http:\/\/www.szikorarendezoiroda.hu\/szikora\/zenekarok\/fourtissimo-zenekar\/\" class=\"_self pt-cv-href-thumbnail pt-cv-thumb-default\" target=\"_self\" ><img loading=\"lazy\" decoding=\"async\" width=\"300\" height=\"206\" src=\"http:\/\/www.szikorarendezoiroda.hu\/szikora\/wp-content\/uploads\/2015\/06\/cs1-300x206.jpg\" class=\"pt-cv-thumbnail\" alt=\"\" srcset=\"http:\/\/www.szikorarendezoiroda.hu\/szikora\/wp-content\/uploads\/2015\/06\/cs1-300x206.jpg 300w, http:\/\/www.szikorarendezoiroda.hu\/szikora\/wp-content\/uploads\/2015\/06\/cs1.jpg 581w\" sizes=\"(max-width: 300px) 100vw, 300px\" \/><\/a>\n<h4 class=\"pt-cv-title\"><a href=\"http:\/\/www.szikorarendezoiroda.hu\/szikora\/zenekarok\/fourtissimo-zenekar\/\" class=\"_self\" target=\"_self\" >FOURTISSIMO ZENEKAR<\/a><\/h4>\n<div class=\"pt-cv-content\">Prima Primissima-d\u00edjas csal\u00e1di, r\u00e9zf\u00fav\u00f3s egy\u00fcttes. Nagyon k\u00fcl\u00f6nlegesek, kult\u00far\u00e1t \u00e9s \u00e9rt\u00e9ket k\u00e9pviselnek. Kar\u00e1csonyi koncert is k\u00e9rhet\u0151 ...<br \/><div class=\"pt-cv-rmwrap\"><a href=\"http:\/\/www.szikorarendezoiroda.hu\/szikora\/zenekarok\/fourtissimo-zenekar\/\" class=\"_self pt-cv-readmore btn btn-success\" target=\"_self\">R\u00e9szletek<\/a><\/div><\/div><\/div><\/div>\n<div class=\"col-md-4 col-sm-6 col-xs-12 pt-cv-content-item pt-cv-1-col\" ><div class='pt-cv-ifield'><a href=\"http:\/\/www.szikorarendezoiroda.hu\/szikora\/zenekarok\/gentlemen-zenekar\/\" class=\"_self pt-cv-href-thumbnail pt-cv-thumb-default\" target=\"_self\" ><img loading=\"lazy\" decoding=\"async\" width=\"300\" height=\"168\" src=\"http:\/\/www.szikorarendezoiroda.hu\/szikora\/wp-content\/uploads\/2018\/07\/Gentlemen-zenekar-Bucht....-300x168.jpg\" class=\"pt-cv-thumbnail\" alt=\"\" srcset=\"http:\/\/www.szikorarendezoiroda.hu\/szikora\/wp-content\/uploads\/2018\/07\/Gentlemen-zenekar-Bucht....-300x168.jpg 300w, http:\/\/www.szikorarendezoiroda.hu\/szikora\/wp-content\/uploads\/2018\/07\/Gentlemen-zenekar-Bucht.....jpg 1024w\" sizes=\"(max-width: 300px) 100vw, 300px\" \/><\/a>\n<h4 class=\"pt-cv-title\"><a href=\"http:\/\/www.szikorarendezoiroda.hu\/szikora\/zenekarok\/gentlemen-zenekar\/\" class=\"_self\" target=\"_self\" >Gentlemen zenekar<\/a><\/h4>\n<div class=\"pt-cv-content\">Gentlemen the \u201e Threenor \u201e\u00a0 egy\u00fcttes M\u00e1r a n\u00e9vv\u00e1laszt\u00e1s is t\u00fckr\u00f6zi , hogy 3 nagyon j\u00f3kedv\u0171 \u00a0tenorista\u00a0 teremt\u00a0 fergeteges j\u00f3kedvet ...<br \/><div class=\"pt-cv-rmwrap\"><a href=\"http:\/\/www.szikorarendezoiroda.hu\/szikora\/zenekarok\/gentlemen-zenekar\/\" class=\"_self pt-cv-readmore btn btn-success\" target=\"_self\">R\u00e9szletek<\/a><\/div><\/div><\/div><\/div>\n<div class=\"col-md-4 col-sm-6 col-xs-12 pt-cv-content-item pt-cv-1-col\" ><div class='pt-cv-ifield'><a href=\"http:\/\/www.szikorarendezoiroda.hu\/szikora\/zenekarok\/ghymes-zenekar\/\" class=\"_self pt-cv-href-thumbnail pt-cv-thumb-default\" target=\"_self\" ><img loading=\"lazy\" decoding=\"async\" width=\"300\" height=\"199\" src=\"http:\/\/www.szikorarendezoiroda.hu\/szikora\/wp-content\/uploads\/2015\/06\/ghymes_egyuttes-9301-full-300x199.jpg\" class=\"pt-cv-thumbnail\" alt=\"\" srcset=\"http:\/\/www.szikorarendezoiroda.hu\/szikora\/wp-content\/uploads\/2015\/06\/ghymes_egyuttes-9301-full-300x199.jpg 300w, http:\/\/www.szikorarendezoiroda.hu\/szikora\/wp-content\/uploads\/2015\/06\/ghymes_egyuttes-9301-full-400x267.jpg 400w, http:\/\/www.szikorarendezoiroda.hu\/szikora\/wp-content\/uploads\/2015\/06\/ghymes_egyuttes-9301-full.jpg 620w\" sizes=\"(max-width: 300px) 100vw, 300px\" \/><\/a>\n<h4 class=\"pt-cv-title\"><a href=\"http:\/\/www.szikorarendezoiroda.hu\/szikora\/zenekarok\/ghymes-zenekar\/\" class=\"_self\" target=\"_self\" >GHYMES Zenekar<\/a><\/h4>\n<div class=\"pt-cv-content\">Szarka Gyula vezet\u00e9s\u00e9vel szlov\u00e1kiai magyar zen\u00e9szekb\u0151l alakult az egy\u00fcttes. \u201eA zene egyetemes\u201d vallj\u00e1k \u00e9s ezt koncertjeik zenei anyaga is bizony\u00edtja ...<br \/><div class=\"pt-cv-rmwrap\"><a href=\"http:\/\/www.szikorarendezoiroda.hu\/szikora\/zenekarok\/ghymes-zenekar\/\" class=\"_self pt-cv-readmore btn btn-success\" target=\"_self\">R\u00e9szletek<\/a><\/div><\/div><\/div><\/div>\n<div class=\"col-md-4 col-sm-6 col-xs-12 pt-cv-content-item pt-cv-1-col\" ><div class='pt-cv-ifield'><a href=\"http:\/\/www.szikorarendezoiroda.hu\/szikora\/zenekarok\/herczeg-flora\/\" class=\"_self pt-cv-href-thumbnail pt-cv-thumb-default\" target=\"_self\" ><img loading=\"lazy\" decoding=\"async\" width=\"300\" height=\"105\" src=\"http:\/\/www.szikorarendezoiroda.hu\/szikora\/wp-content\/uploads\/2015\/06\/veszelka3-300x105.jpg\" class=\"pt-cv-thumbnail\" alt=\"\" srcset=\"http:\/\/www.szikorarendezoiroda.hu\/szikora\/wp-content\/uploads\/2015\/06\/veszelka3-300x105.jpg 300w, http:\/\/www.szikorarendezoiroda.hu\/szikora\/wp-content\/uploads\/2015\/06\/veszelka3.jpg 600w\" sizes=\"(max-width: 300px) 100vw, 300px\" \/><\/a>\n<h4 class=\"pt-cv-title\"><a href=\"http:\/\/www.szikorarendezoiroda.hu\/szikora\/zenekarok\/herczeg-flora\/\" class=\"_self\" target=\"_self\" >HERCZEG FL\u00d3RA<\/a><\/h4>\n<div class=\"pt-cv-content\">Eg\u00e9sz \u00e9lete a n\u00e9pdal, n\u00e9pt\u00e1nc, n\u00e9pzene vil\u00e1g\u00e1ba tart. A \"T\u00c1RSULAT\" szerepv\u00e1logat\u00f3j\u00e1n elnyerte R\u00e9ka szerep\u00e9t, az egri G\u00e1rdonyi G\u00e9za Sz\u00ednh\u00e1zban pedig ...<br \/><div class=\"pt-cv-rmwrap\"><a href=\"http:\/\/www.szikorarendezoiroda.hu\/szikora\/zenekarok\/herczeg-flora\/\" class=\"_self pt-cv-readmore btn btn-success\" target=\"_self\">R\u00e9szletek<\/a><\/div><\/div><\/div><\/div>\n<div class=\"col-md-4 col-sm-6 col-xs-12 pt-cv-content-item pt-cv-1-col\" ><div class='pt-cv-ifield'><a href=\"http:\/\/www.szikorarendezoiroda.hu\/szikora\/zenekarok\/hooligans\/\" class=\"_self pt-cv-href-thumbnail pt-cv-thumb-default\" target=\"_self\" ><img loading=\"lazy\" decoding=\"async\" width=\"300\" height=\"182\" src=\"http:\/\/www.szikorarendezoiroda.hu\/szikora\/wp-content\/uploads\/2015\/06\/szikorarendezoiroda.hu_15okt-300x182.jpg\" class=\"pt-cv-thumbnail\" alt=\"Hooligans\" srcset=\"http:\/\/www.szikorarendezoiroda.hu\/szikora\/wp-content\/uploads\/2015\/06\/szikorarendezoiroda.hu_15okt-300x182.jpg 300w, http:\/\/www.szikorarendezoiroda.hu\/szikora\/wp-content\/uploads\/2015\/06\/szikorarendezoiroda.hu_15okt.jpg 1024w\" sizes=\"(max-width: 300px) 100vw, 300px\" \/><\/a>\n<h4 class=\"pt-cv-title\"><a href=\"http:\/\/www.szikorarendezoiroda.hu\/szikora\/zenekarok\/hooligans\/\" class=\"_self\" target=\"_self\" >HOOLIGANS<\/a><\/h4>\n<div class=\"pt-cv-content\">Kapcsol\u00f3djon ki a Hooligans csapat\u00e1val! A Hooligans kezdetben m\u00e9g csak k\u00e9t f\u0151b\u0151l \u00e1llt. T\u00f3th Tibor \u00e9s Kiss Endre m\u00e1r iskolai ...<br \/><div class=\"pt-cv-rmwrap\"><a href=\"http:\/\/www.szikorarendezoiroda.hu\/szikora\/zenekarok\/hooligans\/\" class=\"_self pt-cv-readmore btn btn-success\" target=\"_self\">R\u00e9szletek<\/a><\/div><\/div><\/div><\/div>\n<div class=\"col-md-4 col-sm-6 col-xs-12 pt-cv-content-item pt-cv-1-col\" ><div class='pt-cv-ifield'><a href=\"http:\/\/www.szikorarendezoiroda.hu\/szikora\/zenekarok\/hot-jazz-band\/\" class=\"_self pt-cv-href-thumbnail pt-cv-thumb-default\" target=\"_self\" ><img loading=\"lazy\" decoding=\"async\" width=\"300\" height=\"200\" src=\"http:\/\/www.szikorarendezoiroda.hu\/szikora\/wp-content\/uploads\/2015\/06\/hot-jazz-band-eloszilveszteri-koncert-vendeg-illenyi-katica-original-35046-300x200.jpg\" class=\"pt-cv-thumbnail\" alt=\"\" srcset=\"http:\/\/www.szikorarendezoiroda.hu\/szikora\/wp-content\/uploads\/2015\/06\/hot-jazz-band-eloszilveszteri-koncert-vendeg-illenyi-katica-original-35046-300x200.jpg 300w, http:\/\/www.szikorarendezoiroda.hu\/szikora\/wp-content\/uploads\/2015\/06\/hot-jazz-band-eloszilveszteri-koncert-vendeg-illenyi-katica-original-35046-1024x681.jpg 1024w, http:\/\/www.szikorarendezoiroda.hu\/szikora\/wp-content\/uploads\/2015\/06\/hot-jazz-band-eloszilveszteri-koncert-vendeg-illenyi-katica-original-35046-400x267.jpg 400w\" sizes=\"(max-width: 300px) 100vw, 300px\" \/><\/a>\n<h4 class=\"pt-cv-title\"><a href=\"http:\/\/www.szikorarendezoiroda.hu\/szikora\/zenekarok\/hot-jazz-band\/\" class=\"_self\" target=\"_self\" >HOT JAZZ BAND<\/a><\/h4>\n<div class=\"pt-cv-content\">1985-ben alakult a zenekar, a 20-as, 30-as, 40-es \u00e9vek zen\u00e9j\u00e9nek hiteles tolm\u00e1csol\u00f3ja, a magyar filmsl\u00e1gerek \u00e9s az amerikai sz\u00f3rakoztat\u00f3 zene ...<br \/><div class=\"pt-cv-rmwrap\"><a href=\"http:\/\/www.szikorarendezoiroda.hu\/szikora\/zenekarok\/hot-jazz-band\/\" class=\"_self pt-cv-readmore btn btn-success\" target=\"_self\">R\u00e9szletek<\/a><\/div><\/div><\/div><\/div>\n<div class=\"col-md-4 col-sm-6 col-xs-12 pt-cv-content-item pt-cv-1-col\" ><div class='pt-cv-ifield'><a href=\"http:\/\/www.szikorarendezoiroda.hu\/szikora\/zenekarok\/hungaria-tribute\/\" class=\"_self pt-cv-href-thumbnail pt-cv-thumb-default\" target=\"_self\" ><img loading=\"lazy\" decoding=\"async\" width=\"300\" height=\"169\" src=\"http:\/\/www.szikorarendezoiroda.hu\/szikora\/wp-content\/uploads\/2015\/06\/hungi-300x169.jpg\" class=\"pt-cv-thumbnail\" alt=\"\" srcset=\"http:\/\/www.szikorarendezoiroda.hu\/szikora\/wp-content\/uploads\/2015\/06\/hungi-300x169.jpg 300w, http:\/\/www.szikorarendezoiroda.hu\/szikora\/wp-content\/uploads\/2015\/06\/hungi-1024x576.jpg 1024w, http:\/\/www.szikorarendezoiroda.hu\/szikora\/wp-content\/uploads\/2015\/06\/hungi.jpg 1920w\" sizes=\"(max-width: 300px) 100vw, 300px\" \/><\/a>\n<h4 class=\"pt-cv-title\"><a href=\"http:\/\/www.szikorarendezoiroda.hu\/szikora\/zenekarok\/hungaria-tribute\/\" class=\"_self\" target=\"_self\" >HUNGARIA TRIBUTE<\/a><\/h4>\n<div class=\"pt-cv-content\">A Hungaria Tribute zenekar a Hungaria egy\u00fcttes nagysiker\u0171 dalait \u00e9s sz\u00ednpadvil\u00e1g\u00e1t kelti \u00fajra \u00e9letre. A korh\u0171 ruh\u00e1k, a produkci\u00f3 min\u0151s\u00e9ge ...<br \/><div class=\"pt-cv-rmwrap\"><a href=\"http:\/\/www.szikorarendezoiroda.hu\/szikora\/zenekarok\/hungaria-tribute\/\" class=\"_self pt-cv-readmore btn btn-success\" target=\"_self\">R\u00e9szletek<\/a><\/div><\/div><\/div><\/div>\n<div class=\"col-md-4 col-sm-6 col-xs-12 pt-cv-content-item pt-cv-1-col\" ><div class='pt-cv-ifield'><a href=\"http:\/\/www.szikorarendezoiroda.hu\/szikora\/zenekarok\/ismeros-arcok\/\" class=\"_self pt-cv-href-thumbnail pt-cv-thumb-default\" target=\"_self\" ><img loading=\"lazy\" decoding=\"async\" width=\"300\" height=\"200\" src=\"http:\/\/www.szikorarendezoiroda.hu\/szikora\/wp-content\/uploads\/2015\/06\/ismeros_arcok_new_york_657836_42769-300x200.jpg\" class=\"pt-cv-thumbnail\" alt=\"\" srcset=\"http:\/\/www.szikorarendezoiroda.hu\/szikora\/wp-content\/uploads\/2015\/06\/ismeros_arcok_new_york_657836_42769-300x200.jpg 300w, http:\/\/www.szikorarendezoiroda.hu\/szikora\/wp-content\/uploads\/2015\/06\/ismeros_arcok_new_york_657836_42769.jpg 1024w, http:\/\/www.szikorarendezoiroda.hu\/szikora\/wp-content\/uploads\/2015\/06\/ismeros_arcok_new_york_657836_42769-400x267.jpg 400w\" sizes=\"(max-width: 300px) 100vw, 300px\" \/><\/a>\n<h4 class=\"pt-cv-title\"><a href=\"http:\/\/www.szikorarendezoiroda.hu\/szikora\/zenekarok\/ismeros-arcok\/\" class=\"_self\" target=\"_self\" >ISMER\u0150S ARCOK<\/a><\/h4>\n<div class=\"pt-cv-content\">Nemzeti rock zenekar. Kiemelt jelent\u0151s\u00e9get tulajdon\u00edt a hagyom\u00e1ny\u00f6rz\u0151, megeml\u00e9kez\u0151 \u00e9s \u00fcnnepi esem\u00e9nyeknek, mert fontosnak tartja a magyars\u00e1gtudatunk \u00e9bren tart\u00e1s\u00e1t, \u00e9rt\u00e9keink, ...<br \/><div class=\"pt-cv-rmwrap\"><a href=\"http:\/\/www.szikorarendezoiroda.hu\/szikora\/zenekarok\/ismeros-arcok\/\" class=\"_self pt-cv-readmore btn btn-success\" target=\"_self\">R\u00e9szletek<\/a><\/div><\/div><\/div><\/div>\n<div class=\"col-md-4 col-sm-6 col-xs-12 pt-cv-content-item pt-cv-1-col\" ><div class='pt-cv-ifield'><a href=\"http:\/\/www.szikorarendezoiroda.hu\/szikora\/zenekarok\/karthago\/\" class=\"_self pt-cv-href-thumbnail pt-cv-thumb-default\" target=\"_self\" ><img loading=\"lazy\" decoding=\"async\" width=\"300\" height=\"200\" src=\"http:\/\/www.szikorarendezoiroda.hu\/szikora\/wp-content\/uploads\/2015\/06\/karthago1-300x200.jpg\" class=\"pt-cv-thumbnail\" alt=\"\" srcset=\"http:\/\/www.szikorarendezoiroda.hu\/szikora\/wp-content\/uploads\/2015\/06\/karthago1-300x200.jpg 300w, http:\/\/www.szikorarendezoiroda.hu\/szikora\/wp-content\/uploads\/2015\/06\/karthago1-400x267.jpg 400w, http:\/\/www.szikorarendezoiroda.hu\/szikora\/wp-content\/uploads\/2015\/06\/karthago1.jpg 500w\" sizes=\"(max-width: 300px) 100vw, 300px\" \/><\/a>\n<h4 class=\"pt-cv-title\"><a href=\"http:\/\/www.szikorarendezoiroda.hu\/szikora\/zenekarok\/karthago\/\" class=\"_self\" target=\"_self\" >KARTHAGO<\/a><\/h4>\n<div class=\"pt-cv-content\">1979-el indul a t\u00f6rt\u00e9net. Szigeti Ferenc alap\u00edtotta \u00e9s az a ritka kiv\u00e9teles zenekar, ahol a tagok ma is az alap\u00edt\u00f3k: ...<br \/><div class=\"pt-cv-rmwrap\"><a href=\"http:\/\/www.szikorarendezoiroda.hu\/szikora\/zenekarok\/karthago\/\" class=\"_self pt-cv-readmore btn btn-success\" target=\"_self\">R\u00e9szletek<\/a><\/div><\/div><\/div><\/div>\n<div class=\"col-md-4 col-sm-6 col-xs-12 pt-cv-content-item pt-cv-1-col\" ><div class='pt-cv-ifield'><a href=\"http:\/\/www.szikorarendezoiroda.hu\/szikora\/zenekarok\/kolompos-egyuttes\/\" class=\"_self pt-cv-href-thumbnail pt-cv-thumb-default\" target=\"_self\" ><img loading=\"lazy\" decoding=\"async\" width=\"300\" height=\"226\" src=\"http:\/\/www.szikorarendezoiroda.hu\/szikora\/wp-content\/uploads\/2015\/06\/kolompos_press_original-300x226.jpg\" class=\"pt-cv-thumbnail\" alt=\"\" srcset=\"http:\/\/www.szikorarendezoiroda.hu\/szikora\/wp-content\/uploads\/2015\/06\/kolompos_press_original-300x226.jpg 300w, http:\/\/www.szikorarendezoiroda.hu\/szikora\/wp-content\/uploads\/2015\/06\/kolompos_press_original.jpg 500w\" sizes=\"(max-width: 300px) 100vw, 300px\" \/><\/a>\n<h4 class=\"pt-cv-title\"><a href=\"http:\/\/www.szikorarendezoiroda.hu\/szikora\/zenekarok\/kolompos-egyuttes\/\" class=\"_self\" target=\"_self\" >KOLOMPOS EGY\u00dcTTES<\/a><\/h4>\n<div class=\"pt-cv-content\">1988-ban alakultak \u00e9s autentikus magyar n\u00e9pzen\u00e9t j\u00e1tszottak. Hamar felismert\u00e9k, hogy a gyerek programok ebben a m\u0171fajban igen hi\u00e1nyosak, \u00e9s felv\u00e1llalt\u00e1k ...<br \/><div class=\"pt-cv-rmwrap\"><a href=\"http:\/\/www.szikorarendezoiroda.hu\/szikora\/zenekarok\/kolompos-egyuttes\/\" class=\"_self pt-cv-readmore btn btn-success\" target=\"_self\">R\u00e9szletek<\/a><\/div><\/div><\/div><\/div>\n<div class=\"col-md-4 col-sm-6 col-xs-12 pt-cv-content-item pt-cv-1-col\" ><div class='pt-cv-ifield'><a href=\"http:\/\/www.szikorarendezoiroda.hu\/szikora\/zenekarok\/787-2\/\" class=\"_self pt-cv-href-thumbnail pt-cv-thumb-default\" target=\"_self\" ><img loading=\"lazy\" decoding=\"async\" width=\"300\" height=\"168\" src=\"http:\/\/www.szikorarendezoiroda.hu\/szikora\/wp-content\/uploads\/2015\/06\/kormcsop2011-300x168.jpg\" class=\"pt-cv-thumbnail\" alt=\"\" srcset=\"http:\/\/www.szikorarendezoiroda.hu\/szikora\/wp-content\/uploads\/2015\/06\/kormcsop2011-300x168.jpg 300w, http:\/\/www.szikorarendezoiroda.hu\/szikora\/wp-content\/uploads\/2015\/06\/kormcsop2011.jpg 800w\" sizes=\"(max-width: 300px) 100vw, 300px\" \/><\/a>\n<h4 class=\"pt-cv-title\"><a href=\"http:\/\/www.szikorarendezoiroda.hu\/szikora\/zenekarok\/787-2\/\" class=\"_self\" target=\"_self\" >KORMOR\u00c1N<\/a><\/h4>\n<div class=\"pt-cv-content\">Koltay Gergely 1976-ban alap\u00edtotta a zenekart, melynek st\u00edlusjegyei folk rock - etno rock - nemzeti rock. Autentikus n\u00e9pi hangszereiket \u00e9s ...<br \/><div class=\"pt-cv-rmwrap\"><a href=\"http:\/\/www.szikorarendezoiroda.hu\/szikora\/zenekarok\/787-2\/\" class=\"_self pt-cv-readmore btn btn-success\" target=\"_self\">R\u00e9szletek<\/a><\/div><\/div><\/div><\/div>\n<div class=\"col-md-4 col-sm-6 col-xs-12 pt-cv-content-item pt-cv-1-col\" ><div class='pt-cv-ifield'><a href=\"http:\/\/www.szikorarendezoiroda.hu\/szikora\/zenekarok\/laar-andras-grotex-band\/\" class=\"_self pt-cv-href-thumbnail pt-cv-thumb-default\" target=\"_self\" ><img loading=\"lazy\" decoding=\"async\" width=\"300\" height=\"166\" src=\"http:\/\/www.szikorarendezoiroda.hu\/szikora\/wp-content\/uploads\/2018\/08\/laar-300x166.jpg\" class=\"pt-cv-thumbnail\" alt=\"\" srcset=\"http:\/\/www.szikorarendezoiroda.hu\/szikora\/wp-content\/uploads\/2018\/08\/laar-300x166.jpg 300w, http:\/\/www.szikorarendezoiroda.hu\/szikora\/wp-content\/uploads\/2018\/08\/laar.jpg 650w\" sizes=\"(max-width: 300px) 100vw, 300px\" \/><\/a>\n<h4 class=\"pt-cv-title\"><a href=\"http:\/\/www.szikorarendezoiroda.hu\/szikora\/zenekarok\/laar-andras-grotex-band\/\" class=\"_self\" target=\"_self\" >La\u00e1r Andr\u00e1s Grotex Band<\/a><\/h4>\n<div class=\"pt-cv-content\">La\u00e1r Andr\u00e1s Grotex Band: Egy izgalmas , sz\u00f3rakoztat\u00f3 zenei produkci\u00f3 , melyben La\u00e1r Andr\u00e1s vadonat\u00faj , abszurd szerzem\u00e9nyeivel \u00e9s klasszikuss\u00e1 ...<br \/><div class=\"pt-cv-rmwrap\"><a href=\"http:\/\/www.szikorarendezoiroda.hu\/szikora\/zenekarok\/laar-andras-grotex-band\/\" class=\"_self pt-cv-readmore btn btn-success\" target=\"_self\">R\u00e9szletek<\/a><\/div><\/div><\/div><\/div>\n<div class=\"col-md-4 col-sm-6 col-xs-12 pt-cv-content-item pt-cv-1-col\" ><div class='pt-cv-ifield'><a href=\"http:\/\/www.szikorarendezoiroda.hu\/szikora\/zenekarok\/lord\/\" class=\"_self pt-cv-href-thumbnail pt-cv-thumb-default\" target=\"_self\" ><img loading=\"lazy\" decoding=\"async\" width=\"300\" height=\"224\" src=\"http:\/\/www.szikorarendezoiroda.hu\/szikora\/wp-content\/uploads\/2015\/06\/Lord_2012-300x224.jpg\" class=\"pt-cv-thumbnail\" alt=\"\" srcset=\"http:\/\/www.szikorarendezoiroda.hu\/szikora\/wp-content\/uploads\/2015\/06\/Lord_2012-300x224.jpg 300w, http:\/\/www.szikorarendezoiroda.hu\/szikora\/wp-content\/uploads\/2015\/06\/Lord_2012.jpg 533w\" sizes=\"(max-width: 300px) 100vw, 300px\" \/><\/a>\n<h4 class=\"pt-cv-title\"><a href=\"http:\/\/www.szikorarendezoiroda.hu\/szikora\/zenekarok\/lord\/\" class=\"_self\" target=\"_self\" >LORD<\/a><\/h4>\n<div class=\"pt-cv-content\">Szombathelyi hard-rock egy\u00fcttes. 2006-ban az Eur\u00f3pai Arany M\u0171v\u00e9sze Nemzetk\u00f6zi Min\u0151s\u00edt\u00e9si D\u00edj\u00e1t vehett\u00e9k \u00e1t a M\u0171v\u00e9szetek Palot\u00e1j\u00e1ban. Ma is akt\u00edv, folyamatosan ...<br \/><div class=\"pt-cv-rmwrap\"><a href=\"http:\/\/www.szikorarendezoiroda.hu\/szikora\/zenekarok\/lord\/\" class=\"_self pt-cv-readmore btn btn-success\" target=\"_self\">R\u00e9szletek<\/a><\/div><\/div><\/div><\/div>\n<div class=\"col-md-4 col-sm-6 col-xs-12 pt-cv-content-item pt-cv-1-col\" ><div class='pt-cv-ifield'><a href=\"http:\/\/www.szikorarendezoiroda.hu\/szikora\/zenekarok\/m-e-z-egyuttes\/\" class=\"_self pt-cv-href-thumbnail pt-cv-thumb-default\" target=\"_self\" ><img loading=\"lazy\" decoding=\"async\" width=\"300\" height=\"196\" src=\"http:\/\/www.szikorarendezoiroda.hu\/szikora\/wp-content\/uploads\/2015\/06\/mez-300x196.jpg\" class=\"pt-cv-thumbnail\" alt=\"\" srcset=\"http:\/\/www.szikorarendezoiroda.hu\/szikora\/wp-content\/uploads\/2015\/06\/mez-300x196.jpg 300w, http:\/\/www.szikorarendezoiroda.hu\/szikora\/wp-content\/uploads\/2015\/06\/mez.jpg 500w\" sizes=\"(max-width: 300px) 100vw, 300px\" \/><\/a>\n<h4 class=\"pt-cv-title\"><a href=\"http:\/\/www.szikorarendezoiroda.hu\/szikora\/zenekarok\/m-e-z-egyuttes\/\" class=\"_self\" target=\"_self\" >M.\u00c9.Z. egy\u00fcttes<\/a><\/h4>\n<div class=\"pt-cv-content\">2011 november 4-\u00e9n visszat\u00e9rt eredeti fel\u00e1ll\u00e1sban \u00e9s igen nagy sikerrel a csapat. Ez a siker \u00faj CD-\u00e9t \u00e9s az\u00f3ta sz\u00e1mtalan ...<br \/><div class=\"pt-cv-rmwrap\"><a href=\"http:\/\/www.szikorarendezoiroda.hu\/szikora\/zenekarok\/m-e-z-egyuttes\/\" class=\"_self pt-cv-readmore btn btn-success\" target=\"_self\">R\u00e9szletek<\/a><\/div><\/div><\/div><\/div>\n<div class=\"col-md-4 col-sm-6 col-xs-12 pt-cv-content-item pt-cv-1-col\" ><div class='pt-cv-ifield'><a href=\"http:\/\/www.szikorarendezoiroda.hu\/szikora\/zenekarok\/madarak-buli-zenekar\/\" class=\"_self pt-cv-href-thumbnail pt-cv-thumb-default\" target=\"_self\" ><img loading=\"lazy\" decoding=\"async\" width=\"300\" height=\"199\" src=\"http:\/\/www.szikorarendezoiroda.hu\/szikora\/wp-content\/uploads\/2015\/06\/1382690124.82111382690124madarakk-300x199.jpg\" class=\"pt-cv-thumbnail\" alt=\"\" srcset=\"http:\/\/www.szikorarendezoiroda.hu\/szikora\/wp-content\/uploads\/2015\/06\/1382690124.82111382690124madarakk-300x199.jpg 300w, http:\/\/www.szikorarendezoiroda.hu\/szikora\/wp-content\/uploads\/2015\/06\/1382690124.82111382690124madarakk-400x267.jpg 400w, http:\/\/www.szikorarendezoiroda.hu\/szikora\/wp-content\/uploads\/2015\/06\/1382690124.82111382690124madarakk.jpg 800w\" sizes=\"(max-width: 300px) 100vw, 300px\" \/><\/a>\n<h4 class=\"pt-cv-title\"><a href=\"http:\/\/www.szikorarendezoiroda.hu\/szikora\/zenekarok\/madarak-buli-zenekar\/\" class=\"_self\" target=\"_self\" >MADARAK \u2013 buli zenekar<\/a><\/h4>\n<div class=\"pt-cv-content\">B\u00e1lok, utcab\u00e1lok igazi \u00fct\u0151s zenekara. Sem \u0151k, sem a k\u00f6z\u00f6ns\u00e9g nem pihen-pihenhet, ha j\u00e1tszanak. \u00c1rak fell\u00e9p\u00e9st\u0151l f\u00fcgg\u0151en megbesz\u00e9l\u00e9s alapj\u00e1n ...<br \/><div class=\"pt-cv-rmwrap\"><a href=\"http:\/\/www.szikorarendezoiroda.hu\/szikora\/zenekarok\/madarak-buli-zenekar\/\" class=\"_self pt-cv-readmore btn btn-success\" target=\"_self\">R\u00e9szletek<\/a><\/div><\/div><\/div><\/div>\n<div class=\"col-md-4 col-sm-6 col-xs-12 pt-cv-content-item pt-cv-1-col\" ><div class='pt-cv-ifield'><a href=\"http:\/\/www.szikorarendezoiroda.hu\/szikora\/zenekarok\/magna-cum-laude\/\" class=\"_self pt-cv-href-thumbnail pt-cv-thumb-default\" target=\"_self\" ><img loading=\"lazy\" decoding=\"async\" width=\"300\" height=\"236\" src=\"http:\/\/www.szikorarendezoiroda.hu\/szikora\/wp-content\/uploads\/2015\/06\/magna-cum-laude-300x236.jpg\" class=\"pt-cv-thumbnail\" alt=\"\" srcset=\"http:\/\/www.szikorarendezoiroda.hu\/szikora\/wp-content\/uploads\/2015\/06\/magna-cum-laude-300x236.jpg 300w, http:\/\/www.szikorarendezoiroda.hu\/szikora\/wp-content\/uploads\/2015\/06\/magna-cum-laude-1024x804.jpg 1024w, http:\/\/www.szikorarendezoiroda.hu\/szikora\/wp-content\/uploads\/2015\/06\/magna-cum-laude.jpg 1772w\" sizes=\"(max-width: 300px) 100vw, 300px\" \/><\/a>\n<h4 class=\"pt-cv-title\"><a href=\"http:\/\/www.szikorarendezoiroda.hu\/szikora\/zenekarok\/magna-cum-laude\/\" class=\"_self\" target=\"_self\" >MAGNA CUM LAUDE<\/a><\/h4>\n<div class=\"pt-cv-content\">2009-ben 10 \u00e9ves a zenekar. Gyul\u00e1r\u00f3l indultak \u00e9s bebizony\u00edtott\u00e1k, hogy tehets\u00e9ggel \u00e9s szorgalommal vid\u00e9kr\u0151l is befuthat, \u201eszt\u00e1r\u201d lehet egy zenekar ...<br \/><div class=\"pt-cv-rmwrap\"><a href=\"http:\/\/www.szikorarendezoiroda.hu\/szikora\/zenekarok\/magna-cum-laude\/\" class=\"_self pt-cv-readmore btn btn-success\" target=\"_self\">R\u00e9szletek<\/a><\/div><\/div><\/div><\/div>\n<div class=\"col-md-4 col-sm-6 col-xs-12 pt-cv-content-item pt-cv-1-col\" ><div class='pt-cv-ifield'><a href=\"http:\/\/www.szikorarendezoiroda.hu\/szikora\/zenekarok\/makam-zenekar\/\" class=\"_self pt-cv-href-thumbnail pt-cv-thumb-default\" target=\"_self\" ><img loading=\"lazy\" decoding=\"async\" width=\"300\" height=\"177\" src=\"http:\/\/www.szikorarendezoiroda.hu\/szikora\/wp-content\/uploads\/2015\/06\/makam-30-474-279-44822-300x177.jpg\" class=\"pt-cv-thumbnail\" alt=\"\" srcset=\"http:\/\/www.szikorarendezoiroda.hu\/szikora\/wp-content\/uploads\/2015\/06\/makam-30-474-279-44822-300x177.jpg 300w, http:\/\/www.szikorarendezoiroda.hu\/szikora\/wp-content\/uploads\/2015\/06\/makam-30-474-279-44822.jpg 474w\" sizes=\"(max-width: 300px) 100vw, 300px\" \/><\/a>\n<h4 class=\"pt-cv-title\"><a href=\"http:\/\/www.szikorarendezoiroda.hu\/szikora\/zenekarok\/makam-zenekar\/\" class=\"_self\" target=\"_self\" >MAK\u00c1M ZENEKAR<\/a><\/h4>\n<div class=\"pt-cv-content\">\u00c9vek \u00f3ta a legjelent\u0151sebb fesztiv\u00e1lok \u00e1lland\u00f3 megh\u00edvottjai. 1984-ben alakultak \u00e9s a vil\u00e1gzene nemzetk\u00f6zileg is elismert k\u00f6vet\u0151i. T\u00f6bb, mint k\u00e9t \u00e9vtizedes ...<br \/><div class=\"pt-cv-rmwrap\"><a href=\"http:\/\/www.szikorarendezoiroda.hu\/szikora\/zenekarok\/makam-zenekar\/\" class=\"_self pt-cv-readmore btn btn-success\" target=\"_self\">R\u00e9szletek<\/a><\/div><\/div><\/div><\/div>\n<div class=\"col-md-4 col-sm-6 col-xs-12 pt-cv-content-item pt-cv-1-col\" ><div class='pt-cv-ifield'><a href=\"http:\/\/www.szikorarendezoiroda.hu\/szikora\/zenekarok\/old-boys\/\" class=\"_self pt-cv-href-thumbnail pt-cv-thumb-default\" target=\"_self\" ><img loading=\"lazy\" decoding=\"async\" width=\"300\" height=\"209\" src=\"http:\/\/www.szikorarendezoiroda.hu\/szikora\/wp-content\/uploads\/2015\/06\/old-boys-koncert-original-53578-300x209.jpg\" class=\"pt-cv-thumbnail\" alt=\"\" srcset=\"http:\/\/www.szikorarendezoiroda.hu\/szikora\/wp-content\/uploads\/2015\/06\/old-boys-koncert-original-53578-300x209.jpg 300w, http:\/\/www.szikorarendezoiroda.hu\/szikora\/wp-content\/uploads\/2015\/06\/old-boys-koncert-original-53578.jpg 1024w\" sizes=\"(max-width: 300px) 100vw, 300px\" \/><\/a>\n<h4 class=\"pt-cv-title\"><a href=\"http:\/\/www.szikorarendezoiroda.hu\/szikora\/zenekarok\/old-boys\/\" class=\"_self\" target=\"_self\" >OLD BOYS<\/a><\/h4>\n<div class=\"pt-cv-content\">1976\u2013ban sz\u00fcletett az \u00f6tlet, 79-ben pedig a zenekar. Akkor m\u00e9g kev\u00e9sb\u00e9 aktu\u00e1lis nev\u00fckkel \u2013 \u00d6reg fi\u00fak - el\u0151revet\u00edtett\u00e9k j\u00f6v\u0151j\u00fcket, hiszen ...<br \/><div class=\"pt-cv-rmwrap\"><a href=\"http:\/\/www.szikorarendezoiroda.hu\/szikora\/zenekarok\/old-boys\/\" class=\"_self pt-cv-readmore btn btn-success\" target=\"_self\">R\u00e9szletek<\/a><\/div><\/div><\/div><\/div>\n<div class=\"col-md-4 col-sm-6 col-xs-12 pt-cv-content-item pt-cv-1-col\" ><div class='pt-cv-ifield'><a href=\"http:\/\/www.szikorarendezoiroda.hu\/szikora\/zenekarok\/pal-istvan-szalonna-es-bandaja\/\" class=\"_self pt-cv-href-thumbnail pt-cv-thumb-default\" target=\"_self\" ><img loading=\"lazy\" decoding=\"async\" width=\"300\" height=\"197\" src=\"http:\/\/www.szikorarendezoiroda.hu\/szikora\/wp-content\/uploads\/2015\/06\/szalonna2-300x197.jpg\" class=\"pt-cv-thumbnail\" alt=\"\" srcset=\"http:\/\/www.szikorarendezoiroda.hu\/szikora\/wp-content\/uploads\/2015\/06\/szalonna2-300x197.jpg 300w, http:\/\/www.szikorarendezoiroda.hu\/szikora\/wp-content\/uploads\/2015\/06\/szalonna2.jpg 664w\" sizes=\"(max-width: 300px) 100vw, 300px\" \/><\/a>\n<h4 class=\"pt-cv-title\"><a href=\"http:\/\/www.szikorarendezoiroda.hu\/szikora\/zenekarok\/pal-istvan-szalonna-es-bandaja\/\" class=\"_self\" target=\"_self\" >P\u00c1L ISTV\u00c1N &#8222;SZALONNA&#8221; \u00c9S BAND\u00c1JA<\/a><\/h4>\n<div class=\"pt-cv-content\">A magyar n\u00e9pzenei \u00e9let k\u00f6zismert szerepl\u0151i. Koncertjeiken megsz\u00f3lalnak a K\u00e1rp\u00e1t-medence legszebb dallamai. Muzsik\u00e1juk szerte a vil\u00e1gon h\u00edrdeti a magyar zene ...<br \/><div class=\"pt-cv-rmwrap\"><a href=\"http:\/\/www.szikorarendezoiroda.hu\/szikora\/zenekarok\/pal-istvan-szalonna-es-bandaja\/\" class=\"_self pt-cv-readmore btn btn-success\" target=\"_self\">R\u00e9szletek<\/a><\/div><\/div><\/div><\/div>\n<div class=\"col-md-4 col-sm-6 col-xs-12 pt-cv-content-item pt-cv-1-col\" ><div class='pt-cv-ifield'><a href=\"http:\/\/www.szikorarendezoiroda.hu\/szikora\/zenekarok\/palya-bea\/\" class=\"_self pt-cv-href-thumbnail pt-cv-thumb-default\" target=\"_self\" ><img loading=\"lazy\" decoding=\"async\" width=\"300\" height=\"200\" src=\"http:\/\/www.szikorarendezoiroda.hu\/szikora\/wp-content\/uploads\/2015\/06\/Palya_Bea-060825-02-300x200.jpg\" class=\"pt-cv-thumbnail\" alt=\"\" srcset=\"http:\/\/www.szikorarendezoiroda.hu\/szikora\/wp-content\/uploads\/2015\/06\/Palya_Bea-060825-02-300x200.jpg 300w, http:\/\/www.szikorarendezoiroda.hu\/szikora\/wp-content\/uploads\/2015\/06\/Palya_Bea-060825-02.jpg 900w, http:\/\/www.szikorarendezoiroda.hu\/szikora\/wp-content\/uploads\/2015\/06\/Palya_Bea-060825-02-400x267.jpg 400w\" sizes=\"(max-width: 300px) 100vw, 300px\" \/><\/a>\n<h4 class=\"pt-cv-title\"><a href=\"http:\/\/www.szikorarendezoiroda.hu\/szikora\/zenekarok\/palya-bea\/\" class=\"_self\" target=\"_self\" >PALYA BEA<\/a><\/h4>\n<div class=\"pt-cv-content\">Prima-d\u00edjas \u00e9s k\u00e9tszeres Artisjus-d\u00edjas n\u00e9pdal\u00e9nekes, el\u0151ad\u00f3. Koncertjei a magyar \u00e9s vil\u00e1gzene izgalmas \u00f6tv\u00f6zetei ...<br \/><div class=\"pt-cv-rmwrap\"><a href=\"http:\/\/www.szikorarendezoiroda.hu\/szikora\/zenekarok\/palya-bea\/\" class=\"_self pt-cv-readmore btn btn-success\" target=\"_self\">R\u00e9szletek<\/a><\/div><\/div><\/div><\/div>\n<div class=\"col-md-4 col-sm-6 col-xs-12 pt-cv-content-item pt-cv-1-col\" ><div class='pt-cv-ifield'><a href=\"http:\/\/www.szikorarendezoiroda.hu\/szikora\/zenekarok\/princess-egyuttes\/\" class=\"_self pt-cv-href-thumbnail pt-cv-thumb-default\" target=\"_self\" ><img loading=\"lazy\" decoding=\"async\" width=\"300\" height=\"200\" src=\"http:\/\/www.szikorarendezoiroda.hu\/szikora\/wp-content\/uploads\/2015\/06\/princess-300x200.jpeg\" class=\"pt-cv-thumbnail\" alt=\"\" srcset=\"http:\/\/www.szikorarendezoiroda.hu\/szikora\/wp-content\/uploads\/2015\/06\/princess-300x200.jpeg 300w, http:\/\/www.szikorarendezoiroda.hu\/szikora\/wp-content\/uploads\/2015\/06\/princess-400x267.jpeg 400w, http:\/\/www.szikorarendezoiroda.hu\/szikora\/wp-content\/uploads\/2015\/06\/princess.jpeg 500w\" sizes=\"(max-width: 300px) 100vw, 300px\" \/><\/a>\n<h4 class=\"pt-cv-title\"><a href=\"http:\/\/www.szikorarendezoiroda.hu\/szikora\/zenekarok\/princess-egyuttes\/\" class=\"_self\" target=\"_self\" >PRINCESS Egy\u00fcttes<\/a><\/h4>\n<div class=\"pt-cv-content\">A \u201eHeged\u0171 Hercegn\u0151i\u201e szinte hihetetlen, de 10 \u00e9ve h\u00f3d\u00edtott\u00e1k meg a k\u00f6z\u00f6ns\u00e9get. Ebb\u0151l az alkalomb\u00f3l nem csak 40\u2019-es fell\u00e9p\u00e9seket v\u00e1llalnak, ...<br \/><div class=\"pt-cv-rmwrap\"><a href=\"http:\/\/www.szikorarendezoiroda.hu\/szikora\/zenekarok\/princess-egyuttes\/\" class=\"_self pt-cv-readmore btn btn-success\" target=\"_self\">R\u00e9szletek<\/a><\/div><\/div><\/div><\/div>\n<div class=\"col-md-4 col-sm-6 col-xs-12 pt-cv-content-item pt-cv-1-col\" ><div class='pt-cv-ifield'><a href=\"http:\/\/www.szikorarendezoiroda.hu\/szikora\/zenekarok\/r-go\/\" class=\"_self pt-cv-href-thumbnail pt-cv-thumb-default\" target=\"_self\" ><img loading=\"lazy\" decoding=\"async\" width=\"187\" height=\"300\" src=\"http:\/\/www.szikorarendezoiroda.hu\/szikora\/wp-content\/uploads\/2019\/07\/R-Go-fot\u00f3-1-187x300.jpg\" class=\"pt-cv-thumbnail\" alt=\"\" srcset=\"http:\/\/www.szikorarendezoiroda.hu\/szikora\/wp-content\/uploads\/2019\/07\/R-Go-fot\u00f3-1-187x300.jpg 187w, http:\/\/www.szikorarendezoiroda.hu\/szikora\/wp-content\/uploads\/2019\/07\/R-Go-fot\u00f3-1.jpg 478w\" sizes=\"(max-width: 187px) 100vw, 187px\" \/><\/a>\n<h4 class=\"pt-cv-title\"><a href=\"http:\/\/www.szikorarendezoiroda.hu\/szikora\/zenekarok\/r-go\/\" class=\"_self\" target=\"_self\" >R-GO<\/a><\/h4>\n<div class=\"pt-cv-content\">St\u00edlusuk senkire \u00e9s semmire nem hasonl\u00edtott, \u201ecsikidamnak\u201d nevezt\u00e9k, aminek igazi jelent\u00e9s\u00e9t ma sem tudja senki. De kit is \u00e9rdekel? L\u00e9nyeg ...<br \/><div class=\"pt-cv-rmwrap\"><a href=\"http:\/\/www.szikorarendezoiroda.hu\/szikora\/zenekarok\/r-go\/\" class=\"_self pt-cv-readmore btn btn-success\" target=\"_self\">R\u00e9szletek<\/a><\/div><\/div><\/div><\/div>\n<div class=\"col-md-4 col-sm-6 col-xs-12 pt-cv-content-item pt-cv-1-col\" ><div class='pt-cv-ifield'><a href=\"http:\/\/www.szikorarendezoiroda.hu\/szikora\/zenekarok\/rutkai-bori-es-a-specko-jedno\/\" class=\"_self pt-cv-href-thumbnail pt-cv-thumb-default\" target=\"_self\" ><img loading=\"lazy\" decoding=\"async\" width=\"300\" height=\"166\" src=\"http:\/\/www.szikorarendezoiroda.hu\/szikora\/wp-content\/uploads\/2015\/06\/neoangin-aka-jim-avignon-d-rutkai-bori-es-a-specko-jedno-original-27438-300x166.jpg\" class=\"pt-cv-thumbnail\" alt=\"\" srcset=\"http:\/\/www.szikorarendezoiroda.hu\/szikora\/wp-content\/uploads\/2015\/06\/neoangin-aka-jim-avignon-d-rutkai-bori-es-a-specko-jedno-original-27438-300x166.jpg 300w, http:\/\/www.szikorarendezoiroda.hu\/szikora\/wp-content\/uploads\/2015\/06\/neoangin-aka-jim-avignon-d-rutkai-bori-es-a-specko-jedno-original-27438.jpg 714w\" sizes=\"(max-width: 300px) 100vw, 300px\" \/><\/a>\n<h4 class=\"pt-cv-title\"><a href=\"http:\/\/www.szikorarendezoiroda.hu\/szikora\/zenekarok\/rutkai-bori-es-a-specko-jedno\/\" class=\"_self\" target=\"_self\" >RUTKAI BORI \u00c9S A SPECKO JEDNO<\/a><\/h4>\n<div class=\"pt-cv-content\">A jelenlegi form\u00e1ci\u00f3 2010 \u00f3ta m\u0171k\u00f6dik. A m\u0171sorban elhangz\u00f3 zen\u00e9kben felismerhet\u0151 a klezmer, a pop, az etno, a jazz, s\u0151t ...<br \/><div class=\"pt-cv-rmwrap\"><a href=\"http:\/\/www.szikorarendezoiroda.hu\/szikora\/zenekarok\/rutkai-bori-es-a-specko-jedno\/\" class=\"_self pt-cv-readmore btn btn-success\" target=\"_self\">R\u00e9szletek<\/a><\/div><\/div><\/div><\/div>\n<div class=\"col-md-4 col-sm-6 col-xs-12 pt-cv-content-item pt-cv-1-col\" ><div class='pt-cv-ifield'><a href=\"http:\/\/www.szikorarendezoiroda.hu\/szikora\/zenekarok\/ruzsa-magdi\/\" class=\"_self pt-cv-href-thumbnail pt-cv-thumb-default\" target=\"_self\" ><img loading=\"lazy\" decoding=\"async\" width=\"300\" height=\"200\" src=\"http:\/\/www.szikorarendezoiroda.hu\/szikora\/wp-content\/uploads\/2015\/06\/20150218ruzsa-magdi-lemezborito-dalok-hurokra1-300x200.jpg\" class=\"pt-cv-thumbnail\" alt=\"\" srcset=\"http:\/\/www.szikorarendezoiroda.hu\/szikora\/wp-content\/uploads\/2015\/06\/20150218ruzsa-magdi-lemezborito-dalok-hurokra1-300x200.jpg 300w, http:\/\/www.szikorarendezoiroda.hu\/szikora\/wp-content\/uploads\/2015\/06\/20150218ruzsa-magdi-lemezborito-dalok-hurokra1-1024x683.jpg 1024w, http:\/\/www.szikorarendezoiroda.hu\/szikora\/wp-content\/uploads\/2015\/06\/20150218ruzsa-magdi-lemezborito-dalok-hurokra1-400x267.jpg 400w\" sizes=\"(max-width: 300px) 100vw, 300px\" \/><\/a>\n<h4 class=\"pt-cv-title\"><a href=\"http:\/\/www.szikorarendezoiroda.hu\/szikora\/zenekarok\/ruzsa-magdi\/\" class=\"_self\" target=\"_self\" >R\u00daZSA MAGDI<\/a><\/h4>\n<div class=\"pt-cv-content\">Artisjus-d\u00edjas \u00e9nekesn\u0151, a \"Megaszt\u00e1r\" tehets\u00e9gkutat\u00f3 m\u0171sor 3.sz\u00e9ri\u00e1j\u00e1nak gy\u0151ztese. 2007-ben \"Apr\u00f3cska blues\" c\u00edm\u0171 dal\u00e1val az Eur\u00f3v\u00edzi\u00f3s dalfesztiv\u00e1l 9.hely\u00e9t szerezte meg ...<br \/><div class=\"pt-cv-rmwrap\"><a href=\"http:\/\/www.szikorarendezoiroda.hu\/szikora\/zenekarok\/ruzsa-magdi\/\" class=\"_self pt-cv-readmore btn btn-success\" target=\"_self\">R\u00e9szletek<\/a><\/div><\/div><\/div><\/div>\n<div class=\"col-md-4 col-sm-6 col-xs-12 pt-cv-content-item pt-cv-1-col\" ><div class='pt-cv-ifield'><a href=\"http:\/\/www.szikorarendezoiroda.hu\/szikora\/zenekarok\/sarantis-mantzourakis\/\" class=\"_self pt-cv-href-thumbnail pt-cv-thumb-default\" target=\"_self\" ><img loading=\"lazy\" decoding=\"async\" width=\"300\" height=\"162\" src=\"http:\/\/www.szikorarendezoiroda.hu\/szikora\/wp-content\/uploads\/2015\/06\/slide4-300x162.jpg\" class=\"pt-cv-thumbnail\" alt=\"\" srcset=\"http:\/\/www.szikorarendezoiroda.hu\/szikora\/wp-content\/uploads\/2015\/06\/slide4-300x162.jpg 300w, http:\/\/www.szikorarendezoiroda.hu\/szikora\/wp-content\/uploads\/2015\/06\/slide4.jpg 1000w\" sizes=\"(max-width: 300px) 100vw, 300px\" \/><\/a>\n<h4 class=\"pt-cv-title\"><a href=\"http:\/\/www.szikorarendezoiroda.hu\/szikora\/zenekarok\/sarantis-mantzourakis\/\" class=\"_self\" target=\"_self\" >SARANTIS MANTZOURAKIS<\/a><\/h4>\n<div class=\"pt-cv-content\">G\u00f6r\u00f6g klasszikus, g\u00f6r\u00f6g klasszikusok buzukira. A g\u00f6r\u00f6g sz\u00e1rmaz\u00e1s\u00fa buzuki m\u0171v\u00e9sz n\u00e9pzenei koncertje. K\u00e9rhet\u0151 kiskoncert is kett\u0151, h\u00e1rom vagy n\u00e9gy zen\u00e9sszel, ...<br \/><div class=\"pt-cv-rmwrap\"><a href=\"http:\/\/www.szikorarendezoiroda.hu\/szikora\/zenekarok\/sarantis-mantzourakis\/\" class=\"_self pt-cv-readmore btn btn-success\" target=\"_self\">R\u00e9szletek<\/a><\/div><\/div><\/div><\/div>\n<div class=\"col-md-4 col-sm-6 col-xs-12 pt-cv-content-item pt-cv-1-col\" ><div class='pt-cv-ifield'><a href=\"http:\/\/www.szikorarendezoiroda.hu\/szikora\/zenekarok\/szentpeteri-csilla\/\" class=\"_self pt-cv-href-thumbnail pt-cv-thumb-default\" target=\"_self\" ><img loading=\"lazy\" decoding=\"async\" width=\"300\" height=\"222\" src=\"http:\/\/www.szikorarendezoiroda.hu\/szikora\/wp-content\/uploads\/2015\/06\/s0-Csilla-Fot\u00f3-Hilton-300x222.jpg\" class=\"pt-cv-thumbnail\" alt=\"\" srcset=\"http:\/\/www.szikorarendezoiroda.hu\/szikora\/wp-content\/uploads\/2015\/06\/s0-Csilla-Fot\u00f3-Hilton-300x222.jpg 300w, http:\/\/www.szikorarendezoiroda.hu\/szikora\/wp-content\/uploads\/2015\/06\/s0-Csilla-Fot\u00f3-Hilton-1024x756.jpg 1024w, http:\/\/www.szikorarendezoiroda.hu\/szikora\/wp-content\/uploads\/2015\/06\/s0-Csilla-Fot\u00f3-Hilton.jpg 1600w\" sizes=\"(max-width: 300px) 100vw, 300px\" \/><\/a>\n<h4 class=\"pt-cv-title\"><a href=\"http:\/\/www.szikorarendezoiroda.hu\/szikora\/zenekarok\/szentpeteri-csilla\/\" class=\"_self\" target=\"_self\" >SZENTP\u00c9TERI CSILLA<\/a><\/h4>\n<div class=\"pt-cv-content\">Tri\u00f3val \u00e9s nagyzenekarral v\u00e1llalt koncertjei l\u00e1tv\u00e1nyv\u00e1nyban, hangz\u00e1sban maxim\u00e1lis \u00e9lm\u00e9nyt ny\u00fajtanak. A m\u0171v\u00e9szn\u0151 t\u00e1ncosokkal \u00e9s kivet\u00edt\u0151vel, f\u00e9nyekkel is emeli a koncert ...<br \/><div class=\"pt-cv-rmwrap\"><a href=\"http:\/\/www.szikorarendezoiroda.hu\/szikora\/zenekarok\/szentpeteri-csilla\/\" class=\"_self pt-cv-readmore btn btn-success\" target=\"_self\">R\u00e9szletek<\/a><\/div><\/div><\/div><\/div>\n<div class=\"col-md-4 col-sm-6 col-xs-12 pt-cv-content-item pt-cv-1-col\" ><div class='pt-cv-ifield'><a href=\"http:\/\/www.szikorarendezoiroda.hu\/szikora\/zenekarok\/szvorak-katalin\/\" class=\"_self pt-cv-href-thumbnail pt-cv-thumb-default\" target=\"_self\" ><img loading=\"lazy\" decoding=\"async\" width=\"300\" height=\"169\" src=\"http:\/\/www.szikorarendezoiroda.hu\/szikora\/wp-content\/uploads\/2015\/06\/szv-300x169.jpg\" class=\"pt-cv-thumbnail\" alt=\"\" srcset=\"http:\/\/www.szikorarendezoiroda.hu\/szikora\/wp-content\/uploads\/2015\/06\/szv-300x169.jpg 300w, http:\/\/www.szikorarendezoiroda.hu\/szikora\/wp-content\/uploads\/2015\/06\/szv-1024x576.jpg 1024w, http:\/\/www.szikorarendezoiroda.hu\/szikora\/wp-content\/uploads\/2015\/06\/szv.jpg 1280w\" sizes=\"(max-width: 300px) 100vw, 300px\" \/><\/a>\n<h4 class=\"pt-cv-title\"><a href=\"http:\/\/www.szikorarendezoiroda.hu\/szikora\/zenekarok\/szvorak-katalin\/\" class=\"_self\" target=\"_self\" >SZVOR\u00c1K KATALIN<\/a><\/h4>\n<div class=\"pt-cv-content\">Szvor\u00e1k Katalin Liszt dijas \u00e9nekesn\u0151 neve nem ismeretlen az autentikus n\u00e9pzen\u00e9t szeret\u0151k k\u00f6r\u00e9ben, hiszen a m\u0171v\u00e9szn\u0151 akkor vitte a nagyk\u00f6z\u00f6ns\u00e9g ...<br \/><div class=\"pt-cv-rmwrap\"><a href=\"http:\/\/www.szikorarendezoiroda.hu\/szikora\/zenekarok\/szvorak-katalin\/\" class=\"_self pt-cv-readmore btn btn-success\" target=\"_self\">R\u00e9szletek<\/a><\/div><\/div><\/div><\/div>\n<div class=\"col-md-4 col-sm-6 col-xs-12 pt-cv-content-item pt-cv-1-col\" ><div class='pt-cv-ifield'><a href=\"http:\/\/www.szikorarendezoiroda.hu\/szikora\/zenekarok\/szvorak-katalin-es-timar-sara\/\" class=\"_self pt-cv-href-thumbnail pt-cv-thumb-default\" target=\"_self\" ><img loading=\"lazy\" decoding=\"async\" width=\"300\" height=\"169\" src=\"http:\/\/www.szikorarendezoiroda.hu\/szikora\/wp-content\/uploads\/2015\/06\/szv2-300x169.jpg\" class=\"pt-cv-thumbnail\" alt=\"\" srcset=\"http:\/\/www.szikorarendezoiroda.hu\/szikora\/wp-content\/uploads\/2015\/06\/szv2-300x169.jpg 300w, http:\/\/www.szikorarendezoiroda.hu\/szikora\/wp-content\/uploads\/2015\/06\/szv2-1024x576.jpg 1024w, http:\/\/www.szikorarendezoiroda.hu\/szikora\/wp-content\/uploads\/2015\/06\/szv2.jpg 1280w\" sizes=\"(max-width: 300px) 100vw, 300px\" \/><\/a>\n<h4 class=\"pt-cv-title\"><a href=\"http:\/\/www.szikorarendezoiroda.hu\/szikora\/zenekarok\/szvorak-katalin-es-timar-sara\/\" class=\"_self\" target=\"_self\" >SZVOR\u00c1K KATALIN \u00e9s T\u00cdM\u00c1R S\u00c1RA<\/a><\/h4>\n<div class=\"pt-cv-content\">A legszebb hangszer az emberi hang, ami m\u00e1r akkor is \"sz\u00f3lt\", amikor a hangszereket m\u00e9g fel sem tal\u00e1lt\u00e1k. A koncert ...<br \/><div class=\"pt-cv-rmwrap\"><a href=\"http:\/\/www.szikorarendezoiroda.hu\/szikora\/zenekarok\/szvorak-katalin-es-timar-sara\/\" class=\"_self pt-cv-readmore btn btn-success\" target=\"_self\">R\u00e9szletek<\/a><\/div><\/div><\/div><\/div>\n<div class=\"col-md-4 col-sm-6 col-xs-12 pt-cv-content-item pt-cv-1-col\" ><div class='pt-cv-ifield'><a href=\"http:\/\/www.szikorarendezoiroda.hu\/szikora\/zenekarok\/tatrai-tibor\/\" class=\"_self pt-cv-href-thumbnail pt-cv-thumb-default\" target=\"_self\" ><img loading=\"lazy\" decoding=\"async\" width=\"300\" height=\"200\" src=\"http:\/\/www.szikorarendezoiroda.hu\/szikora\/wp-content\/uploads\/2015\/06\/tatrai_tibor-300x200.jpg\" class=\"pt-cv-thumbnail\" alt=\"\" srcset=\"http:\/\/www.szikorarendezoiroda.hu\/szikora\/wp-content\/uploads\/2015\/06\/tatrai_tibor-300x200.jpg 300w, http:\/\/www.szikorarendezoiroda.hu\/szikora\/wp-content\/uploads\/2015\/06\/tatrai_tibor-400x267.jpg 400w, http:\/\/www.szikorarendezoiroda.hu\/szikora\/wp-content\/uploads\/2015\/06\/tatrai_tibor.jpg 450w\" sizes=\"(max-width: 300px) 100vw, 300px\" \/><\/a>\n<h4 class=\"pt-cv-title\"><a href=\"http:\/\/www.szikorarendezoiroda.hu\/szikora\/zenekarok\/tatrai-tibor\/\" class=\"_self\" target=\"_self\" >T\u00c1TRAI TIBOR<\/a><\/h4>\n<div class=\"pt-cv-content\">Az orsz\u00e1g egyik legismertebb \u00e9s muzsikusa \u00e9s egyben a legismertebb git\u00e1rosa is.\u00a0 Liszt Ferenc d\u00edjas zen\u00e9sz aki 2016 \u2013 ban ...<br \/><div class=\"pt-cv-rmwrap\"><a href=\"http:\/\/www.szikorarendezoiroda.hu\/szikora\/zenekarok\/tatrai-tibor\/\" class=\"_self pt-cv-readmore btn btn-success\" target=\"_self\">R\u00e9szletek<\/a><\/div><\/div><\/div><\/div>\n<div class=\"col-md-4 col-sm-6 col-xs-12 pt-cv-content-item pt-cv-1-col\" ><div class='pt-cv-ifield'><a href=\"http:\/\/www.szikorarendezoiroda.hu\/szikora\/zenekarok\/the-bits-beatles-emlekzenekar\/\" class=\"_self pt-cv-href-thumbnail pt-cv-thumb-default\" target=\"_self\" ><img loading=\"lazy\" decoding=\"async\" width=\"225\" height=\"225\" src=\"http:\/\/www.szikorarendezoiroda.hu\/szikora\/wp-content\/uploads\/2017\/10\/The-Bits.jpg\" class=\"pt-cv-thumbnail\" alt=\"\" srcset=\"http:\/\/www.szikorarendezoiroda.hu\/szikora\/wp-content\/uploads\/2017\/10\/The-Bits.jpg 225w, http:\/\/www.szikorarendezoiroda.hu\/szikora\/wp-content\/uploads\/2017\/10\/The-Bits-150x150.jpg 150w\" sizes=\"(max-width: 225px) 100vw, 225px\" \/><\/a>\n<h4 class=\"pt-cv-title\"><a href=\"http:\/\/www.szikorarendezoiroda.hu\/szikora\/zenekarok\/the-bits-beatles-emlekzenekar\/\" class=\"_self\" target=\"_self\" >The Bits \u2013 Beatles Eml\u00e9kzenekar<\/a><\/h4>\n<div class=\"pt-cv-content\">A The Bits Magyarorsz\u00e1g legn\u00e9pszer\u0171bb autentikus \u2013 azaz eredeti, n\u00e9gy f\u0151s fel\u00e1ll\u00e1sban \u2013 j\u00e1tsz\u00f3 Beatles eml\u00e9kzenekara (Magyar Nemzet) 60\u2019 illetve ...<br \/><div class=\"pt-cv-rmwrap\"><a href=\"http:\/\/www.szikorarendezoiroda.hu\/szikora\/zenekarok\/the-bits-beatles-emlekzenekar\/\" class=\"_self pt-cv-readmore btn btn-success\" target=\"_self\">R\u00e9szletek<\/a><\/div><\/div><\/div><\/div>\n<div class=\"col-md-4 col-sm-6 col-xs-12 pt-cv-content-item pt-cv-1-col\" ><div class='pt-cv-ifield'><a href=\"http:\/\/www.szikorarendezoiroda.hu\/szikora\/zenekarok\/tnt\/\" class=\"_self pt-cv-href-thumbnail pt-cv-thumb-default\" target=\"_self\" ><img loading=\"lazy\" decoding=\"async\" width=\"300\" height=\"200\" src=\"http:\/\/www.szikorarendezoiroda.hu\/szikora\/wp-content\/uploads\/2015\/06\/tnt-300x200.jpg\" class=\"pt-cv-thumbnail\" alt=\"\" srcset=\"http:\/\/www.szikorarendezoiroda.hu\/szikora\/wp-content\/uploads\/2015\/06\/tnt-300x200.jpg 300w, http:\/\/www.szikorarendezoiroda.hu\/szikora\/wp-content\/uploads\/2015\/06\/tnt-400x267.jpg 400w, http:\/\/www.szikorarendezoiroda.hu\/szikora\/wp-content\/uploads\/2015\/06\/tnt.jpg 700w\" sizes=\"(max-width: 300px) 100vw, 300px\" \/><\/a>\n<h4 class=\"pt-cv-title\"><a href=\"http:\/\/www.szikorarendezoiroda.hu\/szikora\/zenekarok\/tnt\/\" class=\"_self\" target=\"_self\" >TNT<\/a><\/h4>\n<div class=\"pt-cv-content\">Az id\u0151g\u00e9pet aktiv\u00e1lta \u00e9s meg\u00fajult m\u0171sorral , r\u00e9g nem hallott dalokkal \u00e9s mindent els\u00f6pr\u0151 sz\u00ednpadi show-val v\u00e1rja hallgat\u00f3it egy fantasztikus ...<br \/><div class=\"pt-cv-rmwrap\"><a href=\"http:\/\/www.szikorarendezoiroda.hu\/szikora\/zenekarok\/tnt\/\" class=\"_self pt-cv-readmore btn btn-success\" target=\"_self\">R\u00e9szletek<\/a><\/div><\/div><\/div><\/div>\n<div class=\"col-md-4 col-sm-6 col-xs-12 pt-cv-content-item pt-cv-1-col\" ><div class='pt-cv-ifield'><a href=\"http:\/\/www.szikorarendezoiroda.hu\/szikora\/zenekarok\/triasz\/\" class=\"_self pt-cv-href-thumbnail pt-cv-thumb-default\" target=\"_self\" ><img loading=\"lazy\" decoding=\"async\" width=\"300\" height=\"169\" src=\"http:\/\/www.szikorarendezoiroda.hu\/szikora\/wp-content\/uploads\/2015\/06\/koncert-20130916-2362-triasz_003-300x169.jpg\" class=\"pt-cv-thumbnail\" alt=\"\" srcset=\"http:\/\/www.szikorarendezoiroda.hu\/szikora\/wp-content\/uploads\/2015\/06\/koncert-20130916-2362-triasz_003-300x169.jpg 300w, http:\/\/www.szikorarendezoiroda.hu\/szikora\/wp-content\/uploads\/2015\/06\/koncert-20130916-2362-triasz_003.jpg 980w\" sizes=\"(max-width: 300px) 100vw, 300px\" \/><\/a>\n<h4 class=\"pt-cv-title\"><a href=\"http:\/\/www.szikorarendezoiroda.hu\/szikora\/zenekarok\/triasz\/\" class=\"_self\" target=\"_self\" >TRI\u00c1SZ<\/a><\/h4>\n<div class=\"pt-cv-content\">Dalok zongor\u00e1ra \u00e9s k\u00e9t to-rockra. Sipos P\u00e9ter - Irigy H\u00f3naljmirigy - K\u00e1lm\u00e1n Gy\u00f6rgy Dinamit \u00e9s Jankai B\u00e9la. A zenekar n\u00e9vsora ...<br \/><div class=\"pt-cv-rmwrap\"><a href=\"http:\/\/www.szikorarendezoiroda.hu\/szikora\/zenekarok\/triasz\/\" class=\"_self pt-cv-readmore btn btn-success\" target=\"_self\">R\u00e9szletek<\/a><\/div><\/div><\/div><\/div>\n<div class=\"col-md-4 col-sm-6 col-xs-12 pt-cv-content-item pt-cv-1-col\" ><div class='pt-cv-ifield'><a href=\"http:\/\/www.szikorarendezoiroda.hu\/szikora\/zenekarok\/uj-bojtorjan\/\" class=\"_self pt-cv-href-thumbnail pt-cv-thumb-default\" target=\"_self\" ><img loading=\"lazy\" decoding=\"async\" width=\"300\" height=\"225\" src=\"http:\/\/www.szikorarendezoiroda.hu\/szikora\/wp-content\/uploads\/2015\/06\/uj_bojtorjan_2011-001_1168623_8644-300x225.jpg\" class=\"pt-cv-thumbnail\" alt=\"\" srcset=\"http:\/\/www.szikorarendezoiroda.hu\/szikora\/wp-content\/uploads\/2015\/06\/uj_bojtorjan_2011-001_1168623_8644-300x225.jpg 300w, http:\/\/www.szikorarendezoiroda.hu\/szikora\/wp-content\/uploads\/2015\/06\/uj_bojtorjan_2011-001_1168623_8644.jpg 720w\" sizes=\"(max-width: 300px) 100vw, 300px\" \/><\/a>\n<h4 class=\"pt-cv-title\"><a href=\"http:\/\/www.szikorarendezoiroda.hu\/szikora\/zenekarok\/uj-bojtorjan\/\" class=\"_self\" target=\"_self\" >\u00daJ BOJTORJ\u00c1N<\/a><\/h4>\n<div class=\"pt-cv-content\">Gyerek \u00e9s feln\u0151tt koncertjeik nagyon j\u00f3 sz\u00f3rakoz\u00e1st jelentenek 3-103 \u00e9ves korig. A country zene elismert interpret\u00e1l\u00f3i amellett, hogy a magyar ...<br \/><div class=\"pt-cv-rmwrap\"><a href=\"http:\/\/www.szikorarendezoiroda.hu\/szikora\/zenekarok\/uj-bojtorjan\/\" class=\"_self pt-cv-readmore btn btn-success\" target=\"_self\">R\u00e9szletek<\/a><\/div><\/div><\/div><\/div>\n<div class=\"col-md-4 col-sm-6 col-xs-12 pt-cv-content-item pt-cv-1-col\" ><div class='pt-cv-ifield'><a href=\"http:\/\/www.szikorarendezoiroda.hu\/szikora\/zenekarok\/vegas-showband\/\" class=\"_self pt-cv-href-thumbnail pt-cv-thumb-default\" target=\"_self\" ><img loading=\"lazy\" decoding=\"async\" width=\"300\" height=\"235\" src=\"http:\/\/www.szikorarendezoiroda.hu\/szikora\/wp-content\/uploads\/2015\/06\/vegas-300x235.jpg\" class=\"pt-cv-thumbnail\" alt=\"\" srcset=\"http:\/\/www.szikorarendezoiroda.hu\/szikora\/wp-content\/uploads\/2015\/06\/vegas-300x235.jpg 300w, http:\/\/www.szikorarendezoiroda.hu\/szikora\/wp-content\/uploads\/2015\/06\/vegas.jpg 500w\" sizes=\"(max-width: 300px) 100vw, 300px\" \/><\/a>\n<h4 class=\"pt-cv-title\"><a href=\"http:\/\/www.szikorarendezoiroda.hu\/szikora\/zenekarok\/vegas-showband\/\" class=\"_self\" target=\"_self\" >VEGAS SHOWBAND<\/a><\/h4>\n<div class=\"pt-cv-content\">Koncert \u00e9s b\u00e1li zenekar 8 taggal. Hatalmas reperto\u00e1rral rendelkeznek, ahol megtal\u00e1lhat\u00f3 a Rock and Roll, mint a l\u00e1gy, romantikus, \u201e\u00f6sszeb\u00faj\u00f3s\u201d ...<br \/><div class=\"pt-cv-rmwrap\"><a href=\"http:\/\/www.szikorarendezoiroda.hu\/szikora\/zenekarok\/vegas-showband\/\" class=\"_self pt-cv-readmore btn btn-success\" target=\"_self\">R\u00e9szletek<\/a><\/div><\/div><\/div><\/div>\n<div class=\"col-md-4 col-sm-6 col-xs-12 pt-cv-content-item pt-cv-1-col\" ><div class='pt-cv-ifield'><a href=\"http:\/\/www.szikorarendezoiroda.hu\/szikora\/zenekarok\/859-2\/\" class=\"_self pt-cv-href-thumbnail pt-cv-thumb-default\" target=\"_self\" ><img loading=\"lazy\" decoding=\"async\" width=\"300\" height=\"225\" src=\"http:\/\/www.szikorarendezoiroda.hu\/szikora\/wp-content\/uploads\/2015\/06\/zanzibar_1-300x225.jpg\" class=\"pt-cv-thumbnail\" alt=\"\" srcset=\"http:\/\/www.szikorarendezoiroda.hu\/szikora\/wp-content\/uploads\/2015\/06\/zanzibar_1-300x225.jpg 300w, http:\/\/www.szikorarendezoiroda.hu\/szikora\/wp-content\/uploads\/2015\/06\/zanzibar_1.jpg 472w\" sizes=\"(max-width: 300px) 100vw, 300px\" \/><\/a>\n<h4 class=\"pt-cv-title\"><a href=\"http:\/\/www.szikorarendezoiroda.hu\/szikora\/zenekarok\/859-2\/\" class=\"_self\" target=\"_self\" >ZANZIBAR<\/a><\/h4>\n<div class=\"pt-cv-content\">2001-ben jelent meg els\u0151 albumuk \u201eNem vagyok t\u00f6k\u00e9letes\u201e c\u00edmen, amely r\u00f6vid id\u0151n bel\u00fcl aranyalbum lett. \u00d6t\u00f6dik lemez\u00fck az \u201e\u0150rangyal\u201e pedig ...<br \/><div class=\"pt-cv-rmwrap\"><a href=\"http:\/\/www.szikorarendezoiroda.hu\/szikora\/zenekarok\/859-2\/\" class=\"_self pt-cv-readmore btn btn-success\" target=\"_self\">R\u00e9szletek<\/a><\/div><\/div><\/div><\/div>\n<div class=\"col-md-4 col-sm-6 col-xs-12 pt-cv-content-item pt-cv-1-col\" ><div class='pt-cv-ifield'><a href=\"http:\/\/www.szikorarendezoiroda.hu\/szikora\/zenekarok\/zsedenyi-adrienn\/\" class=\"_self pt-cv-href-thumbnail pt-cv-thumb-default\" target=\"_self\" ><img loading=\"lazy\" decoding=\"async\" width=\"300\" height=\"191\" src=\"http:\/\/www.szikorarendezoiroda.hu\/szikora\/wp-content\/uploads\/2015\/06\/zseda-jazzy-koncert-masvilag-budapest-mom-kulturalis-kozpont-jegyek-300x191.jpg\" class=\"pt-cv-thumbnail\" alt=\"\" srcset=\"http:\/\/www.szikorarendezoiroda.hu\/szikora\/wp-content\/uploads\/2015\/06\/zseda-jazzy-koncert-masvilag-budapest-mom-kulturalis-kozpont-jegyek-300x191.jpg 300w, http:\/\/www.szikorarendezoiroda.hu\/szikora\/wp-content\/uploads\/2015\/06\/zseda-jazzy-koncert-masvilag-budapest-mom-kulturalis-kozpont-jegyek.jpg 600w\" sizes=\"(max-width: 300px) 100vw, 300px\" \/><\/a>\n<h4 class=\"pt-cv-title\"><a href=\"http:\/\/www.szikorarendezoiroda.hu\/szikora\/zenekarok\/zsedenyi-adrienn\/\" class=\"_self\" target=\"_self\" >ZS\u00c9DENYI ADRIENN<\/a><\/h4>\n<div class=\"pt-cv-content\">Nem csak cd alapos fell\u00e9p\u00e9st v\u00e1llal a m\u0171v\u00e9szn\u0151, hanem \u00e9l\u0151 koncerteket is. A \u201eZongorista \u00e9s \u00c9n\u201e c\u00edm\u0171 60\u2019-es el\u0151ad\u00e1sa (3f\u0151) ...<br \/><div class=\"pt-cv-rmwrap\"><a href=\"http:\/\/www.szikorarendezoiroda.hu\/szikora\/zenekarok\/zsedenyi-adrienn\/\" class=\"_self pt-cv-readmore btn btn-success\" target=\"_self\">R\u00e9szletek<\/a><\/div><\/div><\/div><\/div><\/div><\/div><\/div>\n<h2>Koncertszervez\u0151 iroda &#8211; k\u00e9sz\u00fclj\u00f6n vel\u00fcnk a visszat\u00e9r\u00e9sre!<\/h2>\n<p style=\"text-align: justify;\"><strong><a href=\"http:\/\/www.szikorarendezoiroda.hu\/szikora\/wp-content\/uploads\/2021\/04\/koncertszervezo-irodank.jpg\"><img loading=\"lazy\" decoding=\"async\" class=\"alignleft wp-image-3378\" src=\"http:\/\/www.szikorarendezoiroda.hu\/szikora\/wp-content\/uploads\/2021\/04\/koncertszervezo-irodank-300x194.jpg\" alt=\"Koncertszervez\u0151 irod\u00e1nk\" width=\"200\" height=\"130\" srcset=\"http:\/\/www.szikorarendezoiroda.hu\/szikora\/wp-content\/uploads\/2021\/04\/koncertszervezo-irodank-300x194.jpg 300w, http:\/\/www.szikorarendezoiroda.hu\/szikora\/wp-content\/uploads\/2021\/04\/koncertszervezo-irodank.jpg 500w\" sizes=\"(max-width: 200px) 100vw, 200px\" \/><\/a>Koncertszervez\u0151 irod\u00e1nk<\/strong>\u00a0a legnevesebb zenekarokkal \u00e1ll kapcsolatban, \u00edgy \u00dcgyfeleink igaz\u00e1n sz\u00ednvonalas m\u0171sorral lephetik meg a k\u00f6z\u00f6ns\u00e9get!<\/p>\n<p style=\"text-align: justify;\">Koncertek, el\u0151ad\u00e1sok megtart\u00e1s\u00e1ra sajnos h\u00f3napok \u00f3ta nincs lehet\u0151s\u00e9g, \u00e1m \u00e9ppen ez\u00e9rt v\u00e1rhat\u00f3an \u00f3ri\u00e1si lesz a kereslet az ilyen m\u0171sorokra, amint biztons\u00e1goss\u00e1 v\u00e1lik a megszervez\u00e9s\u00fck. Annak, aki szeretne m\u00e1r most k\u00e9sz\u00fclni a visszat\u00e9r\u00e9sre \u00e9s sz\u00ednvonalas programot szervezni, \u00e9rdemes felkeresnie\u00a0<strong>koncertszervez\u0151 irod\u00e1nkat<\/strong>!<\/p>\n<p style=\"text-align: justify;\">Nagy tapasztalattal rendelkez\u00fcnk a m\u0171sorszervez\u00e9sben, \u00dcgyfeleink sz\u00e1m\u00e1ra a legh\u00edresebb, legkedveltebb el\u0151ad\u00f3kat is el\u00e9rhet\u0151v\u00e9 tessz\u00fck.\u00a0<strong>Koncertszervez\u0151 irod\u00e1nk<\/strong>\u00a0szolg\u00e1ltat\u00e1s\u00e1nak k\u00f6sz\u00f6nhet\u0151en olyan neves zen\u00e9szek, zenekarok k\u00f6z\u00f6tt v\u00e1logathat, mint p\u00e9ld\u00e1ul az R-Go, az Old Boys, R\u00fazsa Magdi vagy ak\u00e1r a Karthago. Legyen sz\u00f3 egy nagyszab\u00e1s\u00fa munkahelyi rendezv\u00e9nyr\u0151l, egy konferenci\u00e1r\u00f3l vagy egy csal\u00e1di napr\u00f3l, \u00e9rdemes m\u00e1r most felvenni vel\u00fcnk a kapcsolatot!<\/p>\n<p style=\"text-align: justify;\">Amennyiben k\u00e9rd\u00e9se mer\u00fclt fel, forduljon hozz\u00e1nk bizalommal,\u00a0<strong>koncertszervez\u0151 irod\u00e1nk<\/strong>\u00a0munkat\u00e1rsai sz\u00edvesen \u00e1llnak rendelkez\u00e9s\u00e9re!<\/p>\n<h2>Zenekarrendel\u00e9s: ha sz\u00ednvonalas m\u0171sorral k\u00e9sz\u00fclne<\/h2>\n<p style=\"text-align: justify;\"><a href=\"http:\/\/www.szikorarendezoiroda.hu\/szikora\/wp-content\/uploads\/2020\/03\/zenekarrendeles-szikorarendezoiroda.jpg\"><img loading=\"lazy\" decoding=\"async\" class=\"alignright wp-image-3319\" src=\"http:\/\/www.szikorarendezoiroda.hu\/szikora\/wp-content\/uploads\/2020\/03\/zenekarrendeles-szikorarendezoiroda-300x166.jpg\" alt=\"\" width=\"200\" height=\"111\" srcset=\"http:\/\/www.szikorarendezoiroda.hu\/szikora\/wp-content\/uploads\/2020\/03\/zenekarrendeles-szikorarendezoiroda-300x166.jpg 300w, http:\/\/www.szikorarendezoiroda.hu\/szikora\/wp-content\/uploads\/2020\/03\/zenekarrendeles-szikorarendezoiroda.jpg 550w\" sizes=\"(max-width: 200px) 100vw, 200px\" \/><\/a>Szeretn\u00e9 vend\u00e9geit sz\u00ednvonalasan sz\u00f3rakoztatni? Legyen sz\u00f3 c\u00e9ges rendezv\u00e9nyr\u0151l, esk\u00fcv\u0151r\u0151l, vagy egy\u00e9b esem\u00e9nyr\u0151l, a\u00a0<strong>zenekarrendel\u00e9s<\/strong>\u00a0a legjobb megold\u00e1s, hiszen \u00edgy olyan m\u0171sort adhat vend\u00e9geinek, ami emeli az \u00d6n rendezv\u00e9nye f\u00e9ny\u00e9t!<\/p>\n<p style=\"text-align: justify;\">A\u00a0<strong>zenekarrendel\u00e9ssel<\/strong>\u00a0\u00d6n olyan el\u0151ad\u00f3m\u0171v\u00e9szeket l\u00e9ptethet fel rendezv\u00e9ny\u00e9n, akik eg\u00e9sz Magyarorsz\u00e1g kedvencei. Term\u00e9szetesen egy ilyen esem\u00e9nyen nem lehet mindenki kedv\u00e9re tenni, de lehet \u00fagy v\u00e1lasztani, hogy a legt\u00f6bbeknek tetsszen a m\u0171sor. Ak\u00e1r feldolgoz\u00e1sokr\u00f3l, ak\u00e1r egyedi m\u0171sorr\u00f3l van sz\u00f3, a vel\u00fcnk kapcsolatban \u00e1ll\u00f3 zenekarok olyan m\u0171sorral k\u00e1pr\u00e1ztatj\u00e1k el vend\u00e9geit, amelyre hossz\u00fa ideig eml\u00e9kezni fognak! T\u00f6bbf\u00e9le st\u00edlusb\u00f3l v\u00e1laszthat a rock, a pop \u00e9s m\u00e1s st\u00edlusok jeles, hazai k\u00e9pvisel\u0151i k\u00f6z\u00fcl, \u00edgy biztosan megtal\u00e1lja azt a zenekart, amelyik a legink\u00e1bb megfelel az elk\u00e9pzel\u00e9seinek \u00e9s rendezv\u00e9nye tematik\u00e1j\u00e1nak!<\/p>\n<p style=\"text-align: justify;\">Tekintse meg k\u00edn\u00e1latunkat, \u00e9s ha szeretne\u00a0<strong>zenekart rendelni<\/strong>, illetve, ha k\u00e9rd\u00e9se lenne, vegye fel vel\u00fcnk a kapcsolatot megadott el\u00e9rhet\u0151s\u00e9geink egyik\u00e9n!<\/p>\n<h2><\/h2>\n<h2>Szeretne m\u00e9lt\u00f3 m\u00f3don meg\u00fcnnepelni egy fontos esem\u00e9nyt?<\/h2>\n<p style=\"text-align: justify;\"><a href=\"http:\/\/www.szikorarendezoiroda.hu\/szikora\/wp-content\/uploads\/2015\/05\/szikorarendezoiroda.hu_16apr.jpg\"><img loading=\"lazy\" decoding=\"async\" class=\"alignleft wp-image-2179\" src=\"http:\/\/www.szikorarendezoiroda.hu\/szikora\/wp-content\/uploads\/2015\/05\/szikorarendezoiroda.hu_16apr-300x200.jpg\" alt=\"Szeretne m\u00e9lt\u00f3 m\u00f3don meg\u00fcnnepelni egy fontos esem\u00e9nyt? \" width=\"200\" height=\"133\" srcset=\"http:\/\/www.szikorarendezoiroda.hu\/szikora\/wp-content\/uploads\/2015\/05\/szikorarendezoiroda.hu_16apr-300x200.jpg 300w, http:\/\/www.szikorarendezoiroda.hu\/szikora\/wp-content\/uploads\/2015\/05\/szikorarendezoiroda.hu_16apr-400x267.jpg 400w, http:\/\/www.szikorarendezoiroda.hu\/szikora\/wp-content\/uploads\/2015\/05\/szikorarendezoiroda.hu_16apr.jpg 847w\" sizes=\"(max-width: 200px) 100vw, 200px\" \/><\/a>Egy rendezv\u00e9ny sikere sok mindenen m\u00falik, p\u00e9ld\u00e1ul a helysz\u00ednen, az \u00e9teleken, a d\u00edsz\u00edt\u00e9sen \u00e9s term\u00e9szetesen a <strong>rendezv\u00e9ny fell\u00e9p\u0151in<\/strong>. Az esem\u00e9nyeket szervezhetj\u00fck a sz\u0171kebb csal\u00e1di \u00e9s bar\u00e1ti k\u00f6r\u00fcnknek, alkalmazottainknak, sportcsapatunknak. Gyakorlatilag b\u00e1rmilyen ind\u00edttat\u00e1sb\u00f3l, amir\u0151l \u00fagy \u00e9rezz\u00fck, hogy \u00e9rdemes esem\u00e9ny az \u00fcnnepl\u00e9sre vagy a sz\u00f3rakoz\u00e1sra.<\/p>\n<p style=\"text-align: justify;\">\u00d6nnek v\u00e1llalkoz\u00e1sa van \u00e9s szeretn\u00e9 meglepni alkalmazottait, hogy megk\u00f6sz\u00f6nhesse nekik kitart\u00f3 munk\u00e1jukat? Esetleg egy\u00e9b szervez\u0151d\u00e9snek, klub tagjainak szeretne felejthetetlen \u00e9lm\u00e9nyt ny\u00fajtani? Mi erre szeretn\u00e9nk \u00d6nnek remek lehet\u0151s\u00e9geket k\u00edn\u00e1lni. Sokan \u00e9vr\u0151l-\u00e9vre csak egy egyszer\u0171 DJ-t k\u00e9rnek fel, hogy rendezv\u00e9ny\u00fck\u00f6n zen\u00e9t szolg\u00e1ltasson. Mi viszont lehet\u0151s\u00e9get szeretn\u00e9nk k\u00edn\u00e1lni a min\u0151s\u00e9gi zenei \u00e9lm\u00e9nyre \u00e9s a sz\u00f3rakoz\u00e1sra profi <strong>m\u0171sorszervez\u00e9ssel<\/strong>! Kedvenc el\u0151ad\u00f3i k\u00f6z\u00fcl b\u00e1rki ott lehet az \u00d6n rendezv\u00e9ny\u00e9n, ezzel felejthetetlen \u00e9lm\u00e9nyt ny\u00fajtva vend\u00e9geinek. A manaps\u00e1g n\u00e9pszer\u0171, ink\u00e1bb fiatalok \u00e1ltal prefer\u00e1ltabb zenekarokt\u00f3l az igazi klasszikusokig, rengeteg k\u00fcl\u00f6nb\u00f6z\u0151 st\u00edlus\u00fa fell\u00e9p\u0151 v\u00e1rja, hogy az \u00d6n rendezv\u00e9ny\u00e9n szerepelhessen.<\/p>\n<p style=\"text-align: justify;\">Amennyiben szeretne maradand\u00f3 \u00e9lm\u00e9nyt szerezni vend\u00e9geinek, \u00e9s persze saj\u00e1t mag\u00e1nak is, <strong>programszervez\u0151 irod\u00e1nk<\/strong> kiv\u00e1l\u00f3 lehet\u0151s\u00e9get k\u00edn\u00e1lunk ehhez!<\/p>\n<h2>Sz\u00f3rakoztat\u00e1s ig\u00e9ny szerint<\/h2>\n<p style=\"text-align: justify;\"><a href=\"http:\/\/www.szikorarendezoiroda.hu\/szikora\/wp-content\/uploads\/2015\/05\/szikorarendezoiroda.hu_.16jun.jpg\"><img loading=\"lazy\" decoding=\"async\" class=\"alignright wp-image-2271\" src=\"http:\/\/www.szikorarendezoiroda.hu\/szikora\/wp-content\/uploads\/2015\/05\/szikorarendezoiroda.hu_.16jun.jpg\" alt=\"Sz\u00f3rakoztat\u00e1s ig\u00e9ny szerint\" width=\"200\" height=\"130\" srcset=\"http:\/\/www.szikorarendezoiroda.hu\/szikora\/wp-content\/uploads\/2015\/05\/szikorarendezoiroda.hu_.16jun.jpg 859w, http:\/\/www.szikorarendezoiroda.hu\/szikora\/wp-content\/uploads\/2015\/05\/szikorarendezoiroda.hu_.16jun-300x195.jpg 300w\" sizes=\"(max-width: 200px) 100vw, 200px\" \/><\/a>A rendezv\u00e9nyek \u00e1ltal\u00e1nos jellemz\u0151je, hogy nagy t\u00f6megeket is k\u00e9pesek megmozgatni. Ez\u00e9rt a <strong>rendezv\u00e9nyszervez\u00e9s<\/strong>, illetve<strong> koncertszervez\u00e9s<\/strong> sor\u00e1n kulcsszerepe van annak, hogy sz\u00ednes \u00e9s v\u00e1ltozatos programok ker\u00fcljenek bele a m\u0171sorprogramba, amik sz\u00e9les k\u00f6r\u0171 \u00e9rdekl\u0151d\u00e9sre tarthatnak sz\u00e1mot.<\/p>\n<p style=\"text-align: justify;\">Egy-egy ilyen esem\u00e9ny, fesztiv\u00e1l program ak\u00e1r egy teljes napot is kit\u00f6lthet, s\u0151t tal\u00e1lkozhatunk egy, vagy t\u00f6bbhetes programsorozatokkal is. Sokszor a rendezv\u00e9ny egy megadott tematika k\u00f6r\u00e9 \u00e9p\u00fcl fel, ami meghat\u00e1rozhatja az esem\u00e9ny jelleg\u00e9t. A t\u00e9m\u00e1t er\u0151s\u00edthetik a fell\u00e9p\u0151 el\u0151ad\u00f3k, m\u0171v\u00e9szek, illetve zenekarok is.<\/p>\n<p style=\"text-align: justify;\">Azonban b\u00e1rmilyen jelleg\u0171 rendezv\u00e9nyr\u0151l is legyen sz\u00f3, az \u00e1ltal\u00e1nos tapasztalat az, hogy a zen\u00e9s programok vonzz\u00e1k a legnagyobb t\u00f6megeket.<\/p>\n<p style=\"text-align: justify;\"><strong>Programszervez\u0151 irod\u00e1nk<\/strong> sz\u00e1mos neves zenekarral, el\u0151ad\u00f3m\u0171v\u00e9sszel, szt\u00e1rfell\u00e9p\u0151vel \u00e1ll kapcsolatban, ennek k\u00f6sz\u00f6nhet\u0151en k\u00f6nny\u0171 kiv\u00e1lasztani a megsz\u00f3l\u00edtott c\u00e9lk\u00f6z\u00f6ns\u00e9g \u00edzl\u00e9s\u00e9nek megfelel\u0151 el\u0151ad\u00f3kat, hogy egy garant\u00e1ltan n\u00edv\u00f3s program keret\u00e9ben, eml\u00e9kezetes sz\u00f3rakoztat\u00e1st ny\u00fajtsanak!<\/p>\n<p style=\"text-align: justify;\">A honlapunkon tal\u00e1lhat\u00f3 zenekarok \u00e9s <strong>el\u0151ad\u00f3m\u0171v\u00e9szek rendezv\u00e9nyekre<\/strong>, fesztiv\u00e1lokra, \u00e9s c\u00e9ges tal\u00e1lkoz\u00f3kra t\u00f6rt\u00e9n\u0151 leszervez\u00e9s\u00e9hez <strong>orsz\u00e1gos rendez\u0151 irod\u00e1nkt\u00f3l <\/strong>k\u00f6nnyen \u00e9s gyorsan k\u00e9rhet \u00e1raj\u00e1nlatot, v\u00e1rjuk sz\u00edves megkeres\u00e9s\u00e9t!<\/p>\n<h2>Szeretj\u00fck a magyar el\u0151ad\u00f3m\u0171v\u00e9szeket!<\/h2>\n<p style=\"text-align: justify;\"><a href=\"http:\/\/www.szikorarendezoiroda.hu\/szikora\/wp-content\/uploads\/2015\/05\/szikorarendezoiroda.hu_.16jul.jpg\"><img loading=\"lazy\" decoding=\"async\" class=\"alignleft wp-image-2291\" src=\"http:\/\/www.szikorarendezoiroda.hu\/szikora\/wp-content\/uploads\/2015\/05\/szikorarendezoiroda.hu_.16jul.jpg\" alt=\"magyar el\u0151ad\u00f3m\u0171v\u00e9szeket\" width=\"200\" height=\"111\" srcset=\"http:\/\/www.szikorarendezoiroda.hu\/szikora\/wp-content\/uploads\/2015\/05\/szikorarendezoiroda.hu_.16jul.jpg 550w, http:\/\/www.szikorarendezoiroda.hu\/szikora\/wp-content\/uploads\/2015\/05\/szikorarendezoiroda.hu_.16jul-300x166.jpg 300w\" sizes=\"(max-width: 200px) 100vw, 200px\" \/><\/a>Itt a ny\u00e1r, a szabadt\u00e9ri fesztiv\u00e1lok ideje, amikor minden kedves l\u00e1togat\u00f3 egy kellemes koncert alatt felejten\u00e9 el a sz\u00fcrke h\u00e9tk\u00f6znapokat. Mindenkinek m\u00e1s a kedvenc el\u0151ad\u00f3ja, \u00e1m haz\u00e1nk sz\u00ednvonalas m\u0171v\u00e9szei minden esetben csod\u00e1latos \u00e9lm\u00e9nyt biztos\u00edtanak. Legyen sz\u00f3 <strong>Berecky Zolt\u00e1nr\u00f3l<\/strong>, aki a R\u00f3me\u00f3 \u00e9s J\u00fali\u00e1b\u00f3l a legh\u00edresebb tal\u00e1n, esetleg <strong>T\u00f3th Ver\u00e1r\u00f3l<\/strong>, aki a Megaszt\u00e1rban mutatta meg el\u0151sz\u00f6r ut\u00e1nozhatatlan hangj\u00e1t. <strong>Korda Gy\u00f6rgyr\u0151l<\/strong>, a magyar t\u00e1nczene egyik legismertebb el\u0151ad\u00f3 m\u0171v\u00e9sz\u00e9r\u0151l, vagy <strong>Bokor J\u00e1nosr\u00f3l<\/strong> a magyar n\u00f3ta h\u00edres \u00e9nekes\u00e9r\u0151l. Ezen k\u00edv\u00fcl a sz\u00f3rakoztat\u00e1s nagy mestere <strong>B\u00f6d\u0151cs Tibor<\/strong>, Karinthy-gy\u0171r\u0171s humorista is sz\u00edvesen mosolyt csal a vend\u00e9gsereg arc\u00e1ra. \u00c9s ez m\u00e9g nem minden!<\/p>\n<p style=\"text-align: justify;\">Nincs is \u00e9lvezetesebb ann\u00e1l, mint amikor a szabad \u00e9g alatt a csal\u00e1dj\u00e1val, vagy bar\u00e1taival kapcsol\u00f3dhat ki. \u00c9pp ez a legjobb a ny\u00e1rban, hogy ilyenkor egym\u00e1st \u00e9rik a jobbn\u00e1l jobb fesztiv\u00e1lok, melyeken mindenki megtal\u00e1lhatja a maga sz\u00f3rakoz\u00e1s\u00e1t.<\/p>\n<p style=\"text-align: justify;\">H\u00edvjon minket profi <strong>m\u0171sorszervez\u00e9ssel<\/strong> kapcsolatban, dobja fel a fesztiv\u00e1lt a magyar sz\u00f3rakoztat\u00f3 ipar legismertebb alakjaival!<\/p>\n<h2>A m\u0171sorszervez\u0151 irod\u00e1k rejtett kincsei<\/h2>\n<p style=\"text-align: justify;\"><a href=\"http:\/\/www.szikorarendezoiroda.hu\/szikora\/wp-content\/uploads\/2015\/05\/szikorarendezoiroda.hu_.17jan.jpg\"><img loading=\"lazy\" decoding=\"async\" class=\"alignright wp-image-2318\" src=\"http:\/\/www.szikorarendezoiroda.hu\/szikora\/wp-content\/uploads\/2015\/05\/szikorarendezoiroda.hu_.17jan.jpg\" alt=\"A m\u0171sorszervez\u0151 irod\u00e1k rejtett kincsei\" width=\"200\" height=\"157\" srcset=\"http:\/\/www.szikorarendezoiroda.hu\/szikora\/wp-content\/uploads\/2015\/05\/szikorarendezoiroda.hu_.17jan.jpg 886w, http:\/\/www.szikorarendezoiroda.hu\/szikora\/wp-content\/uploads\/2015\/05\/szikorarendezoiroda.hu_.17jan-300x236.jpg 300w\" sizes=\"(max-width: 200px) 100vw, 200px\" \/><\/a>K\u00e9ts\u00e9gtelen, hogy ha <strong>m\u0171sorszervez\u0151 iroda<\/strong> k\u00f6zrem\u0171k\u00f6d\u00e9s\u00e9t h\u00edvjuk seg\u00edts\u00e9g\u00fcl egy-egy rendezv\u00e9ny szervez\u00e9se sor\u00e1n, sz\u00ednvonalas program v\u00e1rhat\u00f3 az esem\u00e9nyen. De mit ny\u00fajthat a r\u00e9sztvev\u0151k sz\u00e1m\u00e1ra egy val\u00f3ban \u00e9lvezetes zenei \u00e9lm\u00e9ny?<\/p>\n<p style=\"text-align: justify;\">Ha zen\u00e9t hallgatunk, sokkal jobb lesz a k\u00f6z\u00e9rzet\u00fcnk, hiszen mindh\u00e1rom f\u0151 boldogs\u00e1ghormon termel\u0151dik szervezet\u00fcnkben a dallamok felcsend\u00fcl\u00e9se k\u00f6zben. A zen\u00e9re val\u00f3 odafigyel\u00e9s seg\u00edti agyunk fejl\u0151d\u00e9s\u00e9t is, hiszen ahhoz, hogy nyomon k\u00f6vess\u00fck, koncentr\u00e1ci\u00f3ra van sz\u00fcks\u00e9g\u00fcnk. A zene egyszerre mozgatja meg benn\u00fcnk a kognit\u00edv \u00e9s az \u00e9rzelmi intelligenci\u00e1t \u2013 egyszerre halljuk a zen\u00e9t az \u00e9rtelm\u00fcnkkel \u00e9s az \u00e9rzelm\u00fcnkkel. Ez a fajta befogad\u00e1si \u00e9lm\u00e9ny teljess\u00e9 teszi \u00e9rz\u00e9kel\u00e9s\u00fcnket.<\/p>\n<p style=\"text-align: justify;\">Az \u00e9l\u0151zene mindemellett a k\u00f6z\u00f6ss\u00e9gi \u00e9rz\u00e9st is meger\u0151s\u00edti benn\u00fcnk, k\u00f6z\u00f6s \u00e9lm\u00e9ny, hogy egy\u00fctt fogadjuk be egy kedvelt el\u0151ad\u00f3 zen\u00e9j\u00e9t, r\u00e9szt vesz\u00fcnk a koncerten, \u00e9s ha t\u00e1ncolunk is, az m\u00e9g k\u00fcl\u00f6nlegesebb \u00e9lm\u00e9ny.<\/p>\n<p style=\"text-align: justify;\">K\u00e9rje \u00d6n is b\u00e1tran <strong>m\u0171sorszerz\u0151 irod\u00e1nk<\/strong> seg\u00edts\u00e9g\u00e9t, hogy egy felejthetetlen zenei \u00e9lm\u00e9nyben r\u00e9szes\u00edthesse rendezv\u00e9nye r\u00e9sztvev\u0151it! A <strong>koncertszervez\u00e9s<\/strong> r\u00e9szletei\u00e9rt keressen minket el\u00e9rhet\u0151s\u00e9geinken!<\/p>\n<h2>A koncertszervez\u0151 iroda szerepe a fesztiv\u00e1lok id\u0151szak\u00e1ban<\/h2>\n<p style=\"text-align: justify;\"><a href=\"http:\/\/www.szikorarendezoiroda.hu\/szikora\/wp-content\/uploads\/2015\/05\/szikorarendezoiroda.hu_.17febr.jpg\"><img loading=\"lazy\" decoding=\"async\" class=\"alignleft wp-image-2321\" src=\"http:\/\/www.szikorarendezoiroda.hu\/szikora\/wp-content\/uploads\/2015\/05\/szikorarendezoiroda.hu_.17febr.jpg\" alt=\"A koncertszervez\u0151 iroda szerepe a fesztiv\u00e1lok id\u0151szak\u00e1ban\" width=\"200\" height=\"132\" srcset=\"http:\/\/www.szikorarendezoiroda.hu\/szikora\/wp-content\/uploads\/2015\/05\/szikorarendezoiroda.hu_.17febr.jpg 616w, http:\/\/www.szikorarendezoiroda.hu\/szikora\/wp-content\/uploads\/2015\/05\/szikorarendezoiroda.hu_.17febr-300x198.jpg 300w\" sizes=\"(max-width: 200px) 100vw, 200px\" \/><\/a>Egy fesztiv\u00e1l megszervez\u00e9se sosem egyszer\u0171 feladat. B\u00e1rmi is az esem\u00e9ny t\u00e9m\u00e1ja, a zenei r\u00e9sz kiemelked\u0151 fontoss\u00e1g\u00fa, hiszen ez adja meg az alaphangulatot<strong>. Koncertszervez\u0151 irod\u00e1nk<\/strong> a hazai zenei szt\u00e1rvil\u00e1g sz\u00e1mos tagj\u00e1val \u00e1ll kapcsolatban, mindenf\u00e9le st\u00edlusban \u00e1llunk rendelkez\u00e9s\u00e9re gyerekm\u0171sorokt\u00f3l a t\u00e1ncdalokon \u00e1t az operettekig.<\/p>\n<p style=\"text-align: justify;\"><strong>Koncertszervez\u0151 irod\u00e1nk<\/strong> minden koroszt\u00e1ly sz\u00e1m\u00e1ra megtal\u00e1lja a megfelel\u0151 fell\u00e9p\u0151ket, a legkisebbeknek Hal\u00e1sz Judit m\u0171sorszervez\u00e9ssel \u00e9s az Alma Egy\u00fcttessel kedvesked\u00fcnk, fiatalabb feln\u0151ttek sz\u00e1m\u00e1ra aj\u00e1nlunk Vastag Tam\u00e1s, vagy ak\u00e1r T\u00f3th Vera m\u0171sorrendel\u00e9st. Ha a 80-as, 90-es \u00e9vek hangulat\u00e1ra van sz\u00fcks\u00e9ge rendezv\u00e9ny\u00e9hez, Bikini, Beatrice, vagy ak\u00e1r Neoton koncertszervez\u00e9ssel \u00e1llunk rendelkez\u00e9s\u00e9re.<\/p>\n<p style=\"text-align: justify;\"><strong>Koncertszervez\u0151<\/strong> <strong>irod\u00e1nk<\/strong> abban lehet \u00d6nnek seg\u00edts\u00e9g\u00e9re, hogy olyan egy\u00fcttesekkel, el\u0151ad\u00f3 m\u0171v\u00e9szekkel \u00e1llunk kapcsolatban, akiket egy\u00e9bk\u00e9nt nagyon neh\u00e9z lenne el\u00e9rni \u00e9s felk\u00e9rni. Keresse irod\u00e1nkat b\u00e1tran, ha fesztiv\u00e1lra, rendezv\u00e9nyre k\u00fcl\u00f6nleges zenei programot szeretne rendelni!<\/p>\n<h2>Retro dallamok, nagy \u00f6regek!<\/h2>\n<p style=\"text-align: justify;\"><a href=\"http:\/\/www.szikorarendezoiroda.hu\/szikora\/wp-content\/uploads\/2015\/05\/szikorarendezoiroda.hu2_.17szept.jpg\"><img loading=\"lazy\" decoding=\"async\" class=\"alignright wp-image-2427\" src=\"http:\/\/www.szikorarendezoiroda.hu\/szikora\/wp-content\/uploads\/2015\/05\/szikorarendezoiroda.hu2_.17szept.jpg\" alt=\"Retro dallamok, nagy \u00f6regek!\" width=\"200\" height=\"133\" srcset=\"http:\/\/www.szikorarendezoiroda.hu\/szikora\/wp-content\/uploads\/2015\/05\/szikorarendezoiroda.hu2_.17szept.jpg 1000w, http:\/\/www.szikorarendezoiroda.hu\/szikora\/wp-content\/uploads\/2015\/05\/szikorarendezoiroda.hu2_.17szept-300x200.jpg 300w, http:\/\/www.szikorarendezoiroda.hu\/szikora\/wp-content\/uploads\/2015\/05\/szikorarendezoiroda.hu2_.17szept-400x267.jpg 400w\" sizes=\"(max-width: 200px) 100vw, 200px\" \/><\/a>Beatrice, Bikini, Feny\u0151 Mikl\u00f3s. Ezek a nevek kellemes nosztalgi\u00e1val t\u00f6ltik el az id\u0151sebb gener\u00e1ci\u00f3t, hiszen sokan ifj\u00fas\u00e1guk sor\u00e1n ismert\u00e9k meg a sz\u00f3ban forg\u00f3 el\u0151ad\u00f3kat \u00e9s dalaikat. De azok is ismerik \u00e9s szeretik a zen\u00e9j\u00fcket, akik esetleg m\u00e9g soha nem \u00e9nekelt\u00e9k \u00e9l\u0151 koncerten, az els\u0151 sorb\u00f3l az ismer\u0151s refr\u00e9nt, az \u00f6r\u00f6kz\u00f6ld sorokat!<\/p>\n<p style=\"text-align: justify;\">A nagy \u00f6regek azonban m\u00e9g mindig akt\u00edvak, zen\u00e9lnek \u00e9s fell\u00e9pnek, \u00edgy \u00d6n is hallhatja, l\u00e1thatja \u0151ket a Szikora Rendez\u0151iroda j\u00f3volt\u00e1b\u00f3l! Forduljon hozz\u00e1nk bizalommal \u00e9s seg\u00edt\u00fcnk \u00d6nnek Feny\u0151 Mikl\u00f3s, Beatrice vagy Bikini <strong>koncertszervez\u00e9ssel<\/strong> kapcsolatban! Valaki m\u00e1sra k\u00edv\u00e1ncsi? Sz\u00e9les reperto\u00e1runk lehet\u0151v\u00e9 teszi, hogy tehets\u00e9ges el\u0151ad\u00f3k, \u00e9rdemes m\u0171v\u00e9szek k\u00f6z\u00f6tt v\u00e1logathasson, \u00e9s megtal\u00e1lja azt az el\u0151ad\u00e1st, ami a legjobban illik elk\u00e9pzel\u00e9seihez!<\/p>\n<p style=\"text-align: justify;\">A Szikora Rendez\u0151iroda k\u00f6zrem\u0171k\u00f6d\u00e9s\u00e9vel sz\u00ednvonalas m\u0171sort \u00e1ll\u00edthat \u00f6ssze b\u00e1rmilyen alkalomra, ahol a retro, a nosztalgia van ter\u00edt\u00e9ken! Vegye fel vel\u00fcnk a kapcsolatot \u00e9s b\u00edzza <strong>m\u0171sorszervez\u0151 irod\u00e1nkra <\/strong>a <strong>koncertszervez\u00e9st!<\/strong><\/p>\n<p style=\"text-align: justify;\">\n","protected":false},"excerpt":{"rendered":"<p>A legjobb zenekarok rendezv\u00e9ny\u00e9hez Szeretne egy kellemes est\u00e9t szerezni a k\u00f6z\u00f6ns\u00e9g\u00e9nek? A zene mindenki sz\u00e1m\u00e1ra kellemes program, ami lelki \u00e9s szellemi fel\u00fcd\u00fcl\u00e9st ny\u00fajt b\u00e1rmilyen alkalom kapcs\u00e1n. Ha egy vagy t\u00f6bb <a class=\"more-link\" href=\"http:\/\/www.szikorarendezoiroda.hu\/szikora\/zenekarok\/\">A folytat&aacute;s olvas&aacute;sa &rarr;<\/a><\/p>\n","protected":false},"author":1,"featured_media":868,"parent":0,"menu_order":0,"comment_status":"open","ping_status":"open","template":"","meta":{"footnotes":""},"aioseo_notices":[],"_links":{"self":[{"href":"http:\/\/www.szikorarendezoiroda.hu\/szikora\/wp-json\/wp\/v2\/pages\/22"}],"collection":[{"href":"http:\/\/www.szikorarendezoiroda.hu\/szikora\/wp-json\/wp\/v2\/pages"}],"about":[{"href":"http:\/\/www.szikorarendezoiroda.hu\/szikora\/wp-json\/wp\/v2\/types\/page"}],"author":[{"embeddable":true,"href":"http:\/\/www.szikorarendezoiroda.hu\/szikora\/wp-json\/wp\/v2\/users\/1"}],"replies":[{"embeddable":true,"href":"http:\/\/www.szikorarendezoiroda.hu\/szikora\/wp-json\/wp\/v2\/comments?post=22"}],"version-history":[{"count":57,"href":"http:\/\/www.szikorarendezoiroda.hu\/szikora\/wp-json\/wp\/v2\/pages\/22\/revisions"}],"predecessor-version":[{"id":3380,"href":"http:\/\/www.szikorarendezoiroda.hu\/szikora\/wp-json\/wp\/v2\/pages\/22\/revisions\/3380"}],"wp:featuredmedia":[{"embeddable":true,"href":"http:\/\/www.szikorarendezoiroda.hu\/szikora\/wp-json\/wp\/v2\/media\/868"}],"wp:attachment":[{"href":"http:\/\/www.szikorarendezoiroda.hu\/szikora\/wp-json\/wp\/v2\/media?parent=22"}],"curies":[{"name":"wp","href":"https:\/\/api.w.org\/{rel}","templated":true}]}}