{"id":20,"date":"2015-05-25T09:31:30","date_gmt":"2015-05-25T09:31:30","guid":{"rendered":"http:\/\/www.szikorarendezoiroda.hu\/szikora\/?page_id=20"},"modified":"2019-08-22T14:40:29","modified_gmt":"2019-08-22T14:40:29","slug":"tancdal-retro-pop","status":"publish","type":"page","link":"http:\/\/www.szikorarendezoiroda.hu\/szikora\/tancdal-retro-pop\/","title":{"rendered":"T\u00e1ncdal, retro, pop"},"content":{"rendered":"<p><a href=\"http:\/\/www.szikorarendezoiroda.hu\/szikora\/wp-content\/uploads\/2015\/05\/007.jpg\"><img loading=\"lazy\" decoding=\"async\" class=\"alignnone size-full wp-image-220\" src=\"http:\/\/www.szikorarendezoiroda.hu\/szikora\/wp-content\/uploads\/2015\/05\/007.jpg\" alt=\"007\" width=\"746\" height=\"192\" srcset=\"http:\/\/www.szikorarendezoiroda.hu\/szikora\/wp-content\/uploads\/2015\/05\/007.jpg 746w, http:\/\/www.szikorarendezoiroda.hu\/szikora\/wp-content\/uploads\/2015\/05\/007-300x77.jpg 300w\" sizes=\"(max-width: 746px) 100vw, 746px\" \/><\/a><\/p>\n<h2 style=\"text-align: justify;\"><span style=\"font-size: 12pt;\"><strong><span style=\"font-family: Georgia,Palatino;\">Retro, pop, t\u00e1ncdalok minden koroszt\u00e1lynak!<\/span><\/strong><\/span><\/h2>\n<p style=\"text-align: justify;\"><span style=\"font-family: Georgia,Palatino; font-size: 10pt;\">Az igaz\u00e1n sikeres rendezv\u00e9ny titka t\u00f6bbnyire nem csak a prec\u00edz, minden r\u00e9szletre kiterjed\u0151 szervez\u00e9s, hanem maga a m\u0171sor. Hiszen a szervez\u00e9s akkor kiv\u00e1l\u00f3, ha a vend\u00e9gek csak azt \u00e9rz\u00e9kelik bel\u0151le, hogy minden g\u00f6rd\u00fcl\u00e9kenyen megy a maga \u00fatj\u00e1n. Ellenben a zene, az el\u0151ad\u00f3k st\u00edlusa \u00e9s teljes\u00edtm\u00e9nye azonnali reakci\u00f3t v\u00e1lt ki mindenkib\u0151l \u00e9s meghat\u00e1rozza az esem\u00e9ny hangulat\u00e1t.<\/span><\/p>\n<p style=\"text-align: justify;\"><span style=\"font-family: Georgia,Palatino; font-size: 10pt;\"><strong>M\u0171sorirod\u00e1nk<\/strong> zenei k\u00edn\u00e1lat\u00e1ban sz\u00ednvonalas el\u0151ad\u00f3k szavatolj\u00e1k a kiv\u00e1l\u00f3 sz\u00f3rakoz\u00e1st minden koroszt\u00e1ly sz\u00e1m\u00e1ra. T\u00f6bbf\u00e9le m\u0171faj, sz\u00e1mtalan st\u00edlus, szt\u00e1rfell\u00e9p\u0151k gondoskodnak arr\u00f3l, hogy mindenki megtal\u00e1lja az elk\u00e9pzel\u00e9seinek megfelel\u0151 \u00e9s az esem\u00e9ny st\u00edlus\u00e1hoz illeszked\u0151 el\u0151ad\u00f3kat.<\/span><\/p>\n<p style=\"text-align: justify;\"><span style=\"font-family: Georgia,Palatino; font-size: 10pt;\">Mi haladunk a korral, t\u00f6r\u0151d\u00fcnk az ig\u00e9nyekkel, \u00e9s nyitott szemmel j\u00e1runk, \u00edgy fell\u00e9p\u0151ink k\u00f6z\u00f6tt az id\u0151sebb koroszt\u00e1ly kedvelt el\u0151ad\u00f3i, mint p\u00e9ld\u00e1ul Charlie \u00e9s Feny\u0151 Mikl\u00f3s, ugyan\u00fagy helyet kapnak, mint a fiatalok kedvencei, az X faktor szt\u00e1rjai.<\/span><\/p>\n<h2 style=\"text-align: justify;\"><span style=\"font-family: Georgia,Palatino; font-size: 12pt;\"><strong>Ha valami igaz\u00e1n k\u00fcl\u00f6nlegesre v\u00e1gyik!<\/strong><\/span><\/h2>\n<p style=\"text-align: justify;\"><span style=\"font-family: Georgia,Palatino; font-size: 10pt;\">Mind a mai napig sz\u00e9les k\u00f6rben \u00f6rvendenek hatalmas n\u00e9pszer\u0171s\u00e9gnek a <strong>t\u00e1ncdalok<\/strong> \u2013 ez pedig nem v\u00e9letlen! Hazai el\u0151ad\u00f3ink olyan sz\u00ednvonalas m\u0171sorokkal \u00f6rvendeztetik meg a m\u0171faj kedvel\u0151it, hogy egyre t\u00f6bben fedezik fel maguknak e csod\u00e1latos zenei alkot\u00e1sok sz\u00e9ps\u00e9g\u00e9t, m\u00edg n\u00e9h\u00e1nyan t\u00f6retlen \u00e9rdekl\u0151d\u00e9s\u00fckkel b\u0151v\u00edtik a <strong>t\u00e1ncdal <\/strong>rajong\u00f3k t\u00e1bor\u00e1t.<\/span><\/p>\n<p style=\"text-align: justify;\"><span style=\"font-family: Georgia,Palatino; font-size: 10pt;\">Szeretn\u00e9 \u00d6n is megismertetni a <strong>t\u00e1ncdalokat<\/strong> a fiatalabb nemzed\u00e9kekkel? K\u00fcl\u00f6nleges zenei \u00e9lm\u00e9nnyel okozna \u00f6r\u00f6met a feln\u0151tt koroszt\u00e1lynak? Akkor j\u00f3 helyen j\u00e1r!<\/span><\/p>\n<p style=\"text-align: justify;\"><span style=\"font-family: Georgia,Palatino; font-size: 10pt;\"><strong>M\u0171sorszervez\u0151 irod\u00e1nkban<\/strong> fontosnak tartjuk, hogy minden alkalomra kiv\u00e1l\u00f3 sz\u00f3rakoztat\u00e1si lehet\u0151s\u00e9get ny\u00fajthassunk. Legyen sz\u00f3 fesztiv\u00e1lokr\u00f3l, c\u00e9ges tal\u00e1lkoz\u00f3r\u00f3l vagy egy\u00e9b zen\u00e9s rendezv\u00e9nyekr\u0151l, mi a rendelkez\u00e9s\u00e9re \u00e1llunk! Sok m\u00e1s lehet\u0151s\u00e9g mellett <strong>t\u00e1ncdalos<\/strong> el\u0151ad\u00e1sok szervez\u00e9s\u00e9t is v\u00e1llaljuk!<\/span><\/p>\n<p style=\"text-align: justify;\"><span style=\"font-family: Georgia,Palatino; font-size: 10pt;\">Haszn\u00e1lja ki \u00d6n is a lehet\u0151s\u00e9get \u00e9s fontolja meg, hogy ak\u00e1r \u00f6n\u00e1ll\u00f3 m\u00f3don, ak\u00e1r r\u00e9szm\u0171sork\u00e9nt beillessze rendezv\u00e9ny\u00e9be a <strong>t\u00e1ncdalokat<\/strong>, hiszen seg\u00edts\u00e9g\u00fckkel csak sikert \u00e9rhet el! Keresse bizalommal <strong>m\u0171sorszervez\u0151 irod\u00e1nkat<\/strong>!<\/span><\/p>\n<h2><span style=\"font-size: 12pt;\"><strong>T\u00e1ncdal, retro, pop: minden, ami a k\u00f6z\u00f6ns\u00e9g kedvence, m\u0171sorszervez\u0151 irod\u00e1nkn\u00e1l megtal\u00e1lhat\u00f3!<\/strong><\/span><\/h2>\n<p><a href=\"http:\/\/www.szikorarendezoiroda.hu\/szikora\/wp-content\/uploads\/2019\/08\/szikorarendezoiroda.hu_.19aug.jpg\"><img loading=\"lazy\" decoding=\"async\" class=\"alignleft wp-image-3294\" title=\"m\u0171sorszervez\u0151 iroda\" src=\"http:\/\/www.szikorarendezoiroda.hu\/szikora\/wp-content\/uploads\/2019\/08\/szikorarendezoiroda.hu_.19aug-300x196.jpg\" alt=\"m\u0171sorszervez\u0151 iroda\" width=\"200\" height=\"130\" srcset=\"http:\/\/www.szikorarendezoiroda.hu\/szikora\/wp-content\/uploads\/2019\/08\/szikorarendezoiroda.hu_.19aug-300x196.jpg 300w, http:\/\/www.szikorarendezoiroda.hu\/szikora\/wp-content\/uploads\/2019\/08\/szikorarendezoiroda.hu_.19aug.jpg 446w\" sizes=\"(max-width: 200px) 100vw, 200px\" \/><\/a>Vannak rendezv\u00e9nyek, amiken a sz\u00e9les k\u00f6z\u00f6ns\u00e9g r\u00e9tegek megsz\u00f3l\u00edt\u00e1sa a c\u00e9l. Ilyenkor a programokat is gondosan \u00f6ssze kell v\u00e1logatni, \u00e9s aszerint szerz\u0151dtetni a fell\u00e9p\u0151ket, hogy milyen st\u00edlusban alkotnak.Az egyik legn\u00e9pszer\u0171bb st\u00edlusok egyike, amire a hallgat\u00f3s\u00e1g nagy r\u00e9sze nem mond nemet, az a pop m\u0171faj, de ugyanilyen n\u00e9pszer\u0171ek a retro sl\u00e1gerek, valamint a t\u00e1ncdalok is.<\/p>\n<p><strong>M\u0171sorszervez\u0151 irod\u00e1nk<\/strong> reperto\u00e1rj\u00e1ban mindh\u00e1rom m\u0171fajb\u00f3l jeles k\u00e9pvisel\u0151k vannak jelen. Garant\u00e1ljuk, hogy van k\u00f6z\u00f6tt\u00fck olyan el\u0151ad\u00f3, aki az \u00d6n k\u00f6z\u00f6ns\u00e9g\u00e9nek az \u00e9rdekl\u0151d\u00e9s\u00e9t is elnyeri, \u00e9s a szervez\u0151k koncepci\u00f3j\u00e1ba is beleillik.<\/p>\n<p>R\u00e9giek \u00e9s \u00fajak, fiatalok \u00e9s j\u00f3l ismert csillagok a magyar zenei retro, pop \u00e9s t\u00e1ncdal eg\u00e9r\u0151l egyar\u00e1nt szerepelnek a p\u00e1rtfogoltjaink k\u00f6z\u00f6tt. Zen\u00e9lhet a k\u00f6z\u00f6ns\u00e9g\u00e9nek Boogie, Charlie, de K\u00e1llay Saunders is. L\u00e9pjen kapcsolatba <strong>m\u0171sorszervez\u0151 irod\u00e1nk <\/strong>munkat\u00e1rsaival, \u00e9s egyeztessen az el\u0151ad\u00f3k megb\u00edz\u00e1s\u00e1r\u00f3l <a href=\"http:\/\/www.szikorarendezoiroda.hu\/szikora\/kapcsolat\/\">el\u00e9rhet\u0151s\u00e9geink<\/a> egyik\u00e9n! \u00d6r\u00f6mmel seg\u00edts\u00e9get ny\u00fajtunk abban, hogy a k\u00f6z\u00f6ns\u00e9ge szeresse a m\u0171sort, amit \u00d6n \u00e9s csapata <strong>m\u0171sorszervez\u0151 irod\u00e1nkkal <\/strong>k\u00f6z\u00f6sen szervez nekik!<\/p>\n<h2><span style=\"font-size: 12pt; font-family: Georgia,Palatino;\"><strong>D\u00edv\u00e1k a sz\u00ednpadon: tehets\u00e9ges \u00e9nekesn\u0151k minden rendezv\u00e9nyre!<\/strong><\/span><\/h2>\n<p style=\"text-align: justify;\"><span style=\"font-size: 10pt; font-family: Georgia,Palatino;\"><a href=\"http:\/\/www.szikorarendezoiroda.hu\/szikora\/wp-content\/uploads\/2015\/05\/szikorarendezoiroda.hu_.16okt.jpg\"><img loading=\"lazy\" decoding=\"async\" class=\" wp-image-2303 alignleft\" src=\"http:\/\/www.szikorarendezoiroda.hu\/szikora\/wp-content\/uploads\/2015\/05\/szikorarendezoiroda.hu_.16okt.jpg\" alt=\"D\u00edv\u00e1k a sz\u00ednpadon: tehets\u00e9ges \u00e9nekesn\u0151k minden rendezv\u00e9nyre!\" width=\"200\" height=\"207\" srcset=\"http:\/\/www.szikorarendezoiroda.hu\/szikora\/wp-content\/uploads\/2015\/05\/szikorarendezoiroda.hu_.16okt.jpg 300w, http:\/\/www.szikorarendezoiroda.hu\/szikora\/wp-content\/uploads\/2015\/05\/szikorarendezoiroda.hu_.16okt-290x300.jpg 290w\" sizes=\"(max-width: 200px) 100vw, 200px\" \/><\/a>Rendezv\u00e9nyt szervez, de m\u00e9g nem tal\u00e1lta meg a t\u00f6k\u00e9letes el\u0151ad\u00f3t a felejthetetlen m\u0171sorhoz? Forduljon hozz\u00e1nk bizalommal, mert mi \u00f6r\u00f6mmel adunk nem csup\u00e1n \u00f6tleteket, de sz\u00ednvonalas el\u0151ad\u00f3m\u0171v\u00e9szeket is szerz\u0151dtethet <strong>szervez\u0151irod\u00e1nk<\/strong> j\u00f3volt\u00e1b\u00f3l!<\/span><\/p>\n<p style=\"text-align: justify;\"><span style=\"font-size: 10pt; font-family: Georgia,Palatino;\">Ha olyan m\u0171sort szeretne \u00f6ssze\u00e1ll\u00edtani vend\u00e9gei sz\u00e1m\u00e1ra, ami biztosan sikert arat, akkor d\u00f6nts\u00f6n elismert \u00e9s n\u00e9pszer\u0171 \u00e9nekesn\u0151ink mellett! N\u00e9pszer\u0171 klasszikusok eset\u00e9n, mint <strong>Keresztes Ildik\u00f3 m\u0171sorszervez\u00e9s <\/strong>vagy divatos szt\u00e1rok, mint<strong> T\u00f3th Gabi<\/strong> <strong>m\u0171sorszervez\u00e9s <\/strong>eset\u00e9n is seg\u00edts\u00e9get ny\u00fajtunk. \u00c9rdemes m\u0171v\u00e9szn\u0151inket felk\u00e9rni, hogy adjanak egy csokorra val\u00f3 \u00edzel\u00edt\u0151t dalaikb\u00f3l, hiszen ezek a sz\u00e1mok mindenki sz\u00e1m\u00e1ra ismert klasszikus sl\u00e1gerek, lass\u00fa, \u00e9rzelmes sz\u00e1mok vagy \u00e9ppen t\u00e1ncra cs\u00e1b\u00edt\u00f3 ritmusok, amelyek k\u00e9pesek megalapozni a vid\u00e1m hangulatot. \u00c9ppen ez\u00e9rt ugyan\u00fagy j\u00f3 d\u00f6nt\u00e9s ezeket a m\u0171v\u00e9szn\u0151ket c\u00e9ges rendezv\u00e9nyre szerz\u0151dtetni, mint g\u00e1l\u00e1ra, d\u00edj\u00e1tad\u00f3ra vagy \u00e9ppen valamilyen k\u00f6tetlenebb esem\u00e9nyre. A m\u0171sor mag\u00e1\u00e9rt besz\u00e9l, az eredm\u00e9ny pedig minden esetben osztatlan siker \u00e9s maradand\u00f3 \u00e9lm\u00e9nyek.<\/span><\/p>\n<p style=\"text-align: justify;\"><span style=\"font-size: 10pt; font-family: Georgia,Palatino;\">Keressen bizalommal <strong>programszervez\u0151 irod\u00e1nkat<\/strong>, \u00e9s \u00e9rdekl\u0151dj\u00f6n a r\u00e9szletekr\u0151l megadott el\u00e9rhet\u0151s\u00e9geinken!<\/span><\/p>\n<p><strong><span style=\"font-family: Georgia,Palatino; font-size: 10pt;\">Keressen fel minket bizalommal, \u00e9s \u00e9rdekl\u0151dj\u00f6n reperto\u00e1runkr\u00f3l, fell\u00e9p\u0151inkr\u0151l!<\/span><\/strong><\/p>\n<div class=\"pt-cv-wrapper\"><div class=\"pt-cv-view pt-cv-grid pt-cv-colsys\" id=\"pt-cv-view-814bc0fqmi\"><div data-id=\"pt-cv-page-1\" class=\"pt-cv-page\" data-cvc=\"3\"><div class=\"col-md-4 col-sm-6 col-xs-12 pt-cv-content-item pt-cv-1-col\" ><div class='pt-cv-ifield'><a href=\"http:\/\/www.szikorarendezoiroda.hu\/szikora\/tancdal-retro-pop\/abba-sisters\/\" class=\"_self pt-cv-href-thumbnail pt-cv-thumb-default\" target=\"_self\" ><img loading=\"lazy\" decoding=\"async\" width=\"300\" height=\"235\" src=\"http:\/\/www.szikorarendezoiroda.hu\/szikora\/wp-content\/uploads\/2015\/05\/abbas1-300x235.jpg\" class=\"pt-cv-thumbnail\" alt=\"\" srcset=\"http:\/\/www.szikorarendezoiroda.hu\/szikora\/wp-content\/uploads\/2015\/05\/abbas1-300x235.jpg 300w, http:\/\/www.szikorarendezoiroda.hu\/szikora\/wp-content\/uploads\/2015\/05\/abbas1.jpg 450w\" sizes=\"(max-width: 300px) 100vw, 300px\" \/><\/a>\n<h4 class=\"pt-cv-title\"><a href=\"http:\/\/www.szikorarendezoiroda.hu\/szikora\/tancdal-retro-pop\/abba-sisters\/\" class=\"_self\" target=\"_self\" >ABBA SISTERS<\/a><\/h4>\n<div class=\"pt-cv-content\">H\u00e1rom remek \u00e9nekesn\u0151, akik gondoltak egy nagyot \u00e9s megalap\u00edtott\u00e1k tri\u00f3jukat. Hatalmas sikerrel \u00e9neklik az Abba sl\u00e1gereket ...<br \/><div class=\"pt-cv-rmwrap\"><a href=\"http:\/\/www.szikorarendezoiroda.hu\/szikora\/tancdal-retro-pop\/abba-sisters\/\" class=\"_self pt-cv-readmore btn btn-success\" target=\"_self\">R\u00e9szletek<\/a><\/div><\/div><\/div><\/div>\n<div class=\"col-md-4 col-sm-6 col-xs-12 pt-cv-content-item pt-cv-1-col\" ><div class='pt-cv-ifield'><a href=\"http:\/\/www.szikorarendezoiroda.hu\/szikora\/tancdal-retro-pop\/adagio\/\" class=\"_self pt-cv-href-thumbnail pt-cv-thumb-default\" target=\"_self\" ><img loading=\"lazy\" decoding=\"async\" width=\"300\" height=\"171\" src=\"http:\/\/www.szikorarendezoiroda.hu\/szikora\/wp-content\/uploads\/2015\/05\/adagio-300x171.jpg\" class=\"pt-cv-thumbnail\" alt=\"\" srcset=\"http:\/\/www.szikorarendezoiroda.hu\/szikora\/wp-content\/uploads\/2015\/05\/adagio-300x171.jpg 300w, http:\/\/www.szikorarendezoiroda.hu\/szikora\/wp-content\/uploads\/2015\/05\/adagio-1024x585.jpg 1024w\" sizes=\"(max-width: 300px) 100vw, 300px\" \/><\/a>\n<h4 class=\"pt-cv-title\"><a href=\"http:\/\/www.szikorarendezoiroda.hu\/szikora\/tancdal-retro-pop\/adagio\/\" class=\"_self\" target=\"_self\" >ADAGIO<\/a><\/h4>\n<div class=\"pt-cv-content\">Megsz\u00fcletett az \u00faj form\u00e1ci\u00f3, de maradt a 3 kit\u0171n\u0151 hang, az elegancia \u00e9s a nagyon v\u00e1ltozatos, sokf\u00e9le zenei st\u00edlust bemutat\u00f3 ...<br \/><div class=\"pt-cv-rmwrap\"><a href=\"http:\/\/www.szikorarendezoiroda.hu\/szikora\/tancdal-retro-pop\/adagio\/\" class=\"_self pt-cv-readmore btn btn-success\" target=\"_self\">R\u00e9szletek<\/a><\/div><\/div><\/div><\/div>\n<div class=\"col-md-4 col-sm-6 col-xs-12 pt-cv-content-item pt-cv-1-col\" ><div class='pt-cv-ifield'><a href=\"http:\/\/www.szikorarendezoiroda.hu\/szikora\/tancdal-retro-pop\/andelic-jonathan\/\" class=\"_self pt-cv-href-thumbnail pt-cv-thumb-default\" target=\"_self\" ><img loading=\"lazy\" decoding=\"async\" width=\"300\" height=\"200\" src=\"http:\/\/www.szikorarendezoiroda.hu\/szikora\/wp-content\/uploads\/2015\/05\/Andelic-Jonathan650x4332-300x200.jpg\" class=\"pt-cv-thumbnail\" alt=\"\" srcset=\"http:\/\/www.szikorarendezoiroda.hu\/szikora\/wp-content\/uploads\/2015\/05\/Andelic-Jonathan650x4332-300x200.jpg 300w, http:\/\/www.szikorarendezoiroda.hu\/szikora\/wp-content\/uploads\/2015\/05\/Andelic-Jonathan650x4332-400x267.jpg 400w, http:\/\/www.szikorarendezoiroda.hu\/szikora\/wp-content\/uploads\/2015\/05\/Andelic-Jonathan650x4332.jpg 650w\" sizes=\"(max-width: 300px) 100vw, 300px\" \/><\/a>\n<h4 class=\"pt-cv-title\"><a href=\"http:\/\/www.szikorarendezoiroda.hu\/szikora\/tancdal-retro-pop\/andelic-jonathan\/\" class=\"_self\" target=\"_self\" >ANDELIC JONATHAN<\/a><\/h4>\n<div class=\"pt-cv-content\">A blues vil\u00e1g\u00e1ban is j\u00e1rtas gospel \u00e9nekes. 30' f\u00e9l-playback 70' \u00e9l\u0151 koncertje egyar\u00e1nt rendelhet\u0151 ...<br \/><div class=\"pt-cv-rmwrap\"><a href=\"http:\/\/www.szikorarendezoiroda.hu\/szikora\/tancdal-retro-pop\/andelic-jonathan\/\" class=\"_self pt-cv-readmore btn btn-success\" target=\"_self\">R\u00e9szletek<\/a><\/div><\/div><\/div><\/div>\n<div class=\"col-md-4 col-sm-6 col-xs-12 pt-cv-content-item pt-cv-1-col\" ><div class='pt-cv-ifield'><a href=\"http:\/\/www.szikorarendezoiroda.hu\/szikora\/tancdal-retro-pop\/auth-csilla\/\" class=\"_self pt-cv-href-thumbnail pt-cv-thumb-default\" target=\"_self\" ><img loading=\"lazy\" decoding=\"async\" width=\"300\" height=\"200\" src=\"http:\/\/www.szikorarendezoiroda.hu\/szikora\/wp-content\/uploads\/2015\/06\/aut-535-300x200.jpg\" class=\"pt-cv-thumbnail\" alt=\"\" srcset=\"http:\/\/www.szikorarendezoiroda.hu\/szikora\/wp-content\/uploads\/2015\/06\/aut-535-300x200.jpg 300w, http:\/\/www.szikorarendezoiroda.hu\/szikora\/wp-content\/uploads\/2015\/06\/aut-535-400x267.jpg 400w, http:\/\/www.szikorarendezoiroda.hu\/szikora\/wp-content\/uploads\/2015\/06\/aut-535.jpg 535w\" sizes=\"(max-width: 300px) 100vw, 300px\" \/><\/a>\n<h4 class=\"pt-cv-title\"><a href=\"http:\/\/www.szikorarendezoiroda.hu\/szikora\/tancdal-retro-pop\/auth-csilla\/\" class=\"_self\" target=\"_self\" >AUTH CSILLA<\/a><\/h4>\n<div class=\"pt-cv-content\">2000-ben Emerton-d\u00edjas \u201e\u00e9v \u00e9nekese\u201d lett, akinek Szolnoki P\u00e9terrel k\u00f6z\u00f6sen \u00e9nekelt dala, az \u201e\u00dagy f\u00e9ltelek\u201d sok\u00e1ig vezette a hazai toplist\u00e1t, de ...<br \/><div class=\"pt-cv-rmwrap\"><a href=\"http:\/\/www.szikorarendezoiroda.hu\/szikora\/tancdal-retro-pop\/auth-csilla\/\" class=\"_self pt-cv-readmore btn btn-success\" target=\"_self\">R\u00e9szletek<\/a><\/div><\/div><\/div><\/div>\n<div class=\"col-md-4 col-sm-6 col-xs-12 pt-cv-content-item pt-cv-1-col\" ><div class='pt-cv-ifield'><a href=\"http:\/\/www.szikorarendezoiroda.hu\/szikora\/tancdal-retro-pop\/bebe\/\" class=\"_self pt-cv-href-thumbnail pt-cv-thumb-default\" target=\"_self\" ><img loading=\"lazy\" decoding=\"async\" width=\"300\" height=\"159\" src=\"http:\/\/www.szikorarendezoiroda.hu\/szikora\/wp-content\/uploads\/2015\/06\/www.stop_.hu_-300x159.jpg\" class=\"pt-cv-thumbnail\" alt=\"\" srcset=\"http:\/\/www.szikorarendezoiroda.hu\/szikora\/wp-content\/uploads\/2015\/06\/www.stop_.hu_-300x159.jpg 300w, http:\/\/www.szikorarendezoiroda.hu\/szikora\/wp-content\/uploads\/2015\/06\/www.stop_.hu_.jpg 658w\" sizes=\"(max-width: 300px) 100vw, 300px\" \/><\/a>\n<h4 class=\"pt-cv-title\"><a href=\"http:\/\/www.szikorarendezoiroda.hu\/szikora\/tancdal-retro-pop\/bebe\/\" class=\"_self\" target=\"_self\" >BEBE<\/a><\/h4>\n<div class=\"pt-cv-content\">A Back II Black n\u00e9pszer\u0171 \u00e9nekese, imm\u00e1ron sz\u00f3l\u00f3ban is v\u00e1llal fell\u00e9p\u00e9seket CD alappal, 40 perces m\u0171sorid\u0151vel ...<br \/><div class=\"pt-cv-rmwrap\"><a href=\"http:\/\/www.szikorarendezoiroda.hu\/szikora\/tancdal-retro-pop\/bebe\/\" class=\"_self pt-cv-readmore btn btn-success\" target=\"_self\">R\u00e9szletek<\/a><\/div><\/div><\/div><\/div>\n<div class=\"col-md-4 col-sm-6 col-xs-12 pt-cv-content-item pt-cv-1-col\" ><div class='pt-cv-ifield'><a href=\"http:\/\/www.szikorarendezoiroda.hu\/szikora\/tancdal-retro-pop\/body-magdi\/\" class=\"_self pt-cv-href-thumbnail pt-cv-thumb-default\" target=\"_self\" ><img loading=\"lazy\" decoding=\"async\" width=\"208\" height=\"300\" src=\"http:\/\/www.szikorarendezoiroda.hu\/szikora\/wp-content\/uploads\/2015\/06\/body-208x300.jpg\" class=\"pt-cv-thumbnail\" alt=\"\" srcset=\"http:\/\/www.szikorarendezoiroda.hu\/szikora\/wp-content\/uploads\/2015\/06\/body-208x300.jpg 208w, http:\/\/www.szikorarendezoiroda.hu\/szikora\/wp-content\/uploads\/2015\/06\/body.jpg 484w\" sizes=\"(max-width: 208px) 100vw, 208px\" \/><\/a>\n<h4 class=\"pt-cv-title\"><a href=\"http:\/\/www.szikorarendezoiroda.hu\/szikora\/tancdal-retro-pop\/body-magdi\/\" class=\"_self\" target=\"_self\" >B\u00d3DY MAGDI<\/a><\/h4>\n<div class=\"pt-cv-content\">20 \u00e9vet t\u00f6lt\u00f6tt Kanad\u00e1ban \u00e9s amerik\u00e1ban, most \u00fajra itthon hallhatjuk egyed\u00fcl\u00e1ll\u00f3 4 okt\u00e1vos, fantasztikus hangj\u00e1t. R\u00e9gi, nagy sl\u00e1gerei mellett (CD ...<br \/><div class=\"pt-cv-rmwrap\"><a href=\"http:\/\/www.szikorarendezoiroda.hu\/szikora\/tancdal-retro-pop\/body-magdi\/\" class=\"_self pt-cv-readmore btn btn-success\" target=\"_self\">R\u00e9szletek<\/a><\/div><\/div><\/div><\/div>\n<div class=\"col-md-4 col-sm-6 col-xs-12 pt-cv-content-item pt-cv-1-col\" ><div class='pt-cv-ifield'><a href=\"http:\/\/www.szikorarendezoiroda.hu\/szikora\/tancdal-retro-pop\/bon-bon\/\" class=\"_self pt-cv-href-thumbnail pt-cv-thumb-default\" target=\"_self\" ><img loading=\"lazy\" decoding=\"async\" width=\"300\" height=\"298\" src=\"http:\/\/www.szikorarendezoiroda.hu\/szikora\/wp-content\/uploads\/2015\/06\/600-300x298.jpg\" class=\"pt-cv-thumbnail\" alt=\"\" srcset=\"http:\/\/www.szikorarendezoiroda.hu\/szikora\/wp-content\/uploads\/2015\/06\/600-300x298.jpg 300w, http:\/\/www.szikorarendezoiroda.hu\/szikora\/wp-content\/uploads\/2015\/06\/600-150x150.jpg 150w, http:\/\/www.szikorarendezoiroda.hu\/szikora\/wp-content\/uploads\/2015\/06\/600.jpg 500w\" sizes=\"(max-width: 300px) 100vw, 300px\" \/><\/a>\n<h4 class=\"pt-cv-title\"><a href=\"http:\/\/www.szikorarendezoiroda.hu\/szikora\/tancdal-retro-pop\/bon-bon\/\" class=\"_self\" target=\"_self\" >BON BON<\/a><\/h4>\n<div class=\"pt-cv-content\">\"Valami Amerika\u201d, \u201eHaverok, buli, szamba\u201d, teh\u00e1t \u201e\u00c9rezd magad j\u00f3l\u201d. \u00c9s t\u00e9nyleg mindent elk\u00f6vet ez\u00e9rt a k\u00e9t \u00e9nekes. \u00c9l\u0151 koncertj\u00fcket is ...<br \/><div class=\"pt-cv-rmwrap\"><a href=\"http:\/\/www.szikorarendezoiroda.hu\/szikora\/tancdal-retro-pop\/bon-bon\/\" class=\"_self pt-cv-readmore btn btn-success\" target=\"_self\">R\u00e9szletek<\/a><\/div><\/div><\/div><\/div>\n<div class=\"col-md-4 col-sm-6 col-xs-12 pt-cv-content-item pt-cv-1-col\" ><div class='pt-cv-ifield'><a href=\"http:\/\/www.szikorarendezoiroda.hu\/szikora\/tancdal-retro-pop\/charlie\/\" class=\"_self pt-cv-href-thumbnail pt-cv-thumb-default\" target=\"_self\" ><img loading=\"lazy\" decoding=\"async\" width=\"300\" height=\"196\" src=\"http:\/\/www.szikorarendezoiroda.hu\/szikora\/wp-content\/uploads\/2015\/06\/34077_horvath-charlie-bajban-van-446-12760-d0002A318d6d7b05a8778-300x196.jpg\" class=\"pt-cv-thumbnail\" alt=\"\" srcset=\"http:\/\/www.szikorarendezoiroda.hu\/szikora\/wp-content\/uploads\/2015\/06\/34077_horvath-charlie-bajban-van-446-12760-d0002A318d6d7b05a8778-300x196.jpg 300w, http:\/\/www.szikorarendezoiroda.hu\/szikora\/wp-content\/uploads\/2015\/06\/34077_horvath-charlie-bajban-van-446-12760-d0002A318d6d7b05a8778.jpg 446w\" sizes=\"(max-width: 300px) 100vw, 300px\" \/><\/a>\n<h4 class=\"pt-cv-title\"><a href=\"http:\/\/www.szikorarendezoiroda.hu\/szikora\/tancdal-retro-pop\/charlie\/\" class=\"_self\" target=\"_self\" >CHARLIE<\/a><\/h4>\n<div class=\"pt-cv-content\">A kezdeti hazai sikerek ut\u00e1n hossz\u00fa \u00e9vekre k\u00fclf\u00f6ldre vette az ir\u00e1nyt, de id\u0151vel m\u00e9gis visszaj\u00f6tt \u00e9s itthon sikert sikerre halmozott ...<br \/><div class=\"pt-cv-rmwrap\"><a href=\"http:\/\/www.szikorarendezoiroda.hu\/szikora\/tancdal-retro-pop\/charlie\/\" class=\"_self pt-cv-readmore btn btn-success\" target=\"_self\">R\u00e9szletek<\/a><\/div><\/div><\/div><\/div>\n<div class=\"col-md-4 col-sm-6 col-xs-12 pt-cv-content-item pt-cv-1-col\" ><div class='pt-cv-ifield'><a href=\"http:\/\/www.szikorarendezoiroda.hu\/szikora\/tancdal-retro-pop\/club-54-mamma-mia\/\" class=\"_self pt-cv-href-thumbnail pt-cv-thumb-default\" target=\"_self\" ><img loading=\"lazy\" decoding=\"async\" width=\"300\" height=\"188\" src=\"http:\/\/www.szikorarendezoiroda.hu\/szikora\/wp-content\/uploads\/2018\/07\/mm-300x188.jpg\" class=\"pt-cv-thumbnail\" alt=\"\" srcset=\"http:\/\/www.szikorarendezoiroda.hu\/szikora\/wp-content\/uploads\/2018\/07\/mm-300x188.jpg 300w, http:\/\/www.szikorarendezoiroda.hu\/szikora\/wp-content\/uploads\/2018\/07\/mm.jpg 750w\" sizes=\"(max-width: 300px) 100vw, 300px\" \/><\/a>\n<h4 class=\"pt-cv-title\"><a href=\"http:\/\/www.szikorarendezoiroda.hu\/szikora\/tancdal-retro-pop\/club-54-mamma-mia\/\" class=\"_self\" target=\"_self\" >Club 54 &#038; Mamma Mia<\/a><\/h4>\n<div class=\"pt-cv-content\">A zenekar v\u00e1ltozatlan, eredeti fel\u00e1ll\u00e1sban dolgozik tov\u00e1bb, Gallusz Nikolett a Mad\u00e1ch sz\u00ednh\u00e1z m\u0171v\u00e9szn\u0151je \u00e9s a Mamma Mia c. musical f\u0151szerepl\u0151je, ...<br \/><div class=\"pt-cv-rmwrap\"><a href=\"http:\/\/www.szikorarendezoiroda.hu\/szikora\/tancdal-retro-pop\/club-54-mamma-mia\/\" class=\"_self pt-cv-readmore btn btn-success\" target=\"_self\">R\u00e9szletek<\/a><\/div><\/div><\/div><\/div>\n<div class=\"col-md-4 col-sm-6 col-xs-12 pt-cv-content-item pt-cv-1-col\" ><div class='pt-cv-ifield'><a href=\"http:\/\/www.szikorarendezoiroda.hu\/szikora\/tancdal-retro-pop\/csemer-boglarka-boogie\/\" class=\"_self pt-cv-href-thumbnail pt-cv-thumb-default\" target=\"_self\" ><img loading=\"lazy\" decoding=\"async\" width=\"300\" height=\"200\" src=\"http:\/\/www.szikorarendezoiroda.hu\/szikora\/wp-content\/uploads\/2018\/08\/Csemer-Boogie1-300x200.jpg\" class=\"pt-cv-thumbnail\" alt=\"\" srcset=\"http:\/\/www.szikorarendezoiroda.hu\/szikora\/wp-content\/uploads\/2018\/08\/Csemer-Boogie1-300x200.jpg 300w, http:\/\/www.szikorarendezoiroda.hu\/szikora\/wp-content\/uploads\/2018\/08\/Csemer-Boogie1-400x267.jpg 400w, http:\/\/www.szikorarendezoiroda.hu\/szikora\/wp-content\/uploads\/2018\/08\/Csemer-Boogie1.jpg 500w\" sizes=\"(max-width: 300px) 100vw, 300px\" \/><\/a>\n<h4 class=\"pt-cv-title\"><a href=\"http:\/\/www.szikorarendezoiroda.hu\/szikora\/tancdal-retro-pop\/csemer-boglarka-boogie\/\" class=\"_self\" target=\"_self\" >Csemer Bogl\u00e1rka &#8211; Boogie<\/a><\/h4>\n<div class=\"pt-cv-content\">Csemer Bogl\u00e1rka \u2013 Boogie: \u00a0Boogie \u00e9nekesi munk\u00e1j\u00e1t a rendk\u00edv\u00fcli ig\u00e9nyess\u00e9g jellemzi zeneileg is \u00e9s sz\u00f6vegileg is.\u00a0 Parf\u00fcm c\u00edm\u0171 dal\u00e1val sikeresen ...<br \/><div class=\"pt-cv-rmwrap\"><a href=\"http:\/\/www.szikorarendezoiroda.hu\/szikora\/tancdal-retro-pop\/csemer-boglarka-boogie\/\" class=\"_self pt-cv-readmore btn btn-success\" target=\"_self\">R\u00e9szletek<\/a><\/div><\/div><\/div><\/div>\n<div class=\"col-md-4 col-sm-6 col-xs-12 pt-cv-content-item pt-cv-1-col\" ><div class='pt-cv-ifield'><a href=\"http:\/\/www.szikorarendezoiroda.hu\/szikora\/tancdal-retro-pop\/csepregi-eva\/\" class=\"_self pt-cv-href-thumbnail pt-cv-thumb-default\" target=\"_self\" ><img loading=\"lazy\" decoding=\"async\" width=\"300\" height=\"197\" src=\"http:\/\/www.szikorarendezoiroda.hu\/szikora\/wp-content\/uploads\/2015\/06\/111-300x197.jpg\" class=\"pt-cv-thumbnail\" alt=\"\" srcset=\"http:\/\/www.szikorarendezoiroda.hu\/szikora\/wp-content\/uploads\/2015\/06\/111-300x197.jpg 300w, http:\/\/www.szikorarendezoiroda.hu\/szikora\/wp-content\/uploads\/2015\/06\/111.jpg 610w\" sizes=\"(max-width: 300px) 100vw, 300px\" \/><\/a>\n<h4 class=\"pt-cv-title\"><a href=\"http:\/\/www.szikorarendezoiroda.hu\/szikora\/tancdal-retro-pop\/csepregi-eva\/\" class=\"_self\" target=\"_self\" >CSEPREGI \u00c9VA<\/a><\/h4>\n<div class=\"pt-cv-content\">Neve \u00e9s a Neoton Famillia neve elv\u00e1laszthatatlan, sz\u00e1mtalan sl\u00e1ger\u00fckkel pl. \"Yoyo\", \"Santa Maria\" CD alapos \u00e9s \u00e9l\u0151 koncertjeiket minden rendezv\u00e9nyen ...<br \/><div class=\"pt-cv-rmwrap\"><a href=\"http:\/\/www.szikorarendezoiroda.hu\/szikora\/tancdal-retro-pop\/csepregi-eva\/\" class=\"_self pt-cv-readmore btn btn-success\" target=\"_self\">R\u00e9szletek<\/a><\/div><\/div><\/div><\/div>\n<div class=\"col-md-4 col-sm-6 col-xs-12 pt-cv-content-item pt-cv-1-col\" ><div class='pt-cv-ifield'><a href=\"http:\/\/www.szikorarendezoiroda.hu\/szikora\/tancdal-retro-pop\/csepregi-eva-es-vegvari-adam\/\" class=\"_self pt-cv-href-thumbnail pt-cv-thumb-default\" target=\"_self\" ><img loading=\"lazy\" decoding=\"async\" width=\"200\" height=\"300\" src=\"http:\/\/www.szikorarendezoiroda.hu\/szikora\/wp-content\/uploads\/2015\/06\/kep2450-200x300.jpg\" class=\"pt-cv-thumbnail\" alt=\"\" srcset=\"http:\/\/www.szikorarendezoiroda.hu\/szikora\/wp-content\/uploads\/2015\/06\/kep2450-200x300.jpg 200w, http:\/\/www.szikorarendezoiroda.hu\/szikora\/wp-content\/uploads\/2015\/06\/kep2450.jpg 533w\" sizes=\"(max-width: 200px) 100vw, 200px\" \/><\/a>\n<h4 class=\"pt-cv-title\"><a href=\"http:\/\/www.szikorarendezoiroda.hu\/szikora\/tancdal-retro-pop\/csepregi-eva-es-vegvari-adam\/\" class=\"_self\" target=\"_self\" >CSEPREGI \u00c9VA \u00c9S V\u00c9GV\u00c1RI \u00c1D\u00c1M<\/a><\/h4>\n<div class=\"pt-cv-content\">Neve \u00e9s a Neoton Famillia neve elv\u00e1laszthatatlan, sz\u00e1mtalan sl\u00e1ger\u00fckkel pl. \"Yoyo\", \"Santa Maria\" CD alapos \u00e9s \u00e9l\u0151 koncertjeiket minden rendezv\u00e9nyen ...<br \/><div class=\"pt-cv-rmwrap\"><a href=\"http:\/\/www.szikorarendezoiroda.hu\/szikora\/tancdal-retro-pop\/csepregi-eva-es-vegvari-adam\/\" class=\"_self pt-cv-readmore btn btn-success\" target=\"_self\">R\u00e9szletek<\/a><\/div><\/div><\/div><\/div>\n<div class=\"col-md-4 col-sm-6 col-xs-12 pt-cv-content-item pt-cv-1-col\" ><div class='pt-cv-ifield'><a href=\"http:\/\/www.szikorarendezoiroda.hu\/szikora\/tancdal-retro-pop\/cserpes-laura\/\" class=\"_self pt-cv-href-thumbnail pt-cv-thumb-default\" target=\"_self\" ><img loading=\"lazy\" decoding=\"async\" width=\"300\" height=\"231\" src=\"http:\/\/www.szikorarendezoiroda.hu\/szikora\/wp-content\/uploads\/2015\/06\/Cserpes-Laura-300x231.jpg\" class=\"pt-cv-thumbnail\" alt=\"\" srcset=\"http:\/\/www.szikorarendezoiroda.hu\/szikora\/wp-content\/uploads\/2015\/06\/Cserpes-Laura-300x231.jpg 300w, http:\/\/www.szikorarendezoiroda.hu\/szikora\/wp-content\/uploads\/2015\/06\/Cserpes-Laura-1024x790.jpg 1024w, http:\/\/www.szikorarendezoiroda.hu\/szikora\/wp-content\/uploads\/2015\/06\/Cserpes-Laura.jpg 1037w\" sizes=\"(max-width: 300px) 100vw, 300px\" \/><\/a>\n<h4 class=\"pt-cv-title\"><a href=\"http:\/\/www.szikorarendezoiroda.hu\/szikora\/tancdal-retro-pop\/cserpes-laura\/\" class=\"_self\" target=\"_self\" >CSERPES LAURA<\/a><\/h4>\n<div class=\"pt-cv-content\">A Dal c\u00edm\u0171 m\u0171sor d\u00f6nt\u0151se. 8 h\u00f3nap alatt n\u00e9gy \u00faj dala jelent meg, h\u00e1romb\u00f3l klipp is k\u00e9sz\u00fclt. Programjai megrendelhet\u0151ek 30 ...<br \/><div class=\"pt-cv-rmwrap\"><a href=\"http:\/\/www.szikorarendezoiroda.hu\/szikora\/tancdal-retro-pop\/cserpes-laura\/\" class=\"_self pt-cv-readmore btn btn-success\" target=\"_self\">R\u00e9szletek<\/a><\/div><\/div><\/div><\/div>\n<div class=\"col-md-4 col-sm-6 col-xs-12 pt-cv-content-item pt-cv-1-col\" ><div class='pt-cv-ifield'><a href=\"http:\/\/www.szikorarendezoiroda.hu\/szikora\/tancdal-retro-pop\/csongradi-kata\/\" class=\"_self pt-cv-href-thumbnail pt-cv-thumb-default\" target=\"_self\" ><img loading=\"lazy\" decoding=\"async\" width=\"230\" height=\"300\" src=\"http:\/\/www.szikorarendezoiroda.hu\/szikora\/wp-content\/uploads\/2015\/06\/304x396_kata-csongradi-9840-230x300.jpg\" class=\"pt-cv-thumbnail\" alt=\"\" srcset=\"http:\/\/www.szikorarendezoiroda.hu\/szikora\/wp-content\/uploads\/2015\/06\/304x396_kata-csongradi-9840-230x300.jpg 230w, http:\/\/www.szikorarendezoiroda.hu\/szikora\/wp-content\/uploads\/2015\/06\/304x396_kata-csongradi-9840.jpg 304w\" sizes=\"(max-width: 230px) 100vw, 230px\" \/><\/a>\n<h4 class=\"pt-cv-title\"><a href=\"http:\/\/www.szikorarendezoiroda.hu\/szikora\/tancdal-retro-pop\/csongradi-kata\/\" class=\"_self\" target=\"_self\" >CSONGR\u00c1DI KATA<\/a><\/h4>\n<div class=\"pt-cv-content\">Sz\u00edn\u00e9szn\u0151, aki a \u201eMilli\u00f3 r\u00f3zsasz\u00e1l\u201d c\u00edm\u0171 dallal els\u0151 hall\u00e1sra belopta mag\u00e1t a k\u00f6z\u00f6ns\u00e9g sz\u00edv\u00e9be. M\u0171sora alaphangj\u00e1t a szeretet \u00e9s b\u00e9kess\u00e9g ...<br \/><div class=\"pt-cv-rmwrap\"><a href=\"http:\/\/www.szikorarendezoiroda.hu\/szikora\/tancdal-retro-pop\/csongradi-kata\/\" class=\"_self pt-cv-readmore btn btn-success\" target=\"_self\">R\u00e9szletek<\/a><\/div><\/div><\/div><\/div>\n<div class=\"col-md-4 col-sm-6 col-xs-12 pt-cv-content-item pt-cv-1-col\" ><div class='pt-cv-ifield'><a href=\"http:\/\/www.szikorarendezoiroda.hu\/szikora\/tancdal-retro-pop\/csonka-andras\/\" class=\"_self pt-cv-href-thumbnail pt-cv-thumb-default\" target=\"_self\" ><img loading=\"lazy\" decoding=\"async\" width=\"300\" height=\"197\" src=\"http:\/\/www.szikorarendezoiroda.hu\/szikora\/wp-content\/uploads\/2015\/06\/csonka_andras-300x197.jpg\" class=\"pt-cv-thumbnail\" alt=\"\" srcset=\"http:\/\/www.szikorarendezoiroda.hu\/szikora\/wp-content\/uploads\/2015\/06\/csonka_andras-300x197.jpg 300w, http:\/\/www.szikorarendezoiroda.hu\/szikora\/wp-content\/uploads\/2015\/06\/csonka_andras.jpg 610w\" sizes=\"(max-width: 300px) 100vw, 300px\" \/><\/a>\n<h4 class=\"pt-cv-title\"><a href=\"http:\/\/www.szikorarendezoiroda.hu\/szikora\/tancdal-retro-pop\/csonka-andras\/\" class=\"_self\" target=\"_self\" >CSONKA ANDR\u00c1S<\/a><\/h4>\n<div class=\"pt-cv-content\">Sz\u00edn\u00e9sz, m\u0171sorvezet\u0151, \u201dt\u00e1nc versenyz\u0151\u201d \u00e9s nem utols\u00f3 sorban \u00e9nekes el\u0151ad\u00f3m\u0171v\u00e9sz. B\u00e1rmilyen t\u00edpusu rendezv\u00e9nyen maxim\u00e1lisan ny\u00fajtja tud\u00e1s\u00e1t, legyen az egy nagyon ...<br \/><div class=\"pt-cv-rmwrap\"><a href=\"http:\/\/www.szikorarendezoiroda.hu\/szikora\/tancdal-retro-pop\/csonka-andras\/\" class=\"_self pt-cv-readmore btn btn-success\" target=\"_self\">R\u00e9szletek<\/a><\/div><\/div><\/div><\/div>\n<div class=\"col-md-4 col-sm-6 col-xs-12 pt-cv-content-item pt-cv-1-col\" ><div class='pt-cv-ifield'><a href=\"http:\/\/www.szikorarendezoiroda.hu\/szikora\/tancdal-retro-pop\/danics-dora\/\" class=\"_self pt-cv-href-thumbnail pt-cv-thumb-default\" target=\"_self\" ><img loading=\"lazy\" decoding=\"async\" width=\"300\" height=\"273\" src=\"http:\/\/www.szikorarendezoiroda.hu\/szikora\/wp-content\/uploads\/2015\/05\/danics-dora-300x273.jpg\" class=\"pt-cv-thumbnail\" alt=\"\" srcset=\"http:\/\/www.szikorarendezoiroda.hu\/szikora\/wp-content\/uploads\/2015\/05\/danics-dora-300x273.jpg 300w, http:\/\/www.szikorarendezoiroda.hu\/szikora\/wp-content\/uploads\/2015\/05\/danics-dora.jpg 705w\" sizes=\"(max-width: 300px) 100vw, 300px\" \/><\/a>\n<h4 class=\"pt-cv-title\"><a href=\"http:\/\/www.szikorarendezoiroda.hu\/szikora\/tancdal-retro-pop\/danics-dora\/\" class=\"_self\" target=\"_self\" >DANICS D\u00d3RA<\/a><\/h4>\n<div class=\"pt-cv-content\">A hazai versenyek els\u0151 n\u0151i gy\u0151ztese. Vele v\u00e9gre elmondhatjuk, hogy egy nagyon er\u0151s versenyben gy\u0151z\u0151tt a \"gyeng\u00e9bb nem\". 30 perces ...<br \/><div class=\"pt-cv-rmwrap\"><a href=\"http:\/\/www.szikorarendezoiroda.hu\/szikora\/tancdal-retro-pop\/danics-dora\/\" class=\"_self pt-cv-readmore btn btn-success\" target=\"_self\">R\u00e9szletek<\/a><\/div><\/div><\/div><\/div>\n<div class=\"col-md-4 col-sm-6 col-xs-12 pt-cv-content-item pt-cv-1-col\" ><div class='pt-cv-ifield'><a href=\"http:\/\/www.szikorarendezoiroda.hu\/szikora\/tancdal-retro-pop\/delhusa-gjon\/\" class=\"_self pt-cv-href-thumbnail pt-cv-thumb-default\" target=\"_self\" ><img loading=\"lazy\" decoding=\"async\" width=\"300\" height=\"218\" src=\"http:\/\/www.szikorarendezoiroda.hu\/szikora\/wp-content\/uploads\/2015\/06\/DelhusaGjon_640-300x218.jpg\" class=\"pt-cv-thumbnail\" alt=\"\" srcset=\"http:\/\/www.szikorarendezoiroda.hu\/szikora\/wp-content\/uploads\/2015\/06\/DelhusaGjon_640-300x218.jpg 300w, http:\/\/www.szikorarendezoiroda.hu\/szikora\/wp-content\/uploads\/2015\/06\/DelhusaGjon_640.jpg 640w\" sizes=\"(max-width: 300px) 100vw, 300px\" \/><\/a>\n<h4 class=\"pt-cv-title\"><a href=\"http:\/\/www.szikorarendezoiroda.hu\/szikora\/tancdal-retro-pop\/delhusa-gjon\/\" class=\"_self\" target=\"_self\" >DELHUSA GJON<\/a><\/h4>\n<div class=\"pt-cv-content\">1971-ben a Hegyek l\u00e1nya c\u00edm\u0171 dallal nyerte el a k\u00f6z\u00f6ns\u00e9g tetsz\u00e9s\u00e9t. Az\u00f3ta sz\u00e1mtalan sl\u00e1gere sz\u00fcletett, amiknek hangz\u00e1sa mindig utal mediterr\u00e1n ...<br \/><div class=\"pt-cv-rmwrap\"><a href=\"http:\/\/www.szikorarendezoiroda.hu\/szikora\/tancdal-retro-pop\/delhusa-gjon\/\" class=\"_self pt-cv-readmore btn btn-success\" target=\"_self\">R\u00e9szletek<\/a><\/div><\/div><\/div><\/div>\n<div class=\"col-md-4 col-sm-6 col-xs-12 pt-cv-content-item pt-cv-1-col\" ><div class='pt-cv-ifield'><a href=\"http:\/\/www.szikorarendezoiroda.hu\/szikora\/tancdal-retro-pop\/der-heni\/\" class=\"_self pt-cv-href-thumbnail pt-cv-thumb-default\" target=\"_self\" ><img loading=\"lazy\" decoding=\"async\" width=\"300\" height=\"169\" src=\"http:\/\/www.szikorarendezoiroda.hu\/szikora\/wp-content\/uploads\/2018\/08\/D\u00e9r-Heni-300x169.jpg\" class=\"pt-cv-thumbnail\" alt=\"\" srcset=\"http:\/\/www.szikorarendezoiroda.hu\/szikora\/wp-content\/uploads\/2018\/08\/D\u00e9r-Heni-300x169.jpg 300w, http:\/\/www.szikorarendezoiroda.hu\/szikora\/wp-content\/uploads\/2018\/08\/D\u00e9r-Heni.jpg 1024w\" sizes=\"(max-width: 300px) 100vw, 300px\" \/><\/a>\n<h4 class=\"pt-cv-title\"><a href=\"http:\/\/www.szikorarendezoiroda.hu\/szikora\/tancdal-retro-pop\/der-heni\/\" class=\"_self\" target=\"_self\" >D\u00e9r Heni<\/a><\/h4>\n<div class=\"pt-cv-content\">A Vajdas\u00e1gban sz\u00fcletett \u00e9nekesn\u0151 a Sugarloafban kezdte p\u00e1lyafut\u00e1s\u00e1t. 2013-ban kezdte el sz\u00f3l\u00f3karrierj\u00e9t.\u00a0 Els\u0151 albuma Intro c\u00edmen jelentmeg. Sl\u00e1gereit mai napig ...<br \/><div class=\"pt-cv-rmwrap\"><a href=\"http:\/\/www.szikorarendezoiroda.hu\/szikora\/tancdal-retro-pop\/der-heni\/\" class=\"_self pt-cv-readmore btn btn-success\" target=\"_self\">R\u00e9szletek<\/a><\/div><\/div><\/div><\/div>\n<div class=\"col-md-4 col-sm-6 col-xs-12 pt-cv-content-item pt-cv-1-col\" ><div class='pt-cv-ifield'><a href=\"http:\/\/www.szikorarendezoiroda.hu\/szikora\/tancdal-retro-pop\/dj-szatmari-feat-jucus\/\" class=\"_self pt-cv-href-thumbnail pt-cv-thumb-default\" target=\"_self\" ><img loading=\"lazy\" decoding=\"async\" width=\"300\" height=\"300\" src=\"http:\/\/www.szikorarendezoiroda.hu\/szikora\/wp-content\/uploads\/2019\/07\/dj.szatm\u00e1ri-300x300.jpg\" class=\"pt-cv-thumbnail\" alt=\"\" srcset=\"http:\/\/www.szikorarendezoiroda.hu\/szikora\/wp-content\/uploads\/2019\/07\/dj.szatm\u00e1ri-300x300.jpg 300w, http:\/\/www.szikorarendezoiroda.hu\/szikora\/wp-content\/uploads\/2019\/07\/dj.szatm\u00e1ri-150x150.jpg 150w, http:\/\/www.szikorarendezoiroda.hu\/szikora\/wp-content\/uploads\/2019\/07\/dj.szatm\u00e1ri.jpg 640w\" sizes=\"(max-width: 300px) 100vw, 300px\" \/><\/a>\n<h4 class=\"pt-cv-title\"><a href=\"http:\/\/www.szikorarendezoiroda.hu\/szikora\/tancdal-retro-pop\/dj-szatmari-feat-jucus\/\" class=\"_self\" target=\"_self\" >Dj.Szatm\u00e1ri feat.Jucus<\/a><\/h4>\n<div class=\"pt-cv-content\">Zen\u00e9sz - \u00e9nekes. Els\u0151 maxija 2003-ban jelent meg. Pusk\u00e1s Judit - Jucus -szem\u00e9ly\u00e9ben megtal\u00e1lta a hangban, st\u00edlusban hozz\u00e1ill\u0151 partnert. 60-90 ...<br \/><div class=\"pt-cv-rmwrap\"><a href=\"http:\/\/www.szikorarendezoiroda.hu\/szikora\/tancdal-retro-pop\/dj-szatmari-feat-jucus\/\" class=\"_self pt-cv-readmore btn btn-success\" target=\"_self\">R\u00e9szletek<\/a><\/div><\/div><\/div><\/div>\n<div class=\"col-md-4 col-sm-6 col-xs-12 pt-cv-content-item pt-cv-1-col\" ><div class='pt-cv-ifield'><a href=\"http:\/\/www.szikorarendezoiroda.hu\/szikora\/tancdal-retro-pop\/dred-doris\/\" class=\"_self pt-cv-href-thumbnail pt-cv-thumb-default\" target=\"_self\" ><img loading=\"lazy\" decoding=\"async\" width=\"300\" height=\"200\" src=\"http:\/\/www.szikorarendezoiroda.hu\/szikora\/wp-content\/uploads\/2015\/06\/dred2_8w9z.png-300x200.jpg\" class=\"pt-cv-thumbnail\" alt=\"\" srcset=\"http:\/\/www.szikorarendezoiroda.hu\/szikora\/wp-content\/uploads\/2015\/06\/dred2_8w9z.png-300x200.jpg 300w, http:\/\/www.szikorarendezoiroda.hu\/szikora\/wp-content\/uploads\/2015\/06\/dred2_8w9z.png-400x267.jpg 400w, http:\/\/www.szikorarendezoiroda.hu\/szikora\/wp-content\/uploads\/2015\/06\/dred2_8w9z.png.jpg 1000w\" sizes=\"(max-width: 300px) 100vw, 300px\" \/><\/a>\n<h4 class=\"pt-cv-title\"><a href=\"http:\/\/www.szikorarendezoiroda.hu\/szikora\/tancdal-retro-pop\/dred-doris\/\" class=\"_self\" target=\"_self\" >DRED &#038; DORIS<\/a><\/h4>\n<div class=\"pt-cv-content\">A p\u00e1ros az elm\u00falt \u00e9vekben nagy hangs\u00falyt fektetett arra, hogy trendi hangz\u00e1s\u00fa dalokat k\u00e9szitsen. \u00cdgy t\u00f6rt\u00e9nt ez most is , ...<br \/><div class=\"pt-cv-rmwrap\"><a href=\"http:\/\/www.szikorarendezoiroda.hu\/szikora\/tancdal-retro-pop\/dred-doris\/\" class=\"_self pt-cv-readmore btn btn-success\" target=\"_self\">R\u00e9szletek<\/a><\/div><\/div><\/div><\/div>\n<div class=\"col-md-4 col-sm-6 col-xs-12 pt-cv-content-item pt-cv-1-col\" ><div class='pt-cv-ifield'><a href=\"http:\/\/www.szikorarendezoiroda.hu\/szikora\/tancdal-retro-pop\/fabian-eva\/\" class=\"_self pt-cv-href-thumbnail pt-cv-thumb-default\" target=\"_self\" ><img loading=\"lazy\" decoding=\"async\" width=\"200\" height=\"300\" src=\"http:\/\/www.szikorarendezoiroda.hu\/szikora\/wp-content\/uploads\/2019\/07\/F\u00e1bi\u00e1n-\u00c9va-200x300.jpg\" class=\"pt-cv-thumbnail\" alt=\"\" srcset=\"http:\/\/www.szikorarendezoiroda.hu\/szikora\/wp-content\/uploads\/2019\/07\/F\u00e1bi\u00e1n-\u00c9va-200x300.jpg 200w, http:\/\/www.szikorarendezoiroda.hu\/szikora\/wp-content\/uploads\/2019\/07\/F\u00e1bi\u00e1n-\u00c9va.jpg 511w\" sizes=\"(max-width: 200px) 100vw, 200px\" \/><\/a>\n<h4 class=\"pt-cv-title\"><a href=\"http:\/\/www.szikorarendezoiroda.hu\/szikora\/tancdal-retro-pop\/fabian-eva\/\" class=\"_self\" target=\"_self\" >F\u00e1bi\u00e1n \u00c9va<\/a><\/h4>\n<div class=\"pt-cv-content\">A K\u00f3cbab\u00e1k \u00e9nekesn\u0151jek\u00e9nt kezdte a p\u00e1ly\u00e1j\u00e1t, majd a Neoton Egy\u00fcttes-sel illetve a Neoton Fam\u00edlia n\u00e9vre v\u00e1ltoztatott form\u00e1ci\u00f3val \u00e9nekelt. 1980-ban sz\u00f3l\u00f3\u00e9nekesi ...<br \/><div class=\"pt-cv-rmwrap\"><a href=\"http:\/\/www.szikorarendezoiroda.hu\/szikora\/tancdal-retro-pop\/fabian-eva\/\" class=\"_self pt-cv-readmore btn btn-success\" target=\"_self\">R\u00e9szletek<\/a><\/div><\/div><\/div><\/div>\n<div class=\"col-md-4 col-sm-6 col-xs-12 pt-cv-content-item pt-cv-1-col\" ><div class='pt-cv-ifield'><a href=\"http:\/\/www.szikorarendezoiroda.hu\/szikora\/tancdal-retro-pop\/fenyo-miklos\/\" class=\"_self pt-cv-href-thumbnail pt-cv-thumb-default\" target=\"_self\" ><img loading=\"lazy\" decoding=\"async\" width=\"300\" height=\"285\" src=\"http:\/\/www.szikorarendezoiroda.hu\/szikora\/wp-content\/uploads\/2015\/06\/fenyo_miki2-300x285.jpg\" class=\"pt-cv-thumbnail\" alt=\"\" srcset=\"http:\/\/www.szikorarendezoiroda.hu\/szikora\/wp-content\/uploads\/2015\/06\/fenyo_miki2-300x285.jpg 300w, http:\/\/www.szikorarendezoiroda.hu\/szikora\/wp-content\/uploads\/2015\/06\/fenyo_miki2.jpg 505w\" sizes=\"(max-width: 300px) 100vw, 300px\" \/><\/a>\n<h4 class=\"pt-cv-title\"><a href=\"http:\/\/www.szikorarendezoiroda.hu\/szikora\/tancdal-retro-pop\/fenyo-miklos\/\" class=\"_self\" target=\"_self\" >FENY\u0150 MIKL\u00d3S<\/a><\/h4>\n<div class=\"pt-cv-content\">Neve egybeforrt az \u0151s amerikai rock and roll legautentikusabb magyarorsz\u00e1gi megsz\u00f3laltat\u00f3j\u00e1val. Nem csak zenekar\u00e1val a Hung\u00e1ri\u00e1val, hanem felfedezettjeivel is -l\u00e1sd ...<br \/><div class=\"pt-cv-rmwrap\"><a href=\"http:\/\/www.szikorarendezoiroda.hu\/szikora\/tancdal-retro-pop\/fenyo-miklos\/\" class=\"_self pt-cv-readmore btn btn-success\" target=\"_self\">R\u00e9szletek<\/a><\/div><\/div><\/div><\/div>\n<div class=\"col-md-4 col-sm-6 col-xs-12 pt-cv-content-item pt-cv-1-col\" ><div class='pt-cv-ifield'><a href=\"http:\/\/www.szikorarendezoiroda.hu\/szikora\/tancdal-retro-pop\/four-fathers\/\" class=\"_self pt-cv-href-thumbnail pt-cv-thumb-default\" target=\"_self\" ><img loading=\"lazy\" decoding=\"async\" width=\"279\" height=\"300\" src=\"http:\/\/www.szikorarendezoiroda.hu\/szikora\/wp-content\/uploads\/2015\/06\/IMG_3597-279x300.jpg\" class=\"pt-cv-thumbnail\" alt=\"\" srcset=\"http:\/\/www.szikorarendezoiroda.hu\/szikora\/wp-content\/uploads\/2015\/06\/IMG_3597-279x300.jpg 279w, http:\/\/www.szikorarendezoiroda.hu\/szikora\/wp-content\/uploads\/2015\/06\/IMG_3597.jpg 714w\" sizes=\"(max-width: 279px) 100vw, 279px\" \/><\/a>\n<h4 class=\"pt-cv-title\"><a href=\"http:\/\/www.szikorarendezoiroda.hu\/szikora\/tancdal-retro-pop\/four-fathers\/\" class=\"_self\" target=\"_self\" >FOUR FATHERS<\/a><\/h4>\n<div class=\"pt-cv-content\">Az \u00e9nekegy\u00fcttes 1995-ben alakult a jelen form\u00e1ci\u00f3 17 \u00e9ves , 1999-\u00f3ta \u00e9nekelnek egy\u00fctt.\u00a0\u00a0\u00a0\u00a0\u00a0\u00a0\u00a0 Reperto\u00e1rjukon a 20-as, 30-as \u00e9vek amerikai zen\u00e9je,\u00a0 ...<br \/><div class=\"pt-cv-rmwrap\"><a href=\"http:\/\/www.szikorarendezoiroda.hu\/szikora\/tancdal-retro-pop\/four-fathers\/\" class=\"_self pt-cv-readmore btn btn-success\" target=\"_self\">R\u00e9szletek<\/a><\/div><\/div><\/div><\/div>\n<div class=\"col-md-4 col-sm-6 col-xs-12 pt-cv-content-item pt-cv-1-col\" ><div class='pt-cv-ifield'><a href=\"http:\/\/www.szikorarendezoiroda.hu\/szikora\/tancdal-retro-pop\/hevesi-tamas\/\" class=\"_self pt-cv-href-thumbnail pt-cv-thumb-default\" target=\"_self\" ><img loading=\"lazy\" decoding=\"async\" width=\"300\" height=\"214\" src=\"http:\/\/www.szikorarendezoiroda.hu\/szikora\/wp-content\/uploads\/2017\/02\/hevesi-tamas-300x214.jpg\" class=\"pt-cv-thumbnail\" alt=\"\" srcset=\"http:\/\/www.szikorarendezoiroda.hu\/szikora\/wp-content\/uploads\/2017\/02\/hevesi-tamas-300x214.jpg 300w, http:\/\/www.szikorarendezoiroda.hu\/szikora\/wp-content\/uploads\/2017\/02\/hevesi-tamas.jpg 421w\" sizes=\"(max-width: 300px) 100vw, 300px\" \/><\/a>\n<h4 class=\"pt-cv-title\"><a href=\"http:\/\/www.szikorarendezoiroda.hu\/szikora\/tancdal-retro-pop\/hevesi-tamas\/\" class=\"_self\" target=\"_self\" >Hevesi Tam\u00e1s<\/a><\/h4>\n<div class=\"pt-cv-content\">Hevesi Tam\u00e1s:\u00a0 V\u00e1ltozatlan lend\u00fclettel \u00e9s elk\u00e9peszt\u0151 intenzit\u00e1ssal \u00e9nekli Hevesi Tam\u00e1s saj\u00e1t sl\u00e1gereit\u00a0 az\u00a0 Egy \u00e9leten \u00e1t kell j\u00e1tszanit\u2026\u00a0 a\u00a0\u00a0\u00a0 Cs\u00edkos ...<br \/><div class=\"pt-cv-rmwrap\"><a href=\"http:\/\/www.szikorarendezoiroda.hu\/szikora\/tancdal-retro-pop\/hevesi-tamas\/\" class=\"_self pt-cv-readmore btn btn-success\" target=\"_self\">R\u00e9szletek<\/a><\/div><\/div><\/div><\/div>\n<div class=\"col-md-4 col-sm-6 col-xs-12 pt-cv-content-item pt-cv-1-col\" ><div class='pt-cv-ifield'><a href=\"http:\/\/www.szikorarendezoiroda.hu\/szikora\/tancdal-retro-pop\/horanyi-juli\/\" class=\"_self pt-cv-href-thumbnail pt-cv-thumb-default\" target=\"_self\" ><img loading=\"lazy\" decoding=\"async\" width=\"300\" height=\"212\" src=\"http:\/\/www.szikorarendezoiroda.hu\/szikora\/wp-content\/uploads\/2015\/05\/horanyi-Juli2680x480-300x212.png\" class=\"pt-cv-thumbnail\" alt=\"\" srcset=\"http:\/\/www.szikorarendezoiroda.hu\/szikora\/wp-content\/uploads\/2015\/05\/horanyi-Juli2680x480-300x212.png 300w, http:\/\/www.szikorarendezoiroda.hu\/szikora\/wp-content\/uploads\/2015\/05\/horanyi-Juli2680x480.png 680w\" sizes=\"(max-width: 300px) 100vw, 300px\" \/><\/a>\n<h4 class=\"pt-cv-title\"><a href=\"http:\/\/www.szikorarendezoiroda.hu\/szikora\/tancdal-retro-pop\/horanyi-juli\/\" class=\"_self\" target=\"_self\" >HOR\u00c1NYI JULI<\/a><\/h4>\n<div class=\"pt-cv-content\">K\u00fcl\u00f6nleges, egyedi hangz\u00e1s\u00fa igazi d\u00edva ...<br \/><div class=\"pt-cv-rmwrap\"><a href=\"http:\/\/www.szikorarendezoiroda.hu\/szikora\/tancdal-retro-pop\/horanyi-juli\/\" class=\"_self pt-cv-readmore btn btn-success\" target=\"_self\">R\u00e9szletek<\/a><\/div><\/div><\/div><\/div>\n<div class=\"col-md-4 col-sm-6 col-xs-12 pt-cv-content-item pt-cv-1-col\" ><div class='pt-cv-ifield'><a href=\"http:\/\/www.szikorarendezoiroda.hu\/szikora\/tancdal-retro-pop\/kallay-saunders\/\" class=\"_self pt-cv-href-thumbnail pt-cv-thumb-default\" target=\"_self\" ><img loading=\"lazy\" decoding=\"async\" width=\"300\" height=\"200\" src=\"http:\/\/www.szikorarendezoiroda.hu\/szikora\/wp-content\/uploads\/2015\/06\/d29c79dc-2d34-441c-b37a-7d71b6ee559f-300x200.jpg\" class=\"pt-cv-thumbnail\" alt=\"\" srcset=\"http:\/\/www.szikorarendezoiroda.hu\/szikora\/wp-content\/uploads\/2015\/06\/d29c79dc-2d34-441c-b37a-7d71b6ee559f-300x200.jpg 300w, http:\/\/www.szikorarendezoiroda.hu\/szikora\/wp-content\/uploads\/2015\/06\/d29c79dc-2d34-441c-b37a-7d71b6ee559f-1024x682.jpg 1024w, http:\/\/www.szikorarendezoiroda.hu\/szikora\/wp-content\/uploads\/2015\/06\/d29c79dc-2d34-441c-b37a-7d71b6ee559f-400x267.jpg 400w, http:\/\/www.szikorarendezoiroda.hu\/szikora\/wp-content\/uploads\/2015\/06\/d29c79dc-2d34-441c-b37a-7d71b6ee559f.jpg 1200w\" sizes=\"(max-width: 300px) 100vw, 300px\" \/><\/a>\n<h4 class=\"pt-cv-title\"><a href=\"http:\/\/www.szikorarendezoiroda.hu\/szikora\/tancdal-retro-pop\/kallay-saunders\/\" class=\"_self\" target=\"_self\" >K\u00c1LLAY SAUNDERS<\/a><\/h4>\n<div class=\"pt-cv-content\">2013 kedvence.\u00a0H\u00e1rom \u00e9v alatt 5 toplist\u00e1s dala jelent meg, r\u00f6videsen j\u00f6n\u00a0els\u0151 nagylemeze. CD alapos fell\u00e9p\u00e9se \u00e9s \u00e9l\u0151 koncertje egyar\u00e1nt nagy ...<br \/><div class=\"pt-cv-rmwrap\"><a href=\"http:\/\/www.szikorarendezoiroda.hu\/szikora\/tancdal-retro-pop\/kallay-saunders\/\" class=\"_self pt-cv-readmore btn btn-success\" target=\"_self\">R\u00e9szletek<\/a><\/div><\/div><\/div><\/div>\n<div class=\"col-md-4 col-sm-6 col-xs-12 pt-cv-content-item pt-cv-1-col\" ><div class='pt-cv-ifield'><a href=\"http:\/\/www.szikorarendezoiroda.hu\/szikora\/tancdal-retro-pop\/keresztes-ildiko\/\" class=\"_self pt-cv-href-thumbnail pt-cv-thumb-default\" target=\"_self\" ><img loading=\"lazy\" decoding=\"async\" width=\"300\" height=\"237\" src=\"http:\/\/www.szikorarendezoiroda.hu\/szikora\/wp-content\/uploads\/2015\/06\/12035_zene_w800_h600-300x237.jpeg\" class=\"pt-cv-thumbnail\" alt=\"\" srcset=\"http:\/\/www.szikorarendezoiroda.hu\/szikora\/wp-content\/uploads\/2015\/06\/12035_zene_w800_h600-300x237.jpeg 300w, http:\/\/www.szikorarendezoiroda.hu\/szikora\/wp-content\/uploads\/2015\/06\/12035_zene_w800_h600.jpeg 760w\" sizes=\"(max-width: 300px) 100vw, 300px\" \/><\/a>\n<h4 class=\"pt-cv-title\"><a href=\"http:\/\/www.szikorarendezoiroda.hu\/szikora\/tancdal-retro-pop\/keresztes-ildiko\/\" class=\"_self\" target=\"_self\" >KERESZTES ILDIK\u00d3<\/a><\/h4>\n<div class=\"pt-cv-content\">\u201eMinden ami sz\u00e9p volt\u201d, \u00e9nekli az \u00e9nekesn\u0151-sz\u00edn\u00e9szn\u0151. K\u00e9tszer lett Emerton-d\u00edjas. A Soproni Sz\u00ednh\u00e1z sz\u00edn\u00e9szn\u0151je, jelent\u0151s szerepeket j\u00e1tszott t\u00f6bb musicalben \u00e9s ...<br \/><div class=\"pt-cv-rmwrap\"><a href=\"http:\/\/www.szikorarendezoiroda.hu\/szikora\/tancdal-retro-pop\/keresztes-ildiko\/\" class=\"_self pt-cv-readmore btn btn-success\" target=\"_self\">R\u00e9szletek<\/a><\/div><\/div><\/div><\/div>\n<div class=\"col-md-4 col-sm-6 col-xs-12 pt-cv-content-item pt-cv-1-col\" ><div class='pt-cv-ifield'><a href=\"http:\/\/www.szikorarendezoiroda.hu\/szikora\/tancdal-retro-pop\/kocsis-tibor\/\" class=\"_self pt-cv-href-thumbnail pt-cv-thumb-default\" target=\"_self\" ><img loading=\"lazy\" decoding=\"async\" width=\"300\" height=\"203\" src=\"http:\/\/www.szikorarendezoiroda.hu\/szikora\/wp-content\/uploads\/2015\/05\/kocsis_tibor_fot_h_ltzl_gergely_IMG_4778-300x203.jpg\" class=\"pt-cv-thumbnail\" alt=\"\" srcset=\"http:\/\/www.szikorarendezoiroda.hu\/szikora\/wp-content\/uploads\/2015\/05\/kocsis_tibor_fot_h_ltzl_gergely_IMG_4778-300x203.jpg 300w, http:\/\/www.szikorarendezoiroda.hu\/szikora\/wp-content\/uploads\/2015\/05\/kocsis_tibor_fot_h_ltzl_gergely_IMG_4778.jpg 800w\" sizes=\"(max-width: 300px) 100vw, 300px\" \/><\/a>\n<h4 class=\"pt-cv-title\"><a href=\"http:\/\/www.szikorarendezoiroda.hu\/szikora\/tancdal-retro-pop\/kocsis-tibor\/\" class=\"_self\" target=\"_self\" >KOCSIS TIBOR<\/a><\/h4>\n<div class=\"pt-cv-content\">2011-es X-faktor gy\u0151ztese. \"Hell\u00f3 Budapest\" n\u00f3t\u00e1ja a Juventus r\u00e1di\u00f3 szign\u00e1lja. M\u0171sorai: 30' f\u00e9l-playback \u00e9s 70' \u00e9l\u0151 koncert ...<br \/><div class=\"pt-cv-rmwrap\"><a href=\"http:\/\/www.szikorarendezoiroda.hu\/szikora\/tancdal-retro-pop\/kocsis-tibor\/\" class=\"_self pt-cv-readmore btn btn-success\" target=\"_self\">R\u00e9szletek<\/a><\/div><\/div><\/div><\/div>\n<div class=\"col-md-4 col-sm-6 col-xs-12 pt-cv-content-item pt-cv-1-col\" ><div class='pt-cv-ifield'><a href=\"http:\/\/www.szikorarendezoiroda.hu\/szikora\/tancdal-retro-pop\/kokeny-attila\/\" class=\"_self pt-cv-href-thumbnail pt-cv-thumb-default\" target=\"_self\" ><img loading=\"lazy\" decoding=\"async\" width=\"300\" height=\"169\" src=\"http:\/\/www.szikorarendezoiroda.hu\/szikora\/wp-content\/uploads\/2015\/06\/401055.w-300x169.jpg\" class=\"pt-cv-thumbnail\" alt=\"\" srcset=\"http:\/\/www.szikorarendezoiroda.hu\/szikora\/wp-content\/uploads\/2015\/06\/401055.w-300x169.jpg 300w, http:\/\/www.szikorarendezoiroda.hu\/szikora\/wp-content\/uploads\/2015\/06\/401055.w.jpg 650w\" sizes=\"(max-width: 300px) 100vw, 300px\" \/><\/a>\n<h4 class=\"pt-cv-title\"><a href=\"http:\/\/www.szikorarendezoiroda.hu\/szikora\/tancdal-retro-pop\/kokeny-attila\/\" class=\"_self\" target=\"_self\" >K\u00d6K\u00c9NY ATTILA<\/a><\/h4>\n<div class=\"pt-cv-content\">A Megaszt\u00e1r 5 f\u00e9rfi gy\u0151ztese, a TV2 kiemelt arca, a vil\u00e1gh\u00edr\u0171 opera\u00e9nekesn\u0151, Mikl\u00f3sa Erika \u00e1lland\u00f3 partnere. 2013-ban megnyerte a Nagy ...<br \/><div class=\"pt-cv-rmwrap\"><a href=\"http:\/\/www.szikorarendezoiroda.hu\/szikora\/tancdal-retro-pop\/kokeny-attila\/\" class=\"_self pt-cv-readmore btn btn-success\" target=\"_self\">R\u00e9szletek<\/a><\/div><\/div><\/div><\/div>\n<div class=\"col-md-4 col-sm-6 col-xs-12 pt-cv-content-item pt-cv-1-col\" ><div class='pt-cv-ifield'><a href=\"http:\/\/www.szikorarendezoiroda.hu\/szikora\/tancdal-retro-pop\/korda-gyorgy-es-balazs-klari\/\" class=\"_self pt-cv-href-thumbnail pt-cv-thumb-default\" target=\"_self\" ><img loading=\"lazy\" decoding=\"async\" width=\"300\" height=\"204\" src=\"http:\/\/www.szikorarendezoiroda.hu\/szikora\/wp-content\/uploads\/2015\/06\/KordaGyorgy_BalazsKlari_0-300x204.jpg\" class=\"pt-cv-thumbnail\" alt=\"\" srcset=\"http:\/\/www.szikorarendezoiroda.hu\/szikora\/wp-content\/uploads\/2015\/06\/KordaGyorgy_BalazsKlari_0-300x204.jpg 300w, http:\/\/www.szikorarendezoiroda.hu\/szikora\/wp-content\/uploads\/2015\/06\/KordaGyorgy_BalazsKlari_0.jpg 420w\" sizes=\"(max-width: 300px) 100vw, 300px\" \/><\/a>\n<h4 class=\"pt-cv-title\"><a href=\"http:\/\/www.szikorarendezoiroda.hu\/szikora\/tancdal-retro-pop\/korda-gyorgy-es-balazs-klari\/\" class=\"_self\" target=\"_self\" >KORDA GY\u00d6RGY \u00c9S BAL\u00c1ZS KL\u00c1RI<\/a><\/h4>\n<div class=\"pt-cv-content\">50 \u00e9ve van a p\u00e1ly\u00e1n Korda Gy\u00f6rgy, sz\u00e1mtalan \"ma is sl\u00e1ger\" el\u0151ad\u00f3ja. 25 \u00e9ve t\u00e1rsa a szinpadon \u00e9s az \u00e9letben ...<br \/><div class=\"pt-cv-rmwrap\"><a href=\"http:\/\/www.szikorarendezoiroda.hu\/szikora\/tancdal-retro-pop\/korda-gyorgy-es-balazs-klari\/\" class=\"_self pt-cv-readmore btn btn-success\" target=\"_self\">R\u00e9szletek<\/a><\/div><\/div><\/div><\/div>\n<div class=\"col-md-4 col-sm-6 col-xs-12 pt-cv-content-item pt-cv-1-col\" ><div class='pt-cv-ifield'><a href=\"http:\/\/www.szikorarendezoiroda.hu\/szikora\/tancdal-retro-pop\/kovacs-kati\/\" class=\"_self pt-cv-href-thumbnail pt-cv-thumb-default\" target=\"_self\" ><img loading=\"lazy\" decoding=\"async\" width=\"291\" height=\"300\" src=\"http:\/\/www.szikorarendezoiroda.hu\/szikora\/wp-content\/uploads\/2015\/06\/kovacs_kati_1020980_6363-291x300.jpg\" class=\"pt-cv-thumbnail\" alt=\"\" srcset=\"http:\/\/www.szikorarendezoiroda.hu\/szikora\/wp-content\/uploads\/2015\/06\/kovacs_kati_1020980_6363-291x300.jpg 291w, http:\/\/www.szikorarendezoiroda.hu\/szikora\/wp-content\/uploads\/2015\/06\/kovacs_kati_1020980_6363.jpg 326w\" sizes=\"(max-width: 291px) 100vw, 291px\" \/><\/a>\n<h4 class=\"pt-cv-title\"><a href=\"http:\/\/www.szikorarendezoiroda.hu\/szikora\/tancdal-retro-pop\/kovacs-kati\/\" class=\"_self\" target=\"_self\" >KOV\u00c1CS KATI<\/a><\/h4>\n<div class=\"pt-cv-content\">Az 1965-\u00f6s \u201eKi mit tud\u201d -ez volt az \"\u0151s megaszt\u00e1r\"- hozta meg sz\u00e1m\u00e1ra a m\u00e1ig tart\u00f3 sikert, ekkor lett az ...<br \/><div class=\"pt-cv-rmwrap\"><a href=\"http:\/\/www.szikorarendezoiroda.hu\/szikora\/tancdal-retro-pop\/kovacs-kati\/\" class=\"_self pt-cv-readmore btn btn-success\" target=\"_self\">R\u00e9szletek<\/a><\/div><\/div><\/div><\/div>\n<div class=\"col-md-4 col-sm-6 col-xs-12 pt-cv-content-item pt-cv-1-col\" ><div class='pt-cv-ifield'><a href=\"http:\/\/www.szikorarendezoiroda.hu\/szikora\/tancdal-retro-pop\/majsai-gabor\/\" class=\"_self pt-cv-href-thumbnail pt-cv-thumb-default\" target=\"_self\" ><img loading=\"lazy\" decoding=\"async\" width=\"247\" height=\"300\" src=\"http:\/\/www.szikorarendezoiroda.hu\/szikora\/wp-content\/uploads\/2015\/06\/majsai-247x300.jpg\" class=\"pt-cv-thumbnail\" alt=\"\" srcset=\"http:\/\/www.szikorarendezoiroda.hu\/szikora\/wp-content\/uploads\/2015\/06\/majsai-247x300.jpg 247w, http:\/\/www.szikorarendezoiroda.hu\/szikora\/wp-content\/uploads\/2015\/06\/majsai.jpg 278w\" sizes=\"(max-width: 247px) 100vw, 247px\" \/><\/a>\n<h4 class=\"pt-cv-title\"><a href=\"http:\/\/www.szikorarendezoiroda.hu\/szikora\/tancdal-retro-pop\/majsai-gabor\/\" class=\"_self\" target=\"_self\" >MAJSAI G\u00c1BOR<\/a><\/h4>\n<div class=\"pt-cv-content\">Tal\u00e1n a legtal\u00e1l\u00f3bb ismertet\u0151je az, hogy \u201eTom Jones magyar hangja\u201d, aki fantasztikusan \u00e9nekli a vil\u00e1gszt\u00e1r dalait \u00e9s m\u00e9gis meg\u0151rzi saj\u00e1t ...<br \/><div class=\"pt-cv-rmwrap\"><a href=\"http:\/\/www.szikorarendezoiroda.hu\/szikora\/tancdal-retro-pop\/majsai-gabor\/\" class=\"_self pt-cv-readmore btn btn-success\" target=\"_self\">R\u00e9szletek<\/a><\/div><\/div><\/div><\/div>\n<div class=\"col-md-4 col-sm-6 col-xs-12 pt-cv-content-item pt-cv-1-col\" ><div class='pt-cv-ifield'><a href=\"http:\/\/www.szikorarendezoiroda.hu\/szikora\/tancdal-retro-pop\/malek-andrea\/\" class=\"_self pt-cv-href-thumbnail pt-cv-thumb-default\" target=\"_self\" ><img loading=\"lazy\" decoding=\"async\" width=\"300\" height=\"187\" src=\"http:\/\/www.szikorarendezoiroda.hu\/szikora\/wp-content\/uploads\/2015\/06\/31-300x187.jpg\" class=\"pt-cv-thumbnail\" alt=\"\" srcset=\"http:\/\/www.szikorarendezoiroda.hu\/szikora\/wp-content\/uploads\/2015\/06\/31-300x187.jpg 300w, http:\/\/www.szikorarendezoiroda.hu\/szikora\/wp-content\/uploads\/2015\/06\/31.jpg 482w\" sizes=\"(max-width: 300px) 100vw, 300px\" \/><\/a>\n<h4 class=\"pt-cv-title\"><a href=\"http:\/\/www.szikorarendezoiroda.hu\/szikora\/tancdal-retro-pop\/malek-andrea\/\" class=\"_self\" target=\"_self\" >MALEK ANDREA<\/a><\/h4>\n<div class=\"pt-cv-content\">Musical sz\u00edn\u00e9szn\u0151, aki a k\u00f6nny\u0171zene ter\u00fclet\u00e9n is kimagasl\u00f3an teljes\u00edt ak\u00e1r sz\u00f3l\u00f3ban, ak\u00e1r zenekar\u00e1val. De ez nem is csoda, hiszen \u201ezen\u00e9sz\u201dcsal\u00e1db\u00f3l ...<br \/><div class=\"pt-cv-rmwrap\"><a href=\"http:\/\/www.szikorarendezoiroda.hu\/szikora\/tancdal-retro-pop\/malek-andrea\/\" class=\"_self pt-cv-readmore btn btn-success\" target=\"_self\">R\u00e9szletek<\/a><\/div><\/div><\/div><\/div>\n<div class=\"col-md-4 col-sm-6 col-xs-12 pt-cv-content-item pt-cv-1-col\" ><div class='pt-cv-ifield'><a href=\"http:\/\/www.szikorarendezoiroda.hu\/szikora\/tancdal-retro-pop\/maroth-viki-es-a-nova-kultur\/\" class=\"_self pt-cv-href-thumbnail pt-cv-thumb-default\" target=\"_self\" ><img loading=\"lazy\" decoding=\"async\" width=\"300\" height=\"169\" src=\"http:\/\/www.szikorarendezoiroda.hu\/szikora\/wp-content\/uploads\/2015\/06\/kep3060-300x169.jpg\" class=\"pt-cv-thumbnail\" alt=\"\" srcset=\"http:\/\/www.szikorarendezoiroda.hu\/szikora\/wp-content\/uploads\/2015\/06\/kep3060-300x169.jpg 300w, http:\/\/www.szikorarendezoiroda.hu\/szikora\/wp-content\/uploads\/2015\/06\/kep3060.jpg 720w\" sizes=\"(max-width: 300px) 100vw, 300px\" \/><\/a>\n<h4 class=\"pt-cv-title\"><a href=\"http:\/\/www.szikorarendezoiroda.hu\/szikora\/tancdal-retro-pop\/maroth-viki-es-a-nova-kultur\/\" class=\"_self\" target=\"_self\" >MAR\u00d3TH VIKI \u00c9S A NOVA KULT\u00daR<\/a><\/h4>\n<div class=\"pt-cv-content\">Rock and roll minden mennyis\u00e9gben. CD-alapos 30\u2019 illetve 45\u2019-es el\u0151ad\u00e1saikat, illetve a nagy koncertj\u00fcket is sz\u00edvesen hallgatja a k\u00f6z\u00f6ns\u00e9g ...<br \/><div class=\"pt-cv-rmwrap\"><a href=\"http:\/\/www.szikorarendezoiroda.hu\/szikora\/tancdal-retro-pop\/maroth-viki-es-a-nova-kultur\/\" class=\"_self pt-cv-readmore btn btn-success\" target=\"_self\">R\u00e9szletek<\/a><\/div><\/div><\/div><\/div>\n<div class=\"col-md-4 col-sm-6 col-xs-12 pt-cv-content-item pt-cv-1-col\" ><div class='pt-cv-ifield'><a href=\"http:\/\/www.szikorarendezoiroda.hu\/szikora\/tancdal-retro-pop\/meszaros-janos-elek\/\" class=\"_self pt-cv-href-thumbnail pt-cv-thumb-default\" target=\"_self\" ><img loading=\"lazy\" decoding=\"async\" width=\"285\" height=\"300\" src=\"http:\/\/www.szikorarendezoiroda.hu\/szikora\/wp-content\/uploads\/2015\/06\/M\u00e9sz\u00e1ros-J\u00e1nos-Elek1-285x300.jpg\" class=\"pt-cv-thumbnail\" alt=\"\" srcset=\"http:\/\/www.szikorarendezoiroda.hu\/szikora\/wp-content\/uploads\/2015\/06\/M\u00e9sz\u00e1ros-J\u00e1nos-Elek1-285x300.jpg 285w, http:\/\/www.szikorarendezoiroda.hu\/szikora\/wp-content\/uploads\/2015\/06\/M\u00e9sz\u00e1ros-J\u00e1nos-Elek1.jpg 323w\" sizes=\"(max-width: 285px) 100vw, 285px\" \/><\/a>\n<h4 class=\"pt-cv-title\"><a href=\"http:\/\/www.szikorarendezoiroda.hu\/szikora\/tancdal-retro-pop\/meszaros-janos-elek\/\" class=\"_self\" target=\"_self\" >M\u00c9SZ\u00c1ROS J\u00c1NOS ELEK<\/a><\/h4>\n<div class=\"pt-cv-content\">A 2012-es Csillag Sz\u00fcletik gy\u0151ztese, aki operar\u00e9szleteket, operettek \u00e9s n\u00f3t\u00e1kat egyar\u00e1nt szerepeltet m\u0171sor\u00e1n sikeresen \u00e1thidalva a m\u0171fajok k\u00f6z\u00f6tti k\u00fcl\u00f6nbs\u00e9geket ...<br \/><div class=\"pt-cv-rmwrap\"><a href=\"http:\/\/www.szikorarendezoiroda.hu\/szikora\/tancdal-retro-pop\/meszaros-janos-elek\/\" class=\"_self pt-cv-readmore btn btn-success\" target=\"_self\">R\u00e9szletek<\/a><\/div><\/div><\/div><\/div>\n<div class=\"col-md-4 col-sm-6 col-xs-12 pt-cv-content-item pt-cv-1-col\" ><div class='pt-cv-ifield'><a href=\"http:\/\/www.szikorarendezoiroda.hu\/szikora\/tancdal-retro-pop\/miller-zoltan\/\" class=\"_self pt-cv-href-thumbnail pt-cv-thumb-default\" target=\"_self\" ><img loading=\"lazy\" decoding=\"async\" width=\"228\" height=\"300\" src=\"http:\/\/www.szikorarendezoiroda.hu\/szikora\/wp-content\/uploads\/2015\/06\/miller_zoltan2-228x300.jpg\" class=\"pt-cv-thumbnail\" alt=\"\" srcset=\"http:\/\/www.szikorarendezoiroda.hu\/szikora\/wp-content\/uploads\/2015\/06\/miller_zoltan2-228x300.jpg 228w, http:\/\/www.szikorarendezoiroda.hu\/szikora\/wp-content\/uploads\/2015\/06\/miller_zoltan2.jpg 304w\" sizes=\"(max-width: 228px) 100vw, 228px\" \/><\/a>\n<h4 class=\"pt-cv-title\"><a href=\"http:\/\/www.szikorarendezoiroda.hu\/szikora\/tancdal-retro-pop\/miller-zoltan\/\" class=\"_self\" target=\"_self\" >MILLER ZOLT\u00c1N<\/a><\/h4>\n<div class=\"pt-cv-content\">Sz\u00edn\u00e9sz-\u00e9nekes, az \u201eEmberek\u201d zenekar \u00e9nekese, sz\u00e1mtalan musical szerep eml\u00e9kezetes alak\u00edt\u00f3ja. \u201eFeh\u00e9r \u00e9s fekete\u201d c\u00edmmel 2008-ban megjelent albuma ma is a ...<br \/><div class=\"pt-cv-rmwrap\"><a href=\"http:\/\/www.szikorarendezoiroda.hu\/szikora\/tancdal-retro-pop\/miller-zoltan\/\" class=\"_self pt-cv-readmore btn btn-success\" target=\"_self\">R\u00e9szletek<\/a><\/div><\/div><\/div><\/div>\n<div class=\"col-md-4 col-sm-6 col-xs-12 pt-cv-content-item pt-cv-1-col\" ><div class='pt-cv-ifield'><a href=\"http:\/\/www.szikorarendezoiroda.hu\/szikora\/tancdal-retro-pop\/nyari-aliz-es-nyari-edit\/\" class=\"_self pt-cv-href-thumbnail pt-cv-thumb-default\" target=\"_self\" ><img loading=\"lazy\" decoding=\"async\" width=\"300\" height=\"200\" src=\"http:\/\/www.szikorarendezoiroda.hu\/szikora\/wp-content\/uploads\/2015\/06\/nyari-aliz-300x200.jpg\" class=\"pt-cv-thumbnail\" alt=\"\" srcset=\"http:\/\/www.szikorarendezoiroda.hu\/szikora\/wp-content\/uploads\/2015\/06\/nyari-aliz-300x200.jpg 300w, http:\/\/www.szikorarendezoiroda.hu\/szikora\/wp-content\/uploads\/2015\/06\/nyari-aliz-400x267.jpg 400w, http:\/\/www.szikorarendezoiroda.hu\/szikora\/wp-content\/uploads\/2015\/06\/nyari-aliz.jpg 645w\" sizes=\"(max-width: 300px) 100vw, 300px\" \/><\/a>\n<h4 class=\"pt-cv-title\"><a href=\"http:\/\/www.szikorarendezoiroda.hu\/szikora\/tancdal-retro-pop\/nyari-aliz-es-nyari-edit\/\" class=\"_self\" target=\"_self\" >NY\u00c1RI ALIZ \u00c9S NY\u00c1RI EDIT<\/a><\/h4>\n<div class=\"pt-cv-content\">K\u00e9t remek hang \u00e9s k\u00e9t gy\u00f6ny\u00f6r\u0171 \u00e9nekesn\u0151 a vil\u00e1g legszebb \u00e9s legjobb sl\u00e1gereivel. A program megrendelhet\u0151 \u00c9desapjuk, a kit\u0171n\u0151 zongoram\u0171v\u00e9sz ...<br \/><div class=\"pt-cv-rmwrap\"><a href=\"http:\/\/www.szikorarendezoiroda.hu\/szikora\/tancdal-retro-pop\/nyari-aliz-es-nyari-edit\/\" class=\"_self pt-cv-readmore btn btn-success\" target=\"_self\">R\u00e9szletek<\/a><\/div><\/div><\/div><\/div>\n<div class=\"col-md-4 col-sm-6 col-xs-12 pt-cv-content-item pt-cv-1-col\" ><div class='pt-cv-ifield'><a href=\"http:\/\/www.szikorarendezoiroda.hu\/szikora\/tancdal-retro-pop\/olah-gergo\/\" class=\"_self pt-cv-href-thumbnail pt-cv-thumb-default\" target=\"_self\" ><img loading=\"lazy\" decoding=\"async\" width=\"300\" height=\"218\" src=\"http:\/\/www.szikorarendezoiroda.hu\/szikora\/wp-content\/uploads\/2015\/05\/olah-300x218.jpg\" class=\"pt-cv-thumbnail\" alt=\"\" srcset=\"http:\/\/www.szikorarendezoiroda.hu\/szikora\/wp-content\/uploads\/2015\/05\/olah-300x218.jpg 300w, http:\/\/www.szikorarendezoiroda.hu\/szikora\/wp-content\/uploads\/2015\/05\/olah.jpg 460w\" sizes=\"(max-width: 300px) 100vw, 300px\" \/><\/a>\n<h4 class=\"pt-cv-title\"><a href=\"http:\/\/www.szikorarendezoiroda.hu\/szikora\/tancdal-retro-pop\/olah-gergo\/\" class=\"_self\" target=\"_self\" >OL\u00c1H GERG\u0150<\/a><\/h4>\n<div class=\"pt-cv-content\">A 2012-es X-faktor gy\u0151ztese. Dalait folyamatosan j\u00e1tsz\u00e1k a r\u00e1di\u00f3k ...<br \/><div class=\"pt-cv-rmwrap\"><a href=\"http:\/\/www.szikorarendezoiroda.hu\/szikora\/tancdal-retro-pop\/olah-gergo\/\" class=\"_self pt-cv-readmore btn btn-success\" target=\"_self\">R\u00e9szletek<\/a><\/div><\/div><\/div><\/div>\n<div class=\"col-md-4 col-sm-6 col-xs-12 pt-cv-content-item pt-cv-1-col\" ><div class='pt-cv-ifield'><a href=\"http:\/\/www.szikorarendezoiroda.hu\/szikora\/tancdal-retro-pop\/opitz-barbi\/\" class=\"_self pt-cv-href-thumbnail pt-cv-thumb-default\" target=\"_self\" ><img loading=\"lazy\" decoding=\"async\" width=\"275\" height=\"183\" src=\"http:\/\/www.szikorarendezoiroda.hu\/szikora\/wp-content\/uploads\/2019\/07\/Opitz-Barbi.jpg\" class=\"pt-cv-thumbnail\" alt=\"\" \/><\/a>\n<h4 class=\"pt-cv-title\"><a href=\"http:\/\/www.szikorarendezoiroda.hu\/szikora\/tancdal-retro-pop\/opitz-barbi\/\" class=\"_self\" target=\"_self\" >Opitz Barbi<\/a><\/h4>\n<div class=\"pt-cv-content\">16 \u00e9vesen jelentkezett az X-Faktor hatodik verseny\u00e9re, melyet meg is nyert. Sorra sz\u00fclettek sl\u00e1gerei, fell\u00e9p\u00e9seit mindig nagy k\u00f6z\u00f6ns\u00e9gsiker k\u00eds\u00e9ri ...<br \/><div class=\"pt-cv-rmwrap\"><a href=\"http:\/\/www.szikorarendezoiroda.hu\/szikora\/tancdal-retro-pop\/opitz-barbi\/\" class=\"_self pt-cv-readmore btn btn-success\" target=\"_self\">R\u00e9szletek<\/a><\/div><\/div><\/div><\/div>\n<div class=\"col-md-4 col-sm-6 col-xs-12 pt-cv-content-item pt-cv-1-col\" ><div class='pt-cv-ifield'><a href=\"http:\/\/www.szikorarendezoiroda.hu\/szikora\/tancdal-retro-pop\/pal-denes\/\" class=\"_self pt-cv-href-thumbnail pt-cv-thumb-default\" target=\"_self\" ><img loading=\"lazy\" decoding=\"async\" width=\"300\" height=\"197\" src=\"http:\/\/www.szikorarendezoiroda.hu\/szikora\/wp-content\/uploads\/2015\/06\/denes_nagy-300x197.jpg\" class=\"pt-cv-thumbnail\" alt=\"\" srcset=\"http:\/\/www.szikorarendezoiroda.hu\/szikora\/wp-content\/uploads\/2015\/06\/denes_nagy-300x197.jpg 300w, http:\/\/www.szikorarendezoiroda.hu\/szikora\/wp-content\/uploads\/2015\/06\/denes_nagy.jpg 610w\" sizes=\"(max-width: 300px) 100vw, 300px\" \/><\/a>\n<h4 class=\"pt-cv-title\"><a href=\"http:\/\/www.szikorarendezoiroda.hu\/szikora\/tancdal-retro-pop\/pal-denes\/\" class=\"_self\" target=\"_self\" >P\u00c1L D\u00c9NES<\/a><\/h4>\n<div class=\"pt-cv-content\">A nagysiker\u0171 Voice m\u0171sor gy\u0151ztese. Hamar a sl\u00e1gerlist\u00e1k \u00e9l\u00e9re ker\u00fclt a \"Sz\u00e9lt\u0151l is \u00f3vlak\" c\u00edm\u0171 dal\u00e1val ...<br \/><div class=\"pt-cv-rmwrap\"><a href=\"http:\/\/www.szikorarendezoiroda.hu\/szikora\/tancdal-retro-pop\/pal-denes\/\" class=\"_self pt-cv-readmore btn btn-success\" target=\"_self\">R\u00e9szletek<\/a><\/div><\/div><\/div><\/div>\n<div class=\"col-md-4 col-sm-6 col-xs-12 pt-cv-content-item pt-cv-1-col\" ><div class='pt-cv-ifield'><a href=\"http:\/\/www.szikorarendezoiroda.hu\/szikora\/tancdal-retro-pop\/pataki-attila\/\" class=\"_self pt-cv-href-thumbnail pt-cv-thumb-default\" target=\"_self\" ><img loading=\"lazy\" decoding=\"async\" width=\"300\" height=\"176\" src=\"http:\/\/www.szikorarendezoiroda.hu\/szikora\/wp-content\/uploads\/2015\/06\/pataky_attila-300x176.jpg\" class=\"pt-cv-thumbnail\" alt=\"\" srcset=\"http:\/\/www.szikorarendezoiroda.hu\/szikora\/wp-content\/uploads\/2015\/06\/pataky_attila-300x176.jpg 300w, http:\/\/www.szikorarendezoiroda.hu\/szikora\/wp-content\/uploads\/2015\/06\/pataky_attila.jpg 680w\" sizes=\"(max-width: 300px) 100vw, 300px\" \/><\/a>\n<h4 class=\"pt-cv-title\"><a href=\"http:\/\/www.szikorarendezoiroda.hu\/szikora\/tancdal-retro-pop\/pataki-attila\/\" class=\"_self\" target=\"_self\" >PATAKI ATTILA<\/a><\/h4>\n<div class=\"pt-cv-content\">\u0150 volt az els\u0151 olyan m\u0171v\u00e9sz, aki bebizony\u00edtotta, hogy tehets\u00e9ggel, szorgalommal \u00e9s kitart\u00e1ssal vid\u00e9kr\u0151l -Miskolcr\u00f3l- is be lehet robbanni a ...<br \/><div class=\"pt-cv-rmwrap\"><a href=\"http:\/\/www.szikorarendezoiroda.hu\/szikora\/tancdal-retro-pop\/pataki-attila\/\" class=\"_self pt-cv-readmore btn btn-success\" target=\"_self\">R\u00e9szletek<\/a><\/div><\/div><\/div><\/div>\n<div class=\"col-md-4 col-sm-6 col-xs-12 pt-cv-content-item pt-cv-1-col\" ><div class='pt-cv-ifield'><a href=\"http:\/\/www.szikorarendezoiroda.hu\/szikora\/tancdal-retro-pop\/peter-sramek\/\" class=\"_self pt-cv-href-thumbnail pt-cv-thumb-default\" target=\"_self\" ><img loading=\"lazy\" decoding=\"async\" width=\"300\" height=\"200\" src=\"http:\/\/www.szikorarendezoiroda.hu\/szikora\/wp-content\/uploads\/2016\/06\/20151016peter-sramek-sztarban-sztar-300x200.jpg\" class=\"pt-cv-thumbnail\" alt=\"\" srcset=\"http:\/\/www.szikorarendezoiroda.hu\/szikora\/wp-content\/uploads\/2016\/06\/20151016peter-sramek-sztarban-sztar-300x200.jpg 300w, http:\/\/www.szikorarendezoiroda.hu\/szikora\/wp-content\/uploads\/2016\/06\/20151016peter-sramek-sztarban-sztar-400x267.jpg 400w, http:\/\/www.szikorarendezoiroda.hu\/szikora\/wp-content\/uploads\/2016\/06\/20151016peter-sramek-sztarban-sztar.jpg 640w\" sizes=\"(max-width: 300px) 100vw, 300px\" \/><\/a>\n<h4 class=\"pt-cv-title\"><a href=\"http:\/\/www.szikorarendezoiroda.hu\/szikora\/tancdal-retro-pop\/peter-sramek\/\" class=\"_self\" target=\"_self\" >Peter Sr\u00e1mek<\/a><\/h4>\n<div class=\"pt-cv-content\">Jelenleg a nagy n\u00e9pszer\u0171s\u00e9gnek \u00f6rvend\u0151\u00a0 Nagy Duett ad\u00e1saiban l\u00e1that\u00f3 minden vas\u00e1rnap\u00a0 Keleti Andrea oldal\u00e1n.\u00a0\u00a0 M\u00e1jus elej\u00e9n mutatkozott be \u00faj dal\u00e1val\u00a0 ...<br \/><div class=\"pt-cv-rmwrap\"><a href=\"http:\/\/www.szikorarendezoiroda.hu\/szikora\/tancdal-retro-pop\/peter-sramek\/\" class=\"_self pt-cv-readmore btn btn-success\" target=\"_self\">R\u00e9szletek<\/a><\/div><\/div><\/div><\/div>\n<div class=\"col-md-4 col-sm-6 col-xs-12 pt-cv-content-item pt-cv-1-col\" ><div class='pt-cv-ifield'><a href=\"http:\/\/www.szikorarendezoiroda.hu\/szikora\/tancdal-retro-pop\/peter-szabo-szilvia\/\" class=\"_self pt-cv-href-thumbnail pt-cv-thumb-default\" target=\"_self\" ><img loading=\"lazy\" decoding=\"async\" width=\"300\" height=\"300\" src=\"http:\/\/www.szikorarendezoiroda.hu\/szikora\/wp-content\/uploads\/2016\/06\/Szilvi--300x300.jpg\" class=\"pt-cv-thumbnail\" alt=\"\" srcset=\"http:\/\/www.szikorarendezoiroda.hu\/szikora\/wp-content\/uploads\/2016\/06\/Szilvi--300x300.jpg 300w, http:\/\/www.szikorarendezoiroda.hu\/szikora\/wp-content\/uploads\/2016\/06\/Szilvi--150x150.jpg 150w, http:\/\/www.szikorarendezoiroda.hu\/szikora\/wp-content\/uploads\/2016\/06\/Szilvi-.jpg 768w\" sizes=\"(max-width: 300px) 100vw, 300px\" \/><\/a>\n<h4 class=\"pt-cv-title\"><a href=\"http:\/\/www.szikorarendezoiroda.hu\/szikora\/tancdal-retro-pop\/peter-szabo-szilvia\/\" class=\"_self\" target=\"_self\" >P\u00c9TER SZAB\u00d3 SZILVIA<\/a><\/h4>\n<div class=\"pt-cv-content\">H\u00e1romszoros dupla platina \u00e9s aranylemezes, megannyi rangos d\u00edjat bes\u00f6pr\u0151, sz\u00e1mtalan listavezet\u0151 dalt mag\u00e1nak tudhat\u00f3 \u00e9s Magyarorsz\u00e1gon kiv\u00e9tel n\u00e9lk\u00fcl csak telt ...<br \/><div class=\"pt-cv-rmwrap\"><a href=\"http:\/\/www.szikorarendezoiroda.hu\/szikora\/tancdal-retro-pop\/peter-szabo-szilvia\/\" class=\"_self pt-cv-readmore btn btn-success\" target=\"_self\">R\u00e9szletek<\/a><\/div><\/div><\/div><\/div>\n<div class=\"col-md-4 col-sm-6 col-xs-12 pt-cv-content-item pt-cv-1-col\" ><div class='pt-cv-ifield'><a href=\"http:\/\/www.szikorarendezoiroda.hu\/szikora\/tancdal-retro-pop\/poor-peter\/\" class=\"_self pt-cv-href-thumbnail pt-cv-thumb-default\" target=\"_self\" ><img loading=\"lazy\" decoding=\"async\" width=\"300\" height=\"225\" src=\"http:\/\/www.szikorarendezoiroda.hu\/szikora\/wp-content\/uploads\/2015\/06\/poor_peter-300x225.jpg\" class=\"pt-cv-thumbnail\" alt=\"\" srcset=\"http:\/\/www.szikorarendezoiroda.hu\/szikora\/wp-content\/uploads\/2015\/06\/poor_peter-300x225.jpg 300w, http:\/\/www.szikorarendezoiroda.hu\/szikora\/wp-content\/uploads\/2015\/06\/poor_peter.jpg 800w\" sizes=\"(max-width: 300px) 100vw, 300px\" \/><\/a>\n<h4 class=\"pt-cv-title\"><a href=\"http:\/\/www.szikorarendezoiroda.hu\/szikora\/tancdal-retro-pop\/poor-peter\/\" class=\"_self\" target=\"_self\" >PO\u00d3R P\u00c9TER<\/a><\/h4>\n<div class=\"pt-cv-content\">\u201eAjjaj fekete vonat\u201d, Piros tulip\u00e1n\u201d \u00e9s sok-sok olasz sl\u00e1ger magyar tolm\u00e1csol\u00f3ja, aki ma is ugyan\u00fagy \u00e9nekel, mint p\u00e1ly\u00e1ja kezdet\u00e9n. CD ...<br \/><div class=\"pt-cv-rmwrap\"><a href=\"http:\/\/www.szikorarendezoiroda.hu\/szikora\/tancdal-retro-pop\/poor-peter\/\" class=\"_self pt-cv-readmore btn btn-success\" target=\"_self\">R\u00e9szletek<\/a><\/div><\/div><\/div><\/div>\n<div class=\"col-md-4 col-sm-6 col-xs-12 pt-cv-content-item pt-cv-1-col\" ><div class='pt-cv-ifield'><a href=\"http:\/\/www.szikorarendezoiroda.hu\/szikora\/tancdal-retro-pop\/racz-gergo\/\" class=\"_self pt-cv-href-thumbnail pt-cv-thumb-default\" target=\"_self\" ><img loading=\"lazy\" decoding=\"async\" width=\"199\" height=\"300\" src=\"http:\/\/www.szikorarendezoiroda.hu\/szikora\/wp-content\/uploads\/2015\/06\/racz-gergo-199x300.jpg\" class=\"pt-cv-thumbnail\" alt=\"\" srcset=\"http:\/\/www.szikorarendezoiroda.hu\/szikora\/wp-content\/uploads\/2015\/06\/racz-gergo-199x300.jpg 199w, http:\/\/www.szikorarendezoiroda.hu\/szikora\/wp-content\/uploads\/2015\/06\/racz-gergo.jpg 450w\" sizes=\"(max-width: 199px) 100vw, 199px\" \/><\/a>\n<h4 class=\"pt-cv-title\"><a href=\"http:\/\/www.szikorarendezoiroda.hu\/szikora\/tancdal-retro-pop\/racz-gergo\/\" class=\"_self\" target=\"_self\" >R\u00c1CZ GERG\u0150<\/a><\/h4>\n<div class=\"pt-cv-content\">Szerz\u0151-el\u0151ad\u00f3, els\u0151 sikereit a VIP egy\u00fcttes tagjak\u00e9nt \u00e9rte el. K\u00e9s\u0151bb sz\u00f3l\u00f3karrierbe kezdett. \"Szerelem mi\u00e9rt m\u00falsz\" c\u00edm\u0171 dal\u00e1t Wolf Kati \u00e9nekelte ...<br \/><div class=\"pt-cv-rmwrap\"><a href=\"http:\/\/www.szikorarendezoiroda.hu\/szikora\/tancdal-retro-pop\/racz-gergo\/\" class=\"_self pt-cv-readmore btn btn-success\" target=\"_self\">R\u00e9szletek<\/a><\/div><\/div><\/div><\/div>\n<div class=\"col-md-4 col-sm-6 col-xs-12 pt-cv-content-item pt-cv-1-col\" ><div class='pt-cv-ifield'><a href=\"http:\/\/www.szikorarendezoiroda.hu\/szikora\/tancdal-retro-pop\/soltesz-rezso\/\" class=\"_self pt-cv-href-thumbnail pt-cv-thumb-default\" target=\"_self\" ><img loading=\"lazy\" decoding=\"async\" width=\"197\" height=\"300\" src=\"http:\/\/www.szikorarendezoiroda.hu\/szikora\/wp-content\/uploads\/2015\/06\/soltesz__rezso-002_1751781_3757-197x300.jpg\" class=\"pt-cv-thumbnail\" alt=\"\" srcset=\"http:\/\/www.szikorarendezoiroda.hu\/szikora\/wp-content\/uploads\/2015\/06\/soltesz__rezso-002_1751781_3757-197x300.jpg 197w, http:\/\/www.szikorarendezoiroda.hu\/szikora\/wp-content\/uploads\/2015\/06\/soltesz__rezso-002_1751781_3757.jpg 629w\" sizes=\"(max-width: 197px) 100vw, 197px\" \/><\/a>\n<h4 class=\"pt-cv-title\"><a href=\"http:\/\/www.szikorarendezoiroda.hu\/szikora\/tancdal-retro-pop\/soltesz-rezso\/\" class=\"_self\" target=\"_self\" >SOLT\u00c9SZ REZS\u0150<\/a><\/h4>\n<div class=\"pt-cv-content\">\u0150 is a t\u00e1cdalfesztiv\u00e1losok nagy gener\u00e1ci\u00f3j\u00e1hoz tartozik. \u00daj sl\u00e1gerei is a r\u00e9gi sl\u00e1gert k\u00f6vetik: \u201eSz\u00f3ljon hangosan az \u00e9nek\u201d ...<br \/><div class=\"pt-cv-rmwrap\"><a href=\"http:\/\/www.szikorarendezoiroda.hu\/szikora\/tancdal-retro-pop\/soltesz-rezso\/\" class=\"_self pt-cv-readmore btn btn-success\" target=\"_self\">R\u00e9szletek<\/a><\/div><\/div><\/div><\/div>\n<div class=\"col-md-4 col-sm-6 col-xs-12 pt-cv-content-item pt-cv-1-col\" ><div class='pt-cv-ifield'><a href=\"http:\/\/www.szikorarendezoiroda.hu\/szikora\/tancdal-retro-pop\/solymos-toni\/\" class=\"_self pt-cv-href-thumbnail pt-cv-thumb-default\" target=\"_self\" ><img loading=\"lazy\" decoding=\"async\" width=\"212\" height=\"300\" src=\"http:\/\/www.szikorarendezoiroda.hu\/szikora\/wp-content\/uploads\/2015\/06\/solymostoni-212x300.jpg\" class=\"pt-cv-thumbnail\" alt=\"\" srcset=\"http:\/\/www.szikorarendezoiroda.hu\/szikora\/wp-content\/uploads\/2015\/06\/solymostoni-212x300.jpg 212w, http:\/\/www.szikorarendezoiroda.hu\/szikora\/wp-content\/uploads\/2015\/06\/solymostoni.jpg 300w\" sizes=\"(max-width: 212px) 100vw, 212px\" \/><\/a>\n<h4 class=\"pt-cv-title\"><a href=\"http:\/\/www.szikorarendezoiroda.hu\/szikora\/tancdal-retro-pop\/solymos-toni\/\" class=\"_self\" target=\"_self\" >SOLYMOS T\u00d3NI<\/a><\/h4>\n<div class=\"pt-cv-content\">Volt egyszer egy legend\u00e1s zenekar az Express. Volt annak egy remek\u00fcl t\u00e1ncol\u00f3 git\u00e1ros-\u00e9nekese Solymos T\u00f3ni. A zenekar ma m\u00e1r nem ...<br \/><div class=\"pt-cv-rmwrap\"><a href=\"http:\/\/www.szikorarendezoiroda.hu\/szikora\/tancdal-retro-pop\/solymos-toni\/\" class=\"_self pt-cv-readmore btn btn-success\" target=\"_self\">R\u00e9szletek<\/a><\/div><\/div><\/div><\/div>\n<div class=\"col-md-4 col-sm-6 col-xs-12 pt-cv-content-item pt-cv-1-col\" ><div class='pt-cv-ifield'><a href=\"http:\/\/www.szikorarendezoiroda.hu\/szikora\/tancdal-retro-pop\/szabo-adam\/\" class=\"_self pt-cv-href-thumbnail pt-cv-thumb-default\" target=\"_self\" ><img loading=\"lazy\" decoding=\"async\" width=\"200\" height=\"300\" src=\"http:\/\/www.szikorarendezoiroda.hu\/szikora\/wp-content\/uploads\/2015\/05\/szabo-adam-koncert-original-34335-200x300.jpg\" class=\"pt-cv-thumbnail\" alt=\"\" srcset=\"http:\/\/www.szikorarendezoiroda.hu\/szikora\/wp-content\/uploads\/2015\/05\/szabo-adam-koncert-original-34335-200x300.jpg 200w, http:\/\/www.szikorarendezoiroda.hu\/szikora\/wp-content\/uploads\/2015\/05\/szabo-adam-koncert-original-34335.jpg 400w\" sizes=\"(max-width: 200px) 100vw, 200px\" \/><\/a>\n<h4 class=\"pt-cv-title\"><a href=\"http:\/\/www.szikorarendezoiroda.hu\/szikora\/tancdal-retro-pop\/szabo-adam\/\" class=\"_self\" target=\"_self\" >SZAB\u00d3 \u00c1D\u00c1M<\/a><\/h4>\n<div class=\"pt-cv-content\">Els\u0151 versenye ut\u00e1n, ahol harm\u00f3nik\u00e1sk\u00e9nt m\u00e1r nagy sikert aratott, most m\u00e1sodszor is megm\u00e9rette mag\u00e1t, \u00e9s ism\u00e9t sikert \u00e9rt el, de ...<br \/><div class=\"pt-cv-rmwrap\"><a href=\"http:\/\/www.szikorarendezoiroda.hu\/szikora\/tancdal-retro-pop\/szabo-adam\/\" class=\"_self pt-cv-readmore btn btn-success\" target=\"_self\">R\u00e9szletek<\/a><\/div><\/div><\/div><\/div>\n<div class=\"col-md-4 col-sm-6 col-xs-12 pt-cv-content-item pt-cv-1-col\" ><div class='pt-cv-ifield'><a href=\"http:\/\/www.szikorarendezoiroda.hu\/szikora\/tancdal-retro-pop\/szabo-leslie\/\" class=\"_self pt-cv-href-thumbnail pt-cv-thumb-default\" target=\"_self\" ><img loading=\"lazy\" decoding=\"async\" width=\"300\" height=\"300\" src=\"http:\/\/www.szikorarendezoiroda.hu\/szikora\/wp-content\/uploads\/2015\/06\/209634.w-300x300.jpg\" class=\"pt-cv-thumbnail\" alt=\"\" srcset=\"http:\/\/www.szikorarendezoiroda.hu\/szikora\/wp-content\/uploads\/2015\/06\/209634.w-300x300.jpg 300w, http:\/\/www.szikorarendezoiroda.hu\/szikora\/wp-content\/uploads\/2015\/06\/209634.w-150x150.jpg 150w, http:\/\/www.szikorarendezoiroda.hu\/szikora\/wp-content\/uploads\/2015\/06\/209634.w.jpg 350w\" sizes=\"(max-width: 300px) 100vw, 300px\" \/><\/a>\n<h4 class=\"pt-cv-title\"><a href=\"http:\/\/www.szikorarendezoiroda.hu\/szikora\/tancdal-retro-pop\/szabo-leslie\/\" class=\"_self\" target=\"_self\" >SZAB\u00d3 LESLIE<\/a><\/h4>\n<div class=\"pt-cv-content\">Git\u00e1ros, \u00e9nekes, sz\u00f6veg\u00edr\u00f3, zeneszerz\u0151. Fell\u00e9p\u00e9si form\u00e1ci\u00f3 sz\u00f3l\u00f3 saj\u00e1t git\u00e1rk\u00eds\u00e9rettel, vagy h\u00e1rom illetve hat-nyolc f\u0151s zenekarral ...<br \/><div class=\"pt-cv-rmwrap\"><a href=\"http:\/\/www.szikorarendezoiroda.hu\/szikora\/tancdal-retro-pop\/szabo-leslie\/\" class=\"_self pt-cv-readmore btn btn-success\" target=\"_self\">R\u00e9szletek<\/a><\/div><\/div><\/div><\/div>\n<div class=\"col-md-4 col-sm-6 col-xs-12 pt-cv-content-item pt-cv-1-col\" ><div class='pt-cv-ifield'><a href=\"http:\/\/www.szikorarendezoiroda.hu\/szikora\/tancdal-retro-pop\/szandi\/\" class=\"_self pt-cv-href-thumbnail pt-cv-thumb-default\" target=\"_self\" ><img loading=\"lazy\" decoding=\"async\" width=\"203\" height=\"300\" src=\"http:\/\/www.szikorarendezoiroda.hu\/szikora\/wp-content\/uploads\/2015\/06\/11_o_szandi-2-TV2-203x300.jpg\" class=\"pt-cv-thumbnail\" alt=\"\" srcset=\"http:\/\/www.szikorarendezoiroda.hu\/szikora\/wp-content\/uploads\/2015\/06\/11_o_szandi-2-TV2-203x300.jpg 203w, http:\/\/www.szikorarendezoiroda.hu\/szikora\/wp-content\/uploads\/2015\/06\/11_o_szandi-2-TV2-693x1024.jpg 693w, http:\/\/www.szikorarendezoiroda.hu\/szikora\/wp-content\/uploads\/2015\/06\/11_o_szandi-2-TV2.jpg 705w\" sizes=\"(max-width: 203px) 100vw, 203px\" \/><\/a>\n<h4 class=\"pt-cv-title\"><a href=\"http:\/\/www.szikorarendezoiroda.hu\/szikora\/tancdal-retro-pop\/szandi\/\" class=\"_self\" target=\"_self\" >SZANDI<\/a><\/h4>\n<div class=\"pt-cv-content\">Minden id\u0151k legfiatalabb magyar \u201eTini-Szt\u00e1rja\u201d. Nev\u00e9hez sz\u00e1mtalan sl\u00e1ger, d\u00edjak, kit\u00fcntet\u00e9sek kapcsol\u00f3dnak. Gyerekm\u0171sora is rendelhet\u0151 ...<br \/><div class=\"pt-cv-rmwrap\"><a href=\"http:\/\/www.szikorarendezoiroda.hu\/szikora\/tancdal-retro-pop\/szandi\/\" class=\"_self pt-cv-readmore btn btn-success\" target=\"_self\">R\u00e9szletek<\/a><\/div><\/div><\/div><\/div>\n<div class=\"col-md-4 col-sm-6 col-xs-12 pt-cv-content-item pt-cv-1-col\" ><div class='pt-cv-ifield'><a href=\"http:\/\/www.szikorarendezoiroda.hu\/szikora\/tancdal-retro-pop\/szekeres-adrienn\/\" class=\"_self pt-cv-href-thumbnail pt-cv-thumb-default\" target=\"_self\" ><img loading=\"lazy\" decoding=\"async\" width=\"300\" height=\"185\" src=\"http:\/\/www.szikorarendezoiroda.hu\/szikora\/wp-content\/uploads\/2015\/06\/Adrien1-300x185.jpg\" class=\"pt-cv-thumbnail\" alt=\"\" srcset=\"http:\/\/www.szikorarendezoiroda.hu\/szikora\/wp-content\/uploads\/2015\/06\/Adrien1-300x185.jpg 300w, http:\/\/www.szikorarendezoiroda.hu\/szikora\/wp-content\/uploads\/2015\/06\/Adrien1-1024x630.jpg 1024w, http:\/\/www.szikorarendezoiroda.hu\/szikora\/wp-content\/uploads\/2015\/06\/Adrien1.jpg 1300w\" sizes=\"(max-width: 300px) 100vw, 300px\" \/><\/a>\n<h4 class=\"pt-cv-title\"><a href=\"http:\/\/www.szikorarendezoiroda.hu\/szikora\/tancdal-retro-pop\/szekeres-adrienn\/\" class=\"_self\" target=\"_self\" >SZEKERES ADRIENN<\/a><\/h4>\n<div class=\"pt-cv-content\">M\u00e1r kaphat\u00f3 \u201eCsak j\u00e1t\u00e9k\u201d c\u00edm\u0171 \u00faj albuma, melynek producere most is f\u00e9rje, Kiss G\u00e1bor. Adventi koncertjei orsz\u00e1goss\u00e1 sz\u00e9lesedtek ...<br \/><div class=\"pt-cv-rmwrap\"><a href=\"http:\/\/www.szikorarendezoiroda.hu\/szikora\/tancdal-retro-pop\/szekeres-adrienn\/\" class=\"_self pt-cv-readmore btn btn-success\" target=\"_self\">R\u00e9szletek<\/a><\/div><\/div><\/div><\/div>\n<div class=\"col-md-4 col-sm-6 col-xs-12 pt-cv-content-item pt-cv-1-col\" ><div class='pt-cv-ifield'><a href=\"http:\/\/www.szikorarendezoiroda.hu\/szikora\/tancdal-retro-pop\/szikora-robert-es-az-r-go-gidak\/\" class=\"_self pt-cv-href-thumbnail pt-cv-thumb-default\" target=\"_self\" ><img loading=\"lazy\" decoding=\"async\" width=\"187\" height=\"300\" src=\"http:\/\/www.szikorarendezoiroda.hu\/szikora\/wp-content\/uploads\/2019\/07\/R-Go-fot\u00f3-1-187x300.jpg\" class=\"pt-cv-thumbnail\" alt=\"\" srcset=\"http:\/\/www.szikorarendezoiroda.hu\/szikora\/wp-content\/uploads\/2019\/07\/R-Go-fot\u00f3-1-187x300.jpg 187w, http:\/\/www.szikorarendezoiroda.hu\/szikora\/wp-content\/uploads\/2019\/07\/R-Go-fot\u00f3-1.jpg 478w\" sizes=\"(max-width: 187px) 100vw, 187px\" \/><\/a>\n<h4 class=\"pt-cv-title\"><a href=\"http:\/\/www.szikorarendezoiroda.hu\/szikora\/tancdal-retro-pop\/szikora-robert-es-az-r-go-gidak\/\" class=\"_self\" target=\"_self\" >SZIKORA R\u00d3BERT \u00c9S AZ R-Go GID\u00c1K<\/a><\/h4>\n<div class=\"pt-cv-content\">Amat\u0151r zenekarok dobosak\u00e9nt kezdte p\u00e1lyafut\u00e1s\u00e1t, m\u00edgnem egyszer csak el\u00e9rkezett a nagy lehet\u0151s\u00e9g \u00e9s a Hung\u00e1ria zenekar dobosa lett. Innen kiv\u00e1lva ...<br \/><div class=\"pt-cv-rmwrap\"><a href=\"http:\/\/www.szikorarendezoiroda.hu\/szikora\/tancdal-retro-pop\/szikora-robert-es-az-r-go-gidak\/\" class=\"_self pt-cv-readmore btn btn-success\" target=\"_self\">R\u00e9szletek<\/a><\/div><\/div><\/div><\/div>\n<div class=\"col-md-4 col-sm-6 col-xs-12 pt-cv-content-item pt-cv-1-col\" ><div class='pt-cv-ifield'><a href=\"http:\/\/www.szikorarendezoiroda.hu\/szikora\/tancdal-retro-pop\/szucs-judit\/\" class=\"_self pt-cv-href-thumbnail pt-cv-thumb-default\" target=\"_self\" ><img loading=\"lazy\" decoding=\"async\" width=\"246\" height=\"300\" src=\"http:\/\/www.szikorarendezoiroda.hu\/szikora\/wp-content\/uploads\/2015\/06\/Sz\u00fccs-Judit-fot\u00f3-246x300.jpg\" class=\"pt-cv-thumbnail\" alt=\"\" srcset=\"http:\/\/www.szikorarendezoiroda.hu\/szikora\/wp-content\/uploads\/2015\/06\/Sz\u00fccs-Judit-fot\u00f3-246x300.jpg 246w, http:\/\/www.szikorarendezoiroda.hu\/szikora\/wp-content\/uploads\/2015\/06\/Sz\u00fccs-Judit-fot\u00f3.jpg 631w\" sizes=\"(max-width: 246px) 100vw, 246px\" \/><\/a>\n<h4 class=\"pt-cv-title\"><a href=\"http:\/\/www.szikorarendezoiroda.hu\/szikora\/tancdal-retro-pop\/szucs-judit\/\" class=\"_self\" target=\"_self\" >SZ\u0170CS JUDIT<\/a><\/h4>\n<div class=\"pt-cv-content\">\u00a0 Zenei \u00e1ltal\u00e1nos iskol\u00e1ba j\u00e1rt , ahol zongor\u00e1zni tanult majd a k\u00f6z\u00e9piskol\u00e1ban fodr\u00e1sznak k\u00e9sz\u00fclt .\u00a0 A Fodr\u00e1sz egyes\u00fclet Tavasz 67 ...<br \/><div class=\"pt-cv-rmwrap\"><a href=\"http:\/\/www.szikorarendezoiroda.hu\/szikora\/tancdal-retro-pop\/szucs-judit\/\" class=\"_self pt-cv-readmore btn btn-success\" target=\"_self\">R\u00e9szletek<\/a><\/div><\/div><\/div><\/div>\n<div class=\"col-md-4 col-sm-6 col-xs-12 pt-cv-content-item pt-cv-1-col\" ><div class='pt-cv-ifield'><a href=\"http:\/\/www.szikorarendezoiroda.hu\/szikora\/tancdal-retro-pop\/tabani-istvan\/\" class=\"_self pt-cv-href-thumbnail pt-cv-thumb-default\" target=\"_self\" ><img loading=\"lazy\" decoding=\"async\" width=\"300\" height=\"197\" src=\"http:\/\/www.szikorarendezoiroda.hu\/szikora\/wp-content\/uploads\/2015\/06\/8-300x197.jpg\" class=\"pt-cv-thumbnail\" alt=\"\" srcset=\"http:\/\/www.szikorarendezoiroda.hu\/szikora\/wp-content\/uploads\/2015\/06\/8-300x197.jpg 300w, http:\/\/www.szikorarendezoiroda.hu\/szikora\/wp-content\/uploads\/2015\/06\/8.jpg 610w\" sizes=\"(max-width: 300px) 100vw, 300px\" \/><\/a>\n<h4 class=\"pt-cv-title\"><a href=\"http:\/\/www.szikorarendezoiroda.hu\/szikora\/tancdal-retro-pop\/tabani-istvan\/\" class=\"_self\" target=\"_self\" >TAB\u00c1NI ISTV\u00c1N<\/a><\/h4>\n<div class=\"pt-cv-content\">Egyre nagyobb siker \u00f6vezi fell\u00e9p\u00e9seit, amit ma m\u00e1r \u00e9l\u0151 zenekaros k\u00eds\u00e9rettel is lehet k\u00e9rni nem csak CD alappal ...<br \/><div class=\"pt-cv-rmwrap\"><a href=\"http:\/\/www.szikorarendezoiroda.hu\/szikora\/tancdal-retro-pop\/tabani-istvan\/\" class=\"_self pt-cv-readmore btn btn-success\" target=\"_self\">R\u00e9szletek<\/a><\/div><\/div><\/div><\/div>\n<div class=\"col-md-4 col-sm-6 col-xs-12 pt-cv-content-item pt-cv-1-col\" ><div class='pt-cv-ifield'><a href=\"http:\/\/www.szikorarendezoiroda.hu\/szikora\/tancdal-retro-pop\/takacs-nikolas\/\" class=\"_self pt-cv-href-thumbnail pt-cv-thumb-default\" target=\"_self\" ><img loading=\"lazy\" decoding=\"async\" width=\"300\" height=\"149\" src=\"http:\/\/www.szikorarendezoiroda.hu\/szikora\/wp-content\/uploads\/2015\/06\/takacs-nikolas-110817_3-300x149.jpg\" class=\"pt-cv-thumbnail\" alt=\"\" srcset=\"http:\/\/www.szikorarendezoiroda.hu\/szikora\/wp-content\/uploads\/2015\/06\/takacs-nikolas-110817_3-300x149.jpg 300w, http:\/\/www.szikorarendezoiroda.hu\/szikora\/wp-content\/uploads\/2015\/06\/takacs-nikolas-110817_3.jpg 480w\" sizes=\"(max-width: 300px) 100vw, 300px\" \/><\/a>\n<h4 class=\"pt-cv-title\"><a href=\"http:\/\/www.szikorarendezoiroda.hu\/szikora\/tancdal-retro-pop\/takacs-nikolas\/\" class=\"_self\" target=\"_self\" >TAK\u00c1CS NIKOLAS<\/a><\/h4>\n<div class=\"pt-cv-content\">A 2010-es X-faktor 2. helyezettje, aki ma m\u00e1r a k\u00f6nny\u0171zenei paletta egyik legkeresettebb el\u0151ad\u00f3m\u0171v\u00e9sze lett ...<br \/><div class=\"pt-cv-rmwrap\"><a href=\"http:\/\/www.szikorarendezoiroda.hu\/szikora\/tancdal-retro-pop\/takacs-nikolas\/\" class=\"_self pt-cv-readmore btn btn-success\" target=\"_self\">R\u00e9szletek<\/a><\/div><\/div><\/div><\/div>\n<div class=\"col-md-4 col-sm-6 col-xs-12 pt-cv-content-item pt-cv-1-col\" ><div class='pt-cv-ifield'><a href=\"http:\/\/www.szikorarendezoiroda.hu\/szikora\/tancdal-retro-pop\/toth-andi\/\" class=\"_self pt-cv-href-thumbnail pt-cv-thumb-default\" target=\"_self\" ><img loading=\"lazy\" decoding=\"async\" width=\"300\" height=\"278\" src=\"http:\/\/www.szikorarendezoiroda.hu\/szikora\/wp-content\/uploads\/2015\/05\/toth_andi-300x278.jpg\" class=\"pt-cv-thumbnail\" alt=\"\" srcset=\"http:\/\/www.szikorarendezoiroda.hu\/szikora\/wp-content\/uploads\/2015\/05\/toth_andi-300x278.jpg 300w, http:\/\/www.szikorarendezoiroda.hu\/szikora\/wp-content\/uploads\/2015\/05\/toth_andi.jpg 960w\" sizes=\"(max-width: 300px) 100vw, 300px\" \/><\/a>\n<h4 class=\"pt-cv-title\"><a href=\"http:\/\/www.szikorarendezoiroda.hu\/szikora\/tancdal-retro-pop\/toth-andi\/\" class=\"_self\" target=\"_self\" >T\u00d3TH ANDI<\/a><\/h4>\n<div class=\"pt-cv-content\">A 2014-es X-faktor gy\u0151ztese. Olyan term\u00e9szetesen mozog a sz\u00ednpadon, mintha \u00e9vtizedek \u00f3ta \u00e1llna ott ...<br \/><div class=\"pt-cv-rmwrap\"><a href=\"http:\/\/www.szikorarendezoiroda.hu\/szikora\/tancdal-retro-pop\/toth-andi\/\" class=\"_self pt-cv-readmore btn btn-success\" target=\"_self\">R\u00e9szletek<\/a><\/div><\/div><\/div><\/div>\n<div class=\"col-md-4 col-sm-6 col-xs-12 pt-cv-content-item pt-cv-1-col\" ><div class='pt-cv-ifield'><a href=\"http:\/\/www.szikorarendezoiroda.hu\/szikora\/tancdal-retro-pop\/toth-vera\/\" class=\"_self pt-cv-href-thumbnail pt-cv-thumb-default\" target=\"_self\" ><img loading=\"lazy\" decoding=\"async\" width=\"290\" height=\"300\" src=\"http:\/\/www.szikorarendezoiroda.hu\/szikora\/wp-content\/uploads\/2015\/06\/magyardalnapja_tothvera-290x300.jpg\" class=\"pt-cv-thumbnail\" alt=\"\" srcset=\"http:\/\/www.szikorarendezoiroda.hu\/szikora\/wp-content\/uploads\/2015\/06\/magyardalnapja_tothvera-290x300.jpg 290w, http:\/\/www.szikorarendezoiroda.hu\/szikora\/wp-content\/uploads\/2015\/06\/magyardalnapja_tothvera.jpg 300w\" sizes=\"(max-width: 290px) 100vw, 290px\" \/><\/a>\n<h4 class=\"pt-cv-title\"><a href=\"http:\/\/www.szikorarendezoiroda.hu\/szikora\/tancdal-retro-pop\/toth-vera\/\" class=\"_self\" target=\"_self\" >T\u00d3TH VERA<\/a><\/h4>\n<div class=\"pt-cv-content\">Mag\u00e1t univerz\u00e1lis hangulat \u00e9nekesn\u0151nek nevezi, hiszen \u00e9nekel musicalt, n\u00e9pdalt, m\u0171dalt, rockot, m\u00edgnem el\u00e9rkezett a Megaszt\u00e1r 1 gy\u0151zelem. Alig hitte el ...<br \/><div class=\"pt-cv-rmwrap\"><a href=\"http:\/\/www.szikorarendezoiroda.hu\/szikora\/tancdal-retro-pop\/toth-vera\/\" class=\"_self pt-cv-readmore btn btn-success\" target=\"_self\">R\u00e9szletek<\/a><\/div><\/div><\/div><\/div>\n<div class=\"col-md-4 col-sm-6 col-xs-12 pt-cv-content-item pt-cv-1-col\" ><div class='pt-cv-ifield'><a href=\"http:\/\/www.szikorarendezoiroda.hu\/szikora\/tancdal-retro-pop\/unique\/\" class=\"_self pt-cv-href-thumbnail pt-cv-thumb-default\" target=\"_self\" ><img loading=\"lazy\" decoding=\"async\" width=\"200\" height=\"300\" src=\"http:\/\/www.szikorarendezoiroda.hu\/szikora\/wp-content\/uploads\/2016\/06\/Unique2-200x300.jpg\" class=\"pt-cv-thumbnail\" alt=\"\" srcset=\"http:\/\/www.szikorarendezoiroda.hu\/szikora\/wp-content\/uploads\/2016\/06\/Unique2-200x300.jpg 200w, http:\/\/www.szikorarendezoiroda.hu\/szikora\/wp-content\/uploads\/2016\/06\/Unique2.jpg 511w\" sizes=\"(max-width: 200px) 100vw, 200px\" \/><\/a>\n<h4 class=\"pt-cv-title\"><a href=\"http:\/\/www.szikorarendezoiroda.hu\/szikora\/tancdal-retro-pop\/unique\/\" class=\"_self\" target=\"_self\" >UNIQUE<\/a><\/h4>\n<div class=\"pt-cv-content\">A magyar k\u00f6nny\u0171zenei \u00e9let megker\u00fclhetetlen \u00e9s az egyik\u00a0 legegyedibb hangz\u00e1svil\u00e1ggal b\u00edr\u00f3 \u2013 imm\u00e1r 15 \u00e9ve\u00a0 az \u00e9lvonalban l\u00e9tez\u0151 \u2013 popzenei ...<br \/><div class=\"pt-cv-rmwrap\"><a href=\"http:\/\/www.szikorarendezoiroda.hu\/szikora\/tancdal-retro-pop\/unique\/\" class=\"_self pt-cv-readmore btn btn-success\" target=\"_self\">R\u00e9szletek<\/a><\/div><\/div><\/div><\/div>\n<div class=\"col-md-4 col-sm-6 col-xs-12 pt-cv-content-item pt-cv-1-col\" ><div class='pt-cv-ifield'><a href=\"http:\/\/www.szikorarendezoiroda.hu\/szikora\/tancdal-retro-pop\/varga-viktor\/\" class=\"_self pt-cv-href-thumbnail pt-cv-thumb-default\" target=\"_self\" ><img loading=\"lazy\" decoding=\"async\" width=\"300\" height=\"253\" src=\"http:\/\/www.szikorarendezoiroda.hu\/szikora\/wp-content\/uploads\/2019\/07\/Varga-Viktor2-300x253.jpg\" class=\"pt-cv-thumbnail\" alt=\"\" srcset=\"http:\/\/www.szikorarendezoiroda.hu\/szikora\/wp-content\/uploads\/2019\/07\/Varga-Viktor2-300x253.jpg 300w, http:\/\/www.szikorarendezoiroda.hu\/szikora\/wp-content\/uploads\/2019\/07\/Varga-Viktor2.jpg 512w\" sizes=\"(max-width: 300px) 100vw, 300px\" \/><\/a>\n<h4 class=\"pt-cv-title\"><a href=\"http:\/\/www.szikorarendezoiroda.hu\/szikora\/tancdal-retro-pop\/varga-viktor\/\" class=\"_self\" target=\"_self\" >Varga Viktor<\/a><\/h4>\n<div class=\"pt-cv-content\">Varga Viktor az extremit\u00e1sair\u00f3l h\u00edres \u00e9nekes a Csillag sz\u00fcletik verseny\u00e9ben t\u0171nt fel, de \u00edr verset, fest, \u00e9s t\u00e1sk\u00e1t, ruh\u00e1t is ...<br \/><div class=\"pt-cv-rmwrap\"><a href=\"http:\/\/www.szikorarendezoiroda.hu\/szikora\/tancdal-retro-pop\/varga-viktor\/\" class=\"_self pt-cv-readmore btn btn-success\" target=\"_self\">R\u00e9szletek<\/a><\/div><\/div><\/div><\/div>\n<div class=\"col-md-4 col-sm-6 col-xs-12 pt-cv-content-item pt-cv-1-col\" ><div class='pt-cv-ifield'><a href=\"http:\/\/www.szikorarendezoiroda.hu\/szikora\/tancdal-retro-pop\/varga-feri-es-balassy-betty\/\" class=\"_self pt-cv-href-thumbnail pt-cv-thumb-default\" target=\"_self\" ><img loading=\"lazy\" decoding=\"async\" width=\"300\" height=\"194\" src=\"http:\/\/www.szikorarendezoiroda.hu\/szikora\/wp-content\/uploads\/2015\/06\/Varga_Feri_Balassy_Betty6-300x194.jpg\" class=\"pt-cv-thumbnail\" alt=\"\" srcset=\"http:\/\/www.szikorarendezoiroda.hu\/szikora\/wp-content\/uploads\/2015\/06\/Varga_Feri_Balassy_Betty6-300x194.jpg 300w, http:\/\/www.szikorarendezoiroda.hu\/szikora\/wp-content\/uploads\/2015\/06\/Varga_Feri_Balassy_Betty6.jpg 792w\" sizes=\"(max-width: 300px) 100vw, 300px\" \/><\/a>\n<h4 class=\"pt-cv-title\"><a href=\"http:\/\/www.szikorarendezoiroda.hu\/szikora\/tancdal-retro-pop\/varga-feri-es-balassy-betty\/\" class=\"_self\" target=\"_self\" >VARGA \u201eFERI\u201d \u00c9S BAL\u00c1SSY BETTY<\/a><\/h4>\n<div class=\"pt-cv-content\">Szint\u00e9n a Megaszt\u00e1r verseny hozta meg sz\u00e1mukra a sikert a sz\u00ednpadon, \u00e9s a mag\u00e1n\u00e9letben is. Az \u201eEgy bolond sz\u00e1zat csin\u00e1l\u201d ...<br \/><div class=\"pt-cv-rmwrap\"><a href=\"http:\/\/www.szikorarendezoiroda.hu\/szikora\/tancdal-retro-pop\/varga-feri-es-balassy-betty\/\" class=\"_self pt-cv-readmore btn btn-success\" target=\"_self\">R\u00e9szletek<\/a><\/div><\/div><\/div><\/div>\n<div class=\"col-md-4 col-sm-6 col-xs-12 pt-cv-content-item pt-cv-1-col\" ><div class='pt-cv-ifield'><a href=\"http:\/\/www.szikorarendezoiroda.hu\/szikora\/tancdal-retro-pop\/vastag-csaba-vastag-tamas\/\" class=\"_self pt-cv-href-thumbnail pt-cv-thumb-default\" target=\"_self\" ><img loading=\"lazy\" decoding=\"async\" width=\"300\" height=\"158\" src=\"http:\/\/www.szikorarendezoiroda.hu\/szikora\/wp-content\/uploads\/2015\/06\/vastag-csaba-occsenek-ajandekozza-nyeremenyet-12211257-300x158.jpg\" class=\"pt-cv-thumbnail\" alt=\"\" srcset=\"http:\/\/www.szikorarendezoiroda.hu\/szikora\/wp-content\/uploads\/2015\/06\/vastag-csaba-occsenek-ajandekozza-nyeremenyet-12211257-300x158.jpg 300w, http:\/\/www.szikorarendezoiroda.hu\/szikora\/wp-content\/uploads\/2015\/06\/vastag-csaba-occsenek-ajandekozza-nyeremenyet-12211257.jpg 465w\" sizes=\"(max-width: 300px) 100vw, 300px\" \/><\/a>\n<h4 class=\"pt-cv-title\"><a href=\"http:\/\/www.szikorarendezoiroda.hu\/szikora\/tancdal-retro-pop\/vastag-csaba-vastag-tamas\/\" class=\"_self\" target=\"_self\" >VASTAG CSABA  &#8211; VASTAG TAM\u00c1S<\/a><\/h4>\n<div class=\"pt-cv-content\">K\u00e9t kit\u0171n\u0151 \u00e9nekes, akik nemcsak tehets\u00e9g\u00fcket bizony\u00edtott\u00e1k, hanem egym\u00e1s ir\u00e1nti testv\u00e9ri szeretet\u00fcket is. Ak\u00e1r egy\u00fctt, ak\u00e1r k\u00fcl\u00f6n - k\u00fcl\u00f6n is, ...<br \/><div class=\"pt-cv-rmwrap\"><a href=\"http:\/\/www.szikorarendezoiroda.hu\/szikora\/tancdal-retro-pop\/vastag-csaba-vastag-tamas\/\" class=\"_self pt-cv-readmore btn btn-success\" target=\"_self\">R\u00e9szletek<\/a><\/div><\/div><\/div><\/div>\n<div class=\"col-md-4 col-sm-6 col-xs-12 pt-cv-content-item pt-cv-1-col\" ><div class='pt-cv-ifield'><a href=\"http:\/\/www.szikorarendezoiroda.hu\/szikora\/tancdal-retro-pop\/vastag-tamas\/\" class=\"_self pt-cv-href-thumbnail pt-cv-thumb-default\" target=\"_self\" ><img loading=\"lazy\" decoding=\"async\" width=\"200\" height=\"300\" src=\"http:\/\/www.szikorarendezoiroda.hu\/szikora\/wp-content\/uploads\/2016\/07\/Vastag-Tam\u00e1s-200x300.jpg\" class=\"pt-cv-thumbnail\" alt=\"\" srcset=\"http:\/\/www.szikorarendezoiroda.hu\/szikora\/wp-content\/uploads\/2016\/07\/Vastag-Tam\u00e1s-200x300.jpg 200w, http:\/\/www.szikorarendezoiroda.hu\/szikora\/wp-content\/uploads\/2016\/07\/Vastag-Tam\u00e1s.jpg 511w\" sizes=\"(max-width: 200px) 100vw, 200px\" \/><\/a>\n<h4 class=\"pt-cv-title\"><a href=\"http:\/\/www.szikorarendezoiroda.hu\/szikora\/tancdal-retro-pop\/vastag-tamas\/\" class=\"_self\" target=\"_self\" >Vastag Tam\u00e1s<\/a><\/h4>\n<div class=\"pt-cv-content\">Fonogram d\u00edjas \u00e9nekes.\u00a0 Fonogram d\u00edjas \u00e9nekes.\u00a0 Els\u0151sorban sz\u00ednh\u00e1zi szerepekben l\u00e1thatja a k\u00f6z\u00f6ns\u00e9g, sz\u00e1mos musicalban j\u00e1tszik pl. Frank Sinatra \u2013 A ...<br \/><div class=\"pt-cv-rmwrap\"><a href=\"http:\/\/www.szikorarendezoiroda.hu\/szikora\/tancdal-retro-pop\/vastag-tamas\/\" class=\"_self pt-cv-readmore btn btn-success\" target=\"_self\">R\u00e9szletek<\/a><\/div><\/div><\/div><\/div>\n<div class=\"col-md-4 col-sm-6 col-xs-12 pt-cv-content-item pt-cv-1-col\" ><div class='pt-cv-ifield'><a href=\"http:\/\/www.szikorarendezoiroda.hu\/szikora\/tancdal-retro-pop\/wolf-kati\/\" class=\"_self pt-cv-href-thumbnail pt-cv-thumb-default\" target=\"_self\" ><img loading=\"lazy\" decoding=\"async\" width=\"300\" height=\"300\" src=\"http:\/\/www.szikorarendezoiroda.hu\/szikora\/wp-content\/uploads\/2015\/06\/wolf-kati-4fda01b322341-300x300.jpg\" class=\"pt-cv-thumbnail\" alt=\"\" srcset=\"http:\/\/www.szikorarendezoiroda.hu\/szikora\/wp-content\/uploads\/2015\/06\/wolf-kati-4fda01b322341-300x300.jpg 300w, http:\/\/www.szikorarendezoiroda.hu\/szikora\/wp-content\/uploads\/2015\/06\/wolf-kati-4fda01b322341-150x150.jpg 150w, http:\/\/www.szikorarendezoiroda.hu\/szikora\/wp-content\/uploads\/2015\/06\/wolf-kati-4fda01b322341.jpg 1000w\" sizes=\"(max-width: 300px) 100vw, 300px\" \/><\/a>\n<h4 class=\"pt-cv-title\"><a href=\"http:\/\/www.szikorarendezoiroda.hu\/szikora\/tancdal-retro-pop\/wolf-kati\/\" class=\"_self\" target=\"_self\" >WOLF KATI<\/a><\/h4>\n<div class=\"pt-cv-content\">Az X-faktorban el\u00e9rt sikerei ut\u00e1n 'Szerelem, mi\u00e9rt m\u00falsz?\" c\u00edm\u0171 dal\u00e1val eljutott az Eur\u00f3v\u00edzi\u00f3s Dalfesztiv\u00e1l verseny\u00e9re is. Hosszabb k\u00fclf\u00f6ldi tart\u00f3zkod\u00e1s ut\u00e1n ...<br \/><div class=\"pt-cv-rmwrap\"><a href=\"http:\/\/www.szikorarendezoiroda.hu\/szikora\/tancdal-retro-pop\/wolf-kati\/\" class=\"_self pt-cv-readmore btn btn-success\" target=\"_self\">R\u00e9szletek<\/a><\/div><\/div><\/div><\/div>\n<div class=\"col-md-4 col-sm-6 col-xs-12 pt-cv-content-item pt-cv-1-col\" ><div class='pt-cv-ifield'><a href=\"http:\/\/www.szikorarendezoiroda.hu\/szikora\/tancdal-retro-pop\/zoltan-erika-es-ket-tancosa\/\" class=\"_self pt-cv-href-thumbnail pt-cv-thumb-default\" target=\"_self\" ><img loading=\"lazy\" decoding=\"async\" width=\"300\" height=\"281\" src=\"http:\/\/www.szikorarendezoiroda.hu\/szikora\/wp-content\/uploads\/2015\/06\/index_5265_zoltan-04-300x281.jpg\" class=\"pt-cv-thumbnail\" alt=\"\" srcset=\"http:\/\/www.szikorarendezoiroda.hu\/szikora\/wp-content\/uploads\/2015\/06\/index_5265_zoltan-04-300x281.jpg 300w, http:\/\/www.szikorarendezoiroda.hu\/szikora\/wp-content\/uploads\/2015\/06\/index_5265_zoltan-04.jpg 640w\" sizes=\"(max-width: 300px) 100vw, 300px\" \/><\/a>\n<h4 class=\"pt-cv-title\"><a href=\"http:\/\/www.szikorarendezoiroda.hu\/szikora\/tancdal-retro-pop\/zoltan-erika-es-ket-tancosa\/\" class=\"_self\" target=\"_self\" >ZOLT\u00c1N ERIKA \u00e9s k\u00e9t t\u00e1ncosa<\/a><\/h4>\n<div class=\"pt-cv-content\">Nagyon hangulatos, nagyon temperamentumos program, hiszen Erika nem csak \u00e9nekel, hanem ugyan\u00fagy t\u00e1ncol is mindv\u00e9gig, mint partnerei ...<br \/><div class=\"pt-cv-rmwrap\"><a href=\"http:\/\/www.szikorarendezoiroda.hu\/szikora\/tancdal-retro-pop\/zoltan-erika-es-ket-tancosa\/\" class=\"_self pt-cv-readmore btn btn-success\" target=\"_self\">R\u00e9szletek<\/a><\/div><\/div><\/div><\/div>\n<div class=\"col-md-4 col-sm-6 col-xs-12 pt-cv-content-item pt-cv-1-col\" ><div class='pt-cv-ifield'><a href=\"http:\/\/www.szikorarendezoiroda.hu\/szikora\/tancdal-retro-pop\/zseda\/\" class=\"_self pt-cv-href-thumbnail pt-cv-thumb-default\" target=\"_self\" ><img loading=\"lazy\" decoding=\"async\" width=\"300\" height=\"191\" src=\"http:\/\/www.szikorarendezoiroda.hu\/szikora\/wp-content\/uploads\/2015\/06\/zseda-jazzy-koncert-masvilag-budapest-mom-kulturalis-kozpont-jegyek-300x191.jpg\" class=\"pt-cv-thumbnail\" alt=\"\" srcset=\"http:\/\/www.szikorarendezoiroda.hu\/szikora\/wp-content\/uploads\/2015\/06\/zseda-jazzy-koncert-masvilag-budapest-mom-kulturalis-kozpont-jegyek-300x191.jpg 300w, http:\/\/www.szikorarendezoiroda.hu\/szikora\/wp-content\/uploads\/2015\/06\/zseda-jazzy-koncert-masvilag-budapest-mom-kulturalis-kozpont-jegyek.jpg 600w\" sizes=\"(max-width: 300px) 100vw, 300px\" \/><\/a>\n<h4 class=\"pt-cv-title\"><a href=\"http:\/\/www.szikorarendezoiroda.hu\/szikora\/tancdal-retro-pop\/zseda\/\" class=\"_self\" target=\"_self\" >Zs\u00e9da<\/a><\/h4>\n<div class=\"pt-cv-content\">Nem csak cd alapos fell\u00e9p\u00e9st v\u00e1llal a m\u0171v\u00e9szn\u0151, hanem \u00e9l\u0151 koncerteket is. A \u201eZongorista \u00e9s \u00c9n\u201e c\u00edm\u0171 60\u2019-es el\u0151ad\u00e1sa (3f\u0151) ...<br \/><div class=\"pt-cv-rmwrap\"><a href=\"http:\/\/www.szikorarendezoiroda.hu\/szikora\/tancdal-retro-pop\/zseda\/\" class=\"_self pt-cv-readmore btn btn-success\" target=\"_self\">R\u00e9szletek<\/a><\/div><\/div><\/div><\/div><\/div><\/div><\/div>\n","protected":false},"excerpt":{"rendered":"<p>Retro, pop, t\u00e1ncdalok minden koroszt\u00e1lynak! Az igaz\u00e1n sikeres rendezv\u00e9ny titka t\u00f6bbnyire nem csak a prec\u00edz, minden r\u00e9szletre kiterjed\u0151 szervez\u00e9s, hanem maga a m\u0171sor. Hiszen a szervez\u00e9s akkor kiv\u00e1l\u00f3, ha a <a class=\"more-link\" href=\"http:\/\/www.szikorarendezoiroda.hu\/szikora\/tancdal-retro-pop\/\">A folytat&aacute;s olvas&aacute;sa &rarr;<\/a><\/p>\n","protected":false},"author":1,"featured_media":0,"parent":0,"menu_order":0,"comment_status":"open","ping_status":"open","template":"","meta":{"footnotes":""},"aioseo_notices":[],"_links":{"self":[{"href":"http:\/\/www.szikorarendezoiroda.hu\/szikora\/wp-json\/wp\/v2\/pages\/20"}],"collection":[{"href":"http:\/\/www.szikorarendezoiroda.hu\/szikora\/wp-json\/wp\/v2\/pages"}],"about":[{"href":"http:\/\/www.szikorarendezoiroda.hu\/szikora\/wp-json\/wp\/v2\/types\/page"}],"author":[{"embeddable":true,"href":"http:\/\/www.szikorarendezoiroda.hu\/szikora\/wp-json\/wp\/v2\/users\/1"}],"replies":[{"embeddable":true,"href":"http:\/\/www.szikorarendezoiroda.hu\/szikora\/wp-json\/wp\/v2\/comments?post=20"}],"version-history":[{"count":38,"href":"http:\/\/www.szikorarendezoiroda.hu\/szikora\/wp-json\/wp\/v2\/pages\/20\/revisions"}],"predecessor-version":[{"id":3295,"href":"http:\/\/www.szikorarendezoiroda.hu\/szikora\/wp-json\/wp\/v2\/pages\/20\/revisions\/3295"}],"wp:attachment":[{"href":"http:\/\/www.szikorarendezoiroda.hu\/szikora\/wp-json\/wp\/v2\/media?parent=20"}],"curies":[{"name":"wp","href":"https:\/\/api.w.org\/{rel}","templated":true}]}}