{"id":2,"date":"2015-05-25T05:18:33","date_gmt":"2015-05-25T05:18:33","guid":{"rendered":"http:\/\/www.szikorarendezoiroda.hu\/szikora\/?page_id=2"},"modified":"2020-12-22T08:51:15","modified_gmt":"2020-12-22T08:51:15","slug":"podium-vers-szinmuveszek","status":"publish","type":"page","link":"http:\/\/www.szikorarendezoiroda.hu\/szikora\/podium-vers-szinmuveszek\/","title":{"rendered":"P\u00f3dium, vers, sz\u00ednm\u0171v\u00e9szek"},"content":{"rendered":"<p><a href=\"http:\/\/www.szikorarendezoiroda.hu\/szikora\/wp-content\/uploads\/2015\/05\/008.jpg\"><img loading=\"lazy\" decoding=\"async\" class=\"alignnone size-full wp-image-221\" src=\"http:\/\/www.szikorarendezoiroda.hu\/szikora\/wp-content\/uploads\/2015\/05\/008.jpg\" alt=\"008\" width=\"746\" height=\"192\" srcset=\"http:\/\/www.szikorarendezoiroda.hu\/szikora\/wp-content\/uploads\/2015\/05\/008.jpg 746w, http:\/\/www.szikorarendezoiroda.hu\/szikora\/wp-content\/uploads\/2015\/05\/008-300x77.jpg 300w\" sizes=\"(max-width: 746px) 100vw, 746px\" \/><\/a><\/p>\n<p><span style=\"font-size: 12pt;\"><strong><span style=\"font-family: Georgia,Palatino;\">Szeretn\u00e9 elk\u00e1pr\u00e1ztatni vend\u00e9geit egy fergeteges p\u00f3dium esttel?<\/span><\/strong><\/span><\/p>\n<p><span style=\"font-family: Georgia,Palatino; font-size: 10pt;\">Sokszor a szervez\u0151k nem tudj\u00e1k eld\u00f6nteni, milyen el\u0151ad\u00e1s illene legink\u00e1bb egy-egy c\u00e9ges rendezv\u00e9nyhez, ez\u00e9rt sokaknak nem jut esz\u00e9be a p\u00f3dium est, mint sz\u00f3rakoztat\u00f3 m\u0171sor. Pedig sz\u00e1mos, n\u00edv\u00f3s esem\u00e9nyt sz\u00ednes\u00edthet\u00fcnk egy vagy k\u00e9t neves el\u0151ad\u00f3m\u0171v\u00e9sz fell\u00e9p\u00e9s\u00e9vel.<\/span><\/p>\n<p><span style=\"font-family: Georgia,Palatino; font-size: 10pt;\">A p\u00f3dium el\u0151ad\u00e1sok m\u00e9lt\u00e1n n\u00e9pszer\u0171ek, hiszen mindenki megtal\u00e1lhatja az alkalomhoz ill\u0151 m\u0171sort, amely lehet csak pr\u00f3za \u00e9s lehet zen\u00e9s is, lehet komoly, de lehet vid\u00e1m is.<\/span><\/p>\n<p><span style=\"font-family: Georgia,Palatino; font-size: 10pt;\">Tematikus estjeinket pl : Wass Albert , M\u00e1rai , Radn\u00f3ti , Arany J\u00e1nos est, de lehet eg\u00e9szen egyszer\u0171en \u201e csak \u201d egy irodalmi est melyeket term\u00e9szetesen els\u0151sorban a m\u0171vel\u0151d\u00e9si h\u00e1zaknak \u00e9s k\u00f6nyvt\u00e1raknak , iskol\u00e1knak aj\u00e1nlunk. A sokszor, sokf\u00e9le m\u00f3don \u00e9rt\u00e9k\u00e9t vesztett vil\u00e1gunkban tal\u00e1n j\u00f3l esik n\u00e9ha-n\u00e9ha visszahozni valami sz\u00e9pet is.<\/span><\/p>\n<p><span style=\"font-family: Georgia,Palatino; font-size: 10pt;\">Emellett, az sem probl\u00e9ma, ha csak kev\u00e9s hely \u00e1ll rendelkez\u00e9sre, mivel ezek az estek egy vagy k\u00e9t m\u0171v\u00e9sz fell\u00e9p\u00e9s\u00e9vel zajlanak.<\/span><\/p>\n<p><span style=\"font-family: Georgia,Palatino; font-size: 10pt;\"><strong>&nbsp;<\/strong><\/span><\/p>\n<p>&nbsp;<\/p>\n<p>&nbsp;<\/p>\n<div class=\"pt-cv-wrapper\"><div class=\"pt-cv-view pt-cv-grid pt-cv-colsys\" id=\"pt-cv-view-827033b7s0\"><div data-id=\"pt-cv-page-1\" class=\"pt-cv-page\" data-cvc=\"3\"><div class=\"col-md-4 col-sm-6 col-xs-12 pt-cv-content-item pt-cv-1-col\" ><div class='pt-cv-ifield'><a href=\"http:\/\/www.szikorarendezoiroda.hu\/szikora\/podium-vers-szinmuveszek\/anonymus\/\" class=\"_self pt-cv-href-thumbnail pt-cv-thumb-default\" target=\"_self\" ><img loading=\"lazy\" decoding=\"async\" width=\"300\" height=\"201\" src=\"http:\/\/www.szikorarendezoiroda.hu\/szikora\/wp-content\/uploads\/2015\/05\/szarka_tamas_0-300x201.jpg\" class=\"pt-cv-thumbnail\" alt=\"\" srcset=\"http:\/\/www.szikorarendezoiroda.hu\/szikora\/wp-content\/uploads\/2015\/05\/szarka_tamas_0-300x201.jpg 300w, http:\/\/www.szikorarendezoiroda.hu\/szikora\/wp-content\/uploads\/2015\/05\/szarka_tamas_0-400x267.jpg 400w, http:\/\/www.szikorarendezoiroda.hu\/szikora\/wp-content\/uploads\/2015\/05\/szarka_tamas_0.jpg 448w\" sizes=\"(max-width: 300px) 100vw, 300px\" \/><\/a>\n<h4 class=\"pt-cv-title\"><a href=\"http:\/\/www.szikorarendezoiroda.hu\/szikora\/podium-vers-szinmuveszek\/anonymus\/\" class=\"_self\" target=\"_self\" >ANONYMUS Szarka Tam\u00e1s<\/a><\/h4>\n<div class=\"pt-cv-content\">Szarka Tam\u00e1s\u00a0\u00a0\u00a0\u00a0 Kossuth \u2013 d\u00edjas zeneszerz\u0151 , el\u0151ad\u00f3m\u0171v\u00e9sz , k\u00f6lt\u0151 , a Ghymes Egy\u00fcttes frontembere.\u00a0 Imm\u00e1r 38 esztendeje \u00e1ll sz\u00ednpadon ...<br \/><div class=\"pt-cv-rmwrap\"><a href=\"http:\/\/www.szikorarendezoiroda.hu\/szikora\/podium-vers-szinmuveszek\/anonymus\/\" class=\"_self pt-cv-readmore btn btn-success\" target=\"_self\">R\u00e9szletek<\/a><\/div><\/div><\/div><\/div>\n<div class=\"col-md-4 col-sm-6 col-xs-12 pt-cv-content-item pt-cv-1-col\" ><div class='pt-cv-ifield'><a href=\"http:\/\/www.szikorarendezoiroda.hu\/szikora\/podium-vers-szinmuveszek\/bardoczy-attila-es-a-podium-trio\/\" class=\"_self pt-cv-href-thumbnail pt-cv-thumb-default\" target=\"_self\" ><img loading=\"lazy\" decoding=\"async\" width=\"300\" height=\"300\" src=\"http:\/\/www.szikorarendezoiroda.hu\/szikora\/wp-content\/uploads\/2015\/05\/bard-300x300.jpg\" class=\"pt-cv-thumbnail\" alt=\"\" srcset=\"http:\/\/www.szikorarendezoiroda.hu\/szikora\/wp-content\/uploads\/2015\/05\/bard-300x300.jpg 300w, http:\/\/www.szikorarendezoiroda.hu\/szikora\/wp-content\/uploads\/2015\/05\/bard-150x150.jpg 150w, http:\/\/www.szikorarendezoiroda.hu\/szikora\/wp-content\/uploads\/2015\/05\/bard-1020x1024.jpg 1020w, http:\/\/www.szikorarendezoiroda.hu\/szikora\/wp-content\/uploads\/2015\/05\/bard.jpg 1161w\" sizes=\"(max-width: 300px) 100vw, 300px\" \/><\/a>\n<h4 class=\"pt-cv-title\"><a href=\"http:\/\/www.szikorarendezoiroda.hu\/szikora\/podium-vers-szinmuveszek\/bardoczy-attila-es-a-podium-trio\/\" class=\"_self\" target=\"_self\" >BARD\u00d3CZY ATTILA \u00e9s a P\u00d3DIUM TRI\u00d3<\/a><\/h4>\n<div class=\"pt-cv-content\">\u201eP\u00e1rizs ege alatt\u2026\u201d egy P\u00e1rizsban nemzetk\u00f6zi chanson versenyt nyert csod\u00e1latos est ...<br \/><div class=\"pt-cv-rmwrap\"><a href=\"http:\/\/www.szikorarendezoiroda.hu\/szikora\/podium-vers-szinmuveszek\/bardoczy-attila-es-a-podium-trio\/\" class=\"_self pt-cv-readmore btn btn-success\" target=\"_self\">R\u00e9szletek<\/a><\/div><\/div><\/div><\/div>\n<div class=\"col-md-4 col-sm-6 col-xs-12 pt-cv-content-item pt-cv-1-col\" ><div class='pt-cv-ifield'><a href=\"http:\/\/www.szikorarendezoiroda.hu\/szikora\/podium-vers-szinmuveszek\/bardoczy-attila-es-safar-monika\/\" class=\"_self pt-cv-href-thumbnail pt-cv-thumb-default\" target=\"_self\" ><img loading=\"lazy\" decoding=\"async\" width=\"103\" height=\"151\" src=\"http:\/\/www.szikorarendezoiroda.hu\/szikora\/wp-content\/uploads\/2015\/05\/2image0021.jpg\" class=\"pt-cv-thumbnail\" alt=\"\" \/><\/a>\n<h4 class=\"pt-cv-title\"><a href=\"http:\/\/www.szikorarendezoiroda.hu\/szikora\/podium-vers-szinmuveszek\/bardoczy-attila-es-safar-monika\/\" class=\"_self\" target=\"_self\" >BARD\u00d3CZY ATTILA \u00e9s S\u00c1F\u00c1R M\u00d3NIKA<\/a><\/h4>\n<div class=\"pt-cv-content\">Egyperces novell\u00e1k - \u00d6rk\u00e9ny Istv\u00e1n kicsit m\u00e1sk\u00e9ppen. A 60-as 70-es 80-as \u00e9vek hangulat\u00e1t id\u00e9z\u0151 p\u00f3dium est,amikor m\u00e9g volt TV Maci,Tv ...<br \/><div class=\"pt-cv-rmwrap\"><a href=\"http:\/\/www.szikorarendezoiroda.hu\/szikora\/podium-vers-szinmuveszek\/bardoczy-attila-es-safar-monika\/\" class=\"_self pt-cv-readmore btn btn-success\" target=\"_self\">R\u00e9szletek<\/a><\/div><\/div><\/div><\/div>\n<div class=\"col-md-4 col-sm-6 col-xs-12 pt-cv-content-item pt-cv-1-col\" ><div class='pt-cv-ifield'><a href=\"http:\/\/www.szikorarendezoiroda.hu\/szikora\/podium-vers-szinmuveszek\/bencze-ilona\/\" class=\"_self pt-cv-href-thumbnail pt-cv-thumb-default\" target=\"_self\" ><img loading=\"lazy\" decoding=\"async\" width=\"264\" height=\"300\" src=\"http:\/\/www.szikorarendezoiroda.hu\/szikora\/wp-content\/uploads\/2015\/05\/bencze_ilona_50_folott-264x300.jpg\" class=\"pt-cv-thumbnail\" alt=\"\" srcset=\"http:\/\/www.szikorarendezoiroda.hu\/szikora\/wp-content\/uploads\/2015\/05\/bencze_ilona_50_folott-264x300.jpg 264w, http:\/\/www.szikorarendezoiroda.hu\/szikora\/wp-content\/uploads\/2015\/05\/bencze_ilona_50_folott.jpg 468w\" sizes=\"(max-width: 264px) 100vw, 264px\" \/><\/a>\n<h4 class=\"pt-cv-title\"><a href=\"http:\/\/www.szikorarendezoiroda.hu\/szikora\/podium-vers-szinmuveszek\/bencze-ilona\/\" class=\"_self\" target=\"_self\" >BENCZE ILONA<\/a><\/h4>\n<div class=\"pt-cv-content\">\u201eA sz\u00edn\u00e9sz-N\u0150\u2026\u201d aki angyal \u00e9s \u00f6rd\u00f6g, boszork\u00e1ny \u00e9s j\u00f3 t\u00fcnd\u00e9r, h\u00e1ziasszony \u00e9s nagyvil\u00e1gi d\u00e1ma, egysz\u00f3val az \u00f6r\u00f6k \u201eN\u0150\u201d. Zongor\u00e1n\u00e1l: Gyarmati ...<br \/><div class=\"pt-cv-rmwrap\"><a href=\"http:\/\/www.szikorarendezoiroda.hu\/szikora\/podium-vers-szinmuveszek\/bencze-ilona\/\" class=\"_self pt-cv-readmore btn btn-success\" target=\"_self\">R\u00e9szletek<\/a><\/div><\/div><\/div><\/div>\n<div class=\"col-md-4 col-sm-6 col-xs-12 pt-cv-content-item pt-cv-1-col\" ><div class='pt-cv-ifield'><a href=\"http:\/\/www.szikorarendezoiroda.hu\/szikora\/podium-vers-szinmuveszek\/bencze-ilona-huvosvolgyi-ildiko\/\" class=\"_self pt-cv-href-thumbnail pt-cv-thumb-default\" target=\"_self\" ><img loading=\"lazy\" decoding=\"async\" width=\"205\" height=\"266\" src=\"http:\/\/www.szikorarendezoiroda.hu\/szikora\/wp-content\/uploads\/2015\/05\/huvosvolgyi_ildiko.jpg\" class=\"pt-cv-thumbnail\" alt=\"\" \/><\/a>\n<h4 class=\"pt-cv-title\"><a href=\"http:\/\/www.szikorarendezoiroda.hu\/szikora\/podium-vers-szinmuveszek\/bencze-ilona-huvosvolgyi-ildiko\/\" class=\"_self\" target=\"_self\" >BENCZE ILONA-H\u0170V\u00d6SV\u00d6LGYI ILDIK\u00d3<\/a><\/h4>\n<div class=\"pt-cv-content\">\u00a0 \u201eCsak a n\u0151k\u00f6n nem fog az id\u0151\u2026\u201d - vallja a Mad\u00e1ch Sz\u00ednh\u00e1z k\u00e9t m\u0171v\u00e9szn\u0151je, al\u00e1t\u00e1masztva versekkel \u00e9s csel\u00e9dn\u00f3t\u00e1kkal, kabar\u00e9jelenetekkel ...<br \/><div class=\"pt-cv-rmwrap\"><a href=\"http:\/\/www.szikorarendezoiroda.hu\/szikora\/podium-vers-szinmuveszek\/bencze-ilona-huvosvolgyi-ildiko\/\" class=\"_self pt-cv-readmore btn btn-success\" target=\"_self\">R\u00e9szletek<\/a><\/div><\/div><\/div><\/div>\n<div class=\"col-md-4 col-sm-6 col-xs-12 pt-cv-content-item pt-cv-1-col\" ><div class='pt-cv-ifield'><a href=\"http:\/\/www.szikorarendezoiroda.hu\/szikora\/podium-vers-szinmuveszek\/berecz-andras\/\" class=\"_self pt-cv-href-thumbnail pt-cv-thumb-default\" target=\"_self\" ><img loading=\"lazy\" decoding=\"async\" width=\"223\" height=\"167\" src=\"http:\/\/www.szikorarendezoiroda.hu\/szikora\/wp-content\/uploads\/2015\/05\/berecz1.jpg\" class=\"pt-cv-thumbnail\" alt=\"\" \/><\/a>\n<h4 class=\"pt-cv-title\"><a href=\"http:\/\/www.szikorarendezoiroda.hu\/szikora\/podium-vers-szinmuveszek\/berecz-andras\/\" class=\"_self\" target=\"_self\" >BERECZ ANDR\u00c1S<\/a><\/h4>\n<div class=\"pt-cv-content\">Persze most ne a kisgyerekek Andersen mes\u00e9ire gondoljunk, hanem arra az erd\u00e9lyi csavaros esz\u0171 \u00e9s gy\u00f6ny\u00f6r\u0171, \u00edzes st\u00edlus\u00fa mes\u00e9l\u00e9sre ami ...<br \/><div class=\"pt-cv-rmwrap\"><a href=\"http:\/\/www.szikorarendezoiroda.hu\/szikora\/podium-vers-szinmuveszek\/berecz-andras\/\" class=\"_self pt-cv-readmore btn btn-success\" target=\"_self\">R\u00e9szletek<\/a><\/div><\/div><\/div><\/div>\n<div class=\"col-md-4 col-sm-6 col-xs-12 pt-cv-content-item pt-cv-1-col\" ><div class='pt-cv-ifield'><a href=\"http:\/\/www.szikorarendezoiroda.hu\/szikora\/podium-vers-szinmuveszek\/besenczi-arpad\/\" class=\"_self pt-cv-href-thumbnail pt-cv-thumb-default\" target=\"_self\" ><img loading=\"lazy\" decoding=\"async\" width=\"212\" height=\"300\" src=\"http:\/\/www.szikorarendezoiroda.hu\/szikora\/wp-content\/uploads\/2015\/05\/BesencziArpad-212x300.jpg\" class=\"pt-cv-thumbnail\" alt=\"\" srcset=\"http:\/\/www.szikorarendezoiroda.hu\/szikora\/wp-content\/uploads\/2015\/05\/BesencziArpad-212x300.jpg 212w, http:\/\/www.szikorarendezoiroda.hu\/szikora\/wp-content\/uploads\/2015\/05\/BesencziArpad.jpg 339w\" sizes=\"(max-width: 212px) 100vw, 212px\" \/><\/a>\n<h4 class=\"pt-cv-title\"><a href=\"http:\/\/www.szikorarendezoiroda.hu\/szikora\/podium-vers-szinmuveszek\/besenczi-arpad\/\" class=\"_self\" target=\"_self\" >BESENCZI \u00c1RP\u00c1D<\/a><\/h4>\n<div class=\"pt-cv-content\">\"A helys\u00e9g kalap\u00e1csa\" Pet\u0151fi S\u00e1nor remekm\u0171ve 50 percben BESENCZI \u00c1RP\u00c1D, a kit\u0171n\u0151 sz\u00ednm\u0171v\u00e9sz el\u0151ad\u00e1s\u00e1ban. Nevezhetj\u00fck ak\u00e1r rendhagy\u00f3 irodalom \u00f3r\u00e1nak, vagy ...<br \/><div class=\"pt-cv-rmwrap\"><a href=\"http:\/\/www.szikorarendezoiroda.hu\/szikora\/podium-vers-szinmuveszek\/besenczi-arpad\/\" class=\"_self pt-cv-readmore btn btn-success\" target=\"_self\">R\u00e9szletek<\/a><\/div><\/div><\/div><\/div>\n<div class=\"col-md-4 col-sm-6 col-xs-12 pt-cv-content-item pt-cv-1-col\" ><div class='pt-cv-ifield'><a href=\"http:\/\/www.szikorarendezoiroda.hu\/szikora\/podium-vers-szinmuveszek\/borbely-sandor-es-blazsovszky-akos\/\" class=\"_self pt-cv-href-thumbnail pt-cv-thumb-default\" target=\"_self\" ><img loading=\"lazy\" decoding=\"async\" width=\"270\" height=\"185\" src=\"http:\/\/www.szikorarendezoiroda.hu\/szikora\/wp-content\/uploads\/2015\/05\/bb.jpg\" class=\"pt-cv-thumbnail\" alt=\"\" \/><\/a>\n<h4 class=\"pt-cv-title\"><a href=\"http:\/\/www.szikorarendezoiroda.hu\/szikora\/podium-vers-szinmuveszek\/borbely-sandor-es-blazsovszky-akos\/\" class=\"_self\" target=\"_self\" >BORB\u00c9LY S\u00c1NDOR \u00e9s BLAZSOVSZKY \u00c1KOS<\/a><\/h4>\n<div class=\"pt-cv-content\">\"Az apostol\" Pet\u0151fi S\u00e1ndor nagyszer\u0171 k\u00f6ltem\u00e9nye BORB\u00c9LY S\u00c1NDOR szem\u00e9lyes\u00edti meg a f\u0151szerepl\u0151t, Szilvesztert. K\u00f6zrem\u0171k\u00f6dik fiatal sz\u00edn\u00e9szt\u00e1rsa BLAZSOVSZKY \u00c1KOS. \"Dr\u00e1m\u00e1k ecetben ...<br \/><div class=\"pt-cv-rmwrap\"><a href=\"http:\/\/www.szikorarendezoiroda.hu\/szikora\/podium-vers-szinmuveszek\/borbely-sandor-es-blazsovszky-akos\/\" class=\"_self pt-cv-readmore btn btn-success\" target=\"_self\">R\u00e9szletek<\/a><\/div><\/div><\/div><\/div>\n<div class=\"col-md-4 col-sm-6 col-xs-12 pt-cv-content-item pt-cv-1-col\" ><div class='pt-cv-ifield'><a href=\"http:\/\/www.szikorarendezoiroda.hu\/szikora\/podium-vers-szinmuveszek\/csaszar-angela-2\/\" class=\"_self pt-cv-href-thumbnail pt-cv-thumb-default\" target=\"_self\" ><img loading=\"lazy\" decoding=\"async\" width=\"300\" height=\"300\" src=\"http:\/\/www.szikorarendezoiroda.hu\/szikora\/wp-content\/uploads\/2017\/02\/csangela-300x300.jpg\" class=\"pt-cv-thumbnail\" alt=\"\" srcset=\"http:\/\/www.szikorarendezoiroda.hu\/szikora\/wp-content\/uploads\/2017\/02\/csangela-300x300.jpg 300w, http:\/\/www.szikorarendezoiroda.hu\/szikora\/wp-content\/uploads\/2017\/02\/csangela-150x150.jpg 150w, http:\/\/www.szikorarendezoiroda.hu\/szikora\/wp-content\/uploads\/2017\/02\/csangela.jpg 425w\" sizes=\"(max-width: 300px) 100vw, 300px\" \/><\/a>\n<h4 class=\"pt-cv-title\"><a href=\"http:\/\/www.szikorarendezoiroda.hu\/szikora\/podium-vers-szinmuveszek\/csaszar-angela-2\/\" class=\"_self\" target=\"_self\" >Cs\u00e1sz\u00e1r Ang\u00e9la<\/a><\/h4>\n<div class=\"pt-cv-content\">Cs\u00e1sz\u00e1r Ang\u00e9la:\u00a0 Nagy Arany \u2013 Nagy Ez\u00fcst. A p\u00f3diumest kor\u00e1bbi c\u00edme \u201eAsszonyok akik otthon maradtak\" . Cs\u00e1sz\u00e1r Ang\u00e9la\u00a0 Kolozsv\u00e1ron sz\u00fcletett ...<br \/><div class=\"pt-cv-rmwrap\"><a href=\"http:\/\/www.szikorarendezoiroda.hu\/szikora\/podium-vers-szinmuveszek\/csaszar-angela-2\/\" class=\"_self pt-cv-readmore btn btn-success\" target=\"_self\">R\u00e9szletek<\/a><\/div><\/div><\/div><\/div>\n<div class=\"col-md-4 col-sm-6 col-xs-12 pt-cv-content-item pt-cv-1-col\" ><div class='pt-cv-ifield'><a href=\"http:\/\/www.szikorarendezoiroda.hu\/szikora\/podium-vers-szinmuveszek\/dongo-egyuttes\/\" class=\"_self pt-cv-href-thumbnail pt-cv-thumb-default\" target=\"_self\" ><img loading=\"lazy\" decoding=\"async\" width=\"300\" height=\"200\" src=\"http:\/\/www.szikorarendezoiroda.hu\/szikora\/wp-content\/uploads\/2021\/02\/Dongo-cserere-300x200.jpg\" class=\"pt-cv-thumbnail\" alt=\"\" srcset=\"http:\/\/www.szikorarendezoiroda.hu\/szikora\/wp-content\/uploads\/2021\/02\/Dongo-cserere-300x200.jpg 300w, http:\/\/www.szikorarendezoiroda.hu\/szikora\/wp-content\/uploads\/2021\/02\/Dongo-cserere-768x512.jpg 768w, http:\/\/www.szikorarendezoiroda.hu\/szikora\/wp-content\/uploads\/2021\/02\/Dongo-cserere-400x267.jpg 400w, http:\/\/www.szikorarendezoiroda.hu\/szikora\/wp-content\/uploads\/2021\/02\/Dongo-cserere.jpg 1024w\" sizes=\"(max-width: 300px) 100vw, 300px\" \/><\/a>\n<h4 class=\"pt-cv-title\"><a href=\"http:\/\/www.szikorarendezoiroda.hu\/szikora\/podium-vers-szinmuveszek\/dongo-egyuttes\/\" class=\"_self\" target=\"_self\" >DONG\u00d3 EGY\u00dcTTES<\/a><\/h4>\n<div class=\"pt-cv-content\">T\u00f6bb \u00e9vtizedes p\u00e1lyafut\u00e1sa sor\u00e1n az egy\u00fcttes nem csak gyermek \u00e9s sz\u00f3rakoztat\u00f3 m\u0171soraikkal l\u00e9ptek a szinpadra hanem \u00fcnnepi programjaikkal is igen ...<br \/><div class=\"pt-cv-rmwrap\"><a href=\"http:\/\/www.szikorarendezoiroda.hu\/szikora\/podium-vers-szinmuveszek\/dongo-egyuttes\/\" class=\"_self pt-cv-readmore btn btn-success\" target=\"_self\">R\u00e9szletek<\/a><\/div><\/div><\/div><\/div>\n<div class=\"col-md-4 col-sm-6 col-xs-12 pt-cv-content-item pt-cv-1-col\" ><div class='pt-cv-ifield'><a href=\"http:\/\/www.szikorarendezoiroda.hu\/szikora\/podium-vers-szinmuveszek\/dorner-gyorgy-es-a-hungaro-zenekar\/\" class=\"_self pt-cv-href-thumbnail pt-cv-thumb-default\" target=\"_self\" ><img loading=\"lazy\" decoding=\"async\" width=\"300\" height=\"180\" src=\"http:\/\/www.szikorarendezoiroda.hu\/szikora\/wp-content\/uploads\/2015\/05\/dorner-300x180.jpg\" class=\"pt-cv-thumbnail\" alt=\"\" srcset=\"http:\/\/www.szikorarendezoiroda.hu\/szikora\/wp-content\/uploads\/2015\/05\/dorner-300x180.jpg 300w, http:\/\/www.szikorarendezoiroda.hu\/szikora\/wp-content\/uploads\/2015\/05\/dorner.jpg 960w\" sizes=\"(max-width: 300px) 100vw, 300px\" \/><\/a>\n<h4 class=\"pt-cv-title\"><a href=\"http:\/\/www.szikorarendezoiroda.hu\/szikora\/podium-vers-szinmuveszek\/dorner-gyorgy-es-a-hungaro-zenekar\/\" class=\"_self\" target=\"_self\" >D\u00d6RNER GY\u00d6RGY \u00e9s a HUNGARO ZENEKAR<\/a><\/h4>\n<div class=\"pt-cv-content\">\"A p\u00e9nzfoly\u00f3\" D\u00f6rner Gy\u00f6rgy \u00e9s a Hungaro Zenekar p\u00f3dium estje. Az \u00daj Sz\u00ednh\u00e1zban nagy sikerrel bemutatott el\u0151ad\u00e1s, mely h\u0171en t\u00fckr\u00f6zi ...<br \/><div class=\"pt-cv-rmwrap\"><a href=\"http:\/\/www.szikorarendezoiroda.hu\/szikora\/podium-vers-szinmuveszek\/dorner-gyorgy-es-a-hungaro-zenekar\/\" class=\"_self pt-cv-readmore btn btn-success\" target=\"_self\">R\u00e9szletek<\/a><\/div><\/div><\/div><\/div>\n<div class=\"col-md-4 col-sm-6 col-xs-12 pt-cv-content-item pt-cv-1-col\" ><div class='pt-cv-ifield'><a href=\"http:\/\/www.szikorarendezoiroda.hu\/szikora\/podium-vers-szinmuveszek\/endrei-judit\/\" class=\"_self pt-cv-href-thumbnail pt-cv-thumb-default\" target=\"_self\" ><img loading=\"lazy\" decoding=\"async\" width=\"200\" height=\"300\" src=\"http:\/\/www.szikorarendezoiroda.hu\/szikora\/wp-content\/uploads\/2015\/05\/endrei-judit-200x300.jpg\" class=\"pt-cv-thumbnail\" alt=\"\" srcset=\"http:\/\/www.szikorarendezoiroda.hu\/szikora\/wp-content\/uploads\/2015\/05\/endrei-judit-200x300.jpg 200w, http:\/\/www.szikorarendezoiroda.hu\/szikora\/wp-content\/uploads\/2015\/05\/endrei-judit.jpg 350w\" sizes=\"(max-width: 200px) 100vw, 200px\" \/><\/a>\n<h4 class=\"pt-cv-title\"><a href=\"http:\/\/www.szikorarendezoiroda.hu\/szikora\/podium-vers-szinmuveszek\/endrei-judit\/\" class=\"_self\" target=\"_self\" >ENDREI JUDIT<\/a><\/h4>\n<div class=\"pt-cv-content\">TV-bemond\u00f3n\u0151 \u00e9letm\u00f3d \u00e9s k\u00f6nyvbemutat\u00f3ja, k\u00f6z\u00f6ns\u00e9gtal\u00e1lkoz\u00f3ja. \u201eSzeretn\u00e9m\u2026., hogy \u00f6r\u00f6mmel v\u00e1llaljuk f\u00f6ldi k\u00fcldet\u00e9s\u00fcnket , tudv\u00e1n, hogy mi, n\u0151k mind\u00f6r\u00f6kk\u00e9 n\u0151k maradunk\" Ez ...<br \/><div class=\"pt-cv-rmwrap\"><a href=\"http:\/\/www.szikorarendezoiroda.hu\/szikora\/podium-vers-szinmuveszek\/endrei-judit\/\" class=\"_self pt-cv-readmore btn btn-success\" target=\"_self\">R\u00e9szletek<\/a><\/div><\/div><\/div><\/div>\n<div class=\"col-md-4 col-sm-6 col-xs-12 pt-cv-content-item pt-cv-1-col\" ><div class='pt-cv-ifield'><a href=\"http:\/\/www.szikorarendezoiroda.hu\/szikora\/podium-vers-szinmuveszek\/fabry-sandor\/\" class=\"_self pt-cv-href-thumbnail pt-cv-thumb-default\" target=\"_self\" ><img loading=\"lazy\" decoding=\"async\" width=\"300\" height=\"231\" src=\"http:\/\/www.szikorarendezoiroda.hu\/szikora\/wp-content\/uploads\/2015\/05\/fabry-300x231.jpg\" class=\"pt-cv-thumbnail\" alt=\"\" srcset=\"http:\/\/www.szikorarendezoiroda.hu\/szikora\/wp-content\/uploads\/2015\/05\/fabry-300x231.jpg 300w, http:\/\/www.szikorarendezoiroda.hu\/szikora\/wp-content\/uploads\/2015\/05\/fabry.jpg 700w\" sizes=\"(max-width: 300px) 100vw, 300px\" \/><\/a>\n<h4 class=\"pt-cv-title\"><a href=\"http:\/\/www.szikorarendezoiroda.hu\/szikora\/podium-vers-szinmuveszek\/fabry-sandor\/\" class=\"_self\" target=\"_self\" >F\u00c1BRY S\u00c1NDOR<\/a><\/h4>\n<div class=\"pt-cv-content\">\u201eDiz\u00e1jncenter\u2026\u201d a n\u00e9pszer\u0171 showman egyszem\u00e9lyes showm\u0171sora. \u00c9rdemes-m\u0171v\u00e9sz. \u00cdr\u00f3, forgat\u00f3k\u00f6nyv\u00edr\u00f3, dramaturg. A 90\u2019-es \u00e9vekben figyeltek fel humor\u00e1ra, a 98\u2019-as Humorfesztiv\u00e1l sz\u00f3viv\u0151je ...<br \/><div class=\"pt-cv-rmwrap\"><a href=\"http:\/\/www.szikorarendezoiroda.hu\/szikora\/podium-vers-szinmuveszek\/fabry-sandor\/\" class=\"_self pt-cv-readmore btn btn-success\" target=\"_self\">R\u00e9szletek<\/a><\/div><\/div><\/div><\/div>\n<div class=\"col-md-4 col-sm-6 col-xs-12 pt-cv-content-item pt-cv-1-col\" ><div class='pt-cv-ifield'><a href=\"http:\/\/www.szikorarendezoiroda.hu\/szikora\/podium-vers-szinmuveszek\/foldes-laszlo-hobo\/\" class=\"_self pt-cv-href-thumbnail pt-cv-thumb-default\" target=\"_self\" ><img loading=\"lazy\" decoding=\"async\" width=\"200\" height=\"300\" src=\"http:\/\/www.szikorarendezoiroda.hu\/szikora\/wp-content\/uploads\/2015\/05\/hobo-200x300.jpg\" class=\"pt-cv-thumbnail\" alt=\"\" srcset=\"http:\/\/www.szikorarendezoiroda.hu\/szikora\/wp-content\/uploads\/2015\/05\/hobo-200x300.jpg 200w, http:\/\/www.szikorarendezoiroda.hu\/szikora\/wp-content\/uploads\/2015\/05\/hobo-683x1024.jpg 683w, http:\/\/www.szikorarendezoiroda.hu\/szikora\/wp-content\/uploads\/2015\/05\/hobo.jpg 1600w\" sizes=\"(max-width: 200px) 100vw, 200px\" \/><\/a>\n<h4 class=\"pt-cv-title\"><a href=\"http:\/\/www.szikorarendezoiroda.hu\/szikora\/podium-vers-szinmuveszek\/foldes-laszlo-hobo\/\" class=\"_self\" target=\"_self\" >F\u00d6LDES L\u00c1SZL\u00d3 &#8222;HOB\u00d3&#8221;<\/a><\/h4>\n<div class=\"pt-cv-content\">\"L\u00e1tja Isten , hogy \u00e1llok a napon \u2026\" Pilinszky J\u00e1nos est \u201e Circus Hungaricus\u2026 \u201e Hobo zen\u00e9s monodr\u00e1m\u00e1ja p\u00e1lyafut\u00e1sa legjobb ...<br \/><div class=\"pt-cv-rmwrap\"><a href=\"http:\/\/www.szikorarendezoiroda.hu\/szikora\/podium-vers-szinmuveszek\/foldes-laszlo-hobo\/\" class=\"_self pt-cv-readmore btn btn-success\" target=\"_self\">R\u00e9szletek<\/a><\/div><\/div><\/div><\/div>\n<div class=\"col-md-4 col-sm-6 col-xs-12 pt-cv-content-item pt-cv-1-col\" ><div class='pt-cv-ifield'><a href=\"http:\/\/www.szikorarendezoiroda.hu\/szikora\/podium-vers-szinmuveszek\/huszarik-kata-nagy-anna\/\" class=\"_self pt-cv-href-thumbnail pt-cv-thumb-default\" target=\"_self\" ><img loading=\"lazy\" decoding=\"async\" width=\"300\" height=\"234\" src=\"http:\/\/www.szikorarendezoiroda.hu\/szikora\/wp-content\/uploads\/2015\/05\/feny_jatek_resize-300x234.jpg\" class=\"pt-cv-thumbnail\" alt=\"\" srcset=\"http:\/\/www.szikorarendezoiroda.hu\/szikora\/wp-content\/uploads\/2015\/05\/feny_jatek_resize-300x234.jpg 300w, http:\/\/www.szikorarendezoiroda.hu\/szikora\/wp-content\/uploads\/2015\/05\/feny_jatek_resize.jpg 519w\" sizes=\"(max-width: 300px) 100vw, 300px\" \/><\/a>\n<h4 class=\"pt-cv-title\"><a href=\"http:\/\/www.szikorarendezoiroda.hu\/szikora\/podium-vers-szinmuveszek\/huszarik-kata-nagy-anna\/\" class=\"_self\" target=\"_self\" >HUSZ\u00c1RIK KATA &#8211; NAGY ANNA<\/a><\/h4>\n<div class=\"pt-cv-content\">F\u00e9ny \u2013 J\u00e1t\u00e9kok. V\u00e1logat\u00e1s L\u00e1z\u00e1r Ervin els\u0151sorban feln\u0151tteknek sz\u00f3l\u00f3 \u00edr\u00e1saib\u00f3l ...<br \/><div class=\"pt-cv-rmwrap\"><a href=\"http:\/\/www.szikorarendezoiroda.hu\/szikora\/podium-vers-szinmuveszek\/huszarik-kata-nagy-anna\/\" class=\"_self pt-cv-readmore btn btn-success\" target=\"_self\">R\u00e9szletek<\/a><\/div><\/div><\/div><\/div>\n<div class=\"col-md-4 col-sm-6 col-xs-12 pt-cv-content-item pt-cv-1-col\" ><div class='pt-cv-ifield'><a href=\"http:\/\/www.szikorarendezoiroda.hu\/szikora\/podium-vers-szinmuveszek\/huvosvolgyi-ildiko\/\" class=\"_self pt-cv-href-thumbnail pt-cv-thumb-default\" target=\"_self\" ><img loading=\"lazy\" decoding=\"async\" width=\"205\" height=\"266\" src=\"http:\/\/www.szikorarendezoiroda.hu\/szikora\/wp-content\/uploads\/2015\/05\/huvosvolgyi_ildiko.jpg\" class=\"pt-cv-thumbnail\" alt=\"\" \/><\/a>\n<h4 class=\"pt-cv-title\"><a href=\"http:\/\/www.szikorarendezoiroda.hu\/szikora\/podium-vers-szinmuveszek\/huvosvolgyi-ildiko\/\" class=\"_self\" target=\"_self\" >H\u0170V\u00d6SV\u00d6LGYI ILDIK\u00d3<\/a><\/h4>\n<div class=\"pt-cv-content\">P\u00f3dium estjei - Kaleidoszk\u00f3p , Csendes csod\u00e1k \u2013 egy finom \u00e9rz\u00e9keny M\u0171v\u00e9sz vallom\u00e1sai amikb\u0151l mindig a boldogs\u00e1g a sz\u00e9ps\u00e9g \u00e9s ...<br \/><div class=\"pt-cv-rmwrap\"><a href=\"http:\/\/www.szikorarendezoiroda.hu\/szikora\/podium-vers-szinmuveszek\/huvosvolgyi-ildiko\/\" class=\"_self pt-cv-readmore btn btn-success\" target=\"_self\">R\u00e9szletek<\/a><\/div><\/div><\/div><\/div>\n<div class=\"col-md-4 col-sm-6 col-xs-12 pt-cv-content-item pt-cv-1-col\" ><div class='pt-cv-ifield'><a href=\"http:\/\/www.szikorarendezoiroda.hu\/szikora\/podium-vers-szinmuveszek\/huvosvolgyi-ildiko-kautzky-armand\/\" class=\"_self pt-cv-href-thumbnail pt-cv-thumb-default\" target=\"_self\" ><img loading=\"lazy\" decoding=\"async\" width=\"204\" height=\"215\" src=\"http:\/\/www.szikorarendezoiroda.hu\/szikora\/wp-content\/uploads\/2015\/05\/szines_orchideak.jpg\" class=\"pt-cv-thumbnail\" alt=\"\" \/><\/a>\n<h4 class=\"pt-cv-title\"><a href=\"http:\/\/www.szikorarendezoiroda.hu\/szikora\/podium-vers-szinmuveszek\/huvosvolgyi-ildiko-kautzky-armand\/\" class=\"_self\" target=\"_self\" >H\u0170V\u00d6SV\u00d6LGYI ILDIK\u00d3 &#8211; KAUTZKY ARMAND<\/a><\/h4>\n<div class=\"pt-cv-content\">\"K\u00e9tszem\u00e9lyes \u201ekomolys\u00e1gok\u201d Amit nem kell olyan nagyon komolyan venni, hiszen hallhatunk r\u00e9szletet a \u201eMacsk\u00e1k\u201d c.musicalb\u0151l, de van Wass Albert vers ...<br \/><div class=\"pt-cv-rmwrap\"><a href=\"http:\/\/www.szikorarendezoiroda.hu\/szikora\/podium-vers-szinmuveszek\/huvosvolgyi-ildiko-kautzky-armand\/\" class=\"_self pt-cv-readmore btn btn-success\" target=\"_self\">R\u00e9szletek<\/a><\/div><\/div><\/div><\/div>\n<div class=\"col-md-4 col-sm-6 col-xs-12 pt-cv-content-item pt-cv-1-col\" ><div class='pt-cv-ifield'><a href=\"http:\/\/www.szikorarendezoiroda.hu\/szikora\/podium-vers-szinmuveszek\/huzella-peter\/\" class=\"_self pt-cv-href-thumbnail pt-cv-thumb-default\" target=\"_self\" ><img loading=\"lazy\" decoding=\"async\" width=\"292\" height=\"300\" src=\"http:\/\/www.szikorarendezoiroda.hu\/szikora\/wp-content\/uploads\/2015\/05\/huzella-292x300.jpg\" class=\"pt-cv-thumbnail\" alt=\"\" srcset=\"http:\/\/www.szikorarendezoiroda.hu\/szikora\/wp-content\/uploads\/2015\/05\/huzella-292x300.jpg 292w, http:\/\/www.szikorarendezoiroda.hu\/szikora\/wp-content\/uploads\/2015\/05\/huzella.jpg 311w\" sizes=\"(max-width: 292px) 100vw, 292px\" \/><\/a>\n<h4 class=\"pt-cv-title\"><a href=\"http:\/\/www.szikorarendezoiroda.hu\/szikora\/podium-vers-szinmuveszek\/huzella-peter\/\" class=\"_self\" target=\"_self\" >HUZELLA P\u00c9TER<\/a><\/h4>\n<div class=\"pt-cv-content\">\u201eDalok a Dun\u00e1n\u00e1l\u2026\u201d magyar k\u00f6lt\u0151k megzen\u00e9s\u00edtett versei ...<br \/><div class=\"pt-cv-rmwrap\"><a href=\"http:\/\/www.szikorarendezoiroda.hu\/szikora\/podium-vers-szinmuveszek\/huzella-peter\/\" class=\"_self pt-cv-readmore btn btn-success\" target=\"_self\">R\u00e9szletek<\/a><\/div><\/div><\/div><\/div>\n<div class=\"col-md-4 col-sm-6 col-xs-12 pt-cv-content-item pt-cv-1-col\" ><div class='pt-cv-ifield'><a href=\"http:\/\/www.szikorarendezoiroda.hu\/szikora\/podium-vers-szinmuveszek\/illenyi-katica\/\" class=\"_self pt-cv-href-thumbnail pt-cv-thumb-default\" target=\"_self\" ><img loading=\"lazy\" decoding=\"async\" width=\"200\" height=\"300\" src=\"http:\/\/www.szikorarendezoiroda.hu\/szikora\/wp-content\/uploads\/2015\/05\/illenyi-200x300.jpg\" class=\"pt-cv-thumbnail\" alt=\"\" srcset=\"http:\/\/www.szikorarendezoiroda.hu\/szikora\/wp-content\/uploads\/2015\/05\/illenyi-200x300.jpg 200w, http:\/\/www.szikorarendezoiroda.hu\/szikora\/wp-content\/uploads\/2015\/05\/illenyi-683x1024.jpg 683w\" sizes=\"(max-width: 200px) 100vw, 200px\" \/><\/a>\n<h4 class=\"pt-cv-title\"><a href=\"http:\/\/www.szikorarendezoiroda.hu\/szikora\/podium-vers-szinmuveszek\/illenyi-katica\/\" class=\"_self\" target=\"_self\" >ILL\u00c9NYI KATICA<\/a><\/h4>\n<div class=\"pt-cv-content\">\u201eSzerel-mes\u00e9k. Mi\u00e9rt van szerelem?\u201d az \u00e9nek \u00e9s a heged\u0171 hangj\u00e1n keresi a v\u00e1laszt a m\u0171v\u00e9szn\u0151 a meghitt hangulat\u00fa el\u0151ad\u00f3i esten ...<br \/><div class=\"pt-cv-rmwrap\"><a href=\"http:\/\/www.szikorarendezoiroda.hu\/szikora\/podium-vers-szinmuveszek\/illenyi-katica\/\" class=\"_self pt-cv-readmore btn btn-success\" target=\"_self\">R\u00e9szletek<\/a><\/div><\/div><\/div><\/div>\n<div class=\"col-md-4 col-sm-6 col-xs-12 pt-cv-content-item pt-cv-1-col\" ><div class='pt-cv-ifield'><a href=\"http:\/\/www.szikorarendezoiroda.hu\/szikora\/podium-vers-szinmuveszek\/kiraly-eszter\/\" class=\"_self pt-cv-href-thumbnail pt-cv-thumb-default\" target=\"_self\" ><img loading=\"lazy\" decoding=\"async\" width=\"300\" height=\"300\" src=\"http:\/\/www.szikorarendezoiroda.hu\/szikora\/wp-content\/uploads\/2018\/07\/profil-Kir\u00e1ly-Eszter-300x300.jpg\" class=\"pt-cv-thumbnail\" alt=\"\" srcset=\"http:\/\/www.szikorarendezoiroda.hu\/szikora\/wp-content\/uploads\/2018\/07\/profil-Kir\u00e1ly-Eszter-300x300.jpg 300w, http:\/\/www.szikorarendezoiroda.hu\/szikora\/wp-content\/uploads\/2018\/07\/profil-Kir\u00e1ly-Eszter-150x150.jpg 150w, http:\/\/www.szikorarendezoiroda.hu\/szikora\/wp-content\/uploads\/2018\/07\/profil-Kir\u00e1ly-Eszter-e1532447043548.jpg 500w\" sizes=\"(max-width: 300px) 100vw, 300px\" \/><\/a>\n<h4 class=\"pt-cv-title\"><a href=\"http:\/\/www.szikorarendezoiroda.hu\/szikora\/podium-vers-szinmuveszek\/kiraly-eszter\/\" class=\"_self\" target=\"_self\" >Kir\u00e1ly Eszter<\/a><\/h4>\n<div class=\"pt-cv-content\">Kir\u00e1ly Eszter \u00edr\u00f3 , \u00fajs\u00e1g\u00edr\u00f3, a \u201e Meddig tart a kapcsolatunk..\u201d c\u00edm\u0171 \u00f6nismereti , \u00f6nseg\u00edt\u0151 k\u00f6nyv szerz\u0151je. \u00cdr\u00f3 \u2013 olvas\u00f3 ...<br \/><div class=\"pt-cv-rmwrap\"><a href=\"http:\/\/www.szikorarendezoiroda.hu\/szikora\/podium-vers-szinmuveszek\/kiraly-eszter\/\" class=\"_self pt-cv-readmore btn btn-success\" target=\"_self\">R\u00e9szletek<\/a><\/div><\/div><\/div><\/div>\n<div class=\"col-md-4 col-sm-6 col-xs-12 pt-cv-content-item pt-cv-1-col\" ><div class='pt-cv-ifield'><a href=\"http:\/\/www.szikorarendezoiroda.hu\/szikora\/podium-vers-szinmuveszek\/koka-rozalia\/\" class=\"_self pt-cv-href-thumbnail pt-cv-thumb-default\" target=\"_self\" ><img loading=\"lazy\" decoding=\"async\" width=\"225\" height=\"300\" src=\"http:\/\/www.szikorarendezoiroda.hu\/szikora\/wp-content\/uploads\/2015\/05\/koka-rozalia-foto1-225x300.jpg\" class=\"pt-cv-thumbnail\" alt=\"\" srcset=\"http:\/\/www.szikorarendezoiroda.hu\/szikora\/wp-content\/uploads\/2015\/05\/koka-rozalia-foto1-225x300.jpg 225w, http:\/\/www.szikorarendezoiroda.hu\/szikora\/wp-content\/uploads\/2015\/05\/koka-rozalia-foto1.jpg 230w\" sizes=\"(max-width: 225px) 100vw, 225px\" \/><\/a>\n<h4 class=\"pt-cv-title\"><a href=\"http:\/\/www.szikorarendezoiroda.hu\/szikora\/podium-vers-szinmuveszek\/koka-rozalia\/\" class=\"_self\" target=\"_self\" >K\u00d3KA ROZ\u00c1LIA<\/a><\/h4>\n<div class=\"pt-cv-content\">Nem csak a f\u00e9rfiak tudnak mes\u00e9lni,hanem az asszonyok is. S\u0151t ! Azok tudnak csak igaz\u00e1n. Mert \u201eMib\u0151l van az asszon?\" ...<br \/><div class=\"pt-cv-rmwrap\"><a href=\"http:\/\/www.szikorarendezoiroda.hu\/szikora\/podium-vers-szinmuveszek\/koka-rozalia\/\" class=\"_self pt-cv-readmore btn btn-success\" target=\"_self\">R\u00e9szletek<\/a><\/div><\/div><\/div><\/div>\n<div class=\"col-md-4 col-sm-6 col-xs-12 pt-cv-content-item pt-cv-1-col\" ><div class='pt-cv-ifield'><a href=\"http:\/\/www.szikorarendezoiroda.hu\/szikora\/podium-vers-szinmuveszek\/koltai-robert\/\" class=\"_self pt-cv-href-thumbnail pt-cv-thumb-default\" target=\"_self\" ><img loading=\"lazy\" decoding=\"async\" width=\"300\" height=\"197\" src=\"http:\/\/www.szikorarendezoiroda.hu\/szikora\/wp-content\/uploads\/2015\/05\/koltai-300x197.jpg\" class=\"pt-cv-thumbnail\" alt=\"\" srcset=\"http:\/\/www.szikorarendezoiroda.hu\/szikora\/wp-content\/uploads\/2015\/05\/koltai-300x197.jpg 300w, http:\/\/www.szikorarendezoiroda.hu\/szikora\/wp-content\/uploads\/2015\/05\/koltai.jpg 610w\" sizes=\"(max-width: 300px) 100vw, 300px\" \/><\/a>\n<h4 class=\"pt-cv-title\"><a href=\"http:\/\/www.szikorarendezoiroda.hu\/szikora\/podium-vers-szinmuveszek\/koltai-robert\/\" class=\"_self\" target=\"_self\" >KOLTAI R\u00d3BERT<\/a><\/h4>\n<div class=\"pt-cv-content\">\u201eLerajzolom percek alatt\u201d zen\u00e9s \u00f6n\u00e9letrajzi kabar\u00e9. Zongor\u00e1n\u00e1l: Darvas Ferenc ...<br \/><div class=\"pt-cv-rmwrap\"><a href=\"http:\/\/www.szikorarendezoiroda.hu\/szikora\/podium-vers-szinmuveszek\/koltai-robert\/\" class=\"_self pt-cv-readmore btn btn-success\" target=\"_self\">R\u00e9szletek<\/a><\/div><\/div><\/div><\/div>\n<div class=\"col-md-4 col-sm-6 col-xs-12 pt-cv-content-item pt-cv-1-col\" ><div class='pt-cv-ifield'><a href=\"http:\/\/www.szikorarendezoiroda.hu\/szikora\/podium-vers-szinmuveszek\/koncz-gabor\/\" class=\"_self pt-cv-href-thumbnail pt-cv-thumb-default\" target=\"_self\" ><img loading=\"lazy\" decoding=\"async\" width=\"254\" height=\"300\" src=\"http:\/\/www.szikorarendezoiroda.hu\/szikora\/wp-content\/uploads\/2015\/05\/okncz-254x300.jpg\" class=\"pt-cv-thumbnail\" alt=\"\" srcset=\"http:\/\/www.szikorarendezoiroda.hu\/szikora\/wp-content\/uploads\/2015\/05\/okncz-254x300.jpg 254w, http:\/\/www.szikorarendezoiroda.hu\/szikora\/wp-content\/uploads\/2015\/05\/okncz.jpg 476w\" sizes=\"(max-width: 254px) 100vw, 254px\" \/><\/a>\n<h4 class=\"pt-cv-title\"><a href=\"http:\/\/www.szikorarendezoiroda.hu\/szikora\/podium-vers-szinmuveszek\/koncz-gabor\/\" class=\"_self\" target=\"_self\" >KONCZ G\u00c1BOR<\/a><\/h4>\n<div class=\"pt-cv-content\">\u201eGyorsvonat\u2026\u201d az \u00e9let egy \u0151r\u00fclt rohan\u00e1s, csak n\u00e9ha \u00e1llunk meg egy-egy percre ...<br \/><div class=\"pt-cv-rmwrap\"><a href=\"http:\/\/www.szikorarendezoiroda.hu\/szikora\/podium-vers-szinmuveszek\/koncz-gabor\/\" class=\"_self pt-cv-readmore btn btn-success\" target=\"_self\">R\u00e9szletek<\/a><\/div><\/div><\/div><\/div>\n<div class=\"col-md-4 col-sm-6 col-xs-12 pt-cv-content-item pt-cv-1-col\" ><div class='pt-cv-ifield'><a href=\"http:\/\/www.szikorarendezoiroda.hu\/szikora\/podium-vers-szinmuveszek\/kovacs-istvan-sajgal-erika\/\" class=\"_self pt-cv-href-thumbnail pt-cv-thumb-default\" target=\"_self\" ><img loading=\"lazy\" decoding=\"async\" width=\"300\" height=\"169\" src=\"http:\/\/www.szikorarendezoiroda.hu\/szikora\/wp-content\/uploads\/2015\/05\/kovacs-300x169.jpg\" class=\"pt-cv-thumbnail\" alt=\"\" srcset=\"http:\/\/www.szikorarendezoiroda.hu\/szikora\/wp-content\/uploads\/2015\/05\/kovacs-300x169.jpg 300w, http:\/\/www.szikorarendezoiroda.hu\/szikora\/wp-content\/uploads\/2015\/05\/kovacs.jpg 512w\" sizes=\"(max-width: 300px) 100vw, 300px\" \/><\/a>\n<h4 class=\"pt-cv-title\"><a href=\"http:\/\/www.szikorarendezoiroda.hu\/szikora\/podium-vers-szinmuveszek\/kovacs-istvan-sajgal-erika\/\" class=\"_self\" target=\"_self\" >KOV\u00c1CS ISTV\u00c1N-SAJG\u00c1L ERIKA<\/a><\/h4>\n<div class=\"pt-cv-content\">\u201eMost amikor minden vir\u00e1g ny\u00edlik\u2026\u201d a legszebb klasszikusok a sz\u00e1zadel\u0151r\u0151l ...<br \/><div class=\"pt-cv-rmwrap\"><a href=\"http:\/\/www.szikorarendezoiroda.hu\/szikora\/podium-vers-szinmuveszek\/kovacs-istvan-sajgal-erika\/\" class=\"_self pt-cv-readmore btn btn-success\" target=\"_self\">R\u00e9szletek<\/a><\/div><\/div><\/div><\/div>\n<div class=\"col-md-4 col-sm-6 col-xs-12 pt-cv-content-item pt-cv-1-col\" ><div class='pt-cv-ifield'><a href=\"http:\/\/www.szikorarendezoiroda.hu\/szikora\/podium-vers-szinmuveszek\/lukacs-sandor\/\" class=\"_self pt-cv-href-thumbnail pt-cv-thumb-default\" target=\"_self\" ><img loading=\"lazy\" decoding=\"async\" width=\"300\" height=\"230\" src=\"http:\/\/www.szikorarendezoiroda.hu\/szikora\/wp-content\/uploads\/2015\/05\/lukacs-300x230.jpg\" class=\"pt-cv-thumbnail\" alt=\"\" srcset=\"http:\/\/www.szikorarendezoiroda.hu\/szikora\/wp-content\/uploads\/2015\/05\/lukacs-300x230.jpg 300w, http:\/\/www.szikorarendezoiroda.hu\/szikora\/wp-content\/uploads\/2015\/05\/lukacs.jpg 476w\" sizes=\"(max-width: 300px) 100vw, 300px\" \/><\/a>\n<h4 class=\"pt-cv-title\"><a href=\"http:\/\/www.szikorarendezoiroda.hu\/szikora\/podium-vers-szinmuveszek\/lukacs-sandor\/\" class=\"_self\" target=\"_self\" >LUK\u00c1CS S\u00c1NDOR<\/a><\/h4>\n<div class=\"pt-cv-content\">\u201eVerseim tiszta t\u00fckr\u00e9ben\u2026\u201d a m\u0171v\u00e9sz irodalmi jeleseink mellett saj\u00e1t mag\u00e1r\u00f3l is vall ...<br \/><div class=\"pt-cv-rmwrap\"><a href=\"http:\/\/www.szikorarendezoiroda.hu\/szikora\/podium-vers-szinmuveszek\/lukacs-sandor\/\" class=\"_self pt-cv-readmore btn btn-success\" target=\"_self\">R\u00e9szletek<\/a><\/div><\/div><\/div><\/div>\n<div class=\"col-md-4 col-sm-6 col-xs-12 pt-cv-content-item pt-cv-1-col\" ><div class='pt-cv-ifield'><a href=\"http:\/\/www.szikorarendezoiroda.hu\/szikora\/podium-vers-szinmuveszek\/macsai-pal-huzella-peter\/\" class=\"_self pt-cv-href-thumbnail pt-cv-thumb-default\" target=\"_self\" ><img loading=\"lazy\" decoding=\"async\" width=\"300\" height=\"186\" src=\"http:\/\/www.szikorarendezoiroda.hu\/szikora\/wp-content\/uploads\/2015\/05\/macsai-huzella-300x186.jpg\" class=\"pt-cv-thumbnail\" alt=\"\" srcset=\"http:\/\/www.szikorarendezoiroda.hu\/szikora\/wp-content\/uploads\/2015\/05\/macsai-huzella-300x186.jpg 300w, http:\/\/www.szikorarendezoiroda.hu\/szikora\/wp-content\/uploads\/2015\/05\/macsai-huzella.jpg 400w\" sizes=\"(max-width: 300px) 100vw, 300px\" \/><\/a>\n<h4 class=\"pt-cv-title\"><a href=\"http:\/\/www.szikorarendezoiroda.hu\/szikora\/podium-vers-szinmuveszek\/macsai-pal-huzella-peter\/\" class=\"_self\" target=\"_self\" >M\u00c1CSAI P\u00c1L-HUZELLA P\u00c9TER<\/a><\/h4>\n<div class=\"pt-cv-content\">\u201eBefogad, kitasz\u00edt a vil\u00e1g\u2026\u201d a k\u00e9t kiv\u00e1l\u00f3 m\u0171v\u00e9sz Villon estje ...<br \/><div class=\"pt-cv-rmwrap\"><a href=\"http:\/\/www.szikorarendezoiroda.hu\/szikora\/podium-vers-szinmuveszek\/macsai-pal-huzella-peter\/\" class=\"_self pt-cv-readmore btn btn-success\" target=\"_self\">R\u00e9szletek<\/a><\/div><\/div><\/div><\/div>\n<div class=\"col-md-4 col-sm-6 col-xs-12 pt-cv-content-item pt-cv-1-col\" ><div class='pt-cv-ifield'><a href=\"http:\/\/www.szikorarendezoiroda.hu\/szikora\/podium-vers-szinmuveszek\/maczko-maria\/\" class=\"_self pt-cv-href-thumbnail pt-cv-thumb-default\" target=\"_self\" ><img loading=\"lazy\" decoding=\"async\" width=\"197\" height=\"300\" src=\"http:\/\/www.szikorarendezoiroda.hu\/szikora\/wp-content\/uploads\/2015\/05\/maczko-197x300.png\" class=\"pt-cv-thumbnail\" alt=\"\" srcset=\"http:\/\/www.szikorarendezoiroda.hu\/szikora\/wp-content\/uploads\/2015\/05\/maczko-197x300.png 197w, http:\/\/www.szikorarendezoiroda.hu\/szikora\/wp-content\/uploads\/2015\/05\/maczko.png 400w\" sizes=\"(max-width: 197px) 100vw, 197px\" \/><\/a>\n<h4 class=\"pt-cv-title\"><a href=\"http:\/\/www.szikorarendezoiroda.hu\/szikora\/podium-vers-szinmuveszek\/maczko-maria\/\" class=\"_self\" target=\"_self\" >MACZK\u00d3 M\u00c1RIA<\/a><\/h4>\n<div class=\"pt-cv-content\">Orsz\u00e1gunknak meg\u00e1ldoztak: A n\u00e9pdal\u00e9nekes M\u0171v\u00e9szn\u0151 \u00e9s Szab\u00f3 Andr\u00e1s el\u0151ad\u00f3m\u0171v\u00e9sz p\u00f3diumestje a magyar irodalomban megjelen\u00edtett \"haza\u00e9lm\u00e9nyr\u0151l \" K\u00f6ny\u00f6rg\u00e9s: A Halotti Besz\u00e9dt\u0151l ...<br \/><div class=\"pt-cv-rmwrap\"><a href=\"http:\/\/www.szikorarendezoiroda.hu\/szikora\/podium-vers-szinmuveszek\/maczko-maria\/\" class=\"_self pt-cv-readmore btn btn-success\" target=\"_self\">R\u00e9szletek<\/a><\/div><\/div><\/div><\/div>\n<div class=\"col-md-4 col-sm-6 col-xs-12 pt-cv-content-item pt-cv-1-col\" ><div class='pt-cv-ifield'><a href=\"http:\/\/www.szikorarendezoiroda.hu\/szikora\/podium-vers-szinmuveszek\/makrai-pal\/\" class=\"_self pt-cv-href-thumbnail pt-cv-thumb-default\" target=\"_self\" ><img loading=\"lazy\" decoding=\"async\" width=\"281\" height=\"293\" src=\"http:\/\/www.szikorarendezoiroda.hu\/szikora\/wp-content\/uploads\/2015\/05\/makrai_pal_musical.jpg\" class=\"pt-cv-thumbnail\" alt=\"\" \/><\/a>\n<h4 class=\"pt-cv-title\"><a href=\"http:\/\/www.szikorarendezoiroda.hu\/szikora\/podium-vers-szinmuveszek\/makrai-pal\/\" class=\"_self\" target=\"_self\" >MAKRAI P\u00c1L<\/a><\/h4>\n<div class=\"pt-cv-content\">\u201eAz \u00f6rd\u00f6g h\u00e1rf\u00e1i\u2026\u201d zen\u00e9s hitvall\u00e1s Nagy L\u00e1szl\u00f3, Garai G\u00e1bor, Ady Endre, J\u00f3zsef Attila versei alapj\u00e1n Makay Zsolt zen\u00e9j\u00e9vel. A legend\u00e1ss\u00e1 ...<br \/><div class=\"pt-cv-rmwrap\"><a href=\"http:\/\/www.szikorarendezoiroda.hu\/szikora\/podium-vers-szinmuveszek\/makrai-pal\/\" class=\"_self pt-cv-readmore btn btn-success\" target=\"_self\">R\u00e9szletek<\/a><\/div><\/div><\/div><\/div>\n<div class=\"col-md-4 col-sm-6 col-xs-12 pt-cv-content-item pt-cv-1-col\" ><div class='pt-cv-ifield'><a href=\"http:\/\/www.szikorarendezoiroda.hu\/szikora\/podium-vers-szinmuveszek\/miko-istvan\/\" class=\"_self pt-cv-href-thumbnail pt-cv-thumb-default\" target=\"_self\" ><img loading=\"lazy\" decoding=\"async\" width=\"200\" height=\"267\" src=\"http:\/\/www.szikorarendezoiroda.hu\/szikora\/wp-content\/uploads\/2015\/05\/miko_d7n5674.jpg\" class=\"pt-cv-thumbnail\" alt=\"\" \/><\/a>\n<h4 class=\"pt-cv-title\"><a href=\"http:\/\/www.szikorarendezoiroda.hu\/szikora\/podium-vers-szinmuveszek\/miko-istvan\/\" class=\"_self\" target=\"_self\" >MIK\u00d3 ISTV\u00c1N<\/a><\/h4>\n<div class=\"pt-cv-content\">\"Mindhal\u00e1lig Beatles\" - n\u00e9gy kit\u0171n\u0151 sz\u00ednm\u0171v\u00e9sz, akik egyben remek zen\u00e9szek is, \u00e9l\u0151 koncertje a legsikeresebb Beatles n\u00f3t\u00e1kb\u00f3l. \"Svejk vagyok\". Az ...<br \/><div class=\"pt-cv-rmwrap\"><a href=\"http:\/\/www.szikorarendezoiroda.hu\/szikora\/podium-vers-szinmuveszek\/miko-istvan\/\" class=\"_self pt-cv-readmore btn btn-success\" target=\"_self\">R\u00e9szletek<\/a><\/div><\/div><\/div><\/div>\n<div class=\"col-md-4 col-sm-6 col-xs-12 pt-cv-content-item pt-cv-1-col\" ><div class='pt-cv-ifield'><a href=\"http:\/\/www.szikorarendezoiroda.hu\/szikora\/podium-vers-szinmuveszek\/muller-peter-iro\/\" class=\"_self pt-cv-href-thumbnail pt-cv-thumb-default\" target=\"_self\" ><img loading=\"lazy\" decoding=\"async\" width=\"300\" height=\"196\" src=\"http:\/\/www.szikorarendezoiroda.hu\/szikora\/wp-content\/uploads\/2015\/05\/muller-300x196.jpg\" class=\"pt-cv-thumbnail\" alt=\"\" srcset=\"http:\/\/www.szikorarendezoiroda.hu\/szikora\/wp-content\/uploads\/2015\/05\/muller-300x196.jpg 300w, http:\/\/www.szikorarendezoiroda.hu\/szikora\/wp-content\/uploads\/2015\/05\/muller.jpg 561w\" sizes=\"(max-width: 300px) 100vw, 300px\" \/><\/a>\n<h4 class=\"pt-cv-title\"><a href=\"http:\/\/www.szikorarendezoiroda.hu\/szikora\/podium-vers-szinmuveszek\/muller-peter-iro\/\" class=\"_self\" target=\"_self\" >M\u00dcLLER P\u00c9TER \u00cdR\u00d3<\/a><\/h4>\n<div class=\"pt-cv-content\">Az emberi lelket , \u00e9rzelmeket oly kit\u0171n\u0151en ismer\u0151 \u00edr\u00f3 \u00faj sorozattal lepi meg olvas\u00f3it \u201e \u00datraval\u00f3 \u201e c\u00edmmel . Sz\u00fclet\u00e9snapi ...<br \/><div class=\"pt-cv-rmwrap\"><a href=\"http:\/\/www.szikorarendezoiroda.hu\/szikora\/podium-vers-szinmuveszek\/muller-peter-iro\/\" class=\"_self pt-cv-readmore btn btn-success\" target=\"_self\">R\u00e9szletek<\/a><\/div><\/div><\/div><\/div>\n<div class=\"col-md-4 col-sm-6 col-xs-12 pt-cv-content-item pt-cv-1-col\" ><div class='pt-cv-ifield'><a href=\"http:\/\/www.szikorarendezoiroda.hu\/szikora\/podium-vers-szinmuveszek\/nyerges-attila\/\" class=\"_self pt-cv-href-thumbnail pt-cv-thumb-default\" target=\"_self\" ><img loading=\"lazy\" decoding=\"async\" width=\"300\" height=\"241\" src=\"http:\/\/www.szikorarendezoiroda.hu\/szikora\/wp-content\/uploads\/2015\/05\/nyerges-300x241.jpg\" class=\"pt-cv-thumbnail\" alt=\"\" srcset=\"http:\/\/www.szikorarendezoiroda.hu\/szikora\/wp-content\/uploads\/2015\/05\/nyerges-300x241.jpg 300w, http:\/\/www.szikorarendezoiroda.hu\/szikora\/wp-content\/uploads\/2015\/05\/nyerges.jpg 450w\" sizes=\"(max-width: 300px) 100vw, 300px\" \/><\/a>\n<h4 class=\"pt-cv-title\"><a href=\"http:\/\/www.szikorarendezoiroda.hu\/szikora\/podium-vers-szinmuveszek\/nyerges-attila\/\" class=\"_self\" target=\"_self\" >NYERGES ATTILA<\/a><\/h4>\n<div class=\"pt-cv-content\">\"Ap\u00e1k \u00e9s fi\u00fak...\" Az Ismer\u0151s Arcok zenekar k\u00e9t tagj\u00e1nak, Nyerges Attil\u00e1nak \u00e9s Lecz\u00f3 Szilveszternek \u00f6n\u00e1ll\u00f3 estje. A t\u00e9ma \u00f6r\u00f6k, vagy ...<br \/><div class=\"pt-cv-rmwrap\"><a href=\"http:\/\/www.szikorarendezoiroda.hu\/szikora\/podium-vers-szinmuveszek\/nyerges-attila\/\" class=\"_self pt-cv-readmore btn btn-success\" target=\"_self\">R\u00e9szletek<\/a><\/div><\/div><\/div><\/div>\n<div class=\"col-md-4 col-sm-6 col-xs-12 pt-cv-content-item pt-cv-1-col\" ><div class='pt-cv-ifield'><a href=\"http:\/\/www.szikorarendezoiroda.hu\/szikora\/podium-vers-szinmuveszek\/nyertes-zsuzsa-szoka-julia\/\" class=\"_self pt-cv-href-thumbnail pt-cv-thumb-default\" target=\"_self\" ><img loading=\"lazy\" decoding=\"async\" width=\"300\" height=\"225\" src=\"http:\/\/www.szikorarendezoiroda.hu\/szikora\/wp-content\/uploads\/2017\/02\/nyertes-szoka-300x225.jpg\" class=\"pt-cv-thumbnail\" alt=\"\" srcset=\"http:\/\/www.szikorarendezoiroda.hu\/szikora\/wp-content\/uploads\/2017\/02\/nyertes-szoka-300x225.jpg 300w, http:\/\/www.szikorarendezoiroda.hu\/szikora\/wp-content\/uploads\/2017\/02\/nyertes-szoka.jpg 610w\" sizes=\"(max-width: 300px) 100vw, 300px\" \/><\/a>\n<h4 class=\"pt-cv-title\"><a href=\"http:\/\/www.szikorarendezoiroda.hu\/szikora\/podium-vers-szinmuveszek\/nyertes-zsuzsa-szoka-julia\/\" class=\"_self\" target=\"_self\" >Nyertes Zsuzsa \u2013 Sz\u00f3ka J\u00falia<\/a><\/h4>\n<div class=\"pt-cv-content\">Nyertes Zsuzsa \u2013 Sz\u00f3ka J\u00falia \u201eEgy fekete \u00e9s egy sz\u0151ke\u00a0 \u2026 \" Felh\u0151tlen sz\u00f3rakoz\u00e1s k\u00e9t k\u00fcl\u00f6nb\u00f6z\u0151 hajsz\u00edn\u0171 \u00e9s karakter\u0171 t\u00fczes ...<br \/><div class=\"pt-cv-rmwrap\"><a href=\"http:\/\/www.szikorarendezoiroda.hu\/szikora\/podium-vers-szinmuveszek\/nyertes-zsuzsa-szoka-julia\/\" class=\"_self pt-cv-readmore btn btn-success\" target=\"_self\">R\u00e9szletek<\/a><\/div><\/div><\/div><\/div>\n<div class=\"col-md-4 col-sm-6 col-xs-12 pt-cv-content-item pt-cv-1-col\" ><div class='pt-cv-ifield'><a href=\"http:\/\/www.szikorarendezoiroda.hu\/szikora\/podium-vers-szinmuveszek\/rekasi-karoly\/\" class=\"_self pt-cv-href-thumbnail pt-cv-thumb-default\" target=\"_self\" ><img loading=\"lazy\" decoding=\"async\" width=\"300\" height=\"200\" src=\"http:\/\/www.szikorarendezoiroda.hu\/szikora\/wp-content\/uploads\/2015\/05\/rekasi1-300x200.jpg\" class=\"pt-cv-thumbnail\" alt=\"\" srcset=\"http:\/\/www.szikorarendezoiroda.hu\/szikora\/wp-content\/uploads\/2015\/05\/rekasi1-300x200.jpg 300w, http:\/\/www.szikorarendezoiroda.hu\/szikora\/wp-content\/uploads\/2015\/05\/rekasi1-400x267.jpg 400w, http:\/\/www.szikorarendezoiroda.hu\/szikora\/wp-content\/uploads\/2015\/05\/rekasi1.jpg 640w\" sizes=\"(max-width: 300px) 100vw, 300px\" \/><\/a>\n<h4 class=\"pt-cv-title\"><a href=\"http:\/\/www.szikorarendezoiroda.hu\/szikora\/podium-vers-szinmuveszek\/rekasi-karoly\/\" class=\"_self\" target=\"_self\" >R\u00c9KASI K\u00c1ROLY<\/a><\/h4>\n<div class=\"pt-cv-content\">\u00a0\u201eSzerelmem Erd\u00e9ly\" Wass Albert levelei , versei , \u00edr\u00e1sai alapj\u00e1n \u00f6ssze\u00e1ll\u00edtotta \u00e9s a filmmont\u00e1zsokat k\u00e9sz\u00edtette Koltay G\u00e1bor. A f\u0151 gondolati ...<br \/><div class=\"pt-cv-rmwrap\"><a href=\"http:\/\/www.szikorarendezoiroda.hu\/szikora\/podium-vers-szinmuveszek\/rekasi-karoly\/\" class=\"_self pt-cv-readmore btn btn-success\" target=\"_self\">R\u00e9szletek<\/a><\/div><\/div><\/div><\/div>\n<div class=\"col-md-4 col-sm-6 col-xs-12 pt-cv-content-item pt-cv-1-col\" ><div class='pt-cv-ifield'><a href=\"http:\/\/www.szikorarendezoiroda.hu\/szikora\/podium-vers-szinmuveszek\/safar-monika\/\" class=\"_self pt-cv-href-thumbnail pt-cv-thumb-default\" target=\"_self\" ><img loading=\"lazy\" decoding=\"async\" width=\"200\" height=\"300\" src=\"http:\/\/www.szikorarendezoiroda.hu\/szikora\/wp-content\/uploads\/2015\/05\/safar-monika-original-682-200x300.jpg\" class=\"pt-cv-thumbnail\" alt=\"\" srcset=\"http:\/\/www.szikorarendezoiroda.hu\/szikora\/wp-content\/uploads\/2015\/05\/safar-monika-original-682-200x300.jpg 200w, http:\/\/www.szikorarendezoiroda.hu\/szikora\/wp-content\/uploads\/2015\/05\/safar-monika-original-682.jpg 233w\" sizes=\"(max-width: 200px) 100vw, 200px\" \/><\/a>\n<h4 class=\"pt-cv-title\"><a href=\"http:\/\/www.szikorarendezoiroda.hu\/szikora\/podium-vers-szinmuveszek\/safar-monika\/\" class=\"_self\" target=\"_self\" >S\u00c1F\u00c1R M\u00d3NIKA<\/a><\/h4>\n<div class=\"pt-cv-content\">V\u00e1logat\u00e1s a klasszikus zene gy\u00f6ngyszemeib\u0151l \u2013 \u00e9nekhangra, trombit\u00e1ra \u00e9s orgon\u00e1ra ...<br \/><div class=\"pt-cv-rmwrap\"><a href=\"http:\/\/www.szikorarendezoiroda.hu\/szikora\/podium-vers-szinmuveszek\/safar-monika\/\" class=\"_self pt-cv-readmore btn btn-success\" target=\"_self\">R\u00e9szletek<\/a><\/div><\/div><\/div><\/div>\n<div class=\"col-md-4 col-sm-6 col-xs-12 pt-cv-content-item pt-cv-1-col\" ><div class='pt-cv-ifield'><a href=\"http:\/\/www.szikorarendezoiroda.hu\/szikora\/podium-vers-szinmuveszek\/szarka-gyula-ghymes-zenesz-zeneszerzo\/\" class=\"_self pt-cv-href-thumbnail pt-cv-thumb-default\" target=\"_self\" ><img loading=\"lazy\" decoding=\"async\" width=\"244\" height=\"300\" src=\"http:\/\/www.szikorarendezoiroda.hu\/szikora\/wp-content\/uploads\/2015\/05\/szarka-244x300.jpg\" class=\"pt-cv-thumbnail\" alt=\"\" srcset=\"http:\/\/www.szikorarendezoiroda.hu\/szikora\/wp-content\/uploads\/2015\/05\/szarka-244x300.jpg 244w, http:\/\/www.szikorarendezoiroda.hu\/szikora\/wp-content\/uploads\/2015\/05\/szarka.jpg 300w\" sizes=\"(max-width: 244px) 100vw, 244px\" \/><\/a>\n<h4 class=\"pt-cv-title\"><a href=\"http:\/\/www.szikorarendezoiroda.hu\/szikora\/podium-vers-szinmuveszek\/szarka-gyula-ghymes-zenesz-zeneszerzo\/\" class=\"_self\" target=\"_self\" >SZARKA GYULA (GHYMES) ZEN\u00c9SZ, ZENESZERZ\u0150.<\/a><\/h4>\n<div class=\"pt-cv-content\">Egyik szerz\u0151i estj\u00e9nek c\u00edme: \"Bor \u00e9s l\u00e1nyka\". Pet\u0151fi, Balassi, Csokonai, G\u00e1rdonyi bordalai megzen\u00e9s\u00edtve azzal a sz\u00e1nd\u00e9kkal, hogy a kit\u0171n\u0151 magyar ...<br \/><div class=\"pt-cv-rmwrap\"><a href=\"http:\/\/www.szikorarendezoiroda.hu\/szikora\/podium-vers-szinmuveszek\/szarka-gyula-ghymes-zenesz-zeneszerzo\/\" class=\"_self pt-cv-readmore btn btn-success\" target=\"_self\">R\u00e9szletek<\/a><\/div><\/div><\/div><\/div>\n<div class=\"col-md-4 col-sm-6 col-xs-12 pt-cv-content-item pt-cv-1-col\" ><div class='pt-cv-ifield'><a href=\"http:\/\/www.szikorarendezoiroda.hu\/szikora\/podium-vers-szinmuveszek\/tolcsvay-bela\/\" class=\"_self pt-cv-href-thumbnail pt-cv-thumb-default\" target=\"_self\" ><img loading=\"lazy\" decoding=\"async\" width=\"250\" height=\"188\" src=\"http:\/\/www.szikorarendezoiroda.hu\/szikora\/wp-content\/uploads\/2018\/08\/Tolcsvay-B.jpg\" class=\"pt-cv-thumbnail\" alt=\"\" \/><\/a>\n<h4 class=\"pt-cv-title\"><a href=\"http:\/\/www.szikorarendezoiroda.hu\/szikora\/podium-vers-szinmuveszek\/tolcsvay-bela\/\" class=\"_self\" target=\"_self\" >TOLCSVAY B\u00c9LA<\/a><\/h4>\n<div class=\"pt-cv-content\">Kossuth d\u00edjas \u00e9nekes , zeneszerz\u0151 , sz\u00f6veg\u00edr\u00f3 , a Tolcsvay Tri\u00f3 alap\u00edt\u00f3ja.\u00a0 \u00d6n\u00e1ll\u00f3 estjeivel , alkalmi fell\u00e9p\u00e9seivel felejthetetlen \u00e9lm\u00e9nyt ad ...<br \/><div class=\"pt-cv-rmwrap\"><a href=\"http:\/\/www.szikorarendezoiroda.hu\/szikora\/podium-vers-szinmuveszek\/tolcsvay-bela\/\" class=\"_self pt-cv-readmore btn btn-success\" target=\"_self\">R\u00e9szletek<\/a><\/div><\/div><\/div><\/div>\n<div class=\"col-md-4 col-sm-6 col-xs-12 pt-cv-content-item pt-cv-1-col\" ><div class='pt-cv-ifield'><a href=\"http:\/\/www.szikorarendezoiroda.hu\/szikora\/podium-vers-szinmuveszek\/tomanek-gabor-nagy-erika\/\" class=\"_self pt-cv-href-thumbnail pt-cv-thumb-default\" target=\"_self\" ><img loading=\"lazy\" decoding=\"async\" width=\"187\" height=\"280\" src=\"http:\/\/www.szikorarendezoiroda.hu\/szikora\/wp-content\/uploads\/2017\/10\/nagy_erika_01_bw.jpg\" class=\"pt-cv-thumbnail\" alt=\"\" \/><\/a>\n<h4 class=\"pt-cv-title\"><a href=\"http:\/\/www.szikorarendezoiroda.hu\/szikora\/podium-vers-szinmuveszek\/tomanek-gabor-nagy-erika\/\" class=\"_self\" target=\"_self\" >TOMANEK G\u00c1BOR-NAGY ERIKA<\/a><\/h4>\n<div class=\"pt-cv-content\">A b\u00e9k\u00e9scsabai J\u00f3kai sz\u00ednh\u00e1z m\u0171v\u00e9szei. Palett\u00e1jukon megtal\u00e1lhat\u00f3ak az irodalmi estek pl. Wass Albert est vagy \u00a0a tematikus, \u00fcnnepi m\u0171sorok \u00a0- ...<br \/><div class=\"pt-cv-rmwrap\"><a href=\"http:\/\/www.szikorarendezoiroda.hu\/szikora\/podium-vers-szinmuveszek\/tomanek-gabor-nagy-erika\/\" class=\"_self pt-cv-readmore btn btn-success\" target=\"_self\">R\u00e9szletek<\/a><\/div><\/div><\/div><\/div>\n<div class=\"col-md-4 col-sm-6 col-xs-12 pt-cv-content-item pt-cv-1-col\" ><div class='pt-cv-ifield'><a href=\"http:\/\/www.szikorarendezoiroda.hu\/szikora\/podium-vers-szinmuveszek\/voith-agi-bodrogi-gyula\/\" class=\"_self pt-cv-href-thumbnail pt-cv-thumb-default\" target=\"_self\" ><img loading=\"lazy\" decoding=\"async\" width=\"300\" height=\"200\" src=\"http:\/\/www.szikorarendezoiroda.hu\/szikora\/wp-content\/uploads\/2015\/05\/bodrogi-voith-voith-bodrogi-original-59308-300x200.jpg\" class=\"pt-cv-thumbnail\" alt=\"\" srcset=\"http:\/\/www.szikorarendezoiroda.hu\/szikora\/wp-content\/uploads\/2015\/05\/bodrogi-voith-voith-bodrogi-original-59308-300x200.jpg 300w, http:\/\/www.szikorarendezoiroda.hu\/szikora\/wp-content\/uploads\/2015\/05\/bodrogi-voith-voith-bodrogi-original-59308-400x267.jpg 400w, http:\/\/www.szikorarendezoiroda.hu\/szikora\/wp-content\/uploads\/2015\/05\/bodrogi-voith-voith-bodrogi-original-59308.jpg 816w\" sizes=\"(max-width: 300px) 100vw, 300px\" \/><\/a>\n<h4 class=\"pt-cv-title\"><a href=\"http:\/\/www.szikorarendezoiroda.hu\/szikora\/podium-vers-szinmuveszek\/voith-agi-bodrogi-gyula\/\" class=\"_self\" target=\"_self\" >VOITH \u00c1GI &#8211; BODROGI GYULA<\/a><\/h4>\n<div class=\"pt-cv-content\">\u201eRandev\u00fa a sz\u00ednpadon..\u201d K\u00f6z\u00f6s szerelm\u00fcnk a munka. Olyan r\u00e9gi ismer\u0151s\u00f6k vagyunk a k\u00f6z\u00f6ns\u00e9ggel , hogy ez olyan j\u00f3 kis vend\u00e9gs\u00e9g ...<br \/><div class=\"pt-cv-rmwrap\"><a href=\"http:\/\/www.szikorarendezoiroda.hu\/szikora\/podium-vers-szinmuveszek\/voith-agi-bodrogi-gyula\/\" class=\"_self pt-cv-readmore btn btn-success\" target=\"_self\">R\u00e9szletek<\/a><\/div><\/div><\/div><\/div><\/div><\/div><\/div>\n<p>&nbsp;<\/p>\n\n\n<h2 class=\"wp-block-heading\">P\u00f3dium el\u0151ad\u00e1sok: kezdj\u00fck el id\u0151ben a szervez\u00e9st!<\/h2>\n\n\n\n<div class=\"wp-block-image\"><figure class=\"alignleft size-full is-resized\"><img loading=\"lazy\" decoding=\"async\" src=\"http:\/\/www.szikorarendezoiroda.hu\/szikora\/wp-content\/uploads\/2020\/12\/podium-eloadasok.jpg\" alt=\"\" class=\"wp-image-3355\" width=\"300\" height=\"146\"\/><\/figure><\/div>\n\n\n<p><strong>P\u00f3dium el\u0151ad\u00e1sok<\/strong>, k\u00e9rje profik seg\u00edts\u00e9g\u00e9t a szervez\u00e9sben, kezdj\u00fck el egy\u00fctt id\u0151ben a munk\u00e1t!<\/p>\n<p>A\u00a0<strong>p\u00f3dium el\u0151ad\u00e1sok<\/strong>\u00a0manaps\u00e1g egyre nagyobb n\u00e9pszer\u0171s\u00e9gnek \u00f6rvendenek. Egyszer\u0171ek, m\u00e9gis b\u00e1rmilyen esem\u00e9nyt sz\u00ednesebb\u00e9, izgalmasabb\u00e1 tudnak var\u00e1zsolni. Ahhoz, hogy az ig\u00e9nyeknek megfelel\u0151 el\u0151ad\u00e1st lehessen biztos\u00edtani, id\u0151ben el kell kezdeni a szervez\u00e9st. Amennyiben \u00d6n is szeretn\u00e9 sz\u00ednvonalas programmal sz\u00ednes\u00edteni a rendezv\u00e9ny\u00e9t, forduljon hozz\u00e1nk bizalommal, \u00e9s kezdj\u00fck el egy\u00fctt a szervez\u00e9st!<\/p>\n<p>Vel\u00fcnk sokkal egyszer\u0171bb \u00e9s g\u00f6rd\u00fcl\u00e9kenyebb a\u00a0<strong>p\u00f3dium el\u0151ad\u00e1sok<\/strong>\u00a0szervez\u00e9se. Kell\u0151 tapasztalatunk, gyakorlatunk van ezen a ter\u00fcleten is. K\u00edn\u00e1latunkban sz\u00e1mos sz\u00ednvonalas el\u0151ad\u00f3 m\u0171sora k\u00f6z\u00fcl v\u00e1logathat. Vel\u00fcnk id\u0151ben felk\u00e9sz\u00fclhet a rendezv\u00e9ny\u00e9re, ez\u00e1ltal elfelejtheti a kapkod\u00e1st, idegesked\u00e9st a szervez\u00e9s sor\u00e1n. R\u00e1nk hossz\u00fa t\u00e1von sz\u00e1m\u00edthat, \u00edgy, ha a j\u00f6v\u0151ben is ig\u00e9ny lenne erre a programra, ism\u00e9t kereshet minket.<\/p>\n<p>B\u00edzza profikra a programokat, weboldalunkon b\u0151vebb inform\u00e1ci\u00f3kat is tal\u00e1lhat a p\u00f3dium m\u0171sorokkal kapcsolatban! Ha k\u00e9rd\u00e9se lenne, b\u00e1tran keressen fel benn\u00fcnket a megadott <a href=\"http:\/\/www.szikorarendezoiroda.hu\/szikora\/kapcsolat\/\">el\u00e9rhet\u0151s\u00e9geinken<\/a>, ahol k\u00e9szs\u00e9ggel \u00e1llunk az \u00e9rdekl\u0151d\u0151k rendelkez\u00e9s\u00e9re.<\/p>","protected":false},"excerpt":{"rendered":"<p>Szeretn\u00e9 elk\u00e1pr\u00e1ztatni vend\u00e9geit egy fergeteges p\u00f3dium esttel? Sokszor a szervez\u0151k nem tudj\u00e1k eld\u00f6nteni, milyen el\u0151ad\u00e1s illene legink\u00e1bb egy-egy c\u00e9ges rendezv\u00e9nyhez, ez\u00e9rt sokaknak nem jut esz\u00e9be a p\u00f3dium est, mint sz\u00f3rakoztat\u00f3 <a class=\"more-link\" href=\"http:\/\/www.szikorarendezoiroda.hu\/szikora\/podium-vers-szinmuveszek\/\">A folytat&aacute;s olvas&aacute;sa &rarr;<\/a><\/p>\n","protected":false},"author":1,"featured_media":0,"parent":0,"menu_order":0,"comment_status":"open","ping_status":"open","template":"","meta":{"footnotes":""},"aioseo_notices":[],"_links":{"self":[{"href":"http:\/\/www.szikorarendezoiroda.hu\/szikora\/wp-json\/wp\/v2\/pages\/2"}],"collection":[{"href":"http:\/\/www.szikorarendezoiroda.hu\/szikora\/wp-json\/wp\/v2\/pages"}],"about":[{"href":"http:\/\/www.szikorarendezoiroda.hu\/szikora\/wp-json\/wp\/v2\/types\/page"}],"author":[{"embeddable":true,"href":"http:\/\/www.szikorarendezoiroda.hu\/szikora\/wp-json\/wp\/v2\/users\/1"}],"replies":[{"embeddable":true,"href":"http:\/\/www.szikorarendezoiroda.hu\/szikora\/wp-json\/wp\/v2\/comments?post=2"}],"version-history":[{"count":66,"href":"http:\/\/www.szikorarendezoiroda.hu\/szikora\/wp-json\/wp\/v2\/pages\/2\/revisions"}],"predecessor-version":[{"id":3361,"href":"http:\/\/www.szikorarendezoiroda.hu\/szikora\/wp-json\/wp\/v2\/pages\/2\/revisions\/3361"}],"wp:attachment":[{"href":"http:\/\/www.szikorarendezoiroda.hu\/szikora\/wp-json\/wp\/v2\/media?parent=2"}],"curies":[{"name":"wp","href":"https:\/\/api.w.org\/{rel}","templated":true}]}}