{"id":1638,"date":"2015-06-03T07:12:19","date_gmt":"2015-06-03T07:12:19","guid":{"rendered":"http:\/\/www.szikorarendezoiroda.hu\/szikora\/?page_id=1638"},"modified":"2018-08-03T03:59:31","modified_gmt":"2018-08-03T03:59:31","slug":"racz-gergo","status":"publish","type":"page","link":"http:\/\/www.szikorarendezoiroda.hu\/szikora\/tancdal-retro-pop\/racz-gergo\/","title":{"rendered":"R\u00c1CZ GERG\u0150"},"content":{"rendered":"<p>&nbsp;<\/p>\n<p><span style=\"font-family: Georgia,Palatino; font-size: 12pt;\">Szerz\u0151-el\u0151ad\u00f3, els\u0151 sikereit a VIP egy\u00fcttes tagjak\u00e9nt \u00e9rte el. K\u00e9s\u0151bb sz\u00f3l\u00f3karrierbe kezdett. &#8222;Szerelem mi\u00e9rt m\u00falsz&#8221; c\u00edm\u0171 dal\u00e1t Wolf Kati \u00e9nekelte az Eur\u00f3v\u00edzi\u00f3s Dalversenyen. F\u00e9l playback \u00e9s \u00e9l\u0151 nagykoncertje is rendelhet\u0151.<\/span><\/p>\n<p><iframe loading=\"lazy\" width=\"800\" height=\"450\" src=\"https:\/\/www.youtube.com\/embed\/A-4AFOouUYY?feature=oembed\" frameborder=\"0\" allowfullscreen><\/iframe><\/p>\n","protected":false},"excerpt":{"rendered":"<p>&nbsp; Szerz\u0151-el\u0151ad\u00f3, els\u0151 sikereit a VIP egy\u00fcttes tagjak\u00e9nt \u00e9rte el. K\u00e9s\u0151bb sz\u00f3l\u00f3karrierbe kezdett. &#8222;Szerelem mi\u00e9rt m\u00falsz&#8221; c\u00edm\u0171 dal\u00e1t Wolf Kati \u00e9nekelte az Eur\u00f3v\u00edzi\u00f3s Dalversenyen. F\u00e9l playback \u00e9s \u00e9l\u0151 nagykoncertje is <a class=\"more-link\" href=\"http:\/\/www.szikorarendezoiroda.hu\/szikora\/tancdal-retro-pop\/racz-gergo\/\">A folytat&aacute;s olvas&aacute;sa &rarr;<\/a><\/p>\n","protected":false},"author":1,"featured_media":1639,"parent":20,"menu_order":0,"comment_status":"open","ping_status":"open","template":"","meta":{"footnotes":""},"aioseo_notices":[],"_links":{"self":[{"href":"http:\/\/www.szikorarendezoiroda.hu\/szikora\/wp-json\/wp\/v2\/pages\/1638"}],"collection":[{"href":"http:\/\/www.szikorarendezoiroda.hu\/szikora\/wp-json\/wp\/v2\/pages"}],"about":[{"href":"http:\/\/www.szikorarendezoiroda.hu\/szikora\/wp-json\/wp\/v2\/types\/page"}],"author":[{"embeddable":true,"href":"http:\/\/www.szikorarendezoiroda.hu\/szikora\/wp-json\/wp\/v2\/users\/1"}],"replies":[{"embeddable":true,"href":"http:\/\/www.szikorarendezoiroda.hu\/szikora\/wp-json\/wp\/v2\/comments?post=1638"}],"version-history":[{"count":2,"href":"http:\/\/www.szikorarendezoiroda.hu\/szikora\/wp-json\/wp\/v2\/pages\/1638\/revisions"}],"predecessor-version":[{"id":2731,"href":"http:\/\/www.szikorarendezoiroda.hu\/szikora\/wp-json\/wp\/v2\/pages\/1638\/revisions\/2731"}],"up":[{"embeddable":true,"href":"http:\/\/www.szikorarendezoiroda.hu\/szikora\/wp-json\/wp\/v2\/pages\/20"}],"wp:featuredmedia":[{"embeddable":true,"href":"http:\/\/www.szikorarendezoiroda.hu\/szikora\/wp-json\/wp\/v2\/media\/1639"}],"wp:attachment":[{"href":"http:\/\/www.szikorarendezoiroda.hu\/szikora\/wp-json\/wp\/v2\/media?parent=1638"}],"curies":[{"name":"wp","href":"https:\/\/api.w.org\/{rel}","templated":true}]}}