{"id":1487,"date":"2015-06-02T09:52:10","date_gmt":"2015-06-02T09:52:10","guid":{"rendered":"http:\/\/www.szikorarendezoiroda.hu\/szikora\/?page_id=1487"},"modified":"2018-08-05T06:45:25","modified_gmt":"2018-08-05T06:45:25","slug":"marcipan-trio","status":"publish","type":"page","link":"http:\/\/www.szikorarendezoiroda.hu\/szikora\/gyerekszinhazi-eloadasok\/marcipan-trio\/","title":{"rendered":"Marcip\u00e1n Tri\u00f3"},"content":{"rendered":"<p>&nbsp;<\/p>\n<p><span style=\"font-family: Georgia,Palatino; font-size: 12pt;\">a 2014-es orsz\u00e1gos gyerekdal versenyen Az \u00c9v Legn\u00e9pszer\u0171bb\u00a0 Gyerekdal Zeneszerz\u0151je d\u00edjat nyert\u00e9k el.\u00a0 \u00c9nekesn\u0151j\u00fcl Kedl Ildik\u00f3 \u2013 Ildi nem csak \u00e9nekel \u00e9s t\u00e1ncol hanem pantomimezik is.\u00a0 Zen\u00e9szt\u00e1rsaival Gy\u00f6rgy \u00c1kos-\u00c1kival \u00e9s Balogh L\u00e1szl\u00f3 \u2013 \u00d6pivel egy remek hangulat\u00fa , interakt\u00edv koncerttel sz\u00f3rakoztatj\u00e1k a gyerekeket.\u00a0 <\/span><\/p>\n<p><iframe loading=\"lazy\" width=\"800\" height=\"600\" src=\"https:\/\/www.youtube.com\/embed\/B2LTi07GlPU?feature=oembed\" frameborder=\"0\" allowfullscreen><\/iframe><\/p>\n","protected":false},"excerpt":{"rendered":"<p>&nbsp; a 2014-es orsz\u00e1gos gyerekdal versenyen Az \u00c9v Legn\u00e9pszer\u0171bb\u00a0 Gyerekdal Zeneszerz\u0151je d\u00edjat nyert\u00e9k el.\u00a0 \u00c9nekesn\u0151j\u00fcl Kedl Ildik\u00f3 \u2013 Ildi nem csak \u00e9nekel \u00e9s t\u00e1ncol hanem pantomimezik is.\u00a0 Zen\u00e9szt\u00e1rsaival Gy\u00f6rgy \u00c1kos-\u00c1kival <a class=\"more-link\" href=\"http:\/\/www.szikorarendezoiroda.hu\/szikora\/gyerekszinhazi-eloadasok\/marcipan-trio\/\">A folytat&aacute;s olvas&aacute;sa &rarr;<\/a><\/p>\n","protected":false},"author":1,"featured_media":1488,"parent":1204,"menu_order":0,"comment_status":"open","ping_status":"open","template":"","meta":{"footnotes":""},"aioseo_notices":[],"_links":{"self":[{"href":"http:\/\/www.szikorarendezoiroda.hu\/szikora\/wp-json\/wp\/v2\/pages\/1487"}],"collection":[{"href":"http:\/\/www.szikorarendezoiroda.hu\/szikora\/wp-json\/wp\/v2\/pages"}],"about":[{"href":"http:\/\/www.szikorarendezoiroda.hu\/szikora\/wp-json\/wp\/v2\/types\/page"}],"author":[{"embeddable":true,"href":"http:\/\/www.szikorarendezoiroda.hu\/szikora\/wp-json\/wp\/v2\/users\/1"}],"replies":[{"embeddable":true,"href":"http:\/\/www.szikorarendezoiroda.hu\/szikora\/wp-json\/wp\/v2\/comments?post=1487"}],"version-history":[{"count":3,"href":"http:\/\/www.szikorarendezoiroda.hu\/szikora\/wp-json\/wp\/v2\/pages\/1487\/revisions"}],"predecessor-version":[{"id":3092,"href":"http:\/\/www.szikorarendezoiroda.hu\/szikora\/wp-json\/wp\/v2\/pages\/1487\/revisions\/3092"}],"up":[{"embeddable":true,"href":"http:\/\/www.szikorarendezoiroda.hu\/szikora\/wp-json\/wp\/v2\/pages\/1204"}],"wp:featuredmedia":[{"embeddable":true,"href":"http:\/\/www.szikorarendezoiroda.hu\/szikora\/wp-json\/wp\/v2\/media\/1488"}],"wp:attachment":[{"href":"http:\/\/www.szikorarendezoiroda.hu\/szikora\/wp-json\/wp\/v2\/media?parent=1487"}],"curies":[{"name":"wp","href":"https:\/\/api.w.org\/{rel}","templated":true}]}}