{"id":1204,"date":"2015-06-01T15:01:44","date_gmt":"2015-06-01T15:01:44","guid":{"rendered":"http:\/\/www.szikorarendezoiroda.hu\/szikora\/?page_id=1204"},"modified":"2020-09-14T07:58:18","modified_gmt":"2020-09-14T07:58:18","slug":"gyerekszinhazi-eloadasok","status":"publish","type":"page","link":"http:\/\/www.szikorarendezoiroda.hu\/szikora\/gyerekszinhazi-eloadasok\/","title":{"rendered":"Gyereksz\u00ednh\u00e1zi el\u0151ad\u00e1sok"},"content":{"rendered":"<p><span style=\"font-family: Georgia,Palatino; font-size: 12pt;\">ZEN\u00c9S, INTERAKT\u00cdV GYEREKSZ\u00cdNH\u00c1ZI EL\u0150AD\u00c1SOK<\/span><br \/>\n<span style=\"font-family: Georgia,Palatino; font-size: 12pt;\"> AZ EL\u0150AD\u00c1SOK 50-60 PERC K\u00d6Z\u00d6TTIEK D\u00cdSZLETTEL, JELMEZZEL.<\/span><\/p>\n<p><span style=\"font-family: Georgia,Palatino; font-size: 12pt;\">A DARABOK SZEREPL\u0150I V\u00c9GZETT SZ\u00cdN\u00c9SZEK<\/span><\/p>\n<div class=\"pt-cv-wrapper\"><div class=\"pt-cv-view pt-cv-grid pt-cv-colsys\" id=\"pt-cv-view-a16b19fch4\"><div data-id=\"pt-cv-page-1\" class=\"pt-cv-page\" data-cvc=\"3\"><div class=\"col-md-4 col-sm-6 col-xs-12 pt-cv-content-item pt-cv-1-col\" ><div class='pt-cv-ifield'><a href=\"http:\/\/www.szikorarendezoiroda.hu\/szikora\/gyerekszinhazi-eloadasok\/a-harom-kismalac\/\" class=\"_self pt-cv-href-thumbnail pt-cv-thumb-default\" target=\"_self\" ><img loading=\"lazy\" decoding=\"async\" width=\"300\" height=\"141\" src=\"http:\/\/www.szikorarendezoiroda.hu\/szikora\/wp-content\/uploads\/2015\/06\/a_harom_kismalac1-300x141.jpg\" class=\"pt-cv-thumbnail\" alt=\"\" srcset=\"http:\/\/www.szikorarendezoiroda.hu\/szikora\/wp-content\/uploads\/2015\/06\/a_harom_kismalac1-300x141.jpg 300w, http:\/\/www.szikorarendezoiroda.hu\/szikora\/wp-content\/uploads\/2015\/06\/a_harom_kismalac1.jpg 969w\" sizes=\"(max-width: 300px) 100vw, 300px\" \/><\/a>\n<h4 class=\"pt-cv-title\"><a href=\"http:\/\/www.szikorarendezoiroda.hu\/szikora\/gyerekszinhazi-eloadasok\/a-harom-kismalac\/\" class=\"_self\" target=\"_self\" >A H\u00c1ROM KISMALAC<\/a><\/h4>\n<div class=\"pt-cv-content\">5 szerepl\u0151vel Klasszikus mesej\u00e1t\u00e9k, amelyb\u0151l megtudhatjuk, milyen furfanggal j\u00e1r t\u00fal a H\u00e1rom Kismalac a gonosz Farkas esz\u00e9n ...<br \/><div class=\"pt-cv-rmwrap\"><a href=\"http:\/\/www.szikorarendezoiroda.hu\/szikora\/gyerekszinhazi-eloadasok\/a-harom-kismalac\/\" class=\"_self pt-cv-readmore btn btn-success\" target=\"_self\">R\u00e9szletek<\/a><\/div><\/div><\/div><\/div>\n<div class=\"col-md-4 col-sm-6 col-xs-12 pt-cv-content-item pt-cv-1-col\" ><div class='pt-cv-ifield'><a href=\"http:\/\/www.szikorarendezoiroda.hu\/szikora\/gyerekszinhazi-eloadasok\/a-rut-kiskacsa\/\" class=\"_self pt-cv-href-thumbnail pt-cv-thumb-default\" target=\"_self\" ><img loading=\"lazy\" decoding=\"async\" width=\"300\" height=\"141\" src=\"http:\/\/www.szikorarendezoiroda.hu\/szikora\/wp-content\/uploads\/2015\/06\/a_rut_kiskacsa1-300x141.jpg\" class=\"pt-cv-thumbnail\" alt=\"\" srcset=\"http:\/\/www.szikorarendezoiroda.hu\/szikora\/wp-content\/uploads\/2015\/06\/a_rut_kiskacsa1-300x141.jpg 300w, http:\/\/www.szikorarendezoiroda.hu\/szikora\/wp-content\/uploads\/2015\/06\/a_rut_kiskacsa1.jpg 969w\" sizes=\"(max-width: 300px) 100vw, 300px\" \/><\/a>\n<h4 class=\"pt-cv-title\"><a href=\"http:\/\/www.szikorarendezoiroda.hu\/szikora\/gyerekszinhazi-eloadasok\/a-rut-kiskacsa\/\" class=\"_self\" target=\"_self\" >A R\u00daT KISKACSA<\/a><\/h4>\n<div class=\"pt-cv-content\">5 szerepl\u0151vel Andersen \u00f6r\u00f6kz\u00f6ld mes\u00e9je arr\u00f3l, hogy a R\u00fat Kiskacs\u00e1b\u00f3l hogyan lesz gy\u00f6ny\u00f6r\u0171 hatty\u00fa, mikor meg\u00e9rkezik \u00f6v\u00e9ihez ...<br \/><div class=\"pt-cv-rmwrap\"><a href=\"http:\/\/www.szikorarendezoiroda.hu\/szikora\/gyerekszinhazi-eloadasok\/a-rut-kiskacsa\/\" class=\"_self pt-cv-readmore btn btn-success\" target=\"_self\">R\u00e9szletek<\/a><\/div><\/div><\/div><\/div>\n<div class=\"col-md-4 col-sm-6 col-xs-12 pt-cv-content-item pt-cv-1-col\" ><div class='pt-cv-ifield'><a href=\"http:\/\/www.szikorarendezoiroda.hu\/szikora\/gyerekszinhazi-eloadasok\/csodafurulya\/\" class=\"_self pt-cv-href-thumbnail pt-cv-thumb-default\" target=\"_self\" ><img loading=\"lazy\" decoding=\"async\" width=\"300\" height=\"262\" src=\"http:\/\/www.szikorarendezoiroda.hu\/szikora\/wp-content\/uploads\/2015\/06\/csodafurulya-original-38451-300x262.jpg\" class=\"pt-cv-thumbnail\" alt=\"\" srcset=\"http:\/\/www.szikorarendezoiroda.hu\/szikora\/wp-content\/uploads\/2015\/06\/csodafurulya-original-38451-300x262.jpg 300w, http:\/\/www.szikorarendezoiroda.hu\/szikora\/wp-content\/uploads\/2015\/06\/csodafurulya-original-38451.jpg 650w\" sizes=\"(max-width: 300px) 100vw, 300px\" \/><\/a>\n<h4 class=\"pt-cv-title\"><a href=\"http:\/\/www.szikorarendezoiroda.hu\/szikora\/gyerekszinhazi-eloadasok\/csodafurulya\/\" class=\"_self\" target=\"_self\" >CSODAFURULYA<\/a><\/h4>\n<div class=\"pt-cv-content\">Sz\u00e9kely n\u00e9pmese alapj\u00e1n 4 szerepl\u0151vel Az \u00f6reg kir\u00e1ly elk\u00fcldi l\u00e1nyait az erd\u0151be m\u00e1ln\u00e1t szedni. \u00cdgy akarja megtudni, hogy ki a ...<br \/><div class=\"pt-cv-rmwrap\"><a href=\"http:\/\/www.szikorarendezoiroda.hu\/szikora\/gyerekszinhazi-eloadasok\/csodafurulya\/\" class=\"_self pt-cv-readmore btn btn-success\" target=\"_self\">R\u00e9szletek<\/a><\/div><\/div><\/div><\/div>\n<div class=\"col-md-4 col-sm-6 col-xs-12 pt-cv-content-item pt-cv-1-col\" ><div class='pt-cv-ifield'><a href=\"http:\/\/www.szikorarendezoiroda.hu\/szikora\/gyerekszinhazi-eloadasok\/elvarazsolt-kiralyfi\/\" class=\"_self pt-cv-href-thumbnail pt-cv-thumb-default\" target=\"_self\" ><img loading=\"lazy\" decoding=\"async\" width=\"300\" height=\"236\" src=\"http:\/\/www.szikorarendezoiroda.hu\/szikora\/wp-content\/uploads\/2015\/06\/elvar-300x236.jpg\" class=\"pt-cv-thumbnail\" alt=\"\" srcset=\"http:\/\/www.szikorarendezoiroda.hu\/szikora\/wp-content\/uploads\/2015\/06\/elvar-300x236.jpg 300w, http:\/\/www.szikorarendezoiroda.hu\/szikora\/wp-content\/uploads\/2015\/06\/elvar.jpg 600w\" sizes=\"(max-width: 300px) 100vw, 300px\" \/><\/a>\n<h4 class=\"pt-cv-title\"><a href=\"http:\/\/www.szikorarendezoiroda.hu\/szikora\/gyerekszinhazi-eloadasok\/elvarazsolt-kiralyfi\/\" class=\"_self\" target=\"_self\" >ELVAR\u00c1ZSOLT KIR\u00c1LYFI<\/a><\/h4>\n<div class=\"pt-cv-content\">3 szerepl\u0151vel A f\u0151szerepl\u0151 kisl\u00e1ny Juliska, aki elindul vil\u00e1gg\u00e1, hogy megtal\u00e1lja a boldogs\u00e1g\u00e1t. Tal\u00e1lkozik az \u00d6rd\u00f6ggel, a Boszork\u00e1nnyal \u00e9s a ...<br \/><div class=\"pt-cv-rmwrap\"><a href=\"http:\/\/www.szikorarendezoiroda.hu\/szikora\/gyerekszinhazi-eloadasok\/elvarazsolt-kiralyfi\/\" class=\"_self pt-cv-readmore btn btn-success\" target=\"_self\">R\u00e9szletek<\/a><\/div><\/div><\/div><\/div>\n<div class=\"col-md-4 col-sm-6 col-xs-12 pt-cv-content-item pt-cv-1-col\" ><div class='pt-cv-ifield'><a href=\"http:\/\/www.szikorarendezoiroda.hu\/szikora\/gyerekszinhazi-eloadasok\/ludas-matyi\/\" class=\"_self pt-cv-href-thumbnail pt-cv-thumb-default\" target=\"_self\" ><img loading=\"lazy\" decoding=\"async\" width=\"273\" height=\"300\" src=\"http:\/\/www.szikorarendezoiroda.hu\/szikora\/wp-content\/uploads\/2015\/06\/ludas1-273x300.jpg\" class=\"pt-cv-thumbnail\" alt=\"\" srcset=\"http:\/\/www.szikorarendezoiroda.hu\/szikora\/wp-content\/uploads\/2015\/06\/ludas1-273x300.jpg 273w, http:\/\/www.szikorarendezoiroda.hu\/szikora\/wp-content\/uploads\/2015\/06\/ludas1.jpg 350w\" sizes=\"(max-width: 273px) 100vw, 273px\" \/><\/a>\n<h4 class=\"pt-cv-title\"><a href=\"http:\/\/www.szikorarendezoiroda.hu\/szikora\/gyerekszinhazi-eloadasok\/ludas-matyi\/\" class=\"_self\" target=\"_self\" >LUDAS MATYI<\/a><\/h4>\n<div class=\"pt-cv-content\">\u00a04 szerepl\u0151vel Tal\u00e1n ez a legismertebb magyar mese. Megtudjuk hogyan j\u00e1rt t\u00fal a gonosz D\u00f6br\u00f6gi f\u00f6ldes\u00far esz\u00e9n az egyszer\u0171 parasztleg\u00e9ny, ...<br \/><div class=\"pt-cv-rmwrap\"><a href=\"http:\/\/www.szikorarendezoiroda.hu\/szikora\/gyerekszinhazi-eloadasok\/ludas-matyi\/\" class=\"_self pt-cv-readmore btn btn-success\" target=\"_self\">R\u00e9szletek<\/a><\/div><\/div><\/div><\/div>\n<div class=\"col-md-4 col-sm-6 col-xs-12 pt-cv-content-item pt-cv-1-col\" ><div class='pt-cv-ifield'><a href=\"http:\/\/www.szikorarendezoiroda.hu\/szikora\/gyerekszinhazi-eloadasok\/mandula-a-mano\/\" class=\"_self pt-cv-href-thumbnail pt-cv-thumb-default\" target=\"_self\" ><\/a>\n<h4 class=\"pt-cv-title\"><a href=\"http:\/\/www.szikorarendezoiroda.hu\/szikora\/gyerekszinhazi-eloadasok\/mandula-a-mano\/\" class=\"_self\" target=\"_self\" >Mandula a Man\u00f3<\/a><\/h4>\n<div class=\"pt-cv-content\">A k\u00f6rnyezettudatos, okos, z\u00f6ld mes\u00e9k f\u0151szerepl\u0151je Mandula a Man\u00f3 aki humoros , sz\u00f3rakoztat\u00f3 tanmes\u00e9kkel \u00e9s n\u00e9pzenei \u00e9s gyermekdalokra \u00e1t\u00edrt versekkel ...<br \/><div class=\"pt-cv-rmwrap\"><a href=\"http:\/\/www.szikorarendezoiroda.hu\/szikora\/gyerekszinhazi-eloadasok\/mandula-a-mano\/\" class=\"_self pt-cv-readmore btn btn-success\" target=\"_self\">R\u00e9szletek<\/a><\/div><\/div><\/div><\/div>\n<div class=\"col-md-4 col-sm-6 col-xs-12 pt-cv-content-item pt-cv-1-col\" ><div class='pt-cv-ifield'><a href=\"http:\/\/www.szikorarendezoiroda.hu\/szikora\/gyerekszinhazi-eloadasok\/marcipan-cica-kalandjai\/\" class=\"_self pt-cv-href-thumbnail pt-cv-thumb-default\" target=\"_self\" ><img loading=\"lazy\" decoding=\"async\" width=\"300\" height=\"200\" src=\"http:\/\/www.szikorarendezoiroda.hu\/szikora\/wp-content\/uploads\/2015\/06\/marcipan-cica-babeloadas-1-300x200.jpg\" class=\"pt-cv-thumbnail\" alt=\"\" srcset=\"http:\/\/www.szikorarendezoiroda.hu\/szikora\/wp-content\/uploads\/2015\/06\/marcipan-cica-babeloadas-1-300x200.jpg 300w, http:\/\/www.szikorarendezoiroda.hu\/szikora\/wp-content\/uploads\/2015\/06\/marcipan-cica-babeloadas-1-400x267.jpg 400w, http:\/\/www.szikorarendezoiroda.hu\/szikora\/wp-content\/uploads\/2015\/06\/marcipan-cica-babeloadas-1.jpg 567w\" sizes=\"(max-width: 300px) 100vw, 300px\" \/><\/a>\n<h4 class=\"pt-cv-title\"><a href=\"http:\/\/www.szikorarendezoiroda.hu\/szikora\/gyerekszinhazi-eloadasok\/marcipan-cica-kalandjai\/\" class=\"_self\" target=\"_self\" >MARCIP\u00c1N CICA KALANDJAI<\/a><\/h4>\n<div class=\"pt-cv-content\">Negyven \u00e9vvel ez el\u0151tt sz\u00fcletett Marcip\u00e1n cica mes\u00e9je. A ma mes\u00e9l\u0151 Zs\u00e1m\u00e1r Kati \u00c9desanyja a B\u00e1bszin\u00e1z legend\u00e1s b\u00e1bm\u0171v\u00e9sze Sz\u0151l\u0151si Ir\u00e9n ...<br \/><div class=\"pt-cv-rmwrap\"><a href=\"http:\/\/www.szikorarendezoiroda.hu\/szikora\/gyerekszinhazi-eloadasok\/marcipan-cica-kalandjai\/\" class=\"_self pt-cv-readmore btn btn-success\" target=\"_self\">R\u00e9szletek<\/a><\/div><\/div><\/div><\/div>\n<div class=\"col-md-4 col-sm-6 col-xs-12 pt-cv-content-item pt-cv-1-col\" ><div class='pt-cv-ifield'><a href=\"http:\/\/www.szikorarendezoiroda.hu\/szikora\/gyerekszinhazi-eloadasok\/marcipan-trio\/\" class=\"_self pt-cv-href-thumbnail pt-cv-thumb-default\" target=\"_self\" ><img loading=\"lazy\" decoding=\"async\" width=\"300\" height=\"225\" src=\"http:\/\/www.szikorarendezoiroda.hu\/szikora\/wp-content\/uploads\/2015\/06\/marc-300x225.jpg\" class=\"pt-cv-thumbnail\" alt=\"\" srcset=\"http:\/\/www.szikorarendezoiroda.hu\/szikora\/wp-content\/uploads\/2015\/06\/marc-300x225.jpg 300w, http:\/\/www.szikorarendezoiroda.hu\/szikora\/wp-content\/uploads\/2015\/06\/marc.jpg 480w\" sizes=\"(max-width: 300px) 100vw, 300px\" \/><\/a>\n<h4 class=\"pt-cv-title\"><a href=\"http:\/\/www.szikorarendezoiroda.hu\/szikora\/gyerekszinhazi-eloadasok\/marcipan-trio\/\" class=\"_self\" target=\"_self\" >Marcip\u00e1n Tri\u00f3<\/a><\/h4>\n<div class=\"pt-cv-content\">a 2014-es orsz\u00e1gos gyerekdal versenyen Az \u00c9v Legn\u00e9pszer\u0171bb\u00a0 Gyerekdal Zeneszerz\u0151je d\u00edjat nyert\u00e9k el.\u00a0 \u00c9nekesn\u0151j\u00fcl Kedl Ildik\u00f3 \u2013 Ildi nem csak ...<br \/><div class=\"pt-cv-rmwrap\"><a href=\"http:\/\/www.szikorarendezoiroda.hu\/szikora\/gyerekszinhazi-eloadasok\/marcipan-trio\/\" class=\"_self pt-cv-readmore btn btn-success\" target=\"_self\">R\u00e9szletek<\/a><\/div><\/div><\/div><\/div>\n<div class=\"col-md-4 col-sm-6 col-xs-12 pt-cv-content-item pt-cv-1-col\" ><div class='pt-cv-ifield'><a href=\"http:\/\/www.szikorarendezoiroda.hu\/szikora\/gyerekszinhazi-eloadasok\/mesek-matyas-kiralyrol\/\" class=\"_self pt-cv-href-thumbnail pt-cv-thumb-default\" target=\"_self\" ><img loading=\"lazy\" decoding=\"async\" width=\"300\" height=\"141\" src=\"http:\/\/www.szikorarendezoiroda.hu\/szikora\/wp-content\/uploads\/2015\/06\/mesek_matyas_kiralyrol1-300x141.jpg\" class=\"pt-cv-thumbnail\" alt=\"\" srcset=\"http:\/\/www.szikorarendezoiroda.hu\/szikora\/wp-content\/uploads\/2015\/06\/mesek_matyas_kiralyrol1-300x141.jpg 300w, http:\/\/www.szikorarendezoiroda.hu\/szikora\/wp-content\/uploads\/2015\/06\/mesek_matyas_kiralyrol1.jpg 969w\" sizes=\"(max-width: 300px) 100vw, 300px\" \/><\/a>\n<h4 class=\"pt-cv-title\"><a href=\"http:\/\/www.szikorarendezoiroda.hu\/szikora\/gyerekszinhazi-eloadasok\/mesek-matyas-kiralyrol\/\" class=\"_self\" target=\"_self\" >MES\u00c9K M\u00c1TY\u00c1S KIR\u00c1LYR\u00d3L<\/a><\/h4>\n<div class=\"pt-cv-content\">\u00a0- 5 szerepl\u0151vel A magyarok legend\u00e1s kir\u00e1ly\u00e1r\u00f3l, az igazs\u00e1gos M\u00e1ty\u00e1sr\u00f3l sz\u00f3l\u00f3 t\u00f6rt\u00e9neteket gy\u0171jt\u00f6tt\u00fck egy csokorba. A zene a korabeli udvari ...<br \/><div class=\"pt-cv-rmwrap\"><a href=\"http:\/\/www.szikorarendezoiroda.hu\/szikora\/gyerekszinhazi-eloadasok\/mesek-matyas-kiralyrol\/\" class=\"_self pt-cv-readmore btn btn-success\" target=\"_self\">R\u00e9szletek<\/a><\/div><\/div><\/div><\/div>\n<div class=\"col-md-4 col-sm-6 col-xs-12 pt-cv-content-item pt-cv-1-col\" ><div class='pt-cv-ifield'><a href=\"http:\/\/www.szikorarendezoiroda.hu\/szikora\/gyerekszinhazi-eloadasok\/meselnek-az-allatok\/\" class=\"_self pt-cv-href-thumbnail pt-cv-thumb-default\" target=\"_self\" ><\/a>\n<h4 class=\"pt-cv-title\"><a href=\"http:\/\/www.szikorarendezoiroda.hu\/szikora\/gyerekszinhazi-eloadasok\/meselnek-az-allatok\/\" class=\"_self\" target=\"_self\" >MES\u00c9LNEK AZ \u00c1LLATOK<\/a><\/h4>\n<div class=\"pt-cv-content\">2 szerepl\u0151vel Sok-sok ismert dallal \u00e9s nagyszer\u0171 j\u00e1t\u00e9kokkal var\u00e1zsolja el Cicamic \u00e9s Kand\u00far Bandi a k\u00e9t \u00e1lland\u00f3an veszeked\u0151 macska a ...<br \/><div class=\"pt-cv-rmwrap\"><a href=\"http:\/\/www.szikorarendezoiroda.hu\/szikora\/gyerekszinhazi-eloadasok\/meselnek-az-allatok\/\" class=\"_self pt-cv-readmore btn btn-success\" target=\"_self\">R\u00e9szletek<\/a><\/div><\/div><\/div><\/div>\n<div class=\"col-md-4 col-sm-6 col-xs-12 pt-cv-content-item pt-cv-1-col\" ><div class='pt-cv-ifield'><a href=\"http:\/\/www.szikorarendezoiroda.hu\/szikora\/gyerekszinhazi-eloadasok\/tapsifules-a-varazslatos-husveti-nyul\/\" class=\"_self pt-cv-href-thumbnail pt-cv-thumb-default\" target=\"_self\" ><img loading=\"lazy\" decoding=\"async\" width=\"300\" height=\"138\" src=\"http:\/\/www.szikorarendezoiroda.hu\/szikora\/wp-content\/uploads\/2015\/06\/godollo_miamano_szinhaz-300x138.jpg\" class=\"pt-cv-thumbnail\" alt=\"\" srcset=\"http:\/\/www.szikorarendezoiroda.hu\/szikora\/wp-content\/uploads\/2015\/06\/godollo_miamano_szinhaz-300x138.jpg 300w, http:\/\/www.szikorarendezoiroda.hu\/szikora\/wp-content\/uploads\/2015\/06\/godollo_miamano_szinhaz.jpg 840w\" sizes=\"(max-width: 300px) 100vw, 300px\" \/><\/a>\n<h4 class=\"pt-cv-title\"><a href=\"http:\/\/www.szikorarendezoiroda.hu\/szikora\/gyerekszinhazi-eloadasok\/tapsifules-a-varazslatos-husveti-nyul\/\" class=\"_self\" target=\"_self\" >TAPSIF\u00dcLES, A VAR\u00c1ZSLATOS H\u00daSV\u00c9TI NY\u00daL<\/a><\/h4>\n<div class=\"pt-cv-content\">5 szerepl\u0151vel Lala boh\u00f3c \u00e9s Lili boh\u00f3c \u00f6sszevesznek \u00e9s sz\u00e9tv\u00e1lnak \u00fatjaik. Lili levelet kap bar\u00e1tj\u00e1t\u00f3l Tapsif\u00fclest\u0151l, \u00e9s r\u00e1j\u00f6n, hogyan seg\u00edthetne ...<br \/><div class=\"pt-cv-rmwrap\"><a href=\"http:\/\/www.szikorarendezoiroda.hu\/szikora\/gyerekszinhazi-eloadasok\/tapsifules-a-varazslatos-husveti-nyul\/\" class=\"_self pt-cv-readmore btn btn-success\" target=\"_self\">R\u00e9szletek<\/a><\/div><\/div><\/div><\/div>\n<div class=\"col-md-4 col-sm-6 col-xs-12 pt-cv-content-item pt-cv-1-col\" ><div class='pt-cv-ifield'><a href=\"http:\/\/www.szikorarendezoiroda.hu\/szikora\/gyerekszinhazi-eloadasok\/utazas-a-vilag-korul-mircivel-es-bolhassal\/\" class=\"_self pt-cv-href-thumbnail pt-cv-thumb-default\" target=\"_self\" ><img loading=\"lazy\" decoding=\"async\" width=\"300\" height=\"196\" src=\"http:\/\/www.szikorarendezoiroda.hu\/szikora\/wp-content\/uploads\/2015\/06\/042-300x196.jpg\" class=\"pt-cv-thumbnail\" alt=\"\" srcset=\"http:\/\/www.szikorarendezoiroda.hu\/szikora\/wp-content\/uploads\/2015\/06\/042-300x196.jpg 300w, http:\/\/www.szikorarendezoiroda.hu\/szikora\/wp-content\/uploads\/2015\/06\/042.jpg 471w\" sizes=\"(max-width: 300px) 100vw, 300px\" \/><\/a>\n<h4 class=\"pt-cv-title\"><a href=\"http:\/\/www.szikorarendezoiroda.hu\/szikora\/gyerekszinhazi-eloadasok\/utazas-a-vilag-korul-mircivel-es-bolhassal\/\" class=\"_self\" target=\"_self\" >UTAZ\u00c1S A VIL\u00c1G K\u00d6R\u00dcL MIRCIVEL \u00c9S BOLH\u00c1SSAL<\/a><\/h4>\n<div class=\"pt-cv-content\">- 3 szerepl\u0151vel Marco Polo, a nagy utaz\u00f3 elindul, hogy \u00fajra felfedezze a vil\u00e1got a gyerekekkel \u00e9s k\u00e9t h\u0171 t\u00e1rs\u00e1val, ...<br \/><div class=\"pt-cv-rmwrap\"><a href=\"http:\/\/www.szikorarendezoiroda.hu\/szikora\/gyerekszinhazi-eloadasok\/utazas-a-vilag-korul-mircivel-es-bolhassal\/\" class=\"_self pt-cv-readmore btn btn-success\" target=\"_self\">R\u00e9szletek<\/a><\/div><\/div><\/div><\/div>\n<div class=\"col-md-4 col-sm-6 col-xs-12 pt-cv-content-item pt-cv-1-col\" ><div class='pt-cv-ifield'><a href=\"http:\/\/www.szikorarendezoiroda.hu\/szikora\/gyerekszinhazi-eloadasok\/varazslatos-mesekartyak-avagy-a-dalok-szarnyan\/\" class=\"_self pt-cv-href-thumbnail pt-cv-thumb-default\" target=\"_self\" ><\/a>\n<h4 class=\"pt-cv-title\"><a href=\"http:\/\/www.szikorarendezoiroda.hu\/szikora\/gyerekszinhazi-eloadasok\/varazslatos-mesekartyak-avagy-a-dalok-szarnyan\/\" class=\"_self\" target=\"_self\" >VAR\u00c1ZSLATOS MESEK\u00c1RTY\u00c1K, AVAGY A DALOK SZ\u00c1RNY\u00c1N<\/a><\/h4>\n<div class=\"pt-cv-content\">\u00a02 szerepl\u0151vel Natik\u00e1t \u00e9s Dinik\u00e9t \u00e9desanyjuk rendre utas\u00edtja rosszalkod\u00e1suk miatt azzal, hogy m\u00e1snap nem indulnak Disney Land-be, ha nem viselkednek ...<br \/><div class=\"pt-cv-rmwrap\"><a href=\"http:\/\/www.szikorarendezoiroda.hu\/szikora\/gyerekszinhazi-eloadasok\/varazslatos-mesekartyak-avagy-a-dalok-szarnyan\/\" class=\"_self pt-cv-readmore btn btn-success\" target=\"_self\">R\u00e9szletek<\/a><\/div><\/div><\/div><\/div>\n<div class=\"col-md-4 col-sm-6 col-xs-12 pt-cv-content-item pt-cv-1-col\" ><div class='pt-cv-ifield'><a href=\"http:\/\/www.szikorarendezoiroda.hu\/szikora\/gyerekszinhazi-eloadasok\/vitez-katinka\/\" class=\"_self pt-cv-href-thumbnail pt-cv-thumb-default\" target=\"_self\" ><img loading=\"lazy\" decoding=\"async\" width=\"300\" height=\"200\" src=\"http:\/\/www.szikorarendezoiroda.hu\/szikora\/wp-content\/uploads\/2015\/06\/DI_Vitez_Katinka-3-600x400-300x200.jpg\" class=\"pt-cv-thumbnail\" alt=\"\" srcset=\"http:\/\/www.szikorarendezoiroda.hu\/szikora\/wp-content\/uploads\/2015\/06\/DI_Vitez_Katinka-3-600x400-300x200.jpg 300w, http:\/\/www.szikorarendezoiroda.hu\/szikora\/wp-content\/uploads\/2015\/06\/DI_Vitez_Katinka-3-600x400-400x267.jpg 400w, http:\/\/www.szikorarendezoiroda.hu\/szikora\/wp-content\/uploads\/2015\/06\/DI_Vitez_Katinka-3-600x400.jpg 600w\" sizes=\"(max-width: 300px) 100vw, 300px\" \/><\/a>\n<h4 class=\"pt-cv-title\"><a href=\"http:\/\/www.szikorarendezoiroda.hu\/szikora\/gyerekszinhazi-eloadasok\/vitez-katinka\/\" class=\"_self\" target=\"_self\" >VIT\u00c9Z KATINKA<\/a><\/h4>\n<div class=\"pt-cv-content\">3 szerepl\u0151vel Katink\u00e1t nem a h\u00e1zimunka \u00e9s a sz\u00f6v\u00e9s-fon\u00e1s \u00e9rdekli, hanem a vad\u00e1szat \u00e9s a kardforgat\u00e1s. Mikor Katinka \u00f6reg \u00e9desapj\u00e1t ...<br \/><div class=\"pt-cv-rmwrap\"><a href=\"http:\/\/www.szikorarendezoiroda.hu\/szikora\/gyerekszinhazi-eloadasok\/vitez-katinka\/\" class=\"_self pt-cv-readmore btn btn-success\" target=\"_self\">R\u00e9szletek<\/a><\/div><\/div><\/div><\/div><\/div><\/div><\/div>\n<h2>Sz\u00ednh\u00e1zi el\u0151ad\u00e1sok gyerekeknek a csal\u00e1di napokra!<\/h2>\n<p><a href=\"http:\/\/www.szikorarendezoiroda.hu\/szikora\/wp-content\/uploads\/2020\/09\/szinhazi-eloadasok-gyerekeknek.jpg\"><img loading=\"lazy\" decoding=\"async\" class=\"alignleft size-medium wp-image-3340\" src=\"http:\/\/www.szikorarendezoiroda.hu\/szikora\/wp-content\/uploads\/2020\/09\/szinhazi-eloadasok-gyerekeknek-300x196.jpg\" alt=\"sz\u00ednh\u00e1zi el\u0151ad\u00e1sok gyerekeknek\" width=\"300\" height=\"196\" srcset=\"http:\/\/www.szikorarendezoiroda.hu\/szikora\/wp-content\/uploads\/2020\/09\/szinhazi-eloadasok-gyerekeknek-300x196.jpg 300w, http:\/\/www.szikorarendezoiroda.hu\/szikora\/wp-content\/uploads\/2020\/09\/szinhazi-eloadasok-gyerekeknek.jpg 471w\" sizes=\"(max-width: 300px) 100vw, 300px\" \/><\/a>Napjainkban sok c\u00e9g szervez csal\u00e1di napokat, ahol a dolgoz\u00f3k egy kicsit kikapcsol\u00f3dhatnak, \u00e9s egyszerre \u00e9lvezhetik a munkat\u00e1rsaik \u00e9s a csal\u00e1djuk t\u00e1rsas\u00e1g\u00e1t is. Azonban fontos, hogy az ilyen rendezv\u00e9nyeken mindenkinek a sz\u00f3rakoz\u00e1s\u00e1r\u00f3l gondoskodjanak a szervez\u0151k. A csal\u00e1di nap akkor lesz sikeres, ha a legkisebbekt\u0151l a legnagyobbakig mindenki j\u00f3l \u00e9rzi mag\u00e1t, \u00e9s ennek \u00e9rdek\u00e9ben \u00e9rdemes lehet ak\u00e1r\u00a0<strong>gyereksz\u00ednh\u00e1zi el\u0151ad\u00e1sokkal<\/strong>\u00a0is k\u00e9sz\u00fclni.<\/p>\n<p>Az \u00e1ltalunk szervezett<strong>\u00a0sz\u00ednh\u00e1zi el\u0151ad\u00e1sok gyerekeknek<\/strong>\u00a0mindig n\u00e9pszer\u0171ek a kicsik k\u00f6r\u00e9ben. K\u00e9pzett, gyermekszeret\u0151 sz\u00edn\u00e9szek szerepelnek benn\u00fck, a m\u0171sorok pedig \u00e1ltal\u00e1ban k\u00f6r\u00fclbel\u00fcl egy \u00f3r\u00e1s id\u0151tartam\u00faak. A csal\u00e1di napon tartott\u00a0<strong>gyereksz\u00ednh\u00e1zi el\u0151ad\u00e1sokra<\/strong>\u00a0term\u00e9szetesen a feln\u0151ttek is szeretettel v\u00e1rjuk, de a nagyobbak egyed\u00fcl is kiv\u00e1l\u00f3an szoktak sz\u00f3rakozni, m\u00edg a sz\u00fcleik is \u00f6nfeledten kikapcsol\u00f3dhatnak.<\/p>\n<p>Amennyiben k\u00e9rd\u00e9se van, illetve szeretne t\u00f6bbet tudni a\u00a0<strong>gyereksz\u00ednh\u00e1zi el\u0151ad\u00e1sokr\u00f3l<\/strong>, keressen minket bizalommal <a href=\"http:\/\/www.szikorarendezoiroda.hu\/szikora\/kapcsolat\/\">el\u00e9rhet\u0151s\u00e9geinken<\/a>, sz\u00edvesen t\u00e1j\u00e9koztatjuk a r\u00e9szletekr\u0151l!<\/p>\n<h2><strong>Gyereksz\u00ednh\u00e1zi el\u0151ad\u00e1sok \u2013 ha kicsiknek szervez rendezv\u00e9nyt<\/strong><\/h2>\n<p><a href=\"http:\/\/www.szikorarendezoiroda.hu\/szikora\/wp-content\/uploads\/2019\/09\/szikorarendezoiroda.hu_.19szept.jpg\"><img loading=\"lazy\" decoding=\"async\" class=\"alignleft wp-image-3297 size-medium\" title=\"gyereksz\u00ednh\u00e1zi el\u0151ad\u00e1sok\" src=\"http:\/\/www.szikorarendezoiroda.hu\/szikora\/wp-content\/uploads\/2019\/09\/szikorarendezoiroda.hu_.19szept-300x162.jpg\" alt=\"gyereksz\u00ednh\u00e1zi el\u0151ad\u00e1sok\" width=\"300\" height=\"162\" srcset=\"http:\/\/www.szikorarendezoiroda.hu\/szikora\/wp-content\/uploads\/2019\/09\/szikorarendezoiroda.hu_.19szept-300x162.jpg 300w, http:\/\/www.szikorarendezoiroda.hu\/szikora\/wp-content\/uploads\/2019\/09\/szikorarendezoiroda.hu_.19szept.jpg 600w\" sizes=\"(max-width: 300px) 100vw, 300px\" \/><\/a>A <strong>gyereksz\u00ednh\u00e1zi el\u0151ad\u00e1sok<\/strong> t\u00f6retlen n\u00e9pszer\u0171s\u00e9gnek \u00f6rvendenek annak ellen\u00e9re, hogy manaps\u00e1g m\u00e1r a legt\u00f6bb gyermek a rajzfilmekkel t\u00f6lti a szabadideje nagy r\u00e9sz\u00e9t, \u00e9s ez nem v\u00e9letlen, hiszen eg\u00e9szen m\u00e1s a hangulata egy el\u0151ad\u00e1snak, \u00e9s mivel a t\u00f6bbs\u00e9g interakt\u00edv, a gyermekek szinte benne \u00e9rezhetik magukat a t\u00f6rt\u00e9netben.<\/p>\n<p>Amennyiben olyan esem\u00e9nyt szervez, amelyiken gyermekek is r\u00e9szt vesznek, vagy \u00e9ppen a sz\u00e1mukra k\u00e9sz\u00edt el\u0151 egy esem\u00e9nyt, forduljon hozz\u00e1nk bizalommal, \u00e9s sz\u00f3rakoztassa el a kis k\u00f6z\u00f6ns\u00e9get egy <strong>gyereksz\u00ednh\u00e1zi el\u0151ad\u00e1ssal<\/strong>, ami nem csak mulats\u00e1gos lesz, de tanulhatnak is bel\u0151le! A n\u00e9pmes\u00e9ken t\u00fal ak\u00e1r olyan el\u0151ad\u00e1st is megrendelhet m\u0171sorszervez\u0151 irod\u00e1nkt\u00f3l, ami k\u00f6rnyezettudatoss\u00e1gra neveli a kicsiket.<\/p>\n<p>Amennyiben felkeltett\u00fck az \u00e9rdekl\u0151d\u00e9s\u00e9t a <strong>gyereksz\u00ednh\u00e1zi el\u0151ad\u00e1sok<\/strong> ir\u00e1nt, tekintse meg a v\u00e1laszthat\u00f3 darabok le\u00edr\u00e1sait, majd vegye fel vel\u00fcnk a kapcsolatot megadott el\u00e9rhet\u0151s\u00e9geink egyik\u00e9n, \u00e9s rendeljen m\u0171sort a gyermekek sz\u00f3rakoztat\u00e1s\u00e1ra!<\/p>\n<h2>R\u00e9gi mes\u00e9k, \u00faj \u00e9lm\u00e9nyek<\/h2>\n<p style=\"text-align: justify;\"><a href=\"http:\/\/www.szikorarendezoiroda.hu\/szikora\/wp-content\/uploads\/2015\/06\/szikorarendezoiroda.hu_.16dec1.jpg\"><img loading=\"lazy\" decoding=\"async\" class=\"alignright wp-image-2310\" src=\"http:\/\/www.szikorarendezoiroda.hu\/szikora\/wp-content\/uploads\/2015\/06\/szikorarendezoiroda.hu_.16dec1.jpg\" alt=\"R\u00e9gi mes\u00e9k, \u00faj \u00e9lm\u00e9nyek\" width=\"200\" height=\"94\" srcset=\"http:\/\/www.szikorarendezoiroda.hu\/szikora\/wp-content\/uploads\/2015\/06\/szikorarendezoiroda.hu_.16dec1.jpg 969w, http:\/\/www.szikorarendezoiroda.hu\/szikora\/wp-content\/uploads\/2015\/06\/szikorarendezoiroda.hu_.16dec1-300x141.jpg 300w\" sizes=\"(max-width: 200px) 100vw, 200px\" \/><\/a>Napjainkban a m\u00e9dia vil\u00e1g\u00e1ban fellelhet\u00fcnk tartalom n\u00e9lk\u00fcli mesefilmeket, el\u0151ad\u00e1sokat. \u00c1m r\u00e9gebben legink\u00e1bb olyan el\u0151ad\u00e1sokat, illetve mes\u00e9ket l\u00e1thattunk, amelyeknek sok volt a mondanival\u00f3juk, tartalmuk \u00e9s val\u00f3ban tanulhattak bel\u0151l\u00fck a gyerekek.<\/p>\n<p style=\"text-align: justify;\">Mi lehet\u0151s\u00e9get biztos\u00edtunk gyereksz\u00ednh\u00e1zi el\u0151ad\u00e1sok <strong>m\u0171sorrendel\u00e9s\u00e9re <\/strong>is, mely hozz\u00e1j\u00e1rul, hogy a r\u00e9gi id\u0151k eml\u00e9kezetes t\u00f6rt\u00e9neteit, mes\u00e9it k\u00edn\u00e1lja a jelen kor gyermekei sz\u00e1m\u00e1ra. Gyermekm\u0171sorok sz\u00e9les v\u00e1laszt\u00e9ka \u00e9rhet\u0151 el k\u00f6zrem\u0171k\u00f6d\u00e9s\u00fcnkkel, v\u00e1laszthat t\u00f6rt\u00e9nelmi jelleg\u0171 el\u0151ad\u00e1sokat, p\u00e9ld\u00e1ul M\u00e1ty\u00e1s kir\u00e1ly hihetetlen\u00fcl \u00e9rdekes t\u00f6rt\u00e9neteit, vagy tanuls\u00e1gos, de sz\u00f3rakoztat\u00f3 t\u00f6rt\u00e9neteket, mint A h\u00e1rom kismalac vagy a Ludas Matyi.<\/p>\n<p style=\"text-align: justify;\">T\u00f6reksz\u00fcnk minden <strong>m\u0171sorrendel\u00e9sn\u00e9l <\/strong>a lehet\u0151 legjobb m\u0171v\u00e9szek \u00e1ltal megrendezett el\u0151ad\u00e1ssal kedveskedni \u00d6nnek, \u00e9s legf\u0151k\u00e9ppen a gyermekeknek. Sz\u00e1mos alkalommal kiv\u00e1l\u00f3 programot jelenthetnek gyereksz\u00ednh\u00e1zi el\u0151ad\u00e1sink, legyen sz\u00f3 c\u00e9ges csal\u00e1di napr\u00f3l vagy kar\u00e1csonyi \u00fcnneps\u00e9gr\u0151l.<\/p>\n<p style=\"text-align: justify;\">Ha szeretne \u00d6n is tanuls\u00e1gos, sz\u00f3rakoztat\u00f3 \u00e9s k\u00f6zben \u00e9lm\u00e9nyekben gazdag programot biztos\u00edtani rendezv\u00e9ny\u00e9n a legkisebbeknek is, b\u00e1tran keresse fel <strong>m\u0171sorszervez\u0151 irod\u00e1nkat<\/strong>!<\/p>\n","protected":false},"excerpt":{"rendered":"<p>ZEN\u00c9S, INTERAKT\u00cdV GYEREKSZ\u00cdNH\u00c1ZI EL\u0150AD\u00c1SOK AZ EL\u0150AD\u00c1SOK 50-60 PERC K\u00d6Z\u00d6TTIEK D\u00cdSZLETTEL, JELMEZZEL. A DARABOK SZEREPL\u0150I V\u00c9GZETT SZ\u00cdN\u00c9SZEK Sz\u00ednh\u00e1zi el\u0151ad\u00e1sok gyerekeknek a csal\u00e1di napokra! Napjainkban sok c\u00e9g szervez csal\u00e1di napokat, ahol a <a class=\"more-link\" href=\"http:\/\/www.szikorarendezoiroda.hu\/szikora\/gyerekszinhazi-eloadasok\/\">A folytat&aacute;s olvas&aacute;sa &rarr;<\/a><\/p>\n","protected":false},"author":1,"featured_media":1018,"parent":0,"menu_order":0,"comment_status":"open","ping_status":"open","template":"","meta":{"footnotes":""},"aioseo_notices":[],"_links":{"self":[{"href":"http:\/\/www.szikorarendezoiroda.hu\/szikora\/wp-json\/wp\/v2\/pages\/1204"}],"collection":[{"href":"http:\/\/www.szikorarendezoiroda.hu\/szikora\/wp-json\/wp\/v2\/pages"}],"about":[{"href":"http:\/\/www.szikorarendezoiroda.hu\/szikora\/wp-json\/wp\/v2\/types\/page"}],"author":[{"embeddable":true,"href":"http:\/\/www.szikorarendezoiroda.hu\/szikora\/wp-json\/wp\/v2\/users\/1"}],"replies":[{"embeddable":true,"href":"http:\/\/www.szikorarendezoiroda.hu\/szikora\/wp-json\/wp\/v2\/comments?post=1204"}],"version-history":[{"count":18,"href":"http:\/\/www.szikorarendezoiroda.hu\/szikora\/wp-json\/wp\/v2\/pages\/1204\/revisions"}],"predecessor-version":[{"id":3342,"href":"http:\/\/www.szikorarendezoiroda.hu\/szikora\/wp-json\/wp\/v2\/pages\/1204\/revisions\/3342"}],"wp:featuredmedia":[{"embeddable":true,"href":"http:\/\/www.szikorarendezoiroda.hu\/szikora\/wp-json\/wp\/v2\/media\/1018"}],"wp:attachment":[{"href":"http:\/\/www.szikorarendezoiroda.hu\/szikora\/wp-json\/wp\/v2\/media?parent=1204"}],"curies":[{"name":"wp","href":"https:\/\/api.w.org\/{rel}","templated":true}]}}