{"id":1043,"date":"2015-06-01T11:19:45","date_gmt":"2015-06-01T11:19:45","guid":{"rendered":"http:\/\/www.szikorarendezoiroda.hu\/szikora\/?page_id=1043"},"modified":"2018-08-05T05:43:33","modified_gmt":"2018-08-05T05:43:33","slug":"gyorgy-rozsa-sandor","status":"publish","type":"page","link":"http:\/\/www.szikorarendezoiroda.hu\/szikora\/operett\/gyorgy-rozsa-sandor\/","title":{"rendered":"GY\u00d6RGY R\u00d3ZSA S\u00c1NDOR"},"content":{"rendered":"<p>&nbsp;<\/p>\n<p><span style=\"font-family: Georgia,Palatino; font-size: 12pt;\">Az erd\u00e9lyi sz\u00fclet\u00e9s\u0171 fiatal m\u0171v\u00e9sz 1999-ben j\u00f6tt Budapestre. Az Operettsz\u00ednh\u00e1z sz\u00edni tanod\u00e1j\u00e1nak elv\u00e9gz\u00e9se ut\u00e1n is a sz\u00ednh\u00e1zn\u00e1l maradt \u00e9s megkapta els\u0151 szerep\u00e9t a R\u00f3me\u00f3 \u00e9s J\u00falia c\u00edmszerep\u00e9t. J\u00e1tszott illetve ma is j\u00e1tszik a Mozart!-ban, a Rudolfban, a Menyasszonyt\u00e1ncban, valamint a Sziget Sz\u00ednh\u00e1zn\u00e1l is, \u201eIstv\u00e1n\u201d megform\u00e1l\u00f3ja az \u201eIstv\u00e1n, a kir\u00e1ly\u201d-ban<\/span><\/p>\n<p><iframe loading=\"lazy\" width=\"800\" height=\"600\" src=\"https:\/\/www.youtube.com\/embed\/YImGq_sB574?feature=oembed\" frameborder=\"0\" allowfullscreen><\/iframe><\/p>\n","protected":false},"excerpt":{"rendered":"<p>&nbsp; Az erd\u00e9lyi sz\u00fclet\u00e9s\u0171 fiatal m\u0171v\u00e9sz 1999-ben j\u00f6tt Budapestre. Az Operettsz\u00ednh\u00e1z sz\u00edni tanod\u00e1j\u00e1nak elv\u00e9gz\u00e9se ut\u00e1n is a sz\u00ednh\u00e1zn\u00e1l maradt \u00e9s megkapta els\u0151 szerep\u00e9t a R\u00f3me\u00f3 \u00e9s J\u00falia c\u00edmszerep\u00e9t. J\u00e1tszott illetve <a class=\"more-link\" href=\"http:\/\/www.szikorarendezoiroda.hu\/szikora\/operett\/gyorgy-rozsa-sandor\/\">A folytat&aacute;s olvas&aacute;sa &rarr;<\/a><\/p>\n","protected":false},"author":1,"featured_media":1044,"parent":29,"menu_order":0,"comment_status":"open","ping_status":"open","template":"","meta":{"footnotes":""},"aioseo_notices":[],"_links":{"self":[{"href":"http:\/\/www.szikorarendezoiroda.hu\/szikora\/wp-json\/wp\/v2\/pages\/1043"}],"collection":[{"href":"http:\/\/www.szikorarendezoiroda.hu\/szikora\/wp-json\/wp\/v2\/pages"}],"about":[{"href":"http:\/\/www.szikorarendezoiroda.hu\/szikora\/wp-json\/wp\/v2\/types\/page"}],"author":[{"embeddable":true,"href":"http:\/\/www.szikorarendezoiroda.hu\/szikora\/wp-json\/wp\/v2\/users\/1"}],"replies":[{"embeddable":true,"href":"http:\/\/www.szikorarendezoiroda.hu\/szikora\/wp-json\/wp\/v2\/comments?post=1043"}],"version-history":[{"count":3,"href":"http:\/\/www.szikorarendezoiroda.hu\/szikora\/wp-json\/wp\/v2\/pages\/1043\/revisions"}],"predecessor-version":[{"id":3054,"href":"http:\/\/www.szikorarendezoiroda.hu\/szikora\/wp-json\/wp\/v2\/pages\/1043\/revisions\/3054"}],"up":[{"embeddable":true,"href":"http:\/\/www.szikorarendezoiroda.hu\/szikora\/wp-json\/wp\/v2\/pages\/29"}],"wp:featuredmedia":[{"embeddable":true,"href":"http:\/\/www.szikorarendezoiroda.hu\/szikora\/wp-json\/wp\/v2\/media\/1044"}],"wp:attachment":[{"href":"http:\/\/www.szikorarendezoiroda.hu\/szikora\/wp-json\/wp\/v2\/media?parent=1043"}],"curies":[{"name":"wp","href":"https:\/\/api.w.org\/{rel}","templated":true}]}}