{"id":1031,"date":"2015-06-01T11:14:20","date_gmt":"2015-06-01T11:14:20","guid":{"rendered":"http:\/\/www.szikorarendezoiroda.hu\/szikora\/?page_id=1031"},"modified":"2018-08-05T05:41:13","modified_gmt":"2018-08-05T05:41:13","slug":"csere-laszlo","status":"publish","type":"page","link":"http:\/\/www.szikorarendezoiroda.hu\/szikora\/operett\/csere-laszlo\/","title":{"rendered":"CSERE L\u00c1SZL\u00d3"},"content":{"rendered":"<p>&nbsp;<\/p>\n<p><span style=\"font-family: Georgia,Palatino; font-size: 12pt;\">\u201eKiemelked\u0151\u201d t\u00e1ncos-komikus(190 cm), aki megjelen\u00e9s\u00e9vel eleganci\u00e1t, hangj\u00e1val zenei \u00e9lm\u00e9nyt, t\u00e1nctud\u00e1s\u00e1val komoly elismer\u00e9st v\u00edvott ki mag\u00e1nak az operettek el\u0151ad\u00e1s\u00e1ban. Partnern\u0151je Oszvald Marika, akivel sokat \u00e9s sz\u00edvesen dolgoznak egy\u00fctt, de m\u00e1s m\u0171v\u00e9szn\u0151kkel is \u00e9lm\u00e9ny produkci\u00f3ja<\/span><\/p>\n<p><iframe loading=\"lazy\" width=\"800\" height=\"450\" src=\"https:\/\/www.youtube.com\/embed\/ZCjF9Zw4L7Q?feature=oembed\" frameborder=\"0\" allowfullscreen><\/iframe><\/p>\n","protected":false},"excerpt":{"rendered":"<p>&nbsp; \u201eKiemelked\u0151\u201d t\u00e1ncos-komikus(190 cm), aki megjelen\u00e9s\u00e9vel eleganci\u00e1t, hangj\u00e1val zenei \u00e9lm\u00e9nyt, t\u00e1nctud\u00e1s\u00e1val komoly elismer\u00e9st v\u00edvott ki mag\u00e1nak az operettek el\u0151ad\u00e1s\u00e1ban. Partnern\u0151je Oszvald Marika, akivel sokat \u00e9s sz\u00edvesen dolgoznak egy\u00fctt, de m\u00e1s <a class=\"more-link\" href=\"http:\/\/www.szikorarendezoiroda.hu\/szikora\/operett\/csere-laszlo\/\">A folytat&aacute;s olvas&aacute;sa &rarr;<\/a><\/p>\n","protected":false},"author":1,"featured_media":1032,"parent":29,"menu_order":0,"comment_status":"open","ping_status":"open","template":"","meta":{"footnotes":""},"aioseo_notices":[],"_links":{"self":[{"href":"http:\/\/www.szikorarendezoiroda.hu\/szikora\/wp-json\/wp\/v2\/pages\/1031"}],"collection":[{"href":"http:\/\/www.szikorarendezoiroda.hu\/szikora\/wp-json\/wp\/v2\/pages"}],"about":[{"href":"http:\/\/www.szikorarendezoiroda.hu\/szikora\/wp-json\/wp\/v2\/types\/page"}],"author":[{"embeddable":true,"href":"http:\/\/www.szikorarendezoiroda.hu\/szikora\/wp-json\/wp\/v2\/users\/1"}],"replies":[{"embeddable":true,"href":"http:\/\/www.szikorarendezoiroda.hu\/szikora\/wp-json\/wp\/v2\/comments?post=1031"}],"version-history":[{"count":3,"href":"http:\/\/www.szikorarendezoiroda.hu\/szikora\/wp-json\/wp\/v2\/pages\/1031\/revisions"}],"predecessor-version":[{"id":3050,"href":"http:\/\/www.szikorarendezoiroda.hu\/szikora\/wp-json\/wp\/v2\/pages\/1031\/revisions\/3050"}],"up":[{"embeddable":true,"href":"http:\/\/www.szikorarendezoiroda.hu\/szikora\/wp-json\/wp\/v2\/pages\/29"}],"wp:featuredmedia":[{"embeddable":true,"href":"http:\/\/www.szikorarendezoiroda.hu\/szikora\/wp-json\/wp\/v2\/media\/1032"}],"wp:attachment":[{"href":"http:\/\/www.szikorarendezoiroda.hu\/szikora\/wp-json\/wp\/v2\/media?parent=1031"}],"curies":[{"name":"wp","href":"https:\/\/api.w.org\/{rel}","templated":true}]}}