{"id":1008,"date":"2015-06-01T10:09:21","date_gmt":"2015-06-01T10:09:21","guid":{"rendered":"http:\/\/www.szikorarendezoiroda.hu\/szikora\/?page_id=1008"},"modified":"2018-08-05T05:36:09","modified_gmt":"2018-08-05T05:36:09","slug":"varga-miklos","status":"publish","type":"page","link":"http:\/\/www.szikorarendezoiroda.hu\/szikora\/musical\/varga-miklos\/","title":{"rendered":"VARGA MIKL\u00d3S"},"content":{"rendered":"<p>&nbsp;<\/p>\n<p><span style=\"font-family: Georgia,Palatino; font-size: 12pt;\">Ha valakir\u0151l el lehet mondani, hogy \u00e9l\u0151 legend\u00e1v\u00e1 v\u00e1lt, akkor az Varga Mikl\u00f3s. \u201eIstv\u00e1n kir\u00e1ly\u201d-a megfellebbezhetetlen, etalon. \u201eEur\u00f3pa\u201d dal\u00e1val pedig kor\u00e1t megel\u0151zve \u00f6sszek\u00f6t\u00f6tte az \u00e1llamalap\u00edt\u00f3 kir\u00e1ly ezer \u00e9ves orsz\u00e1g\u00e1t a majdani \u201eUni\u00f3s Magyarorsz\u00e1ggal\u201d. Hittel vallja \u201emagyars\u00e1g\u00e1t\u201d \u00e9s \u201eeur\u00f3pais\u00e1g\u00e1t\u201d. Sz\u00e1mtalan sz\u00ednpadi \u00e9s filmszerepe, valamint filmzen\u00e9i elismer\u00e9s\u00e9\u00fcl \u201e\u00c9v \u00c9nekese\u201d, \u201eEmerton\u201d \u00e9s \u201eArtisjus-d\u00edj\u201d-jal jutalmazt\u00e1k.<\/span><\/p>\n<p><iframe loading=\"lazy\" width=\"800\" height=\"600\" src=\"https:\/\/www.youtube.com\/embed\/8ifthBQ4zns?feature=oembed\" frameborder=\"0\" allowfullscreen><\/iframe><\/p>\n","protected":false},"excerpt":{"rendered":"<p>&nbsp; Ha valakir\u0151l el lehet mondani, hogy \u00e9l\u0151 legend\u00e1v\u00e1 v\u00e1lt, akkor az Varga Mikl\u00f3s. \u201eIstv\u00e1n kir\u00e1ly\u201d-a megfellebbezhetetlen, etalon. \u201eEur\u00f3pa\u201d dal\u00e1val pedig kor\u00e1t megel\u0151zve \u00f6sszek\u00f6t\u00f6tte az \u00e1llamalap\u00edt\u00f3 kir\u00e1ly ezer \u00e9ves orsz\u00e1g\u00e1t <a class=\"more-link\" href=\"http:\/\/www.szikorarendezoiroda.hu\/szikora\/musical\/varga-miklos\/\">A folytat&aacute;s olvas&aacute;sa &rarr;<\/a><\/p>\n","protected":false},"author":1,"featured_media":1009,"parent":26,"menu_order":0,"comment_status":"open","ping_status":"open","template":"","meta":{"footnotes":""},"aioseo_notices":[],"_links":{"self":[{"href":"http:\/\/www.szikorarendezoiroda.hu\/szikora\/wp-json\/wp\/v2\/pages\/1008"}],"collection":[{"href":"http:\/\/www.szikorarendezoiroda.hu\/szikora\/wp-json\/wp\/v2\/pages"}],"about":[{"href":"http:\/\/www.szikorarendezoiroda.hu\/szikora\/wp-json\/wp\/v2\/types\/page"}],"author":[{"embeddable":true,"href":"http:\/\/www.szikorarendezoiroda.hu\/szikora\/wp-json\/wp\/v2\/users\/1"}],"replies":[{"embeddable":true,"href":"http:\/\/www.szikorarendezoiroda.hu\/szikora\/wp-json\/wp\/v2\/comments?post=1008"}],"version-history":[{"count":3,"href":"http:\/\/www.szikorarendezoiroda.hu\/szikora\/wp-json\/wp\/v2\/pages\/1008\/revisions"}],"predecessor-version":[{"id":3040,"href":"http:\/\/www.szikorarendezoiroda.hu\/szikora\/wp-json\/wp\/v2\/pages\/1008\/revisions\/3040"}],"up":[{"embeddable":true,"href":"http:\/\/www.szikorarendezoiroda.hu\/szikora\/wp-json\/wp\/v2\/pages\/26"}],"wp:featuredmedia":[{"embeddable":true,"href":"http:\/\/www.szikorarendezoiroda.hu\/szikora\/wp-json\/wp\/v2\/media\/1009"}],"wp:attachment":[{"href":"http:\/\/www.szikorarendezoiroda.hu\/szikora\/wp-json\/wp\/v2\/media?parent=1008"}],"curies":[{"name":"wp","href":"https:\/\/api.w.org\/{rel}","templated":true}]}}